{"id":17504,"date":"2024-09-02T04:24:41","date_gmt":"2024-09-02T08:24:41","guid":{"rendered":"https:\/\/endhomelessness.org\/asesores-con-experiencia-vivida\/"},"modified":"2025-04-04T12:43:51","modified_gmt":"2025-04-04T16:43:51","slug":"asesores-con-experiencia-vivida","status":"publish","type":"page","link":"https:\/\/endhomelessness.org\/es\/about-us\/construyendo-equidad-en-los-sistemas-para-erradicar-la-falta-de-vivienda\/asesores-con-experiencia-vivida\/","title":{"rendered":"Asesores con Experiencia Vivida"},"content":{"rendered":"\n<section class=\"e-stn e-stn-23f806b6b725e906dc7c09ba1165320b186a8d16 e-stn--page-banner-with-texts\"><style><\/style><div class=\"container\">\n<div class=\"wp-block-b3rg-row e-row row\">\n<div class=\"wp-block-b3rg-column e-col e-col-3fd29a26ff70780ecd7ff03db8f4638045c8c9d8  col-sm-12\">\n<h1 class=\"wp-block-heading has-text-align-left has-rich-black-color has-text-color has-link-color wp-elements-de27b92af62db69553241dc17d059efd\" id=\"h-lived-experience-advisors\">Asesores con Experiencia Vivida<\/h1>\n\n\n\n<p class=\"has-text-align-left has-silver-color has-text-color has-link-color wp-elements-597af58e7dc9cfdde3a4bdc390e94177\">El <strong>Equipo Estrat\u00e9gico Comunitario (CST)<\/strong> de la Alianza est\u00e1 compuesto por miembros externos que colaboran con la Alianza en su interacci\u00f3n con otros grupos de experiencia vivida en todo el pa\u00eds que est\u00e1n trabajando en sus propias comunidades para prevenir y erradicar la falta de vivienda.<\/p>\n\n\n\n<p>Centrar las soluciones en individuos con experiencia actual o pasada de falta de vivienda es fundamental para nuestro trabajo de <a href=\"https:\/\/endhomelessness.org\/es\/about-us\/construyendo-equidad-en-los-sistemas-para-erradicar-la-falta-de-vivienda\/\">construir equidad en los sistemas para erradicar la falta de vivienda<\/a>, y la Alianza trabaja con asesores de experiencia vivida de otras maneras, tanto interna como externamente. Si desea obtener m\u00e1s informaci\u00f3n sobre los grupos de asesores de experiencia vivida de la Alianza, por favor, env\u00ede un correo electr\u00f3nico al Director de Experiencia Vivida e Innovaci\u00f3n de la Alianza, Albert Townsend (<a href=\"mailto:atownsend@naeh.org\">atownsend@naeh.org<\/a>). <\/p>\n<\/div>\n<\/div>\n<\/div><\/section>\n\n<section class=\"e-stn e-stn-08e6c869c3b001b34150420bebab011e04ec5061 e-stn--leadership-tabs e-mt-0 e-pt-20 e-mt-sm-0 e-pt-sm-20 e-mb-0 e-pb-20 e-mb-sm-0 e-pb-sm-40\"><div class=\"container\">\n<div class=\"wp-block-b3rg-row e-row row\">\n<div class=\"wp-block-b3rg-column e-col e-col-3fd29a26ff70780ecd7ff03db8f4638045c8c9d8  col-sm-12\">\n<div class=\"e-div e-div-d018947e8ab2066ac5906a15a899d3c34930180c e-div--tab-content-wrapper\">\n<div class=\"e-div e-div-95fb38501a88fd08efb0580985fc2bff30195e69\"><div class=\"facetwp-template-static\" data-name=\"lived_experience_advisors\"><div class=\"b3rg-posts \">\n                    <div class=\"wp-block-b3rg-row e-row row\"><div class=\"e-sgp fancybox__content\" id=\"b3rg-post__popup--13819\" style=\"display: none;\" data-post-id=\"13819\" data-post-slug=\"jasmine-jae-lange\"> \n<div class=\"wp-block-b3rg-row e-row row e-row--leaders\">\n<div class=\"wp-block-b3rg-column e-col e-col-eef68a33f1fb37e6957d4a47a97d27af62e0197d  col-sm-4\"><figure class=\"wp-block-post-featured-image\"><img decoding=\"async\" src=\"https:\/\/endhomelessness.org\/wp-content\/uploads\/2025\/03\/Jae-Lange-01.webp\" class=\"attachment-post-thumbnail size-post-thumbnail wp-post-image\" alt=\"Jasmine (Jae) Lange\" style=\"object-fit:cover;\" srcset=\"https:\/\/endhomelessness.org\/wp-content\/uploads\/2025\/03\/Jae-Lange-01.webp 1934w, https:\/\/endhomelessness.org\/wp-content\/uploads\/2025\/03\/Jae-Lange-01-268x300.webp 268w, https:\/\/endhomelessness.org\/wp-content\/uploads\/2025\/03\/Jae-Lange-01-914x1024.webp 914w, https:\/\/endhomelessness.org\/wp-content\/uploads\/2025\/03\/Jae-Lange-01-768x861.webp 768w, https:\/\/endhomelessness.org\/wp-content\/uploads\/2025\/03\/Jae-Lange-01-1371x1536.webp 1371w, https:\/\/endhomelessness.org\/wp-content\/uploads\/2025\/03\/Jae-Lange-01-1828x2048.webp 1828w, https:\/\/endhomelessness.org\/wp-content\/uploads\/2025\/03\/Jae-Lange-01-575x644.webp 575w\" sizes=\"(max-width: 1934px) 100vw, 1934px\" \/><\/figure>\n\n<h2 class=\"wp-block-post-title\">Jasmine (Jae) Lange<\/h2>\n\n\n<p>Direct Service Specialist<br>Richmond, Virginia<br>they\/them<\/p>\n\n\n<div class=\"wp-block-post-excerpt\"><p class=\"wp-block-post-excerpt__excerpt\">Community Strategic Team Member <\/p><\/div>\n\n\n\n\n\n<\/div>\n\n\n\n<div class=\"wp-block-b3rg-column e-col e-col-11e768abca40882bd9ff1724118efa69388acc61  col-sm-8\">\n<p>Jae Lange (they\/them) is an advocate and hands-on service provider, who has devoted their life to effecting positive transformation in Richmond. Their journey from housing instability to becoming an influential leader is a testament to their passion and tenacity. Jae, is a multifaceted individual with an unwavering commitment to community growth. As a person with lived experience, Jae\u2019s empathy and understanding makes them a compassionate advocate for those facing challenges. In 2015, Jae became part of Advocates for Richmond Youth, an organization committed to improving the lives of young people. Their personal hardships fueled their desire for the work done with ARY (Advocates for Richmond Youth) and they have continued to create change ever sense.<\/p>\n\n\n\n<p>Today Jae works as a Direct Service Specialist with Marsha and Marians Neighbors and works on the National Alliance to End Homelessness Community Strategic Team. Jae\u2019s passions include ending youth homelessness, empowering young individuals, promoting mental health and education, and advocating for affirming spaces where all identities are celebrated and safe. Jae Lange\u2019s story is a powerful example of resilience, compassion, and the belief in the possibility of change. They are not just a believer in change, but are determined to be the catalyst for it. In addition to their advocacy work, Jae is a dedicated mother, a BSW student , small business owner and self-published author to a mental wellness and self-care activity book. Jae balances these responsibilities with an unyielding determination to learn and grow which ignites their purpose for creating a better world<\/p>\n<\/div>\n<\/div>\n<\/div>  <div class=\"wp-block-b3rg-column e-col col-sm-12 col-lg-3\">\n      <div class=\"e-sgp  e-sgp--list-item \">\n          <a class=\"b3rg-post__trigger\" href='javascript:void(0)' target='_blank' data-fancybox data-main-class=''\n            data-src='#b3rg-post__popup--13819'>\n          <div class=\"e-sgp__inner\">\n                  <div class=\"e-sgp__media\">\n        <figure class=\"wp-block-post-featured-image\">\n            <img decoding=\"async\" src=\"https:\/\/endhomelessness.org\/wp-content\/uploads\/2025\/03\/Jae-Lange-01.webp\"\n            class=\"attachment-post-thumbnail size-post-thumbnail wp-post-image\" alt=\"Jasmine (Jae) Lange\"\/>\n        <\/figure>\n    <\/div><div class=\"e-sgp__content\">\n    <div class=\"wp-block-post-title\">Jasmine (Jae) Lange<\/div><div class=\"wp-block-post-excerpt\">Community Strategic Team Member<\/div>\n<\/div>\n          <\/div>\n          <\/a>\n      <\/div>\n  <\/div><div class=\"e-sgp fancybox__content\" id=\"b3rg-post__popup--13817\" style=\"display: none;\" data-post-id=\"13817\" data-post-slug=\"stanley-sorrell\"> \n<div class=\"wp-block-b3rg-row e-row row e-row--leaders\">\n<div class=\"wp-block-b3rg-column e-col e-col-eef68a33f1fb37e6957d4a47a97d27af62e0197d  col-sm-4\"><figure class=\"wp-block-post-featured-image\"><img decoding=\"async\" src=\"https:\/\/endhomelessness.org\/wp-content\/uploads\/2025\/03\/Stanley-Sorrell-01.webp\" class=\"attachment-post-thumbnail size-post-thumbnail wp-post-image\" alt=\"\" style=\"object-fit:cover;\" srcset=\"https:\/\/endhomelessness.org\/wp-content\/uploads\/2025\/03\/Stanley-Sorrell-01.webp 1934w, https:\/\/endhomelessness.org\/wp-content\/uploads\/2025\/03\/Stanley-Sorrell-01-268x300.webp 268w, https:\/\/endhomelessness.org\/wp-content\/uploads\/2025\/03\/Stanley-Sorrell-01-914x1024.webp 914w, https:\/\/endhomelessness.org\/wp-content\/uploads\/2025\/03\/Stanley-Sorrell-01-768x861.webp 768w, https:\/\/endhomelessness.org\/wp-content\/uploads\/2025\/03\/Stanley-Sorrell-01-1371x1536.webp 1371w, https:\/\/endhomelessness.org\/wp-content\/uploads\/2025\/03\/Stanley-Sorrell-01-1828x2048.webp 1828w, https:\/\/endhomelessness.org\/wp-content\/uploads\/2025\/03\/Stanley-Sorrell-01-575x644.webp 575w\" sizes=\"(max-width: 1934px) 100vw, 1934px\" \/><\/figure>\n\n<h2 class=\"wp-block-post-title\">Stanley Sorrell<\/h2>\n\n\n<p>Public Policy and Advocacy Manager, San Antonio Food Bank<br>San Antonio, Texas<\/p>\n\n\n<div class=\"wp-block-post-excerpt\"><p class=\"wp-block-post-excerpt__excerpt\">Community Strategic Team Member <\/p><\/div>\n\n\n\n\n\n<\/div>\n\n\n\n<div class=\"wp-block-b3rg-column e-col e-col-11e768abca40882bd9ff1724118efa69388acc61  col-sm-8\">\n<p>Stanley Sorrell is the Public Policy and Advocacy Manager at the San Antonio Food Bank. He advocates for policies that feed families and individuals at the local, state, and federal levels.&nbsp;<\/p>\n\n\n\n<p>In addition, Stanley is also a lived experience member of the Community Strategic Team with the National Alliance to End Homelessness. He believes in creating space for those with lived experience because it&#8217;s important that the voices at the table are coming from those closest to the issue.<\/p>\n<\/div>\n<\/div>\n<\/div>  <div class=\"wp-block-b3rg-column e-col col-sm-12 col-lg-3\">\n      <div class=\"e-sgp  e-sgp--list-item \">\n          <a class=\"b3rg-post__trigger\" href='javascript:void(0)' target='_blank' data-fancybox data-main-class=''\n            data-src='#b3rg-post__popup--13817'>\n          <div class=\"e-sgp__inner\">\n                  <div class=\"e-sgp__media\">\n        <figure class=\"wp-block-post-featured-image\">\n            <img decoding=\"async\" src=\"https:\/\/endhomelessness.org\/wp-content\/uploads\/2025\/03\/Stanley-Sorrell-01.webp\"\n            class=\"attachment-post-thumbnail size-post-thumbnail wp-post-image\" alt=\"\"\/>\n        <\/figure>\n    <\/div><div class=\"e-sgp__content\">\n    <div class=\"wp-block-post-title\">Stanley Sorrell<\/div><div class=\"wp-block-post-excerpt\">Community Strategic Team Member<\/div>\n<\/div>\n          <\/div>\n          <\/a>\n      <\/div>\n  <\/div><div class=\"e-sgp fancybox__content\" id=\"b3rg-post__popup--13802\" style=\"display: none;\" data-post-id=\"13802\" data-post-slug=\"robert-leyden\"> \n<div class=\"wp-block-b3rg-row e-row row e-row--leaders\">\n<div class=\"wp-block-b3rg-column e-col e-col-e27db90193ef4636231a827ae8eb5ce84ffa5fb2  col-sm-4\"><figure class=\"wp-block-post-featured-image\"><img decoding=\"async\" src=\"https:\/\/endhomelessness.org\/wp-content\/uploads\/2025\/03\/Robert-Leyden-01.webp\" class=\"attachment-post-thumbnail size-post-thumbnail wp-post-image\" alt=\"Robert Leyden\" style=\"object-fit:cover;\" srcset=\"https:\/\/endhomelessness.org\/wp-content\/uploads\/2025\/03\/Robert-Leyden-01.webp 464w, https:\/\/endhomelessness.org\/wp-content\/uploads\/2025\/03\/Robert-Leyden-01-268x300.webp 268w\" sizes=\"(max-width: 464px) 100vw, 464px\" \/><\/figure>\n\n<h2 class=\"wp-block-post-title\">Robert Leyden<\/h2>\n\n\n<p>Peer Support Specialist<br>Seattle, Washington<\/p>\n\n\n<div class=\"wp-block-post-excerpt\"><p class=\"wp-block-post-excerpt__excerpt\">Community Strategic Team Member <\/p><\/div>\n\n\n\n\n\n<\/div>\n\n\n\n<div class=\"wp-block-b3rg-column e-col e-col-92742ca5fa1be2586124219d39849bed9bdd4d71  col-sm-8\">\n<p>In recovery&nbsp;since 2019, Robert is currently a Peer Support Specialist for the University of Washington, based out of Harborview Medical Center. His desire is through his faith and relationship with God to be used as a vessel to advocate and truly connect with peers he meets; utilize all he can to make a lasting impact. Everyday he tries his hardest to share his strength, experience and hope&nbsp;using what&nbsp;he&#8217;s learned in his own journey. He aims to be genuine&nbsp;and positive in all that he does.&nbsp;<\/p>\n<\/div>\n<\/div>\n<\/div>  <div class=\"wp-block-b3rg-column e-col col-sm-12 col-lg-3\">\n      <div class=\"e-sgp  e-sgp--list-item \">\n          <a class=\"b3rg-post__trigger\" href='javascript:void(0)' target='_blank' data-fancybox data-main-class=''\n            data-src='#b3rg-post__popup--13802'>\n          <div class=\"e-sgp__inner\">\n                  <div class=\"e-sgp__media\">\n        <figure class=\"wp-block-post-featured-image\">\n            <img decoding=\"async\" src=\"https:\/\/endhomelessness.org\/wp-content\/uploads\/2025\/03\/Robert-Leyden-01.webp\"\n            class=\"attachment-post-thumbnail size-post-thumbnail wp-post-image\" alt=\"Robert Leyden\"\/>\n        <\/figure>\n    <\/div><div class=\"e-sgp__content\">\n    <div class=\"wp-block-post-title\">Robert Leyden<\/div><div class=\"wp-block-post-excerpt\">Community Strategic Team Member<\/div>\n<\/div>\n          <\/div>\n          <\/a>\n      <\/div>\n  <\/div><div class=\"e-sgp fancybox__content\" id=\"b3rg-post__popup--13781\" style=\"display: none;\" data-post-id=\"13781\" data-post-slug=\"amanda-saurber\"> \n<div class=\"wp-block-b3rg-row e-row row e-row--leaders\">\n<div class=\"wp-block-b3rg-column e-col e-col-eef68a33f1fb37e6957d4a47a97d27af62e0197d  col-sm-4\"><figure class=\"wp-block-post-featured-image\"><img decoding=\"async\" src=\"https:\/\/endhomelessness.org\/wp-content\/uploads\/2025\/03\/Amanda-Saurber.webp\" class=\"attachment-post-thumbnail size-post-thumbnail wp-post-image\" alt=\"Amanda Saurber\" style=\"object-fit:cover;\" srcset=\"https:\/\/endhomelessness.org\/wp-content\/uploads\/2025\/03\/Amanda-Saurber.webp 1934w, https:\/\/endhomelessness.org\/wp-content\/uploads\/2025\/03\/Amanda-Saurber-268x300.webp 268w, https:\/\/endhomelessness.org\/wp-content\/uploads\/2025\/03\/Amanda-Saurber-914x1024.webp 914w, https:\/\/endhomelessness.org\/wp-content\/uploads\/2025\/03\/Amanda-Saurber-768x861.webp 768w, https:\/\/endhomelessness.org\/wp-content\/uploads\/2025\/03\/Amanda-Saurber-1371x1536.webp 1371w, https:\/\/endhomelessness.org\/wp-content\/uploads\/2025\/03\/Amanda-Saurber-1828x2048.webp 1828w, https:\/\/endhomelessness.org\/wp-content\/uploads\/2025\/03\/Amanda-Saurber-575x644.webp 575w\" sizes=\"(max-width: 1934px) 100vw, 1934px\" \/><\/figure>\n\n<h2 class=\"wp-block-post-title\">Amanda Saurber<\/h2>\n\n\n<p>Peer Support Worker<br>Cincinnati, Ohio<\/p>\n\n\n<div class=\"wp-block-post-excerpt\"><p class=\"wp-block-post-excerpt__excerpt\">Capacity Building Network Member, Community Strategic Team Member <\/p><\/div>\n\n\n\n\n\n<\/div>\n\n\n\n<div class=\"wp-block-b3rg-column e-col e-col-11e768abca40882bd9ff1724118efa69388acc61  col-sm-8\">\n<p>Amanda Saurber is a person with lived experience, who has been impacted by many socioeconomic challenges and through her own recovery journey, has become an advocate for change.&nbsp;<\/p>\n\n\n\n<p>In January of 2021, Amanda got her Peer Support Cert. and started working as an Intake Coordinator for one of the largest recovery housing providers in Hamilton County and was eventually promoted to Operations Manager. Faced with the need to connect individuals to resources, Amanda realized how little herself and others knew about the resources available in her community and took it upon herself to learn what the organizations in her community had to offer. And in April of 2021, Amanda created a Facebook page called Our Community Resources, where she aimed to provide resources available in her community to her community.&nbsp;<\/p>\n\n\n\n<p>In June of 2022, Amanda was hired at the Urban League of Greater Southwestern Ohio where she currently works as a Peer Support Specialist for a Jobs and Family Services program called Benefits Bridge. Benefits Bridge is a program that assists individuals with children, who have received a reduction in benefits due to employment, find stability and sustainability through financial literacy, barrier removal, education assistance and connection to higher paying jobs.&nbsp;<\/p>\n\n\n\n<p>In February 2024, Amanda was selected as a member of the National Alliance to End Homelessness&#8217; Community Strategic Team. The Community Strategic Team and the Alliance are working to support lived experience community work around the nation by developing, designing, and deploying a plan to partner with lived experience individuals.&nbsp;<\/p>\n\n\n\n<p>These last four years Amanda has built a reputation for being a Resource Specialist. She has accumulated a list of over 3000 organizations that provide resources to the community by collaborating with other individuals with lived experience, participating in outreach event, word of mouth, or community engagements.&nbsp;<\/p>\n\n\n\n<p>In turn, Amanda launched <a href=\"http:\/\/www.ourcommunityresources.org\/\">www.OurCommunityResources.org<\/a> in January 2024, and established Our Community Resources, LLC as it own organization in April of 2024. Our Community Resources, LLC provides individualized case management to justice-impacted and\/or chronically homeless individuals in need of removing barriers that prevent that individual from living a stable and sustainable life.  <\/p>\n\n\n\n<p>Amanda has a passion for connecting individuals to wrap-around services and firmly believes a holistic approach to removing the barriers that prevent individuals from living a stable and sustainable life would further eliminate the poverty within our community.<\/p>\n<\/div>\n<\/div>\n<\/div>  <div class=\"wp-block-b3rg-column e-col col-sm-12 col-lg-3\">\n      <div class=\"e-sgp  e-sgp--list-item \">\n          <a class=\"b3rg-post__trigger\" href='javascript:void(0)' target='_blank' data-fancybox data-main-class=''\n            data-src='#b3rg-post__popup--13781'>\n          <div class=\"e-sgp__inner\">\n                  <div class=\"e-sgp__media\">\n        <figure class=\"wp-block-post-featured-image\">\n            <img decoding=\"async\" src=\"https:\/\/endhomelessness.org\/wp-content\/uploads\/2025\/03\/Amanda-Saurber.webp\"\n            class=\"attachment-post-thumbnail size-post-thumbnail wp-post-image\" alt=\"Amanda Saurber\"\/>\n        <\/figure>\n    <\/div><div class=\"e-sgp__content\">\n    <div class=\"wp-block-post-title\">Amanda Saurber<\/div><div class=\"wp-block-post-excerpt\">Capacity Building Network Member, Community Strategic Team Member<\/div>\n<\/div>\n          <\/div>\n          <\/a>\n      <\/div>\n  <\/div><\/div>\n                <\/div><\/div>\n<\/div>\n<\/div>\n<\/div>\n<\/div>\n<\/div><\/section>\n\n<section class=\"e-stn e-stn-324c9d44099437a4c4e41c4161ed2b8085eb9da0 e-stn--learn-more-cta e-mt-30  e-mt-sm-30 e-pb-100  e-pb-sm-50\"><div class=\"container\">\n<div class=\"wp-block-b3rg-row e-row row e-row--title-with-description\">\n<div class=\"wp-block-b3rg-column e-col e-col-3fd29a26ff70780ecd7ff03db8f4638045c8c9d8  col-sm-12\">\n<h2 class=\"wp-block-heading has-text-align-center\" id=\"h-learn-more-about-the-alliance\">Conozca m\u00e1s sobre la Alianza<\/h2>\n<\/div>\n<\/div>\n\n\n\n<div class=\"wp-block-b3rg-row e-row row e-row--section-main-content\">\n<div class=\"wp-block-b3rg-column e-col e-col-167c138fb41b62648ff4a5c9d35c5161965c898d  col-sm-12 col-md-3\"><div class=\"e-crd e-crd--dlt\"><a href=\"https:\/\/endhomelessness.org\/about-us\/\" target=\"_self\">\n<div class=\"wp-block-b3rg-icon-block e-icn e-img--dlt\" style=\"width:40px\"><img decoding=\"async\" src=\"https:\/\/endhomelessness.org\/wp-content\/uploads\/\/Frame-9.svg\" alt=\"\"><\/div>\n\n<h3 class=\"wp-block-heading has-light-black-color has-text-color has-link-color wp-elements-9659514b4e03be40f64b446922494758\" id=\"h-about-us\">About Us<\/h3>\n\n<p class=\"has-grey-color has-text-color has-link-color wp-elements-658e2033b2ab3b34cdff450d77325478\"><\/p>\n<div class=\"e-btn e-btn--link\">\n<p class=\"title\">Leer m\u00e1s<\/p>\n<\/div><\/a><\/div><\/div>\n\n\n\n<div class=\"wp-block-b3rg-column e-col e-col-167c138fb41b62648ff4a5c9d35c5161965c898d  col-sm-12 col-md-3\"><div class=\"e-crd e-crd--dlt\"><a href=\"https:\/\/endhomelessness.org\/blog\/\" target=\"_self\">\n<div class=\"wp-block-b3rg-icon-block e-icn e-img--dlt\" style=\"width:40px\"><img decoding=\"async\" src=\"https:\/\/endhomelessness.org\/wp-content\/uploads\/\/Frame-3-1.svg\" alt=\"\"><\/div>\n\n<h3 class=\"wp-block-heading has-light-black-color has-text-color has-link-color wp-elements-6fcbd06c162e861c7dc196b94afd48fa\" id=\"h-blog\">Blog<\/h3>\n\n<p class=\"has-grey-color has-text-color has-link-color wp-elements-658e2033b2ab3b34cdff450d77325478\"><\/p>\n<div class=\"e-btn e-btn--link\">\n<p class=\"title\">Leer m\u00e1s<\/p>\n<\/div><\/a><\/div><\/div>\n\n\n\n<div class=\"wp-block-b3rg-column e-col e-col-167c138fb41b62648ff4a5c9d35c5161965c898d  col-sm-12 col-md-3\"><div class=\"e-crd e-crd--dlt\"><a href=\"https:\/\/endhomelessness.org\/about-us\/careers\/\" target=\"_self\">\n<div class=\"wp-block-b3rg-icon-block e-icn e-img--dlt\" style=\"width:40px\"><img decoding=\"async\" src=\"https:\/\/endhomelessness.org\/wp-content\/uploads\/\/Frame-8.svg\" alt=\"\"><\/div>\n\n<h3 class=\"wp-block-heading has-light-black-color has-text-color has-link-color wp-elements-7173d52e48803410058b4e7279532ca1\" id=\"h-careers\">carreras<\/h3>\n\n<p class=\"has-grey-color has-text-color has-link-color wp-elements-658e2033b2ab3b34cdff450d77325478\"><\/p>\n<div class=\"e-btn e-btn--link\">\n<p class=\"title\">Leer m\u00e1s<\/p>\n<\/div><\/a><\/div><\/div>\n<\/div>\n<\/div><\/section>\n","protected":false},"excerpt":{"rendered":"","protected":false},"author":1,"featured_media":14222,"parent":18014,"menu_order":0,"comment_status":"closed","ping_status":"closed","template":"","meta":{"_acf_changed":false,"show_custom_date":false,"custom_date":"","featured":false,"featured_image":0,"learn_more_label":"","image_alt_text":"","learn_more_type":"","show_popup":false,"learn_more_link_file":0,"event_date":false,"event_start_date":"","event_end_date":"","place_holder_image_url":"","post_reading_time":"< 1","notification_enabled":false,"notification_text":"","notification_logo":"","notification_expiration_time":0,"is_enable_transparent_header":false,"hide_from_list_view":false,"selected_taxonomy_terms":{"translation_priority":[66]},"selected_primary_terms":[],"learn_more_link":[],"featured_page_list":[],"notification_enabled_post_list":[],"_relevanssi_hide_post":"","_relevanssi_hide_content":"","_relevanssi_pin_for_all":"","_relevanssi_pin_keywords":"","_relevanssi_unpin_keywords":"","_relevanssi_related_keywords":"","_relevanssi_related_include_ids":"","_relevanssi_related_exclude_ids":"","_relevanssi_related_no_append":"","_relevanssi_related_not_related":"","_relevanssi_related_posts":"","_relevanssi_noindex_reason":"","inline_featured_image":false,"news_publication":"","footnotes":""},"class_list":["post-17504","page","type-page","status-publish","has-post-thumbnail","hentry"],"acf":[],"yoast_head":"<!-- This site is optimized with the Yoast SEO Premium plugin v24.7 (Yoast SEO v27.4) - https:\/\/yoast.com\/product\/yoast-seo-premium-wordpress\/ -->\n<title>Asesores con Experiencia Vivida - Alianza Nacional para Erradicar la Falta de Vivienda<\/title>\n<meta name=\"description\" content=\"The National Alliance to End Homelessness is a nonpartisan, nonprofit organization committed to preventing and ending homelessness in the United States.\" \/>\n<meta name=\"robots\" content=\"index, follow, max-snippet:-1, max-image-preview:large, max-video-preview:-1\" \/>\n<link rel=\"canonical\" href=\"https:\/\/endhomelessness.org\/es\/about-us\/construyendo-equidad-en-los-sistemas-para-erradicar-la-falta-de-vivienda\/asesores-con-experiencia-vivida\/\" \/>\n<meta property=\"og:locale\" content=\"es_ES\" \/>\n<meta property=\"og:type\" content=\"article\" \/>\n<meta property=\"og:title\" content=\"Asesores con Experiencia Vivida\" \/>\n<meta property=\"og:description\" content=\"The National Alliance to End Homelessness is a nonpartisan, nonprofit organization committed to preventing and ending homelessness in the United States.\" \/>\n<meta property=\"og:url\" content=\"https:\/\/endhomelessness.org\/es\/about-us\/construyendo-equidad-en-los-sistemas-para-erradicar-la-falta-de-vivienda\/asesores-con-experiencia-vivida\/\" \/>\n<meta property=\"og:site_name\" content=\"Alianza Nacional para Erradicar la Falta de Vivienda\" \/>\n<meta property=\"article:publisher\" content=\"https:\/\/www.facebook.com\/naehomelessness\/\" \/>\n<meta property=\"article:modified_time\" content=\"2025-04-04T16:43:51+00:00\" \/>\n<meta property=\"og:image\" content=\"https:\/\/endhomelessness.org\/wp-content\/uploads\/\/Frame-9.svg\" \/>\n<meta name=\"twitter:card\" content=\"summary_large_image\" \/>\n<meta name=\"twitter:label1\" content=\"Tiempo de lectura\" \/>\n\t<meta name=\"twitter:data1\" content=\"1 minuto\" \/>\n<script type=\"application\/ld+json\" class=\"yoast-schema-graph\">{\"@context\":\"https:\\\/\\\/schema.org\",\"@graph\":[{\"@type\":\"WebPage\",\"@id\":\"https:\\\/\\\/endhomelessness.org\\\/es\\\/about-us\\\/construyendo-equidad-en-los-sistemas-para-erradicar-la-falta-de-vivienda\\\/asesores-con-experiencia-vivida\\\/\",\"url\":\"https:\\\/\\\/endhomelessness.org\\\/es\\\/about-us\\\/construyendo-equidad-en-los-sistemas-para-erradicar-la-falta-de-vivienda\\\/asesores-con-experiencia-vivida\\\/\",\"name\":\"Asesores con Experiencia Vivida - Alianza Nacional para Erradicar la Falta de Vivienda\",\"isPartOf\":{\"@id\":\"https:\\\/\\\/endhomelessness.org\\\/es\\\/#website\"},\"primaryImageOfPage\":{\"@id\":\"https:\\\/\\\/endhomelessness.org\\\/es\\\/about-us\\\/construyendo-equidad-en-los-sistemas-para-erradicar-la-falta-de-vivienda\\\/asesores-con-experiencia-vivida\\\/#primaryimage\"},\"image\":{\"@id\":\"https:\\\/\\\/endhomelessness.org\\\/es\\\/about-us\\\/construyendo-equidad-en-los-sistemas-para-erradicar-la-falta-de-vivienda\\\/asesores-con-experiencia-vivida\\\/#primaryimage\"},\"thumbnailUrl\":\"https:\\\/\\\/endhomelessness.org\\\/wp-content\\\/uploads\\\/2014\\\/01\\\/Frame-222.png\",\"datePublished\":\"2024-09-02T08:24:41+00:00\",\"dateModified\":\"2025-04-04T16:43:51+00:00\",\"description\":\"The National Alliance to End Homelessness is a nonpartisan, nonprofit organization committed to preventing and ending homelessness in the United States.\",\"breadcrumb\":{\"@id\":\"https:\\\/\\\/endhomelessness.org\\\/es\\\/about-us\\\/construyendo-equidad-en-los-sistemas-para-erradicar-la-falta-de-vivienda\\\/asesores-con-experiencia-vivida\\\/#breadcrumb\"},\"inLanguage\":\"es\",\"potentialAction\":[{\"@type\":\"ReadAction\",\"target\":[\"https:\\\/\\\/endhomelessness.org\\\/es\\\/about-us\\\/construyendo-equidad-en-los-sistemas-para-erradicar-la-falta-de-vivienda\\\/asesores-con-experiencia-vivida\\\/\"]}]},{\"@type\":\"ImageObject\",\"inLanguage\":\"es\",\"@id\":\"https:\\\/\\\/endhomelessness.org\\\/es\\\/about-us\\\/construyendo-equidad-en-los-sistemas-para-erradicar-la-falta-de-vivienda\\\/asesores-con-experiencia-vivida\\\/#primaryimage\",\"url\":\"https:\\\/\\\/endhomelessness.org\\\/wp-content\\\/uploads\\\/2014\\\/01\\\/Frame-222.png\",\"contentUrl\":\"https:\\\/\\\/endhomelessness.org\\\/wp-content\\\/uploads\\\/2014\\\/01\\\/Frame-222.png\",\"width\":1068,\"height\":684,\"caption\":\"National Alliance to End Homelessness logo\"},{\"@type\":\"BreadcrumbList\",\"@id\":\"https:\\\/\\\/endhomelessness.org\\\/es\\\/about-us\\\/construyendo-equidad-en-los-sistemas-para-erradicar-la-falta-de-vivienda\\\/asesores-con-experiencia-vivida\\\/#breadcrumb\",\"itemListElement\":[{\"@type\":\"ListItem\",\"position\":1,\"name\":\"Inicio\",\"item\":\"https:\\\/\\\/endhomelessness.org\\\/es\\\/home-page-2-2-2\\\/\"},{\"@type\":\"ListItem\",\"position\":2,\"name\":\"Nuestra misi\u00f3n, valores e historia\",\"item\":\"https:\\\/\\\/endhomelessness.org\\\/es\\\/about-us\\\/\"},{\"@type\":\"ListItem\",\"position\":3,\"name\":\"Construyendo equidad en los sistemas para erradicar la falta de vivienda\",\"item\":\"https:\\\/\\\/endhomelessness.org\\\/es\\\/about-us\\\/construyendo-equidad-en-los-sistemas-para-erradicar-la-falta-de-vivienda\\\/\"},{\"@type\":\"ListItem\",\"position\":4,\"name\":\"Asesores con Experiencia Vivida\"}]},{\"@type\":\"WebSite\",\"@id\":\"https:\\\/\\\/endhomelessness.org\\\/es\\\/#website\",\"url\":\"https:\\\/\\\/endhomelessness.org\\\/es\\\/\",\"name\":\"National Alliance to End Homelessness\",\"description\":\"Organizaci\u00f3n no partidista para prevenir y erradicar la falta de vivienda en EE.UU.\",\"publisher\":{\"@id\":\"https:\\\/\\\/endhomelessness.org\\\/es\\\/#organization\"},\"potentialAction\":[{\"@type\":\"SearchAction\",\"target\":{\"@type\":\"EntryPoint\",\"urlTemplate\":\"https:\\\/\\\/endhomelessness.org\\\/es\\\/?s={search_term_string}\"},\"query-input\":{\"@type\":\"PropertyValueSpecification\",\"valueRequired\":true,\"valueName\":\"search_term_string\"}}],\"inLanguage\":\"es\"},{\"@type\":\"Organization\",\"@id\":\"https:\\\/\\\/endhomelessness.org\\\/es\\\/#organization\",\"name\":\"Alianza Nacional para Erradicar la Falta de Vivienda\",\"url\":\"https:\\\/\\\/endhomelessness.org\\\/es\\\/\",\"logo\":{\"@type\":\"ImageObject\",\"inLanguage\":\"es\",\"@id\":\"https:\\\/\\\/endhomelessness.org\\\/es\\\/#\\\/schema\\\/logo\\\/image\\\/\",\"url\":\"https:\\\/\\\/endhomelessness.org\\\/wp-content\\\/uploads\\\/2024\\\/09\\\/logo-2.webp\",\"contentUrl\":\"https:\\\/\\\/endhomelessness.org\\\/wp-content\\\/uploads\\\/2024\\\/09\\\/logo-2.webp\",\"width\":687,\"height\":361,\"caption\":\"Alianza Nacional para Erradicar la Falta de Vivienda\"},\"image\":{\"@id\":\"https:\\\/\\\/endhomelessness.org\\\/es\\\/#\\\/schema\\\/logo\\\/image\\\/\"},\"sameAs\":[\"https:\\\/\\\/www.facebook.com\\\/naehomelessness\\\/\",\"https:\\\/\\\/www.youtube.com\\\/@EndingHomelessness\",\"https:\\\/\\\/www.linkedin.com\\\/company\\\/national-alliance-to-end-homelessness\\\/\",\"https:\\\/\\\/instagram.com\\\/naeh_endhomelessness\"]}]}<\/script>\n<!-- \/ Yoast SEO Premium plugin. -->","yoast_head_json":{"title":"Asesores con Experiencia Vivida - Alianza Nacional para Erradicar la Falta de Vivienda","description":"The National Alliance to End Homelessness is a nonpartisan, nonprofit organization committed to preventing and ending homelessness in the United States.","robots":{"index":"index","follow":"follow","max-snippet":"max-snippet:-1","max-image-preview":"max-image-preview:large","max-video-preview":"max-video-preview:-1"},"canonical":"https:\/\/endhomelessness.org\/es\/about-us\/construyendo-equidad-en-los-sistemas-para-erradicar-la-falta-de-vivienda\/asesores-con-experiencia-vivida\/","og_locale":"es_ES","og_type":"article","og_title":"Asesores con Experiencia Vivida","og_description":"The National Alliance to End Homelessness is a nonpartisan, nonprofit organization committed to preventing and ending homelessness in the United States.","og_url":"https:\/\/endhomelessness.org\/es\/about-us\/construyendo-equidad-en-los-sistemas-para-erradicar-la-falta-de-vivienda\/asesores-con-experiencia-vivida\/","og_site_name":"Alianza Nacional para Erradicar la Falta de Vivienda","article_publisher":"https:\/\/www.facebook.com\/naehomelessness\/","article_modified_time":"2025-04-04T16:43:51+00:00","og_image":[{"url":"https:\/\/endhomelessness.org\/wp-content\/uploads\/\/Frame-9.svg","type":"","width":"","height":""}],"twitter_card":"summary_large_image","twitter_misc":{"Tiempo de lectura":"1 minuto"},"schema":{"@context":"https:\/\/schema.org","@graph":[{"@type":"WebPage","@id":"https:\/\/endhomelessness.org\/es\/about-us\/construyendo-equidad-en-los-sistemas-para-erradicar-la-falta-de-vivienda\/asesores-con-experiencia-vivida\/","url":"https:\/\/endhomelessness.org\/es\/about-us\/construyendo-equidad-en-los-sistemas-para-erradicar-la-falta-de-vivienda\/asesores-con-experiencia-vivida\/","name":"Asesores con Experiencia Vivida - Alianza Nacional para Erradicar la Falta de Vivienda","isPartOf":{"@id":"https:\/\/endhomelessness.org\/es\/#website"},"primaryImageOfPage":{"@id":"https:\/\/endhomelessness.org\/es\/about-us\/construyendo-equidad-en-los-sistemas-para-erradicar-la-falta-de-vivienda\/asesores-con-experiencia-vivida\/#primaryimage"},"image":{"@id":"https:\/\/endhomelessness.org\/es\/about-us\/construyendo-equidad-en-los-sistemas-para-erradicar-la-falta-de-vivienda\/asesores-con-experiencia-vivida\/#primaryimage"},"thumbnailUrl":"https:\/\/endhomelessness.org\/wp-content\/uploads\/2014\/01\/Frame-222.png","datePublished":"2024-09-02T08:24:41+00:00","dateModified":"2025-04-04T16:43:51+00:00","description":"The National Alliance to End Homelessness is a nonpartisan, nonprofit organization committed to preventing and ending homelessness in the United States.","breadcrumb":{"@id":"https:\/\/endhomelessness.org\/es\/about-us\/construyendo-equidad-en-los-sistemas-para-erradicar-la-falta-de-vivienda\/asesores-con-experiencia-vivida\/#breadcrumb"},"inLanguage":"es","potentialAction":[{"@type":"ReadAction","target":["https:\/\/endhomelessness.org\/es\/about-us\/construyendo-equidad-en-los-sistemas-para-erradicar-la-falta-de-vivienda\/asesores-con-experiencia-vivida\/"]}]},{"@type":"ImageObject","inLanguage":"es","@id":"https:\/\/endhomelessness.org\/es\/about-us\/construyendo-equidad-en-los-sistemas-para-erradicar-la-falta-de-vivienda\/asesores-con-experiencia-vivida\/#primaryimage","url":"https:\/\/endhomelessness.org\/wp-content\/uploads\/2014\/01\/Frame-222.png","contentUrl":"https:\/\/endhomelessness.org\/wp-content\/uploads\/2014\/01\/Frame-222.png","width":1068,"height":684,"caption":"National Alliance to End Homelessness logo"},{"@type":"BreadcrumbList","@id":"https:\/\/endhomelessness.org\/es\/about-us\/construyendo-equidad-en-los-sistemas-para-erradicar-la-falta-de-vivienda\/asesores-con-experiencia-vivida\/#breadcrumb","itemListElement":[{"@type":"ListItem","position":1,"name":"Inicio","item":"https:\/\/endhomelessness.org\/es\/home-page-2-2-2\/"},{"@type":"ListItem","position":2,"name":"Nuestra misi\u00f3n, valores e historia","item":"https:\/\/endhomelessness.org\/es\/about-us\/"},{"@type":"ListItem","position":3,"name":"Construyendo equidad en los sistemas para erradicar la falta de vivienda","item":"https:\/\/endhomelessness.org\/es\/about-us\/construyendo-equidad-en-los-sistemas-para-erradicar-la-falta-de-vivienda\/"},{"@type":"ListItem","position":4,"name":"Asesores con Experiencia Vivida"}]},{"@type":"WebSite","@id":"https:\/\/endhomelessness.org\/es\/#website","url":"https:\/\/endhomelessness.org\/es\/","name":"National Alliance to End Homelessness","description":"Organizaci\u00f3n no partidista para prevenir y erradicar la falta de vivienda en EE.UU.","publisher":{"@id":"https:\/\/endhomelessness.org\/es\/#organization"},"potentialAction":[{"@type":"SearchAction","target":{"@type":"EntryPoint","urlTemplate":"https:\/\/endhomelessness.org\/es\/?s={search_term_string}"},"query-input":{"@type":"PropertyValueSpecification","valueRequired":true,"valueName":"search_term_string"}}],"inLanguage":"es"},{"@type":"Organization","@id":"https:\/\/endhomelessness.org\/es\/#organization","name":"Alianza Nacional para Erradicar la Falta de Vivienda","url":"https:\/\/endhomelessness.org\/es\/","logo":{"@type":"ImageObject","inLanguage":"es","@id":"https:\/\/endhomelessness.org\/es\/#\/schema\/logo\/image\/","url":"https:\/\/endhomelessness.org\/wp-content\/uploads\/2024\/09\/logo-2.webp","contentUrl":"https:\/\/endhomelessness.org\/wp-content\/uploads\/2024\/09\/logo-2.webp","width":687,"height":361,"caption":"Alianza Nacional para Erradicar la Falta de Vivienda"},"image":{"@id":"https:\/\/endhomelessness.org\/es\/#\/schema\/logo\/image\/"},"sameAs":["https:\/\/www.facebook.com\/naehomelessness\/","https:\/\/www.youtube.com\/@EndingHomelessness","https:\/\/www.linkedin.com\/company\/national-alliance-to-end-homelessness\/","https:\/\/instagram.com\/naeh_endhomelessness"]}]}},"_links":{"self":[{"href":"https:\/\/endhomelessness.org\/es\/wp-json\/wp\/v2\/pages\/17504","targetHints":{"allow":["GET"]}}],"collection":[{"href":"https:\/\/endhomelessness.org\/es\/wp-json\/wp\/v2\/pages"}],"about":[{"href":"https:\/\/endhomelessness.org\/es\/wp-json\/wp\/v2\/types\/page"}],"author":[{"embeddable":true,"href":"https:\/\/endhomelessness.org\/es\/wp-json\/wp\/v2\/users\/1"}],"replies":[{"embeddable":true,"href":"https:\/\/endhomelessness.org\/es\/wp-json\/wp\/v2\/comments?post=17504"}],"version-history":[{"count":0,"href":"https:\/\/endhomelessness.org\/es\/wp-json\/wp\/v2\/pages\/17504\/revisions"}],"up":[{"embeddable":true,"href":"https:\/\/endhomelessness.org\/es\/wp-json\/wp\/v2\/pages\/18014"}],"wp:featuredmedia":[{"embeddable":true,"href":"https:\/\/endhomelessness.org\/es\/wp-json\/wp\/v2\/media\/14222"}],"wp:attachment":[{"href":"https:\/\/endhomelessness.org\/es\/wp-json\/wp\/v2\/media?parent=17504"}],"curies":[{"name":"wp","href":"https:\/\/api.w.org\/{rel}","templated":true}]}}