{"id":17531,"date":"2024-09-02T04:45:28","date_gmt":"2024-09-02T08:45:28","guid":{"rendered":"https:\/\/endhomelessness.org\/suscribase-a-las-alertas-de-promocion-de-la-alianza\/"},"modified":"2026-04-14T17:16:43","modified_gmt":"2026-04-14T21:16:43","slug":"suscribase-a-las-alertas-de-promocion-de-la-alianza","status":"publish","type":"page","link":"https:\/\/endhomelessness.org\/es\/accion\/","title":{"rendered":"\u00danete a la Red de Defensa de la Alianza"},"content":{"rendered":"\n<section class=\"e-stn e-stn-634e47809256239a07f8b36df27d3c6826fbf9d6 e-stn--page-banner e-mt-0 e-pt-0 e-mb-0 e-pb-0\"><style>@media only screen and (max-width: 9999px) {\n              .e-stn.e-stn-634e47809256239a07f8b36df27d3c6826fbf9d6 {\n                background-image: url(https:\/\/endhomelessness.org\/wp-content\/uploads\/2026\/04\/breno-assis-r3WAWU5Fi5Q-unsplash-scaled.jpg);\n                background-image: -webkit-image-set(url(https:\/\/endhomelessness.org\/wp-content\/uploads\/2026\/04\/breno-assis-r3WAWU5Fi5Q-unsplash-scaled.jpg));\n                background-image: image-set(url(https:\/\/endhomelessness.org\/wp-content\/uploads\/2026\/04\/breno-assis-r3WAWU5Fi5Q-unsplash-scaled.jpg));\n                background-position: center center;\n                background-size: cover;\n              }\n            }<\/style><div class=\"container\">\n<div class=\"wp-block-b3rg-row e-row row\">\n<div class=\"wp-block-b3rg-column e-col e-col-fdb9008b70f21b8e7908ff17775a5a632526e099  col-sm-12 col-md-8 col-lg-8\">\n<h1 class=\"wp-block-heading has-pure-white-color has-text-color has-link-color has-large-font-size wp-elements-99dffab68efbb5e01579d13baf3cec3c\" id=\"h-join-the-alliance-s-advocacy-network-and-champion-policies-that-will-end-homelessness\">\u00danete a la Red de Defensa de la Alianza y defiende pol\u00edticas que pondr\u00e1n fin a la falta de vivienda.<\/h1>\n\n\n\n<p>La Red de Defensa es una comunidad de m\u00e1s de <strong>20.000 defensores<\/strong> que apoyan pol\u00edticas locales, estatales y federales que abordan la falta de vivienda de manera directa.<\/p>\n<\/div>\n<\/div>\n<\/div><\/section>\n\n<section class=\"e-stn e-stn-372fd894fdbd6202b85eabb71e51c8faeb5e1c66 e-stn--text-content-type-2 e-mt-0 e-pt-60 e-mt-sm-0 e-mb-0 e-pb-60\"><style>@media only screen and (max-width: 9999px) {\n\t\t\t\t\t\t\t\t\t.e-stn.e-stn-372fd894fdbd6202b85eabb71e51c8faeb5e1c66 { \n\t\t\t\t\t\t\t\t\t\tbackground-color: #fff; \n\t\t\t\t\t\t\t\t\t}\n\t\t\t\t\t\t\t\t}<\/style><div class=\"container\">\n<div class=\"wp-block-b3rg-row e-row row\">\n<div class=\"wp-block-b3rg-column e-col e-col-30e0b5053c55e80c0be69b7bb1bc251ccb183b03  col-sm-12 col-lg-12 d-lg-flex flex-lg-column justify-content-lg-center\">\n<h2 class=\"wp-block-heading has-large-font-size\" id=\"h-who-we-are\"><strong>Qui\u00e9nes somos<\/strong><\/h2>\n\n\n\n<p class=\"has-medium-font-size\">Los miembros de la Red de Incidencia son una pieza clave del \u00e9xito de incidencia de la Alianza, pero con tu ayuda podemos hacer a\u00fan m\u00e1s. \u00bfListo\/a para convertirte en defensor\/a de la Alianza? <\/p>\n\n\n\n<div class=\"e-div e-div-00ba4a4815533285a2fc3c2363095a619debb465 e-div--button-wrapper justify-content-center justify-content-sm-center justify-content-md-center justify-content-lg-center justify-content-xl-center justify-content-xxl-center\"><div class=\"e-btn e-btn--yellow\"><a class=\"e-btn__link\"href=\"\/action\/alerts\" target=\"_blank\">\n<p class=\"title has-medium-font-size\" style=\"padding-top:0;padding-bottom:0\">Inscribirse<\/p>\n<\/a><\/div><\/div>\n\n\n\n<div style=\"height:72px\" aria-hidden=\"true\" class=\"wp-block-spacer\"><\/div>\n<\/div>\n<\/div>\n\n\n\n<div class=\"wp-block-b3rg-row e-row row\">\n<div class=\"wp-block-b3rg-column e-col e-col-76e7e4bb0c071fd5b640d1d78195440c488e3afd  col-sm-12 col-lg-6\">\n<div class=\"wp-block-group is-nowrap is-layout-flex wp-container-core-group-is-layout-6c531013 wp-block-group-is-layout-flex\">\n<div class=\"e-div e-div-92c0da725aa128a6772269b7aff0d3063e2b9590 e-div--contact-us-form\"><style>@media only screen and (max-width: 9999px) {\n\t\t\t\t\t\t\t\t\t.e-div.e-div-92c0da725aa128a6772269b7aff0d3063e2b9590 { \n\t\t\t\t\t\t\t\t\t\tbackground-color: #fff; \n\t\t\t\t\t\t\t\t\t}\n\t\t\t\t\t\t\t\t}<\/style>\n<p class=\"has-yale-blue-color has-text-color has-link-color has-medium-font-size wp-elements-6c3c192f34623514f5aaadc3cd1a5428\" id=\"h-the-network-is-educational-and-actionable-as-an-alliance-advocate-you-will-have-access-to\"><strong>La red es educativa y pr\u00e1ctica; como Alliance Advocate, tendr\u00e1s acceso a:<\/strong><\/p>\n\n\n\n<ul class=\"wp-block-list\">\n<li class=\"has-small-font-size\">Actualizaciones entre bastidores sobre logros exitosos en defensa<\/li>\n\n\n\n<li class=\"has-small-font-size\">Actualizaciones peri\u00f3dicas sobre pol\u00edticas de nuestro equipo<\/li>\n\n\n\n<li class=\"has-small-font-size\">Alertas espec\u00edficas para que puedas actuar en 5 minutos o menos<\/li>\n\n\n\n<li class=\"has-small-font-size\">Historias de impacto de todo el sector<\/li>\n\n\n\n<li class=\"has-small-font-size\">Formaciones virtuales mensuales gratuitas y materiales para mejorar tu defensa<\/li>\n\n\n\n<li class=\"has-small-font-size\">Nuevos recursos a medida que est\u00e9n disponibles<\/li>\n<\/ul>\n<\/div>\n<\/div>\n<\/div>\n\n\n\n<div class=\"wp-block-b3rg-column e-col e-col-76e7e4bb0c071fd5b640d1d78195440c488e3afd  col-sm-12 col-lg-6\">\n<figure class=\"wp-block-embed is-type-video is-provider-youtube wp-block-embed-youtube wp-embed-aspect-16-9 wp-has-aspect-ratio\"><div class=\"wp-block-embed__wrapper\">\n<iframe loading=\"lazy\" title=\"Are you winning the housing game?\" width=\"500\" height=\"281\" src=\"https:\/\/www.youtube.com\/embed\/LOcRKhitkVQ?feature=oembed\" frameborder=\"0\" allow=\"accelerometer; autoplay; clipboard-write; encrypted-media; gyroscope; picture-in-picture; web-share\" referrerpolicy=\"strict-origin-when-cross-origin\" allowfullscreen><\/iframe>\n<\/div><\/figure>\n<\/div>\n<\/div>\n<\/div><\/section>\n\n<section class=\"e-stn e-stn-22a3a8d18ead07a88ee8e8ca81afbfe817650421 e-stn--text-image-side-by-side e-mt-0  e-mt-sm-0\"><style>@media only screen and (max-width: 9999px) {\n\t\t\t\t\t\t\t\t\t.e-stn.e-stn-22a3a8d18ead07a88ee8e8ca81afbfe817650421 { \n\t\t\t\t\t\t\t\t\t\tbackground-color: #06366d; \n\t\t\t\t\t\t\t\t\t}\n\t\t\t\t\t\t\t\t}<\/style><div class=\"container\">\n<div class=\"wp-block-b3rg-row e-row row\">\n<div class=\"wp-block-b3rg-column e-col e-col-1084ca9f364513226a99aaccdc4fa5c368b54ff4  col-sm-12 col-lg-5 d-lg-flex flex-lg-column justify-content-lg-center\">\n<h2 class=\"wp-block-heading has-pure-white-color has-text-color has-link-color wp-elements-d9c5619334689e929751e6085edec7ac\" id=\"h-why-this-matters\">Por qu\u00e9 esto importa<\/h2>\n\n\n\n<p class=\"has-pure-white-color has-text-color has-link-color has-medium-font-size wp-elements-beb5e85033ae406265f35b32e1ad794a\">El sinhogarismo no es una elecci\u00f3n: est\u00e1 impulsado por la escasez de vivienda, la pobreza y problemas sist\u00e9micos. M\u00e1s de 770.000 personas en Estados Unidos experimentaron sinhogarismo el a\u00f1o pasado, y tu voz nos ayudar\u00e1 a acabar con ello. <\/p>\n\n\n<div class=\"e-btn e-btn--yellow\"><a class=\"e-btn__link\"href=\"\/action\/alerts\" target=\"_blank\">\n<p class=\"title\"><strong>Haga O\u00edr Su Voz<\/strong><\/p>\n<\/a><\/div><\/div>\n\n\n\n<div class=\"wp-block-b3rg-column e-col e-col-597e0aeaffed57b2c592438872bdf795b2b4fea6  col-sm-12 col-lg-7\"><div class=\"e-img \">\n<figure class=\"wp-block-image size-large\"><img loading=\"lazy\" decoding=\"async\" width=\"1024\" height=\"683\" src=\"https:\/\/endhomelessness.org\/wp-content\/uploads\/2025\/10\/Community-stock-photo-1024x683.jpg\" alt=\"\" class=\"wp-image-23843\" srcset=\"https:\/\/endhomelessness.org\/wp-content\/uploads\/2025\/10\/Community-stock-photo-1024x683.jpg 1024w, https:\/\/endhomelessness.org\/wp-content\/uploads\/2025\/10\/Community-stock-photo-300x200.jpg 300w, https:\/\/endhomelessness.org\/wp-content\/uploads\/2025\/10\/Community-stock-photo-768x512.jpg 768w, https:\/\/endhomelessness.org\/wp-content\/uploads\/2025\/10\/Community-stock-photo-1536x1024.jpg 1536w, https:\/\/endhomelessness.org\/wp-content\/uploads\/2025\/10\/Community-stock-photo-2048x1365.jpg 2048w, https:\/\/endhomelessness.org\/wp-content\/uploads\/2025\/10\/Community-stock-photo-575x383.jpg 575w\" sizes=\"auto, (max-width: 1024px) 100vw, 1024px\" \/><\/figure>\n<\/div><\/div>\n<\/div>\n<\/div><\/section>\n\n<section class=\"e-stn e-stn-c822f7e4c414de51d4d4fe475747f8fe52b0c77c\"><div class=\"container\">\n<div class=\"wp-block-b3rg-row e-row row\">\n<div class=\"wp-block-b3rg-column e-col e-col-39cfa9d404ac019aa00fc49744dc7db02252e1b1  col-sm-12\">\n<div class=\"e-div e-div-930878bcacc9823858297865033c13dfe5ca8a0b e-div--s-o-h-title-block e-div--s-o-h-over-time-slider-wrapper\">\n<h2 class=\"wp-block-heading\" id=\"h-advocate-impact\"><strong>Impacto de los defensores<\/strong><\/h2>\n\n\n\n<p class=\"has-medium-font-size\">Juntos, hemos logrado cambios medibles para abordar la falta de vivienda en Estados Unidos.<\/p>\n\n\n\n<div class=\"e-div e-div-acb60bd8577e047dd7492ea6895ec67f9fa2185b e-div--s-o-h-over-time-slider\">                <div class=\"e-sld e-sld--dlt\">\n                    <div class=\"swiper swiper-37b3455b-51a3-4709-97d1-f00d301193dc\" id=\"37b3455b-51a3-4709-97d1-f00d301193dc\" data-swiper={\"mobile\":{\"direction\":\"horizontal\",\"loop\":false,\"slidesPerView\":1,\"slidesPerGroup\":1,\"spaceBetween\":31,\"pagination\":{\"enabled\":true,\"clickable\":true,\"el\":\".swiper-pagination\",\"type\":\"progressbar\"},\"navigation\":{\"enabled\":false,\"nextEl\":\".swiper-button-next\",\"prevEl\":\".swiper-button-prev\"},\"scrollbar\":{\"enabled\":false,\"el\":\".swiper-scrollbar\",\"hide\":false},\"speed\":600,\"allowTouchMove\":true,\"effect\":\"slide\",\"fadeEffect\":{\"crossFade\":true},\"freeMode\":false,\"autoHeight\":false,\"centeredSlides\":false,\"lazy\":true,\"initialSlide\":0,\"destroy\":false,\"centerInsufficientSlides\":false,\"keyboard\":{\"enabled\":true}},\"tablet-portrait\":{\"direction\":\"horizontal\",\"loop\":false,\"slidesPerView\":1,\"slidesPerGroup\":1,\"spaceBetween\":30,\"pagination\":{\"enabled\":true,\"clickable\":true,\"el\":\".swiper-pagination\",\"type\":\"progressbar\"},\"navigation\":{\"enabled\":false,\"nextEl\":\".swiper-button-next\",\"prevEl\":\".swiper-button-prev\"},\"scrollbar\":{\"enabled\":false,\"el\":\".swiper-scrollbar\",\"hide\":false},\"speed\":600,\"allowTouchMove\":true,\"effect\":\"slide\",\"fadeEffect\":{\"crossFade\":true},\"freeMode\":false,\"autoHeight\":false,\"centeredSlides\":false,\"lazy\":true,\"initialSlide\":0,\"destroy\":false,\"centerInsufficientSlides\":false,\"keyboard\":{\"enabled\":true}},\"tablet-landscape\":{\"direction\":\"horizontal\",\"loop\":false,\"slidesPerView\":2,\"slidesPerGroup\":1,\"spaceBetween\":0,\"pagination\":{\"enabled\":false,\"clickable\":true,\"el\":\".swiper-pagination\"},\"navigation\":{\"enabled\":false,\"nextEl\":\".swiper-button-next\",\"prevEl\":\".swiper-button-prev\"},\"scrollbar\":{\"enabled\":false,\"el\":\".swiper-scrollbar\",\"hide\":false},\"speed\":600,\"allowTouchMove\":true,\"effect\":\"slide\",\"fadeEffect\":{\"crossFade\":true},\"freeMode\":false,\"autoHeight\":false,\"centeredSlides\":false,\"lazy\":false,\"initialSlide\":0,\"destroy\":false,\"centerInsufficientSlides\":false,\"keyboard\":{\"enabled\":true}},\"desktop\":{\"loop\":false,\"slidesPerView\":2,\"slidesPerGroup\":1,\"spaceBetween\":0,\"pagination\":{\"enabled\":false,\"clickable\":true,\"el\":\".swiper-pagination\"},\"navigation\":{\"enabled\":true,\"nextEl\":\".swiper-button-next\",\"prevEl\":\".swiper-button-prev\"},\"scrollbar\":{\"enabled\":false,\"el\":\".swiper-scrollbar\",\"hide\":false},\"speed\":600,\"allowTouchMove\":true,\"effect\":\"slide\",\"fadeEffect\":{\"crossFade\":true},\"freeMode\":false,\"autoHeight\":false,\"centeredSlides\":false,\"lazy\":false,\"initialSlide\":0,\"destroy\":false,\"centerInsufficientSlides\":false,\"keyboard\":{\"enabled\":true}}}>\n                        <div class=\"swiper-wrapper\"><div class=\"swiper-slide\">\n<p>Tras una avalancha de preocupaci\u00f3n de <strong>m\u00e1s de 10.000 defensores<\/strong> y otros en todo el pa\u00eds, la Administraci\u00f3n <strong>dio marcha atr\u00e1s en una devastadora congelaci\u00f3n de fondos federales<\/strong> en febrero de 2025.<\/p>\n<div class=\"e-img \">\n<figure class=\"wp-block-image size-full\"><img loading=\"lazy\" decoding=\"async\" width=\"8192\" height=\"5175\" src=\"https:\/\/endhomelessness.org\/wp-content\/uploads\/2026\/04\/pexels-enginakyurt-10149292-e1776173626956.jpg\" alt=\"\" class=\"wp-image-26145\" srcset=\"https:\/\/endhomelessness.org\/wp-content\/uploads\/2026\/04\/pexels-enginakyurt-10149292-e1776173626956.jpg 8192w, https:\/\/endhomelessness.org\/wp-content\/uploads\/2026\/04\/pexels-enginakyurt-10149292-e1776173626956-300x190.jpg 300w, https:\/\/endhomelessness.org\/wp-content\/uploads\/2026\/04\/pexels-enginakyurt-10149292-e1776173626956-1024x647.jpg 1024w, https:\/\/endhomelessness.org\/wp-content\/uploads\/2026\/04\/pexels-enginakyurt-10149292-e1776173626956-768x485.jpg 768w, https:\/\/endhomelessness.org\/wp-content\/uploads\/2026\/04\/pexels-enginakyurt-10149292-e1776173626956-1536x970.jpg 1536w, https:\/\/endhomelessness.org\/wp-content\/uploads\/2026\/04\/pexels-enginakyurt-10149292-e1776173626956-2048x1294.jpg 2048w, https:\/\/endhomelessness.org\/wp-content\/uploads\/2026\/04\/pexels-enginakyurt-10149292-e1776173626956-575x363.jpg 575w\" sizes=\"auto, (max-width: 8192px) 100vw, 8192px\" \/><\/figure>\n<\/div><\/div><div class=\"swiper-slide\">\n<p>Los defensores <strong>rechazaron<\/strong> el presupuesto propuesto por el Presidente para el a\u00f1o fiscal 2026 y en su lugar lucharon con \u00e9xito por 77.300 millones de d\u00f3lares para programas del Departamento de Vivienda y Desarrollo Urbano, m\u00e1s de 7.200 millones de d\u00f3lares de aumento respecto al a\u00f1o fiscal anterior.<\/p>\n<div class=\"e-img \">\n<figure class=\"wp-block-image size-full\"><img loading=\"lazy\" decoding=\"async\" width=\"2560\" height=\"1617\" src=\"https:\/\/endhomelessness.org\/wp-content\/uploads\/2026\/04\/pexels-diego-ramirez-67120349-8278494-1-scaled-e1776173541684.jpg\" alt=\"\" class=\"wp-image-26143\" srcset=\"https:\/\/endhomelessness.org\/wp-content\/uploads\/2026\/04\/pexels-diego-ramirez-67120349-8278494-1-scaled-e1776173541684.jpg 2560w, https:\/\/endhomelessness.org\/wp-content\/uploads\/2026\/04\/pexels-diego-ramirez-67120349-8278494-1-scaled-e1776173541684-300x189.jpg 300w, https:\/\/endhomelessness.org\/wp-content\/uploads\/2026\/04\/pexels-diego-ramirez-67120349-8278494-1-scaled-e1776173541684-1024x647.jpg 1024w, https:\/\/endhomelessness.org\/wp-content\/uploads\/2026\/04\/pexels-diego-ramirez-67120349-8278494-1-scaled-e1776173541684-768x485.jpg 768w, https:\/\/endhomelessness.org\/wp-content\/uploads\/2026\/04\/pexels-diego-ramirez-67120349-8278494-1-scaled-e1776173541684-1536x970.jpg 1536w, https:\/\/endhomelessness.org\/wp-content\/uploads\/2026\/04\/pexels-diego-ramirez-67120349-8278494-1-scaled-e1776173541684-2048x1294.jpg 2048w, https:\/\/endhomelessness.org\/wp-content\/uploads\/2026\/04\/pexels-diego-ramirez-67120349-8278494-1-scaled-e1776173541684-575x363.jpg 575w\" sizes=\"auto, (max-width: 2560px) 100vw, 2560px\" \/><\/figure>\n<\/div><\/div><div class=\"swiper-slide\">\n<p>Los defensores <a href=\"https:\/\/www.usmayors.org\/2025\/12\/10\/nations-mayors-call-on-congress-to-renew-hud-continuum-of-care-grants-safeguard-housing-for-vulnerable-residents\/\">animaron<\/a> a <strong>m\u00e1s de 180 alcaldes dem\u00f3cratas, republicanos e independientes de todo el pa\u00eds<\/strong> a sumarse a una carta de la Conferencia de Alcaldes de EE. UU. en la que se instaba al Congreso a renovar todas las subvenciones del Continuum of Care que vencen en 2026. Los defensores tambi\u00e9n instaron a m\u00e1s de 20 miembros republicanos de la C\u00e1mara de Representantes a <a href=\"https:\/\/endhomelessness.org\/wp-content\/uploads\/2025\/10\/GOP-Letter-to-HUD-on-the-CoC-Grant-Final-w-Signatures-10.28.25.pdf\">sumarse a una carta similar<\/a> de preocupaci\u00f3n. <\/p>\n<div class=\"e-img \">\n<figure class=\"wp-block-image size-full\"><img loading=\"lazy\" decoding=\"async\" width=\"1694\" height=\"1070\" src=\"https:\/\/endhomelessness.org\/wp-content\/uploads\/2026\/04\/pexels-ramazphotos-32437723-scaled-e1776173342649.jpg\" alt=\"\" class=\"wp-image-26139\" srcset=\"https:\/\/endhomelessness.org\/wp-content\/uploads\/2026\/04\/pexels-ramazphotos-32437723-scaled-e1776173342649.jpg 1694w, https:\/\/endhomelessness.org\/wp-content\/uploads\/2026\/04\/pexels-ramazphotos-32437723-scaled-e1776173342649-300x189.jpg 300w, https:\/\/endhomelessness.org\/wp-content\/uploads\/2026\/04\/pexels-ramazphotos-32437723-scaled-e1776173342649-1024x647.jpg 1024w, https:\/\/endhomelessness.org\/wp-content\/uploads\/2026\/04\/pexels-ramazphotos-32437723-scaled-e1776173342649-768x485.jpg 768w, https:\/\/endhomelessness.org\/wp-content\/uploads\/2026\/04\/pexels-ramazphotos-32437723-scaled-e1776173342649-1536x970.jpg 1536w, https:\/\/endhomelessness.org\/wp-content\/uploads\/2026\/04\/pexels-ramazphotos-32437723-scaled-e1776173342649-575x363.jpg 575w\" sizes=\"auto, (max-width: 1694px) 100vw, 1694px\" \/><\/figure>\n<\/div><\/div><\/div>\n                        <div class=\"e-sld__controllers\">\n                        <div class=\"e-sld__btn swiper-button-prev\"><\/div>\n                        <div class=\"e-sld__btn swiper-button-next\"><\/div>\n                            <div class=\"e-sld__pagination\">\n                                <div class=\"swiper-pagination\"><\/div>\n                                <div class=\"swiper-fraction\"><\/div>\n                            <\/div>\n                            <div class=\"swiper-scrollbar\"><\/div>\n                        <\/div>\n                    <\/div>\n                <\/div><\/div>\n<\/div>\n<\/div>\n<\/div>\n<\/div><\/section>\n\n<div style=\"height:100px\" aria-hidden=\"true\" class=\"wp-block-spacer\"><\/div>\n","protected":false},"excerpt":{"rendered":"<p>Los miembros de la Red de Incidencia son una pieza clave del \u00e9xito de incidencia de la Alianza, pero con tu ayuda podemos hacer a\u00fan m\u00e1s. \u00bfListo\/a para convertirte en defensor\/a de la Alianza? <\/p>\n","protected":false},"author":1,"featured_media":25994,"parent":0,"menu_order":0,"comment_status":"closed","ping_status":"closed","template":"","meta":{"_acf_changed":false,"show_custom_date":false,"custom_date":"","featured":false,"featured_image":0,"learn_more_label":"","image_alt_text":"","learn_more_type":"","show_popup":false,"learn_more_link_file":0,"event_date":false,"event_start_date":"","event_end_date":"","place_holder_image_url":"","post_reading_time":"3","notification_enabled":false,"notification_text":"","notification_logo":"","notification_expiration_time":0,"is_enable_transparent_header":false,"hide_from_list_view":false,"selected_taxonomy_terms":{"translation_priority":[66]},"selected_primary_terms":[],"learn_more_link":[],"featured_page_list":[],"notification_enabled_post_list":[],"_relevanssi_hide_post":"","_relevanssi_hide_content":"","_relevanssi_pin_for_all":"","_relevanssi_pin_keywords":"","_relevanssi_unpin_keywords":"","_relevanssi_related_keywords":"","_relevanssi_related_include_ids":"","_relevanssi_related_exclude_ids":"","_relevanssi_related_no_append":"","_relevanssi_related_not_related":"","_relevanssi_related_posts":"","_relevanssi_noindex_reason":"","inline_featured_image":false,"news_publication":"","footnotes":""},"class_list":["post-17531","page","type-page","status-publish","has-post-thumbnail","hentry"],"acf":[],"yoast_head":"<!-- This site is optimized with the Yoast SEO Premium plugin v24.7 (Yoast SEO v27.4) - https:\/\/yoast.com\/product\/yoast-seo-premium-wordpress\/ -->\n<title>\u00danete a la Red de Defensa de la Alianza - Alianza Nacional para Erradicar la Falta de Vivienda<\/title>\n<meta name=\"description\" content=\"The National Alliance to End Homelessness is a nonpartisan, nonprofit organization committed to preventing and ending homelessness in the United States.\" \/>\n<meta name=\"robots\" content=\"index, follow, max-snippet:-1, max-image-preview:large, max-video-preview:-1\" \/>\n<link rel=\"canonical\" href=\"https:\/\/endhomelessness.org\/es\/accion\/\" \/>\n<meta property=\"og:locale\" content=\"es_ES\" \/>\n<meta property=\"og:type\" content=\"article\" \/>\n<meta property=\"og:title\" content=\"\u00danete a la Red de Defensa de la Alianza\" \/>\n<meta property=\"og:description\" content=\"The National Alliance to End Homelessness is a nonpartisan, nonprofit organization committed to preventing and ending homelessness in the United States.\" \/>\n<meta property=\"og:url\" content=\"https:\/\/endhomelessness.org\/es\/accion\/\" \/>\n<meta property=\"og:site_name\" content=\"Alianza Nacional para Erradicar la Falta de Vivienda\" \/>\n<meta property=\"article:publisher\" content=\"https:\/\/www.facebook.com\/naehomelessness\/\" \/>\n<meta property=\"article:modified_time\" content=\"2026-04-14T21:16:43+00:00\" \/>\n<meta property=\"og:image\" content=\"https:\/\/endhomelessness.org\/wp-content\/uploads\/2026\/04\/breno-assis-r3WAWU5Fi5Q-unsplash-scaled.jpg\" \/>\n\t<meta property=\"og:image:width\" content=\"2560\" \/>\n\t<meta property=\"og:image:height\" content=\"1707\" \/>\n\t<meta property=\"og:image:type\" content=\"image\/jpeg\" \/>\n<meta name=\"twitter:card\" content=\"summary_large_image\" \/>\n<meta name=\"twitter:label1\" content=\"Tiempo de lectura\" \/>\n\t<meta name=\"twitter:data1\" content=\"3 minutos\" \/>\n<script type=\"application\/ld+json\" class=\"yoast-schema-graph\">{\"@context\":\"https:\\\/\\\/schema.org\",\"@graph\":[{\"@type\":\"WebPage\",\"@id\":\"https:\\\/\\\/endhomelessness.org\\\/es\\\/accion\\\/\",\"url\":\"https:\\\/\\\/endhomelessness.org\\\/es\\\/accion\\\/\",\"name\":\"\u00danete a la Red de Defensa de la Alianza - Alianza Nacional para Erradicar la Falta de Vivienda\",\"isPartOf\":{\"@id\":\"https:\\\/\\\/endhomelessness.org\\\/es\\\/#website\"},\"primaryImageOfPage\":{\"@id\":\"https:\\\/\\\/endhomelessness.org\\\/es\\\/accion\\\/#primaryimage\"},\"image\":{\"@id\":\"https:\\\/\\\/endhomelessness.org\\\/es\\\/accion\\\/#primaryimage\"},\"thumbnailUrl\":\"https:\\\/\\\/endhomelessness.org\\\/wp-content\\\/uploads\\\/2026\\\/04\\\/breno-assis-r3WAWU5Fi5Q-unsplash-scaled.jpg\",\"datePublished\":\"2024-09-02T08:45:28+00:00\",\"dateModified\":\"2026-04-14T21:16:43+00:00\",\"description\":\"The National Alliance to End Homelessness is a nonpartisan, nonprofit organization committed to preventing and ending homelessness in the United States.\",\"breadcrumb\":{\"@id\":\"https:\\\/\\\/endhomelessness.org\\\/es\\\/accion\\\/#breadcrumb\"},\"inLanguage\":\"es\",\"potentialAction\":[{\"@type\":\"ReadAction\",\"target\":[\"https:\\\/\\\/endhomelessness.org\\\/es\\\/accion\\\/\"]}]},{\"@type\":\"ImageObject\",\"inLanguage\":\"es\",\"@id\":\"https:\\\/\\\/endhomelessness.org\\\/es\\\/accion\\\/#primaryimage\",\"url\":\"https:\\\/\\\/endhomelessness.org\\\/wp-content\\\/uploads\\\/2026\\\/04\\\/breno-assis-r3WAWU5Fi5Q-unsplash-scaled.jpg\",\"contentUrl\":\"https:\\\/\\\/endhomelessness.org\\\/wp-content\\\/uploads\\\/2026\\\/04\\\/breno-assis-r3WAWU5Fi5Q-unsplash-scaled.jpg\",\"width\":2560,\"height\":1707},{\"@type\":\"BreadcrumbList\",\"@id\":\"https:\\\/\\\/endhomelessness.org\\\/es\\\/accion\\\/#breadcrumb\",\"itemListElement\":[{\"@type\":\"ListItem\",\"position\":1,\"name\":\"Inicio\",\"item\":\"https:\\\/\\\/endhomelessness.org\\\/es\\\/home-page-2-2-2\\\/\"},{\"@type\":\"ListItem\",\"position\":2,\"name\":\"\u00danete a la Red de Defensa de la Alianza\"}]},{\"@type\":\"WebSite\",\"@id\":\"https:\\\/\\\/endhomelessness.org\\\/es\\\/#website\",\"url\":\"https:\\\/\\\/endhomelessness.org\\\/es\\\/\",\"name\":\"National Alliance to End Homelessness\",\"description\":\"Organizaci\u00f3n no partidista para prevenir y erradicar la falta de vivienda en EE.UU.\",\"publisher\":{\"@id\":\"https:\\\/\\\/endhomelessness.org\\\/es\\\/#organization\"},\"potentialAction\":[{\"@type\":\"SearchAction\",\"target\":{\"@type\":\"EntryPoint\",\"urlTemplate\":\"https:\\\/\\\/endhomelessness.org\\\/es\\\/?s={search_term_string}\"},\"query-input\":{\"@type\":\"PropertyValueSpecification\",\"valueRequired\":true,\"valueName\":\"search_term_string\"}}],\"inLanguage\":\"es\"},{\"@type\":\"Organization\",\"@id\":\"https:\\\/\\\/endhomelessness.org\\\/es\\\/#organization\",\"name\":\"Alianza Nacional para Erradicar la Falta de Vivienda\",\"url\":\"https:\\\/\\\/endhomelessness.org\\\/es\\\/\",\"logo\":{\"@type\":\"ImageObject\",\"inLanguage\":\"es\",\"@id\":\"https:\\\/\\\/endhomelessness.org\\\/es\\\/#\\\/schema\\\/logo\\\/image\\\/\",\"url\":\"https:\\\/\\\/endhomelessness.org\\\/wp-content\\\/uploads\\\/2024\\\/09\\\/logo-2.webp\",\"contentUrl\":\"https:\\\/\\\/endhomelessness.org\\\/wp-content\\\/uploads\\\/2024\\\/09\\\/logo-2.webp\",\"width\":687,\"height\":361,\"caption\":\"Alianza Nacional para Erradicar la Falta de Vivienda\"},\"image\":{\"@id\":\"https:\\\/\\\/endhomelessness.org\\\/es\\\/#\\\/schema\\\/logo\\\/image\\\/\"},\"sameAs\":[\"https:\\\/\\\/www.facebook.com\\\/naehomelessness\\\/\",\"https:\\\/\\\/www.youtube.com\\\/@EndingHomelessness\",\"https:\\\/\\\/www.linkedin.com\\\/company\\\/national-alliance-to-end-homelessness\\\/\",\"https:\\\/\\\/instagram.com\\\/naeh_endhomelessness\"]}]}<\/script>\n<!-- \/ Yoast SEO Premium plugin. -->","yoast_head_json":{"title":"\u00danete a la Red de Defensa de la Alianza - Alianza Nacional para Erradicar la Falta de Vivienda","description":"The National Alliance to End Homelessness is a nonpartisan, nonprofit organization committed to preventing and ending homelessness in the United States.","robots":{"index":"index","follow":"follow","max-snippet":"max-snippet:-1","max-image-preview":"max-image-preview:large","max-video-preview":"max-video-preview:-1"},"canonical":"https:\/\/endhomelessness.org\/es\/accion\/","og_locale":"es_ES","og_type":"article","og_title":"\u00danete a la Red de Defensa de la Alianza","og_description":"The National Alliance to End Homelessness is a nonpartisan, nonprofit organization committed to preventing and ending homelessness in the United States.","og_url":"https:\/\/endhomelessness.org\/es\/accion\/","og_site_name":"Alianza Nacional para Erradicar la Falta de Vivienda","article_publisher":"https:\/\/www.facebook.com\/naehomelessness\/","article_modified_time":"2026-04-14T21:16:43+00:00","og_image":[{"width":2560,"height":1707,"url":"https:\/\/endhomelessness.org\/wp-content\/uploads\/2026\/04\/breno-assis-r3WAWU5Fi5Q-unsplash-scaled.jpg","type":"image\/jpeg"}],"twitter_card":"summary_large_image","twitter_misc":{"Tiempo de lectura":"3 minutos"},"schema":{"@context":"https:\/\/schema.org","@graph":[{"@type":"WebPage","@id":"https:\/\/endhomelessness.org\/es\/accion\/","url":"https:\/\/endhomelessness.org\/es\/accion\/","name":"\u00danete a la Red de Defensa de la Alianza - Alianza Nacional para Erradicar la Falta de Vivienda","isPartOf":{"@id":"https:\/\/endhomelessness.org\/es\/#website"},"primaryImageOfPage":{"@id":"https:\/\/endhomelessness.org\/es\/accion\/#primaryimage"},"image":{"@id":"https:\/\/endhomelessness.org\/es\/accion\/#primaryimage"},"thumbnailUrl":"https:\/\/endhomelessness.org\/wp-content\/uploads\/2026\/04\/breno-assis-r3WAWU5Fi5Q-unsplash-scaled.jpg","datePublished":"2024-09-02T08:45:28+00:00","dateModified":"2026-04-14T21:16:43+00:00","description":"The National Alliance to End Homelessness is a nonpartisan, nonprofit organization committed to preventing and ending homelessness in the United States.","breadcrumb":{"@id":"https:\/\/endhomelessness.org\/es\/accion\/#breadcrumb"},"inLanguage":"es","potentialAction":[{"@type":"ReadAction","target":["https:\/\/endhomelessness.org\/es\/accion\/"]}]},{"@type":"ImageObject","inLanguage":"es","@id":"https:\/\/endhomelessness.org\/es\/accion\/#primaryimage","url":"https:\/\/endhomelessness.org\/wp-content\/uploads\/2026\/04\/breno-assis-r3WAWU5Fi5Q-unsplash-scaled.jpg","contentUrl":"https:\/\/endhomelessness.org\/wp-content\/uploads\/2026\/04\/breno-assis-r3WAWU5Fi5Q-unsplash-scaled.jpg","width":2560,"height":1707},{"@type":"BreadcrumbList","@id":"https:\/\/endhomelessness.org\/es\/accion\/#breadcrumb","itemListElement":[{"@type":"ListItem","position":1,"name":"Inicio","item":"https:\/\/endhomelessness.org\/es\/home-page-2-2-2\/"},{"@type":"ListItem","position":2,"name":"\u00danete a la Red de Defensa de la Alianza"}]},{"@type":"WebSite","@id":"https:\/\/endhomelessness.org\/es\/#website","url":"https:\/\/endhomelessness.org\/es\/","name":"National Alliance to End Homelessness","description":"Organizaci\u00f3n no partidista para prevenir y erradicar la falta de vivienda en EE.UU.","publisher":{"@id":"https:\/\/endhomelessness.org\/es\/#organization"},"potentialAction":[{"@type":"SearchAction","target":{"@type":"EntryPoint","urlTemplate":"https:\/\/endhomelessness.org\/es\/?s={search_term_string}"},"query-input":{"@type":"PropertyValueSpecification","valueRequired":true,"valueName":"search_term_string"}}],"inLanguage":"es"},{"@type":"Organization","@id":"https:\/\/endhomelessness.org\/es\/#organization","name":"Alianza Nacional para Erradicar la Falta de Vivienda","url":"https:\/\/endhomelessness.org\/es\/","logo":{"@type":"ImageObject","inLanguage":"es","@id":"https:\/\/endhomelessness.org\/es\/#\/schema\/logo\/image\/","url":"https:\/\/endhomelessness.org\/wp-content\/uploads\/2024\/09\/logo-2.webp","contentUrl":"https:\/\/endhomelessness.org\/wp-content\/uploads\/2024\/09\/logo-2.webp","width":687,"height":361,"caption":"Alianza Nacional para Erradicar la Falta de Vivienda"},"image":{"@id":"https:\/\/endhomelessness.org\/es\/#\/schema\/logo\/image\/"},"sameAs":["https:\/\/www.facebook.com\/naehomelessness\/","https:\/\/www.youtube.com\/@EndingHomelessness","https:\/\/www.linkedin.com\/company\/national-alliance-to-end-homelessness\/","https:\/\/instagram.com\/naeh_endhomelessness"]}]}},"_links":{"self":[{"href":"https:\/\/endhomelessness.org\/es\/wp-json\/wp\/v2\/pages\/17531","targetHints":{"allow":["GET"]}}],"collection":[{"href":"https:\/\/endhomelessness.org\/es\/wp-json\/wp\/v2\/pages"}],"about":[{"href":"https:\/\/endhomelessness.org\/es\/wp-json\/wp\/v2\/types\/page"}],"author":[{"embeddable":true,"href":"https:\/\/endhomelessness.org\/es\/wp-json\/wp\/v2\/users\/1"}],"replies":[{"embeddable":true,"href":"https:\/\/endhomelessness.org\/es\/wp-json\/wp\/v2\/comments?post=17531"}],"version-history":[{"count":4,"href":"https:\/\/endhomelessness.org\/es\/wp-json\/wp\/v2\/pages\/17531\/revisions"}],"predecessor-version":[{"id":26213,"href":"https:\/\/endhomelessness.org\/es\/wp-json\/wp\/v2\/pages\/17531\/revisions\/26213"}],"wp:featuredmedia":[{"embeddable":true,"href":"https:\/\/endhomelessness.org\/es\/wp-json\/wp\/v2\/media\/25994"}],"wp:attachment":[{"href":"https:\/\/endhomelessness.org\/es\/wp-json\/wp\/v2\/media?parent=17531"}],"curies":[{"name":"wp","href":"https:\/\/api.w.org\/{rel}","templated":true}]}}