{"id":17960,"date":"2024-10-15T03:58:00","date_gmt":"2024-10-15T07:58:00","guid":{"rendered":"https:\/\/endhomelessness.org\/about-us\/fondo-de-innovacion-susan-g-baker-y-elizabeth-boyle\/"},"modified":"2025-04-04T12:42:53","modified_gmt":"2025-04-04T16:42:53","slug":"fondo-de-innovacion-susan-g-baker-y-elizabeth-boyle","status":"publish","type":"page","link":"https:\/\/endhomelessness.org\/es\/about-us\/fondo-de-innovacion-susan-g-baker-y-elizabeth-boyle\/","title":{"rendered":"Fondo de Innovaci\u00f3n Susan G. Baker y Elizabeth Boyle"},"content":{"rendered":"\n<section class=\"e-stn e-stn-642edd2d478cb6d72ad11a3f94eb096b46aa8c61 e-stn--bi-banner e-stn--blog-inner-banner e-mt-0\"><div class=\"container\">\n<div class=\"wp-block-b3rg-row e-row row\">\n<div class=\"wp-block-b3rg-column e-col e-col-4d877701e1cf96a3b559b38ed274b249fb034ab6 e-col--blog-inner-banner-content-wrpr  col-xs-12 col-sm-12 col-md-5 col-lg-9\">\n<div class=\"e-div e-div-368784d6f024bd28fc93462eb0616dec8d069665 e-div--blog-inner-post-type-tag\"><span>PAGE<\/span>\n<\/div>\n\n\n<div class=\"e-mtf e-mtf--dlt  e-mtf--post-date\">Abr 29, 2026<\/div>\n\n<h1 class=\"wp-block-post-title\">Fondo de Innovaci\u00f3n Susan G. Baker y Elizabeth Boyle<\/h1>\n\n\n<div class=\"e-div e-div-976a3f7724ffcd71e737afe4e1bbffbbf3dd036f e-div--bi-read-time\">\n<div class=\"e-div e-div-0162dd5adc5b84600d5bea230d8c418559af071d\"><div class=\"e-mtf e-mtf--dlt  e-mtf--post-reading-time\"><div class=\"post-reading-time\"><span class=\"reading-time__time\">5<\/span> <span class=\"post-reading-time__label postfix\">min<\/span><\/div><\/div><\/div>\n<\/div>\n<\/div>\n<\/div>\n<\/div><\/section>\n\n<section class=\"e-stn e-stn-ad75c7bf6c94c4c74b1ce488ab717de8fdff6ca2 e-stn--bi-content-with-media-section e-mt-0 e-pt-120  e-pt-sm-50 e-pb-60\"><div class=\"container\">\n<div class=\"wp-block-b3rg-row e-row row\">\n<div class=\"wp-block-b3rg-column e-col e-col-f1092f68b065a750a7ad99323cbd3499d1ad2b1c e-col--bi-content-with-media-section-content-wrapper e-col--blog-inner-contents  col-sm-12 col-lg-9\">\n\n\n<p><\/p>\n\n\n\n<figure class=\"wp-block-image size-large\"><img loading=\"lazy\" decoding=\"async\" width=\"1024\" height=\"385\" src=\"https:\/\/endhomelessness.org\/wp-content\/uploads\/2025\/01\/BB-Innovation-Fund-link-webbanner-01-1024x385.webp\" alt=\"\" class=\"wp-image-11215\" srcset=\"https:\/\/endhomelessness.org\/wp-content\/uploads\/2025\/01\/BB-Innovation-Fund-link-webbanner-01-1024x385.webp 1024w, https:\/\/endhomelessness.org\/wp-content\/uploads\/2025\/01\/BB-Innovation-Fund-link-webbanner-01-300x113.webp 300w, https:\/\/endhomelessness.org\/wp-content\/uploads\/2025\/01\/BB-Innovation-Fund-link-webbanner-01-768x289.webp 768w, https:\/\/endhomelessness.org\/wp-content\/uploads\/2025\/01\/BB-Innovation-Fund-link-webbanner-01-575x216.webp 575w, https:\/\/endhomelessness.org\/wp-content\/uploads\/2025\/01\/BB-Innovation-Fund-link-webbanner-01.webp 1200w\" sizes=\"auto, (max-width: 1024px) 100vw, 1024px\" \/><\/figure>\n\n\n<div class=\"e-btn e-btn--yellow\"><a class=\"e-btn__link\"href=\"https:\/\/us02web.zoom.us\/meeting\/register\/tZAkd-2przkvGt1PUS1ZTzYPMQxvx_ZtpNmo#\/registration\" target=\"_blank\">\n<p class=\"has-text-align-center title\">Horario de oficina del Fondo de Innovaci\u00f3n #2: 18 de diciembre a las 3 PM ET<\/p>\n<\/a><\/div>\n\n\n<p><\/p>\n\n\n\n<p>La <strong>Alianza Nacional para Erradicar la Falta de Vivienda (Alianza)<\/strong> se complace en anunciar el establecimiento del <strong>Fondo de Innovaci\u00f3n Susan G. Baker y Elizabeth Boyle<\/strong> en honor a dos de sus cofundadoras y miembros de la junta directiva con m\u00e1s antig\u00fcedad. En consonancia con su profundo compromiso de erradicar la falta de vivienda y su firme convicci\u00f3n de que la inversi\u00f3n en las aspiraciones de las personas que han experimentado la falta de vivienda es fundamental para la misi\u00f3n de la organizaci\u00f3n, este fondo apoyar\u00e1 a personas con experiencia vivida de falta de vivienda en su b\u00fasqueda de iniciativas profesionales y creativas innovadoras. El fondo proporcionar\u00e1 asistencia financiera a individuos que cumplan con los criterios de elegibilidad en \u00e1reas que incluyen, pero no se limitan a, las siguientes:  <\/p>\n\n\n\n<div class=\"e-div e-div-488ca5d2d8d88cbdf50f0d104e2ab2560d3630ec e-div--blog-inner-text-cta\">\n<p class=\"has-text-align-center\"><strong>Iniciativas profesionales:<\/strong><\/p>\n\n\n<div class=\"e-btn e-btn--yellow\"><a class=\"e-btn__link\"href=\"https:\/\/endhomelessness.org\/wp-content\/uploads\/2025\/01\/BB-Innovation-Fund-Sample-Application-Professional.pdf\" target=\"_blank\">\n<p class=\"has-text-align-center title\">Solicitud de muestra para iniciativas profesionales<\/p>\n<\/a><\/div>\n\n\n<p><\/p>\n\n\n\n<ul class=\"wp-block-list\">\n<li>Apoyo para formaci\u00f3n especializada en la b\u00fasqueda de una iniciativa profesional.<\/li>\n\n\n\n<li>Financiaci\u00f3n inicial para ayudar a iniciar un peque\u00f1o negocio o un proyecto innovador. Los elementos posibles incluyen: desarrollo de un sitio web, creaci\u00f3n de materiales de marketing, costos de licencias o certificaciones, gastos operativos. <\/li>\n\n\n\n<li>Financiaci\u00f3n para aumentar la capacidad de un proyecto profesional establecido. Los elementos posibles incluyen: contrataci\u00f3n de personal, inversi\u00f3n en tecnolog\u00eda o herramientas, inversi\u00f3n en marketing, asistencia a conferencias para oportunidades de networking. <\/li>\n\n\n\n<li>Financiaci\u00f3n para materiales de investigaci\u00f3n, software, recopilaci\u00f3n de datos, gastos de viaje para trabajo de campo y costos de publicaci\u00f3n para investigaci\u00f3n\/estudio y la publicaci\u00f3n de hallazgos.<\/li>\n<\/ul>\n<\/div>\n\n\n\n<div style=\"height:20px\" aria-hidden=\"true\" class=\"wp-block-spacer\"><\/div>\n\n\n\n<div class=\"e-div e-div-488ca5d2d8d88cbdf50f0d104e2ab2560d3630ec e-div--blog-inner-text-cta\">\n<p class=\"has-text-align-center\"><strong>Iniciativas creativas:<\/strong><\/p>\n\n\n<div class=\"e-btn e-btn--yellow\"><a class=\"e-btn__link\"href=\"https:\/\/endhomelessness.org\/wp-content\/uploads\/2025\/01\/BB-Innovation-Fund-Sample-Application-Creative.pdf\" target=\"_blank\">\n<p class=\"has-text-align-center title\">Solicitud de muestra para iniciativas creativas<\/p>\n<\/a><\/div>\n\n\n<p><\/p>\n\n\n\n<ul class=\"wp-block-list\">\n<li>Apoyo para formaci\u00f3n especializada en la b\u00fasqueda de una iniciativa creativa.<\/li>\n\n\n\n<li>Financiaci\u00f3n para apoyar a creadores en la producci\u00f3n de obras de arte, incluyendo artes visuales, literatura, cine o m\u00fasica, permitiendo al creador dar vida a su visi\u00f3n.<\/li>\n\n\n\n<li>Apoyo para la escritura, edici\u00f3n y publicaci\u00f3n de libros, incluyendo costos de autopublicaci\u00f3n.<\/li>\n\n\n\n<li>Financiaci\u00f3n para ayudar a montar actuaciones, conciertos, exposiciones de arte, permitiendo a los creativos mostrar sus obras.<\/li>\n<\/ul>\n<\/div>\n\n\n\n<div style=\"height:20px\" aria-hidden=\"true\" class=\"wp-block-spacer\"><\/div>\n\n\n\n<div class=\"e-div e-div-488ca5d2d8d88cbdf50f0d104e2ab2560d3630ec e-div--blog-inner-text-cta\">\n<p class=\"has-text-align-center\"><strong>Materiales de solicitud:<\/strong><\/p>\n\n\n<div class=\"e-btn e-btn--yellow\"><a class=\"e-btn__link\"href=\"https:\/\/endhomelessness.org\/wp-content\/uploads\/2025\/01\/BB-Innovation-Fund-Application.pdf\" target=\"_blank\">\n<p class=\"has-text-align-center title\">Solicitud del Fondo de Innovaci\u00f3n Susan G. Baker y Elizabeth Boyle (Descarga en PDF)<\/p>\n<\/a><\/div>\n\n<div class=\"e-btn e-btn--yellow\"><a class=\"e-btn__link\"href=\"https:\/\/endhomelessness.org\/wp-content\/uploads\/2025\/01\/BB-Innovation-Fund-Sample-Recommendation-Outline.pdf\" target=\"_blank\">\n<p class=\"has-text-align-center title\">Esquema de muestra para cartas de recomendaci\u00f3n<\/p>\n<\/a><\/div>\n\n\n<p><\/p>\n\n\n\n<p><strong>NOTA:<\/strong> Los miembros actuales del Equipo Estrat\u00e9gico Comunitario de la Alianza no son elegibles para solicitar el Fondo de Innovaci\u00f3n Susan G. Baker y Elizabeth Boyle.<\/p>\n<\/div>\n\n\n\n<p><\/p>\n\n\n\n<p class=\"has-text-align-center has-medium-font-size\"><strong>Seminario web informativo \u2013 24 de octubre a las 3:00 P.M. ET: <br\/><\/strong><\/p>\n\n\n\n<figure class=\"wp-block-embed is-type-video is-provider-youtube wp-block-embed-youtube wp-embed-aspect-16-9 wp-has-aspect-ratio\"><div class=\"wp-block-embed__wrapper\">\n<iframe loading=\"lazy\" title=\"A Guide to the Susan G. Baker and Elizabeth Boyle Innovation Fund Application\" width=\"500\" height=\"281\" src=\"https:\/\/www.youtube.com\/embed\/_oHxTFT7Rlo?feature=oembed\" frameborder=\"0\" allow=\"accelerometer; autoplay; clipboard-write; encrypted-media; gyroscope; picture-in-picture; web-share\" referrerpolicy=\"strict-origin-when-cross-origin\" allowfullscreen><\/iframe>\n<\/div><\/figure>\n<\/div>\n\n\n\n<div class=\"wp-block-b3rg-column e-col e-col-07ab2b4105c7c9441fb36c05bc0c1bc8023c6e2c e-col--bi-right-side e-col--blog-inner-related-posts  col-sm-12 col-lg-3\">\n<div class=\"e-div e-div-59078f910ce4d15d28fcab7c9003952a96233d13 e-div--js-bi-sticky-left\">\n<div class=\"e-div e-div-6ff6ea2961c0f998010e1194547bb1cb17285b20 e-div--bi-social-icons\">\n<div class=\"e-div e-div-8fd4c05a3f9dd204e3dd79e614332da9f57f6b56 e-div--social-share-tooltip\"><div class=\"heateor_sss_sharing_container heateor_sss_horizontal_sharing\" data-heateor-ss-offset=\"0\" data-heateor-sss-href='https:\/\/endhomelessness.org\/es\/about-us\/fondo-de-innovacion-susan-g-baker-y-elizabeth-boyle\/'><div class=\"heateor_sss_sharing_ul\"><a aria-label=\"Copy Link\" class=\"heateor_sss_button_copy_link\" title=\"Copy Link\" rel=\"noopener\" href=\"https:\/\/endhomelessness.org\/es\/about-us\/fondo-de-innovacion-susan-g-baker-y-elizabeth-boyle\/\" onclick=\"event.preventDefault()\" style=\"font-size:32px!important;box-shadow:none;display:inline-block;vertical-align:middle\"><span class=\"heateor_sss_svg heateor_sss_s__default heateor_sss_s_copy_link\" style=\"background-color:#ffc112;width:35px;height:35px;border-radius:999px;display:inline-block;opacity:1;float:left;font-size:32px;box-shadow:none;display:inline-block;font-size:16px;padding:0 4px;vertical-align:middle;background-repeat:repeat;overflow:hidden;padding:0;cursor:pointer;box-sizing:content-box\"><svg style=\"display:block;border-radius:999px;\" focusable=\"false\" aria-hidden=\"true\" xmlns=\"http:\/\/www.w3.org\/2000\/svg\" width=\"100%\" height=\"100%\" viewBox=\"-4 -4 40 40\"><path fill=\"#fff\" d=\"M24.412 21.177c0-.36-.126-.665-.377-.917l-2.804-2.804a1.235 1.235 0 0 0-.913-.378c-.377 0-.7.144-.97.43.026.028.11.11.255.25.144.14.24.236.29.29s.117.14.2.256c.087.117.146.232.177.344.03.112.046.236.046.37 0 .36-.126.666-.377.918a1.25 1.25 0 0 1-.918.377 1.4 1.4 0 0 1-.373-.047 1.062 1.062 0 0 1-.345-.175 2.268 2.268 0 0 1-.256-.2 6.815 6.815 0 0 1-.29-.29c-.14-.142-.223-.23-.25-.254-.297.28-.445.607-.445.984 0 .36.126.664.377.916l2.778 2.79c.243.243.548.364.917.364.36 0 .665-.118.917-.35l1.982-1.97c.252-.25.378-.55.378-.9zm-9.477-9.504c0-.36-.126-.665-.377-.917l-2.777-2.79a1.235 1.235 0 0 0-.913-.378c-.35 0-.656.12-.917.364L7.967 9.92c-.254.252-.38.553-.38.903 0 .36.126.665.38.917l2.802 2.804c.242.243.547.364.916.364.377 0 .7-.14.97-.418-.026-.027-.11-.11-.255-.25s-.24-.235-.29-.29a2.675 2.675 0 0 1-.2-.255 1.052 1.052 0 0 1-.176-.344 1.396 1.396 0 0 1-.047-.37c0-.36.126-.662.377-.914.252-.252.557-.377.917-.377.136 0 .26.015.37.046.114.03.23.09.346.175.117.085.202.153.256.2.054.05.15.148.29.29.14.146.222.23.25.258.294-.278.442-.606.442-.983zM27 21.177c0 1.078-.382 1.99-1.146 2.736l-1.982 1.968c-.745.75-1.658 1.12-2.736 1.12-1.087 0-2.004-.38-2.75-1.143l-2.777-2.79c-.75-.747-1.12-1.66-1.12-2.737 0-1.106.392-2.046 1.183-2.818l-1.186-1.185c-.774.79-1.708 1.186-2.805 1.186-1.078 0-1.995-.376-2.75-1.13l-2.803-2.81C5.377 12.82 5 11.903 5 10.826c0-1.08.382-1.993 1.146-2.738L8.128 6.12C8.873 5.372 9.785 5 10.864 5c1.087 0 2.004.382 2.75 1.146l2.777 2.79c.75.747 1.12 1.66 1.12 2.737 0 1.105-.392 2.045-1.183 2.817l1.186 1.186c.774-.79 1.708-1.186 2.805-1.186 1.078 0 1.995.377 2.75 1.132l2.804 2.804c.754.755 1.13 1.672 1.13 2.75z\"\/><\/svg><\/span><\/a><a aria-label=\"Facebook\" class=\"heateor_sss_facebook\" href=\"https:\/\/www.facebook.com\/sharer\/sharer.php?u=https%3A%2F%2Fendhomelessness.org%2Fes%2Fabout-us%2Ffondo-de-innovacion-susan-g-baker-y-elizabeth-boyle%2F\" title=\"Facebook\" rel=\"nofollow noopener\" target=\"_blank\" style=\"font-size:32px!important;box-shadow:none;display:inline-block;vertical-align:middle\"><span class=\"heateor_sss_svg\" style=\"background-color:#0765FE;width:35px;height:35px;border-radius:999px;display:inline-block;opacity:1;float:left;font-size:32px;box-shadow:none;display:inline-block;font-size:16px;padding:0 4px;vertical-align:middle;background-repeat:repeat;overflow:hidden;padding:0;cursor:pointer;box-sizing:content-box\"><svg style=\"display:block;border-radius:999px;\" focusable=\"false\" aria-hidden=\"true\" xmlns=\"http:\/\/www.w3.org\/2000\/svg\" width=\"100%\" height=\"100%\" viewBox=\"0 0 32 32\"><path fill=\"#fff\" d=\"M28 16c0-6.627-5.373-12-12-12S4 9.373 4 16c0 5.628 3.875 10.35 9.101 11.647v-7.98h-2.474V16H13.1v-1.58c0-4.085 1.849-5.978 5.859-5.978.76 0 2.072.15 2.608.298v3.325c-.283-.03-.775-.045-1.386-.045-1.967 0-2.728.745-2.728 2.683V16h3.92l-.673 3.667h-3.247v8.245C23.395 27.195 28 22.135 28 16Z\"><\/path><\/svg><\/span><\/a><a aria-label=\"Linkedin\" class=\"heateor_sss_button_linkedin\" href=\"https:\/\/www.linkedin.com\/sharing\/share-offsite\/?url=https%3A%2F%2Fendhomelessness.org%2Fes%2Fabout-us%2Ffondo-de-innovacion-susan-g-baker-y-elizabeth-boyle%2F\" title=\"Linkedin\" rel=\"nofollow noopener\" target=\"_blank\" style=\"font-size:32px!important;box-shadow:none;display:inline-block;vertical-align:middle\"><span class=\"heateor_sss_svg heateor_sss_s__default heateor_sss_s_linkedin\" style=\"background-color:#0077b5;width:35px;height:35px;border-radius:999px;display:inline-block;opacity:1;float:left;font-size:32px;box-shadow:none;display:inline-block;font-size:16px;padding:0 4px;vertical-align:middle;background-repeat:repeat;overflow:hidden;padding:0;cursor:pointer;box-sizing:content-box\"><svg style=\"display:block;border-radius:999px;\" focusable=\"false\" aria-hidden=\"true\" xmlns=\"http:\/\/www.w3.org\/2000\/svg\" width=\"100%\" height=\"100%\" viewBox=\"0 0 32 32\"><path d=\"M6.227 12.61h4.19v13.48h-4.19V12.61zm2.095-6.7a2.43 2.43 0 0 1 0 4.86c-1.344 0-2.428-1.09-2.428-2.43s1.084-2.43 2.428-2.43m4.72 6.7h4.02v1.84h.058c.56-1.058 1.927-2.176 3.965-2.176 4.238 0 5.02 2.792 5.02 6.42v7.395h-4.183v-6.56c0-1.564-.03-3.574-2.178-3.574-2.18 0-2.514 1.7-2.514 3.46v6.668h-4.187V12.61z\" fill=\"#fff\"><\/path><\/svg><\/span><\/a><a aria-label=\"X\" class=\"heateor_sss_button_x\" href=\"https:\/\/twitter.com\/intent\/tweet?text=Fondo%20de%20Innovaci%C3%B3n%20Susan%20G.%20Baker%20y%20Elizabeth%20Boyle&url=https%3A%2F%2Fendhomelessness.org%2Fes%2Fabout-us%2Ffondo-de-innovacion-susan-g-baker-y-elizabeth-boyle%2F\" title=\"X\" rel=\"nofollow noopener\" target=\"_blank\" style=\"font-size:32px!important;box-shadow:none;display:inline-block;vertical-align:middle\"><span class=\"heateor_sss_svg heateor_sss_s__default heateor_sss_s_x\" style=\"background-color:#2a2a2a;width:35px;height:35px;border-radius:999px;display:inline-block;opacity:1;float:left;font-size:32px;box-shadow:none;display:inline-block;font-size:16px;padding:0 4px;vertical-align:middle;background-repeat:repeat;overflow:hidden;padding:0;cursor:pointer;box-sizing:content-box\"><svg width=\"100%\" height=\"100%\" style=\"display:block;border-radius:999px;\" focusable=\"false\" aria-hidden=\"true\" xmlns=\"http:\/\/www.w3.org\/2000\/svg\" viewBox=\"0 0 32 32\"><path fill=\"#fff\" d=\"M21.751 7h3.067l-6.7 7.658L26 25.078h-6.172l-4.833-6.32-5.531 6.32h-3.07l7.167-8.19L6 7h6.328l4.37 5.777L21.75 7Zm-1.076 16.242h1.7L11.404 8.74H9.58l11.094 14.503Z\"><\/path><\/svg><\/span><\/a><\/div><div class=\"heateorSssClear\"><\/div><\/div>\n<\/div>\n<\/div>\n\n\n\n<div class=\"e-div e-div-1a5a32aa7dcbe57c6b9a8a8c9a37785edf82434d e-div--bi-topics\">\n<h2 class=\"wp-block-heading has-rich-black-color has-text-color has-link-color wp-elements-be6bdbd00a494032c0ae3c9d7a69a331\">Etiquetas<\/h2>\n\n\n<div class=\"e-mtf e-mtf--dlt e-mtf--taxonomy e-mtf--taxonomy-blog-tags\"><\/div><\/div>\n\n\n\n<div class=\"e-div e-div-275b8ff6f2bffd3e4cc054055156f9110887442d e-div--bi-related-post\"><style><\/style>\n<h2 class=\"wp-block-heading has-rich-black-color has-text-color has-link-color wp-elements-e435b81f6878ebba01997b7c42400d88\">Publicaciones relacionadas<\/h2>\n\n\n\n<div class=\"e-div e-div-0162dd5adc5b84600d5bea230d8c418559af071d\">\n<\/div>\n<\/div>\n<\/div>\n<\/div>\n<\/div>\n<\/div><\/section>\n\n<section class=\"e-stn e-stn-abe734cfc20085c9d741ea94eeaac590d53d8933 e-stn--press-kit-accordion e-pt-0\"><div class=\"container\">\n<div class=\"wp-block-b3rg-row e-row row e-row--title-with-description\"><\/div>\n\n\n\n<div class=\"wp-block-b3rg-row e-row row\">\n<div class=\"wp-block-b3rg-column e-col e-col-3fd29a26ff70780ecd7ff03db8f4638045c8c9d8  col-sm-12\"><div class=\"e-acc e-acc--dlt\" data-settings='{\"forceExpand\":false,\"toggleMode\":true,\"colBreakPoint\":576,\"floatPanel\":false,\"autoSlide\":false,\"autoPlayInterval\":3000,\"pauseOnFocus\":true}' data-accordion='e-acc_69f2309fd3a50'><div class=\"e-acc__itms-wrpr\"><div class=\"e-acc__itm-wrpr  active\" data-item-id='e-acc-itm-id-0'><div class=\"e-acc__itm\"><div class=\"e-acc__itm-hdr-wrpr\" data-toggle='collapse' data-target='e-acc-itm-id-0'><div class=\"e-acc__itm-hdr\">\n<h2 class=\"wp-block-heading\">Elegibilidad<\/h2>\n<\/div><\/div><div class=\"e-acc__itm-bdy-wrpr\" id='e-acc-itm-id-0' style='display:block'><div class=\"e-acc__itm-bdy\">\n<ul class=\"wp-block-list\">\n<li>Los individuos que han experimentado la falta de vivienda en el pasado son elegibles para aplicar.\n<ul class=\"wp-block-list\">\n<li>No <strong>deben<\/strong> ser miembros actuales del Equipo Estrat\u00e9gico Comunitario de la Alianza.<\/li>\n<\/ul>\n<\/li>\n\n\n\n<li>Los solicitantes deben estar persiguiendo una iniciativa profesional o creativa.<\/li>\n<\/ul>\n<\/div><\/div><\/div><\/div><div class=\"e-acc__itm-wrpr\" data-item-id='e-acc-itm-id-1'><div class=\"e-acc__itm\"><div class=\"e-acc__itm-hdr-wrpr\" data-toggle='collapse' data-target='e-acc-itm-id-1'><div class=\"e-acc__itm-hdr\">\n<h2 class=\"wp-block-heading\">Monto de la subvenci\u00f3n<\/h2>\n<\/div><\/div><div class=\"e-acc__itm-bdy-wrpr\" id='e-acc-itm-id-1' style='display: none'><div class=\"e-acc__itm-bdy\">\n<p>Los individuos pueden solicitar financiaci\u00f3n de hasta $25,000, que debe ser gastada dentro de los dos a\u00f1os posteriores a la recepci\u00f3n de la subvenci\u00f3n. Por favor, tenga en cuenta que la financiaci\u00f3n puede ser considerada como ingreso tributable dependiendo de las circunstancias del beneficiario. <\/p>\n<\/div><\/div><\/div><\/div><div class=\"e-acc__itm-wrpr\" data-item-id='e-acc-itm-id-2'><div class=\"e-acc__itm\"><div class=\"e-acc__itm-hdr-wrpr\" data-toggle='collapse' data-target='e-acc-itm-id-2'><div class=\"e-acc__itm-hdr\">\n<h2 class=\"wp-block-heading\">Proceso de solicitud<\/h2>\n<\/div><\/div><div class=\"e-acc__itm-bdy-wrpr\" id='e-acc-itm-id-2' style='display: none'><div class=\"e-acc__itm-bdy\">\n<ul class=\"wp-block-list\">\n<li>Complete el formulario de solicitud de subvenci\u00f3n en su totalidad.<\/li>\n\n\n\n<li>Env\u00ede la solicitud junto con cualquier material de apoyo por correo electr\u00f3nico a la direcci\u00f3n proporcionada.\n<ul class=\"wp-block-list\">\n<li><strong>NOTA:<\/strong> Solo se considerar\u00e1n las solicitudes completamente cumplimentadas. Las solicitudes incompletas ser\u00e1n autom\u00e1ticamente descalificadas. <\/li>\n<\/ul>\n<\/li>\n\n\n\n<li>Si es seleccionado como candidato final, complete una presentaci\u00f3n virtual y una entrevista con el comit\u00e9 de selecci\u00f3n.<\/li>\n<\/ul>\n<\/div><\/div><\/div><\/div><div class=\"e-acc__itm-wrpr\" data-item-id='e-acc-itm-id-3'><div class=\"e-acc__itm\"><div class=\"e-acc__itm-hdr-wrpr\" data-toggle='collapse' data-target='e-acc-itm-id-3'><div class=\"e-acc__itm-hdr\">\n<h2 class=\"wp-block-heading\">Proceso y criterios de selecci\u00f3n<\/h2>\n<\/div><\/div><div class=\"e-acc__itm-bdy-wrpr\" id='e-acc-itm-id-3' style='display: none'><div class=\"e-acc__itm-bdy\">\n<p>La Alianza llevar\u00e1 a cabo una revisi\u00f3n formal utilizando un equipo multifuncional de personal, miembros del Equipo Estrat\u00e9gico Comunitario y miembros de la Junta Directiva. Adem\u00e1s de asegurar que la solicitud est\u00e9 completa e incluya todos los anexos requeridos, el equipo asignar\u00e1 puntuaciones num\u00e9ricas a cada pregunta narrativa del proyecto para guiar la selecci\u00f3n de los candidatos finales. No se considerar\u00e1n solicitudes incompletas. Los criterios puntuados incluyen:   <\/p>\n\n<ul class=\"wp-block-list\">\n<li>Claridad y viabilidad de la propuesta del proyecto.<\/li>\n\n\n\n<li>Impacto del proyecto en los objetivos profesionales o creativos del solicitante.<\/li>\n\n\n\n<li>Justificaci\u00f3n del presupuesto y alineaci\u00f3n con los objetivos del proyecto.<\/li>\n\n\n\n<li>Demostraci\u00f3n de compromiso con la realizaci\u00f3n del proyecto.<\/li>\n\n\n\n<li>Plan demostrado para la sostenibilidad del trabajo m\u00e1s all\u00e1 de esta financiaci\u00f3n.<\/li>\n<\/ul>\n<\/div><\/div><\/div><\/div><div class=\"e-acc__itm-wrpr\" data-item-id='e-acc-itm-id-4'><div class=\"e-acc__itm\"><div class=\"e-acc__itm-hdr-wrpr\" data-toggle='collapse' data-target='e-acc-itm-id-4'><div class=\"e-acc__itm-hdr\">\n<h2 class=\"wp-block-heading\">Compromisos del beneficiario<\/h2>\n<\/div><\/div><div class=\"e-acc__itm-bdy-wrpr\" id='e-acc-itm-id-4' style='display: none'><div class=\"e-acc__itm-bdy\">\n<ul class=\"wp-block-list\">\n<li>Asistir a una conferencia de la Alianza durante el per\u00edodo de dos a\u00f1os de la subvenci\u00f3n, a expensas de la Alianza.<\/li>\n\n\n\n<li>Interactuar con el personal de la Alianza para proporcionar actualizaciones provisionales del proyecto seg\u00fan lo programado.<\/li>\n\n\n\n<li>Presentar el informe solicitado electr\u00f3nicamente a trav\u00e9s de <a href=\"mailto:bbfund@naeh.org\">bbfund@naeh.org<\/a> seg\u00fan lo programado.<\/li>\n\n\n\n<li>Consentir que la Alianza publicite la subvenci\u00f3n o el premio.<\/li>\n<\/ul>\n<\/div><\/div><\/div><\/div><div class=\"e-acc__itm-wrpr\" data-item-id='e-acc-itm-id-5'><div class=\"e-acc__itm\"><div class=\"e-acc__itm-hdr-wrpr\" data-toggle='collapse' data-target='e-acc-itm-id-5'><div class=\"e-acc__itm-hdr\">\n<h2 class=\"wp-block-heading\">Compromisos de la Alianza<\/h2>\n<\/div><\/div><div class=\"e-acc__itm-bdy-wrpr\" id='e-acc-itm-id-5' style='display: none'><div class=\"e-acc__itm-bdy\">\n<ul class=\"wp-block-list\">\n<li>Proporcionar inscripci\u00f3n gratuita a una conferencia de la Alianza, transporte (hasta $750) y tres noches de hotel. Esta beca es adicional a la subvenci\u00f3n otorgada. <\/li>\n\n\n\n<li>Proporcionar un cronograma claro y plantillas para los plazos de presentaci\u00f3n de informes.<\/li>\n\n\n\n<li>Promover el trabajo del beneficiario cuando sea pertinente a trav\u00e9s de canales apropiados (por ejemplo, redes sociales, boletines, eventos) para aumentar la concienciaci\u00f3n y apoyar la visibilidad del proyecto.<\/li>\n<\/ul>\n<\/div><\/div><\/div><\/div><div class=\"e-acc__itm-wrpr\" data-item-id='e-acc-itm-id-6'><div class=\"e-acc__itm\"><div class=\"e-acc__itm-hdr-wrpr\" data-toggle='collapse' data-target='e-acc-itm-id-6'><div class=\"e-acc__itm-hdr\">\n<h2 class=\"wp-block-heading\">Fechas importantes<\/h2>\n<\/div><\/div><div class=\"e-acc__itm-bdy-wrpr\" id='e-acc-itm-id-6' style='display: none'><div class=\"e-acc__itm-bdy\">\n<figure class=\"wp-block-table\"><table class=\"has-fixed-layout\"><tbody><tr><td><strong>24 de octubre de 2024<\/strong>, 3\u20134 p.m. ET <\/td><td>Seminario web informativo (<a href=\"https:\/\/endhomelessness.org\/webinars\/unlocking-opportunities-a-guide-to-the-susan-g-baker-and-elizabeth-boyle-innovation-fund-application\/\">Registrarse aqu\u00ed<\/a>)<\/td><\/tr><tr><td><strong>7 de noviembre de 2024<\/strong>, 3\u20134 p.m. ET <\/td><td>Hora de oficina<\/td><\/tr><tr><td><strong>18 de diciembre de 2024<\/strong>, 3\u20134 p.m. ET <\/td><td>Hora de oficina<\/td><\/tr><tr><td><strong>30 de diciembre de 2024<\/strong><\/td><td>Plazo de presentaci\u00f3n de solicitudes a la Alianza por correo electr\u00f3nico (<a href=\"mailto:bbfund@naeh.org\">bbfund@naeh.org<\/a>) antes de las 11:59 p.m. ET <\/td><\/tr><tr><td><strong>21\u201329 de enero de 2025<\/strong><\/td><td>Presentaciones virtuales y entrevistas con los candidatos finalistas<\/td><\/tr><tr><td><strong>31 de enero de 2025<\/strong><\/td><td>Notificaci\u00f3n a los solicitantes sobre el estado de concesi\u00f3n\/rechazo<\/td><\/tr><tr><td><strong>15 de febrero de 2025<\/strong><\/td><td>Inicio de la implementaci\u00f3n del proyecto<\/td><\/tr><tr><td><strong>26\u201328 de febrero de 2025<\/strong><\/td><td>Conferencia de la Alianza sobre Innovaci\u00f3n y Soluciones para Erradicar la Falta de Vivienda No Protegida: Llevando a las Personas a Casa<\/td><\/tr><tr><td><strong>30 de agosto de 2025<\/strong><\/td><td>Actualizaci\u00f3n intermedia del proyecto 1 (reuni\u00f3n\/llamada virtual)<\/td><\/tr><tr><td><strong>30 de abril de 2026<\/strong><\/td><td>Actualizaci\u00f3n intermedia del proyecto 2<\/td><\/tr><tr><td><strong>31 de enero de 2027<\/strong><\/td><td>Finalizaci\u00f3n de la implementaci\u00f3n del proyecto<\/td><\/tr><tr><td><strong>28 de febrero de 2027<\/strong><\/td><td>Plazo de entrega del informe final a la Alianza<\/td><\/tr><\/tbody><\/table><\/figure>\n<\/div><\/div><\/div><\/div><div class=\"e-acc__itm-wrpr\" data-item-id='e-acc-itm-id-7'><div class=\"e-acc__itm\"><div class=\"e-acc__itm-hdr-wrpr\" data-toggle='collapse' data-target='e-acc-itm-id-7'><div class=\"e-acc__itm-hdr\">\n<h2 class=\"wp-block-heading\">Desembolso de fondos<\/h2>\n<\/div><\/div><div class=\"e-acc__itm-bdy-wrpr\" id='e-acc-itm-id-7' style='display: none'><div class=\"e-acc__itm-bdy\">\n<p>Los fondos se desembolsar\u00e1n en dos plazos. El primer 75 por ciento se desembolsar\u00e1 2\u20134 semanas despu\u00e9s de que la Alianza reciba el acuerdo de subvenci\u00f3n firmado. El 25 por ciento restante se desembolsar\u00e1 despu\u00e9s de completar la primera actualizaci\u00f3n intermedia del proyecto.  <\/p>\n<\/div><\/div><\/div><\/div><div class=\"e-acc__itm-wrpr\" data-item-id='e-acc-itm-id-8'><div class=\"e-acc__itm\"><div class=\"e-acc__itm-hdr-wrpr\" data-toggle='collapse' data-target='e-acc-itm-id-8'><div class=\"e-acc__itm-hdr\">\n<h2 class=\"wp-block-heading\">Presentaci\u00f3n de informes<\/h2>\n<\/div><\/div><div class=\"e-acc__itm-bdy-wrpr\" id='e-acc-itm-id-8' style='display: none'><div class=\"e-acc__itm-bdy\">\n<ul class=\"wp-block-list\">\n<li>Los beneficiarios de la subvenci\u00f3n deber\u00e1n participar en dos breves llamadas de actualizaci\u00f3n intermedia del proyecto durante el per\u00edodo de subvenci\u00f3n de dos a\u00f1os. El prop\u00f3sito de estas llamadas es identificar obst\u00e1culos y ajustes que puedan ser necesarios para el proyecto y presupuesto originalmente propuestos. <\/li>\n\n\n\n<li>Los beneficiarios de la subvenci\u00f3n deber\u00e1n presentar un breve informe al finalizar el proyecto, detallando c\u00f3mo se utilizaron los fondos y los resultados alcanzados.<\/li>\n<\/ul>\n<\/div><\/div><\/div><\/div><div class=\"e-acc__itm-wrpr\" data-item-id='e-acc-itm-id-9'><div class=\"e-acc__itm\"><div class=\"e-acc__itm-hdr-wrpr\" data-toggle='collapse' data-target='e-acc-itm-id-9'><div class=\"e-acc__itm-hdr\">\n<h2 class=\"wp-block-heading\">Informaci\u00f3n de contacto<\/h2>\n<\/div><\/div><div class=\"e-acc__itm-bdy-wrpr\" id='e-acc-itm-id-9' style='display: none'><div class=\"e-acc__itm-bdy\">\n<p>Para cualquier consulta o asistencia relacionada con el proceso de solicitud, por favor contacte a <a href=\"mailto:bbfund@naeh.org\">bbfund@naeh.org<\/a>.<\/p>\n<\/div><\/div><\/div><\/div><\/div> <\/div><\/div>\n<\/div>\n<\/div><\/section>\n\n<section class=\"e-stn e-stn-af33064b18769c0dcbd144d5242c41c8ff25e8a2 e-stn--related-post e-mt-60  e-mt-sm-0\"><style>@media only screen and (max-width: 9999px) {\n\t\t\t\t\t\t\t\t\t.e-stn.e-stn-af33064b18769c0dcbd144d5242c41c8ff25e8a2 { \n\t\t\t\t\t\t\t\t\t\tbackground-color: #F3F8FC; \n\t\t\t\t\t\t\t\t\t}\n\t\t\t\t\t\t\t\t}<\/style><div class=\"container\">\n<div class=\"wp-block-b3rg-row e-row row e-row--title-with-description\">\n<div class=\"wp-block-b3rg-column e-col e-col-3fd29a26ff70780ecd7ff03db8f4638045c8c9d8  col-sm-12\">\n<h2 class=\"wp-block-heading has-text-align-center\">Tambi\u00e9n le podr\u00eda interesar<\/h2>\n<\/div>\n<\/div>\n\n\n\n<div class=\"wp-block-b3rg-row e-row row\">\n<div class=\"wp-block-b3rg-column e-col e-col-3fd29a26ff70780ecd7ff03db8f4638045c8c9d8  col-sm-12\"><div class=\"e-rlp e-rlp--dlt\" > <div class=\"e-sgp taxonomy-opcional e-sgp--dlt  wrapper-link\" > <a class=\"b3rg-post__trigger\" href='https:\/\/endhomelessness.org\/es\/estado-de-la-falta-de-vivienda-edicion-2024\/' target='_self'><div class=\"e-sgp__inner\">\n<div class=\"e-div e-div-39c9483d5c365ef0cd3af0137228c52c9e3c2277 e-sgp__media\"><figure class=\"wp-block-post-featured-image\"><img loading=\"lazy\" decoding=\"async\" width=\"1068\" height=\"684\" src=\"https:\/\/endhomelessness.org\/wp-content\/uploads\/2014\/01\/Frame-222.png\" class=\"attachment-post-thumbnail size-post-thumbnail wp-post-image default-featured-img\" alt=\"National Alliance to End Homelessness logo\" style=\"object-fit:cover;\" srcset=\"https:\/\/endhomelessness.org\/wp-content\/uploads\/2014\/01\/Frame-222.png 1068w, https:\/\/endhomelessness.org\/wp-content\/uploads\/2014\/01\/Frame-222-300x192.png 300w, https:\/\/endhomelessness.org\/wp-content\/uploads\/2014\/01\/Frame-222-1024x656.png 1024w, https:\/\/endhomelessness.org\/wp-content\/uploads\/2014\/01\/Frame-222-768x492.png 768w, https:\/\/endhomelessness.org\/wp-content\/uploads\/2014\/01\/Frame-222-575x368.png 575w\" sizes=\"auto, (max-width: 1068px) 100vw, 1068px\" \/><\/figure><\/div>\n\n<div class=\"e-div e-div-9345c3010e68f662cc8801eb2da3df07e835db1c e-sgp__content\">\n<div class=\"e-div e-div-0162dd5adc5b84600d5bea230d8c418559af071d\"><div class=\"wp-block-post-date\"><time datetime=\"2025-09-04T13:00:00-04:00\">4 de septiembre de 2025<\/time><\/div>\n\n\n<div class=\"e-div e-div-0162dd5adc5b84600d5bea230d8c418559af071d\"><div class=\"e-mtf e-mtf--dlt  e-mtf--post-reading-time\"><div class=\"post-reading-time\"><span class=\"reading-time__time\">28<\/span> <span class=\"post-reading-time__label postfix\">min<\/span><\/div><\/div><\/div>\n<\/div>\n\n\n<h2 class=\"wp-block-post-title\">Estado de la Falta de Vivienda: Edici\u00f3n 2024<\/h2>\n\n<div class=\"wp-block-post-excerpt\"><p class=\"wp-block-post-excerpt__excerpt\">Lorem ipsum dolor sit amet, consectetur adipiscing elit. Praesent ornare neque at mauris pellentesque sagittis. Fusce egestas pellentesque porta. <\/p><\/div>\n\n<div class=\"e-mtf e-mtf--dlt e-mtf--taxonomy e-mtf--taxonomy-blog-tags\"><\/div>\n\n<div class=\"e-mtf e-mtf--dlt  e-mtf--learn-more-label\"><span class=\"btn\"><\/span><\/div><\/div>\n<\/div><\/a><\/div><div class=\"e-sgp taxonomy-opcional e-sgp--dlt  wrapper-link\" > <a class=\"b3rg-post__trigger\" href='https:\/\/endhomelessness.org\/es\/recursos-para-los-medios-de-comunicacion\/' target='_self'><div class=\"e-sgp__inner\">\n<div class=\"e-div e-div-39c9483d5c365ef0cd3af0137228c52c9e3c2277 e-sgp__media\"><figure class=\"wp-block-post-featured-image\"><img decoding=\"async\" src=\"https:\/\/endhomelessness.org\/wp-content\/uploads\/2014\/01\/Frame-222.png\" class=\"attachment-post-thumbnail size-post-thumbnail wp-post-image\" alt=\"National Alliance to End Homelessness logo\" style=\"object-fit:cover;\" srcset=\"https:\/\/endhomelessness.org\/wp-content\/uploads\/2014\/01\/Frame-222.png 1068w, https:\/\/endhomelessness.org\/wp-content\/uploads\/2014\/01\/Frame-222-300x192.png 300w, https:\/\/endhomelessness.org\/wp-content\/uploads\/2014\/01\/Frame-222-1024x656.png 1024w, https:\/\/endhomelessness.org\/wp-content\/uploads\/2014\/01\/Frame-222-768x492.png 768w, https:\/\/endhomelessness.org\/wp-content\/uploads\/2014\/01\/Frame-222-575x368.png 575w\" sizes=\"(max-width: 1068px) 100vw, 1068px\" \/><\/figure><\/div>\n\n<div class=\"e-div e-div-9345c3010e68f662cc8801eb2da3df07e835db1c e-sgp__content\">\n<div class=\"e-div e-div-0162dd5adc5b84600d5bea230d8c418559af071d\"><div class=\"wp-block-post-date\"><time datetime=\"2016-10-05T18:29:00-04:00\">5 de octubre de 2016<\/time><\/div>\n\n\n<div class=\"e-div e-div-0162dd5adc5b84600d5bea230d8c418559af071d\"><div class=\"e-mtf e-mtf--dlt  e-mtf--post-reading-time\"><div class=\"post-reading-time\"><span class=\"reading-time__time\">8<\/span> <span class=\"post-reading-time__label postfix\">min<\/span><\/div><\/div><\/div>\n<\/div>\n\n\n<h2 class=\"wp-block-post-title\">Recursos para los medios de comunicaci\u00f3n<\/h2>\n\n<div class=\"wp-block-post-excerpt\"><p class=\"wp-block-post-excerpt__excerpt\"> <\/p><\/div>\n\n<div class=\"e-mtf e-mtf--dlt e-mtf--taxonomy e-mtf--taxonomy-blog-tags\"><\/div>\n\n<div class=\"e-mtf e-mtf--dlt  e-mtf--learn-more-label\"><span class=\"btn\"><\/span><\/div><\/div>\n<\/div><\/a><\/div><div class=\"e-sgp taxonomy-opcional e-sgp--dlt  wrapper-link\" > <a class=\"b3rg-post__trigger\" href='https:\/\/endhomelessness.org\/es\/about-us\/nuestro-personal\/' target='_self'><div class=\"e-sgp__inner\">\n<div class=\"e-div e-div-39c9483d5c365ef0cd3af0137228c52c9e3c2277 e-sgp__media\"><figure class=\"wp-block-post-featured-image\"><img loading=\"lazy\" decoding=\"async\" width=\"1068\" height=\"684\" src=\"https:\/\/endhomelessness.org\/wp-content\/uploads\/2014\/01\/Frame-222.png\" class=\"attachment-post-thumbnail size-post-thumbnail wp-post-image default-featured-img\" alt=\"National Alliance to End Homelessness logo\" style=\"object-fit:cover;\" srcset=\"https:\/\/endhomelessness.org\/wp-content\/uploads\/2014\/01\/Frame-222.png 1068w, https:\/\/endhomelessness.org\/wp-content\/uploads\/2014\/01\/Frame-222-300x192.png 300w, https:\/\/endhomelessness.org\/wp-content\/uploads\/2014\/01\/Frame-222-1024x656.png 1024w, https:\/\/endhomelessness.org\/wp-content\/uploads\/2014\/01\/Frame-222-768x492.png 768w, https:\/\/endhomelessness.org\/wp-content\/uploads\/2014\/01\/Frame-222-575x368.png 575w\" sizes=\"auto, (max-width: 1068px) 100vw, 1068px\" \/><\/figure><\/div>\n\n<div class=\"e-div e-div-9345c3010e68f662cc8801eb2da3df07e835db1c e-sgp__content\">\n<div class=\"e-div e-div-0162dd5adc5b84600d5bea230d8c418559af071d\"><div class=\"wp-block-post-date\"><time datetime=\"2024-09-02T03:19:38-04:00\">2 de septiembre de 2024<\/time><\/div>\n\n\n<div class=\"e-div e-div-0162dd5adc5b84600d5bea230d8c418559af071d\"><div class=\"e-mtf e-mtf--dlt  e-mtf--post-reading-time\"><div class=\"post-reading-time\"><span class=\"reading-time__time\">< 1<\/span> <span class=\"post-reading-time__label postfix\">min<\/span><\/div><\/div><\/div>\n<\/div>\n\n\n<h2 class=\"wp-block-post-title\">Nuestro Personal<\/h2>\n\n<div class=\"wp-block-post-excerpt\"><p class=\"wp-block-post-excerpt__excerpt\"> <\/p><\/div>\n\n<div class=\"e-mtf e-mtf--dlt e-mtf--taxonomy e-mtf--taxonomy-blog-tags\"><\/div>\n\n<div class=\"e-mtf e-mtf--dlt  e-mtf--learn-more-label\"><span class=\"btn\"><\/span><\/div><\/div>\n<\/div><\/a><\/div><\/div><\/div>\n<\/div>\n<\/div><\/section>\n\n<section class=\"e-stn e-stn-fecd9f248d71f1b43eea1791ae2aa16e613ea50d e-stn--subscription-form\"><div class=\"container\">\n<div class=\"wp-block-b3rg-row e-row row\">\n<div class=\"wp-block-b3rg-column e-col e-col-5e53f80929c6668a38540fba03c97241dc5f6888 e-col--left  col-sm-12 col-lg-6\">\n<h2 class=\"wp-block-heading has-pure-white-color has-text-color has-link-color wp-elements-cec0e497456012f6e859233bfca8aaa4\"><strong>Mant\u00e9ngase informado: Soluciones, historias y formas de generar impacto<\/strong><\/h2>\n\n\n\n<p>Reg\u00edstrese para recibir actualizaciones sobre el trabajo de la Alianza, incluyendo las \u00faltimas investigaciones, esfuerzos de promoci\u00f3n e historias reales de progreso \u2014 adem\u00e1s de formas en las que puede ayudar a impulsar un cambio duradero.<\/p>\n<\/div>\n\n\n\n<div class=\"wp-block-b3rg-column e-col e-col-117d0cb7e6b4934330c33fb3a4c7ee0ab7e9abd4 e-col--right e-col--email-cta-form-wrpr  col-sm-12 col-lg-6\">\n<div id=\"mc_embed_shell\">\n      <link href=\"\/\/cdn-images.mailchimp.com\/embedcode\/classic-061523.css\" rel=\"stylesheet\" type=\"text\/css\"\/>\n  <style type=\"text\/css\">\n        #mc_embed_signup{background:#fff; false;clear:left; font:14px Helvetica,Arial,sans-serif; width: 600px;}\n        \/* Add your own Mailchimp form style overrides in your site stylesheet or in this style block.\n           We recommend moving this block and the preceding CSS link to the HEAD of your HTML file. *\/\n<\/style>\n<div id=\"mc_embed_signup\">\n    <form action=\"https:\/\/endhomelessness.us9.list-manage.com\/subscribe\/post?u=466b34a51377a9504fb2ebd8f&#038;id=1cf64328bb&#038;f_id=00f7f2e0f0\" method=\"post\" id=\"mc-embedded-subscribe-form\" name=\"mc-embedded-subscribe-form\" class=\"validate\" target=\"_blank\">\n        <div id=\"mc_embed_signup_scroll\">\n            <div class=\"indicates-required\"><span class=\"asterisk\">*<\/span> indica campo obligatorio<\/div>\n            <div class=\"mc-field-group\"><label for=\"mce-EMAIL\">Direcci\u00f3n de correo electr\u00f3nico <span class=\"asterisk\">*<\/span><\/label><input type=\"email\" name=\"EMAIL\" class=\"required email\" id=\"mce-EMAIL\" required=\"\" value=\"\"\/><\/div><div class=\"mc-field-group input-group\"><strong>\u00bfC\u00f3mo deber\u00edamos comunicarnos con usted? <\/strong><ul><li><input type=\"checkbox\" name=\"group[17873][1]\" id=\"mce-group[17873]-17873-0\" value=\"\"\/><label for=\"mce-group[17873]-17873-0\">Deseo recibir semanalmente herramientas, recursos y noticias sobre la falta de vivienda<\/label><\/li><li><input type=\"checkbox\" name=\"group[17873][2]\" id=\"mce-group[17873]-17873-1\" value=\"\"\/><label for=\"mce-group[17873]-17873-1\">Deseo recibir noticias generales y actualizaciones sobre el trabajo de la Alianza<\/label><\/li><\/ul><\/div><div class=\"mc-field-group\"><label for=\"mce-FNAME\">Nombre <\/label><input type=\"text\" name=\"FNAME\" class=\" text\" id=\"mce-FNAME\" value=\"\"\/><\/div><div class=\"mc-field-group\"><label for=\"mce-LNAME\">Apellido <\/label><input type=\"text\" name=\"LNAME\" class=\" text\" id=\"mce-LNAME\" value=\"\"\/><\/div>\n<div hidden=\"\"><input type=\"hidden\" name=\"tags\" value=\"12777910\"\/><\/div>\n        <div id=\"mce-responses\" class=\"clear\">\n            <div class=\"response\" id=\"mce-error-response\" style=\"display: none;\"><\/div>\n            <div class=\"response\" id=\"mce-success-response\" style=\"display: none;\"><\/div>\n        <\/div><div aria-hidden=\"true\" style=\"position: absolute; left: -5000px;\"><input type=\"text\" name=\"b_466b34a51377a9504fb2ebd8f_1cf64328bb\" tabindex=\"-1\" value=\"\"\/><\/div><div class=\"clear\"><input type=\"submit\" name=\"subscribe\" id=\"mc-embedded-subscribe\" class=\"button\" value=\"Suscribirse\"\/><\/div>\n    <\/div>\n<\/form>\n<\/div>\n<script type=\"text\/javascript\" src=\"\/\/s3.amazonaws.com\/downloads.mailchimp.com\/js\/mc-validate.js\"><\/script><script type=\"text\/javascript\">(function($) {window.fnames = new Array(); window.ftypes = new Array();fnames[0]='EMAIL';ftypes[0]='email';fnames[1]='FNAME';ftypes[1]='text';fnames[2]='LNAME';ftypes[2]='text';fnames[12]='MMERGE12';ftypes[12]='zip';fnames[4]='MMERGE4';ftypes[4]='text';fnames[7]='CITY';ftypes[7]='text';fnames[8]='STATE';ftypes[8]='text';fnames[11]='MMERGE11';ftypes[11]='text';fnames[13]='MMERGE13';ftypes[13]='text';fnames[3]='MMERGE3';ftypes[3]='text';fnames[5]='MMERGE5';ftypes[5]='text';}(jQuery));var $mcj = jQuery.noConflict(true);<\/script><\/div>\n<\/div>\n<\/div>\n<\/div><\/section>\n","protected":false},"excerpt":{"rendered":"","protected":false},"author":1,"featured_media":14222,"parent":14356,"menu_order":0,"comment_status":"closed","ping_status":"closed","template":"","meta":{"_acf_changed":false,"show_custom_date":false,"custom_date":"","featured":false,"featured_image":0,"learn_more_label":"","image_alt_text":"","learn_more_type":"","show_popup":false,"learn_more_link_file":0,"event_date":false,"event_start_date":"","event_end_date":"","place_holder_image_url":"","post_reading_time":"5","notification_enabled":false,"notification_text":"","notification_logo":"","notification_expiration_time":0,"is_enable_transparent_header":false,"hide_from_list_view":false,"selected_taxonomy_terms":{"translation_priority":[66]},"selected_primary_terms":[],"learn_more_link":[],"featured_page_list":[],"notification_enabled_post_list":[],"_relevanssi_hide_post":"","_relevanssi_hide_content":"","_relevanssi_pin_for_all":"","_relevanssi_pin_keywords":"","_relevanssi_unpin_keywords":"","_relevanssi_related_keywords":"","_relevanssi_related_include_ids":"","_relevanssi_related_exclude_ids":"","_relevanssi_related_no_append":"","_relevanssi_related_not_related":"","_relevanssi_related_posts":"18037,18039,17487","_relevanssi_noindex_reason":"","inline_featured_image":false,"news_publication":"","footnotes":""},"class_list":["post-17960","page","type-page","status-publish","has-post-thumbnail","hentry"],"acf":[],"yoast_head":"<!-- This site is optimized with the Yoast SEO Premium plugin v24.7 (Yoast SEO v27.4) - https:\/\/yoast.com\/product\/yoast-seo-premium-wordpress\/ -->\n<title>Fondo de Innovaci\u00f3n Susan G. Baker y Elizabeth Boyle - Alianza Nacional para Erradicar la Falta de Vivienda<\/title>\n<meta name=\"description\" content=\"The National Alliance to End Homelessness is a nonpartisan, nonprofit organization committed to preventing and ending homelessness in the United States.\" \/>\n<meta name=\"robots\" content=\"index, follow, max-snippet:-1, max-image-preview:large, max-video-preview:-1\" \/>\n<link rel=\"canonical\" href=\"https:\/\/endhomelessness.org\/es\/about-us\/fondo-de-innovacion-susan-g-baker-y-elizabeth-boyle\/\" \/>\n<meta property=\"og:locale\" content=\"es_ES\" \/>\n<meta property=\"og:type\" content=\"article\" \/>\n<meta property=\"og:title\" content=\"Fondo de Innovaci\u00f3n Susan G. Baker y Elizabeth Boyle\" \/>\n<meta property=\"og:description\" content=\"The National Alliance to End Homelessness is a nonpartisan, nonprofit organization committed to preventing and ending homelessness in the United States.\" \/>\n<meta property=\"og:url\" content=\"https:\/\/endhomelessness.org\/es\/about-us\/fondo-de-innovacion-susan-g-baker-y-elizabeth-boyle\/\" \/>\n<meta property=\"og:site_name\" content=\"Alianza Nacional para Erradicar la Falta de Vivienda\" \/>\n<meta property=\"article:publisher\" content=\"https:\/\/www.facebook.com\/naehomelessness\/\" \/>\n<meta property=\"article:modified_time\" content=\"2025-04-04T16:42:53+00:00\" \/>\n<meta property=\"og:image\" content=\"https:\/\/endhomelessness.org\/wp-content\/uploads\/2025\/01\/BB-Innovation-Fund-link-webbanner-01.webp\" \/>\n\t<meta property=\"og:image:width\" content=\"1200\" \/>\n\t<meta property=\"og:image:height\" content=\"451\" \/>\n\t<meta property=\"og:image:type\" content=\"image\/webp\" \/>\n<meta name=\"twitter:card\" content=\"summary_large_image\" \/>\n<meta name=\"twitter:label1\" content=\"Tiempo de lectura\" \/>\n\t<meta name=\"twitter:data1\" content=\"6 minutos\" \/>\n<script type=\"application\/ld+json\" class=\"yoast-schema-graph\">{\"@context\":\"https:\\\/\\\/schema.org\",\"@graph\":[{\"@type\":\"WebPage\",\"@id\":\"https:\\\/\\\/endhomelessness.org\\\/es\\\/about-us\\\/fondo-de-innovacion-susan-g-baker-y-elizabeth-boyle\\\/\",\"url\":\"https:\\\/\\\/endhomelessness.org\\\/es\\\/about-us\\\/fondo-de-innovacion-susan-g-baker-y-elizabeth-boyle\\\/\",\"name\":\"Fondo de Innovaci\u00f3n Susan G. Baker y Elizabeth Boyle - Alianza Nacional para Erradicar la Falta de Vivienda\",\"isPartOf\":{\"@id\":\"https:\\\/\\\/endhomelessness.org\\\/es\\\/#website\"},\"primaryImageOfPage\":{\"@id\":\"https:\\\/\\\/endhomelessness.org\\\/es\\\/about-us\\\/fondo-de-innovacion-susan-g-baker-y-elizabeth-boyle\\\/#primaryimage\"},\"image\":{\"@id\":\"https:\\\/\\\/endhomelessness.org\\\/es\\\/about-us\\\/fondo-de-innovacion-susan-g-baker-y-elizabeth-boyle\\\/#primaryimage\"},\"thumbnailUrl\":\"https:\\\/\\\/endhomelessness.org\\\/wp-content\\\/uploads\\\/2014\\\/01\\\/Frame-222.png\",\"datePublished\":\"2024-10-15T07:58:00+00:00\",\"dateModified\":\"2025-04-04T16:42:53+00:00\",\"description\":\"The National Alliance to End Homelessness is a nonpartisan, nonprofit organization committed to preventing and ending homelessness in the United States.\",\"breadcrumb\":{\"@id\":\"https:\\\/\\\/endhomelessness.org\\\/es\\\/about-us\\\/fondo-de-innovacion-susan-g-baker-y-elizabeth-boyle\\\/#breadcrumb\"},\"inLanguage\":\"es\",\"potentialAction\":[{\"@type\":\"ReadAction\",\"target\":[\"https:\\\/\\\/endhomelessness.org\\\/es\\\/about-us\\\/fondo-de-innovacion-susan-g-baker-y-elizabeth-boyle\\\/\"]}]},{\"@type\":\"ImageObject\",\"inLanguage\":\"es\",\"@id\":\"https:\\\/\\\/endhomelessness.org\\\/es\\\/about-us\\\/fondo-de-innovacion-susan-g-baker-y-elizabeth-boyle\\\/#primaryimage\",\"url\":\"https:\\\/\\\/endhomelessness.org\\\/wp-content\\\/uploads\\\/2014\\\/01\\\/Frame-222.png\",\"contentUrl\":\"https:\\\/\\\/endhomelessness.org\\\/wp-content\\\/uploads\\\/2014\\\/01\\\/Frame-222.png\",\"width\":1068,\"height\":684,\"caption\":\"National Alliance to End Homelessness logo\"},{\"@type\":\"BreadcrumbList\",\"@id\":\"https:\\\/\\\/endhomelessness.org\\\/es\\\/about-us\\\/fondo-de-innovacion-susan-g-baker-y-elizabeth-boyle\\\/#breadcrumb\",\"itemListElement\":[{\"@type\":\"ListItem\",\"position\":1,\"name\":\"Inicio\",\"item\":\"https:\\\/\\\/endhomelessness.org\\\/es\\\/home-page-2-2-2\\\/\"},{\"@type\":\"ListItem\",\"position\":2,\"name\":\"Nuestra misi\u00f3n, valores e historia\",\"item\":\"https:\\\/\\\/endhomelessness.org\\\/es\\\/about-us\\\/\"},{\"@type\":\"ListItem\",\"position\":3,\"name\":\"Fondo de Innovaci\u00f3n Susan G. Baker y Elizabeth Boyle\"}]},{\"@type\":\"WebSite\",\"@id\":\"https:\\\/\\\/endhomelessness.org\\\/es\\\/#website\",\"url\":\"https:\\\/\\\/endhomelessness.org\\\/es\\\/\",\"name\":\"National Alliance to End Homelessness\",\"description\":\"Organizaci\u00f3n no partidista para prevenir y erradicar la falta de vivienda en EE.UU.\",\"publisher\":{\"@id\":\"https:\\\/\\\/endhomelessness.org\\\/es\\\/#organization\"},\"potentialAction\":[{\"@type\":\"SearchAction\",\"target\":{\"@type\":\"EntryPoint\",\"urlTemplate\":\"https:\\\/\\\/endhomelessness.org\\\/es\\\/?s={search_term_string}\"},\"query-input\":{\"@type\":\"PropertyValueSpecification\",\"valueRequired\":true,\"valueName\":\"search_term_string\"}}],\"inLanguage\":\"es\"},{\"@type\":\"Organization\",\"@id\":\"https:\\\/\\\/endhomelessness.org\\\/es\\\/#organization\",\"name\":\"Alianza Nacional para Erradicar la Falta de Vivienda\",\"url\":\"https:\\\/\\\/endhomelessness.org\\\/es\\\/\",\"logo\":{\"@type\":\"ImageObject\",\"inLanguage\":\"es\",\"@id\":\"https:\\\/\\\/endhomelessness.org\\\/es\\\/#\\\/schema\\\/logo\\\/image\\\/\",\"url\":\"https:\\\/\\\/endhomelessness.org\\\/wp-content\\\/uploads\\\/2024\\\/09\\\/logo-2.webp\",\"contentUrl\":\"https:\\\/\\\/endhomelessness.org\\\/wp-content\\\/uploads\\\/2024\\\/09\\\/logo-2.webp\",\"width\":687,\"height\":361,\"caption\":\"Alianza Nacional para Erradicar la Falta de Vivienda\"},\"image\":{\"@id\":\"https:\\\/\\\/endhomelessness.org\\\/es\\\/#\\\/schema\\\/logo\\\/image\\\/\"},\"sameAs\":[\"https:\\\/\\\/www.facebook.com\\\/naehomelessness\\\/\",\"https:\\\/\\\/www.youtube.com\\\/@EndingHomelessness\",\"https:\\\/\\\/www.linkedin.com\\\/company\\\/national-alliance-to-end-homelessness\\\/\",\"https:\\\/\\\/instagram.com\\\/naeh_endhomelessness\"]}]}<\/script>\n<!-- \/ Yoast SEO Premium plugin. -->","yoast_head_json":{"title":"Fondo de Innovaci\u00f3n Susan G. Baker y Elizabeth Boyle - Alianza Nacional para Erradicar la Falta de Vivienda","description":"The National Alliance to End Homelessness is a nonpartisan, nonprofit organization committed to preventing and ending homelessness in the United States.","robots":{"index":"index","follow":"follow","max-snippet":"max-snippet:-1","max-image-preview":"max-image-preview:large","max-video-preview":"max-video-preview:-1"},"canonical":"https:\/\/endhomelessness.org\/es\/about-us\/fondo-de-innovacion-susan-g-baker-y-elizabeth-boyle\/","og_locale":"es_ES","og_type":"article","og_title":"Fondo de Innovaci\u00f3n Susan G. Baker y Elizabeth Boyle","og_description":"The National Alliance to End Homelessness is a nonpartisan, nonprofit organization committed to preventing and ending homelessness in the United States.","og_url":"https:\/\/endhomelessness.org\/es\/about-us\/fondo-de-innovacion-susan-g-baker-y-elizabeth-boyle\/","og_site_name":"Alianza Nacional para Erradicar la Falta de Vivienda","article_publisher":"https:\/\/www.facebook.com\/naehomelessness\/","article_modified_time":"2025-04-04T16:42:53+00:00","og_image":[{"width":1200,"height":451,"url":"https:\/\/endhomelessness.org\/wp-content\/uploads\/2025\/01\/BB-Innovation-Fund-link-webbanner-01.webp","type":"image\/webp"}],"twitter_card":"summary_large_image","twitter_misc":{"Tiempo de lectura":"6 minutos"},"schema":{"@context":"https:\/\/schema.org","@graph":[{"@type":"WebPage","@id":"https:\/\/endhomelessness.org\/es\/about-us\/fondo-de-innovacion-susan-g-baker-y-elizabeth-boyle\/","url":"https:\/\/endhomelessness.org\/es\/about-us\/fondo-de-innovacion-susan-g-baker-y-elizabeth-boyle\/","name":"Fondo de Innovaci\u00f3n Susan G. Baker y Elizabeth Boyle - Alianza Nacional para Erradicar la Falta de Vivienda","isPartOf":{"@id":"https:\/\/endhomelessness.org\/es\/#website"},"primaryImageOfPage":{"@id":"https:\/\/endhomelessness.org\/es\/about-us\/fondo-de-innovacion-susan-g-baker-y-elizabeth-boyle\/#primaryimage"},"image":{"@id":"https:\/\/endhomelessness.org\/es\/about-us\/fondo-de-innovacion-susan-g-baker-y-elizabeth-boyle\/#primaryimage"},"thumbnailUrl":"https:\/\/endhomelessness.org\/wp-content\/uploads\/2014\/01\/Frame-222.png","datePublished":"2024-10-15T07:58:00+00:00","dateModified":"2025-04-04T16:42:53+00:00","description":"The National Alliance to End Homelessness is a nonpartisan, nonprofit organization committed to preventing and ending homelessness in the United States.","breadcrumb":{"@id":"https:\/\/endhomelessness.org\/es\/about-us\/fondo-de-innovacion-susan-g-baker-y-elizabeth-boyle\/#breadcrumb"},"inLanguage":"es","potentialAction":[{"@type":"ReadAction","target":["https:\/\/endhomelessness.org\/es\/about-us\/fondo-de-innovacion-susan-g-baker-y-elizabeth-boyle\/"]}]},{"@type":"ImageObject","inLanguage":"es","@id":"https:\/\/endhomelessness.org\/es\/about-us\/fondo-de-innovacion-susan-g-baker-y-elizabeth-boyle\/#primaryimage","url":"https:\/\/endhomelessness.org\/wp-content\/uploads\/2014\/01\/Frame-222.png","contentUrl":"https:\/\/endhomelessness.org\/wp-content\/uploads\/2014\/01\/Frame-222.png","width":1068,"height":684,"caption":"National Alliance to End Homelessness logo"},{"@type":"BreadcrumbList","@id":"https:\/\/endhomelessness.org\/es\/about-us\/fondo-de-innovacion-susan-g-baker-y-elizabeth-boyle\/#breadcrumb","itemListElement":[{"@type":"ListItem","position":1,"name":"Inicio","item":"https:\/\/endhomelessness.org\/es\/home-page-2-2-2\/"},{"@type":"ListItem","position":2,"name":"Nuestra misi\u00f3n, valores e historia","item":"https:\/\/endhomelessness.org\/es\/about-us\/"},{"@type":"ListItem","position":3,"name":"Fondo de Innovaci\u00f3n Susan G. Baker y Elizabeth Boyle"}]},{"@type":"WebSite","@id":"https:\/\/endhomelessness.org\/es\/#website","url":"https:\/\/endhomelessness.org\/es\/","name":"National Alliance to End Homelessness","description":"Organizaci\u00f3n no partidista para prevenir y erradicar la falta de vivienda en EE.UU.","publisher":{"@id":"https:\/\/endhomelessness.org\/es\/#organization"},"potentialAction":[{"@type":"SearchAction","target":{"@type":"EntryPoint","urlTemplate":"https:\/\/endhomelessness.org\/es\/?s={search_term_string}"},"query-input":{"@type":"PropertyValueSpecification","valueRequired":true,"valueName":"search_term_string"}}],"inLanguage":"es"},{"@type":"Organization","@id":"https:\/\/endhomelessness.org\/es\/#organization","name":"Alianza Nacional para Erradicar la Falta de Vivienda","url":"https:\/\/endhomelessness.org\/es\/","logo":{"@type":"ImageObject","inLanguage":"es","@id":"https:\/\/endhomelessness.org\/es\/#\/schema\/logo\/image\/","url":"https:\/\/endhomelessness.org\/wp-content\/uploads\/2024\/09\/logo-2.webp","contentUrl":"https:\/\/endhomelessness.org\/wp-content\/uploads\/2024\/09\/logo-2.webp","width":687,"height":361,"caption":"Alianza Nacional para Erradicar la Falta de Vivienda"},"image":{"@id":"https:\/\/endhomelessness.org\/es\/#\/schema\/logo\/image\/"},"sameAs":["https:\/\/www.facebook.com\/naehomelessness\/","https:\/\/www.youtube.com\/@EndingHomelessness","https:\/\/www.linkedin.com\/company\/national-alliance-to-end-homelessness\/","https:\/\/instagram.com\/naeh_endhomelessness"]}]}},"_links":{"self":[{"href":"https:\/\/endhomelessness.org\/es\/wp-json\/wp\/v2\/pages\/17960","targetHints":{"allow":["GET"]}}],"collection":[{"href":"https:\/\/endhomelessness.org\/es\/wp-json\/wp\/v2\/pages"}],"about":[{"href":"https:\/\/endhomelessness.org\/es\/wp-json\/wp\/v2\/types\/page"}],"author":[{"embeddable":true,"href":"https:\/\/endhomelessness.org\/es\/wp-json\/wp\/v2\/users\/1"}],"replies":[{"embeddable":true,"href":"https:\/\/endhomelessness.org\/es\/wp-json\/wp\/v2\/comments?post=17960"}],"version-history":[{"count":0,"href":"https:\/\/endhomelessness.org\/es\/wp-json\/wp\/v2\/pages\/17960\/revisions"}],"up":[{"embeddable":true,"href":"https:\/\/endhomelessness.org\/es\/wp-json\/wp\/v2\/pages\/14356"}],"wp:featuredmedia":[{"embeddable":true,"href":"https:\/\/endhomelessness.org\/es\/wp-json\/wp\/v2\/media\/14222"}],"wp:attachment":[{"href":"https:\/\/endhomelessness.org\/es\/wp-json\/wp\/v2\/media?parent=17960"}],"curies":[{"name":"wp","href":"https:\/\/api.w.org\/{rel}","templated":true}]}}