{"id":17975,"date":"2024-08-27T23:20:21","date_gmt":"2024-08-28T03:20:21","guid":{"rendered":"https:\/\/endhomelessness.org\/centro-de-recursos\/"},"modified":"2025-04-04T12:43:15","modified_gmt":"2025-04-04T16:43:15","slug":"centro-de-recursos","status":"publish","type":"page","link":"https:\/\/endhomelessness.org\/es\/centro-de-recursos\/","title":{"rendered":"Centro de Recursos"},"content":{"rendered":"\n<section class=\"e-stn e-stn-a47cd574b2079764c5c893c3dbcbb45ed7d04ffc e-stn--featured-resource-center e-pb-60  e-pb-sm-0\"><div class=\"container\">\n<div class=\"wp-block-b3rg-row e-row row e-row--title-with-description\">\n<div class=\"wp-block-b3rg-column e-col e-col-784810a84bdd912abeb5dc7d09c1e8e9032e7902  col-sm-12 col-lg-9\">\n<h1 class=\"wp-block-heading has-rich-black-color has-text-color has-link-color wp-elements-495859a0139108d8fb2374784f1047dd\">Centro de Recursos<\/h1>\n<\/div>\n<\/div>\n<\/div><\/section>\n\n<section class=\"e-stn e-stn-00ee05c0916a6673a90ac531a2d28081a56a29f4 e-stn--filters-and-blog-listing e-stn--limit-taxonomy e-stn--resources-listing e-mt-0 e-pt-0 e-mt-sm-0 e-pt-sm-0 e-pb-100  e-pb-sm-60\"><div class=\"container\">\n<div class=\"wp-block-b3rg-row e-row row e-row--search-filter\">\n<div class=\"wp-block-b3rg-column e-col e-col-247f9ca7e2ad25c38f2f72d8961ca0c36154779e e-col--filter-accordion  col-xs-12 col-lg-3\">\n<h2 class=\"wp-block-heading\"><strong>Filtrar recursos<\/strong><\/h2>\n\n\n<div class=\"facetwp-facet facetwp-facet-search facetwp-type-search\" data-name=\"search\" data-type=\"search\"><\/div>\n\n\n\n<div class=\"e-div e-div-31e176a06081a5b2f411c689c57c9cedf922e64f e-div--filter-accordion-wrapper\">\n<div class=\"e-div e-div-0162dd5adc5b84600d5bea230d8c418559af071d\">\n<p>Categor\u00eda<\/p>\n\n\n<div class=\"facetwp-facet facetwp-facet-resource_category facetwp-type-checkboxes\" data-name=\"resource_category\" data-type=\"checkboxes\"><\/div>\n<\/div>\n\n\n\n<div class=\"e-div e-div-0162dd5adc5b84600d5bea230d8c418559af071d\">\n<p>P\u00fablico objetivo<\/p>\n\n\n<div class=\"facetwp-facet facetwp-facet-resource_audience facetwp-type-checkboxes\" data-name=\"resource_audience\" data-type=\"checkboxes\"><\/div>\n<\/div>\n\n\n\n<div class=\"e-div e-div-0162dd5adc5b84600d5bea230d8c418559af071d\">\n<p>Tipo de recurso<\/p>\n\n\n<div class=\"facetwp-facet facetwp-facet-resource_type facetwp-type-checkboxes\" data-name=\"resource_type\" data-type=\"checkboxes\"><\/div>\n<\/div>\n\n\n\n<div class=\"e-div e-div-0162dd5adc5b84600d5bea230d8c418559af071d\">\n<p>Mejor pr\u00e1ctica<\/p>\n\n\n<div class=\"facetwp-facet facetwp-facet-resource_best_practice facetwp-type-checkboxes\" data-name=\"resource_best_practice\" data-type=\"checkboxes\"><\/div>\n<\/div>\n\n\n\n<div class=\"e-div e-div-0162dd5adc5b84600d5bea230d8c418559af071d\">\n<p>Problema clave<\/p>\n\n\n<div class=\"facetwp-facet facetwp-facet-resource_key_issue facetwp-type-checkboxes\" data-name=\"resource_key_issue\" data-type=\"checkboxes\"><\/div>\n<\/div>\n\n\n\n<div class=\"e-div e-div-0162dd5adc5b84600d5bea230d8c418559af071d\">\n<p>A\u00f1o<\/p>\n\n\n<div class=\"facetwp-facet facetwp-facet-resource_year facetwp-type-checkboxes\" data-name=\"resource_year\" data-type=\"checkboxes\"><\/div>\n<\/div>\n<\/div>\n<\/div>\n\n\n\n<div class=\"wp-block-b3rg-column e-col e-col-4a09df2373ee25c640cccec4b30d4f5ad71f5479 e-col--blog-listing  col-lg-9\">\n<div class=\"wp-block-b3rg-column e-col e-col-e44ff9d7c7d163f51b190780a7634351e98a9293 e-col--filter-selection  col-sm-12\"><div class=\"facetwp-selections\"><\/div>\n\n\n<div class=\"facetwp-facet facetwp-facet-clear_all facetwp-type-reset\" data-name=\"clear_all\" data-type=\"reset\"><\/div>\n<\/div>\n\n\n<div class=\"facetwp-template\" data-name=\"resource_posts\"><div class=\"b3rg-posts \">\n                    <div class=\"wp-block-b3rg-row e-row row\">  <div class=\"wp-block-b3rg-column e-col col-sm-12 col-lg-4\">\n      <div class=\"e-sgp  e-sgp--list-item \">\n          <a class=\"b3rg-post__trigger\" href='https:\/\/endhomelessness.org\/es\/resources\/investigacion-y-analisis\/el-presupuesto-del-presidente-para-el-ano-fiscal-2027-desplazaria-a-mas-de-200-000-personas-de-sus-viviendas-permanentes\/' target='_self'>\n          <div class=\"e-sgp__inner\">\n                  <div class=\"e-sgp__media\">\n        <figure class=\"wp-block-post-featured-image\">\n            <img decoding=\"async\" src=\"https:\/\/endhomelessness.org\/wp-content\/uploads\/2014\/01\/Frame-222.png\"\n            class=\"attachment-post-thumbnail size-post-thumbnail wp-post-image\" alt=\"National Alliance to End Homelessness logo\"\/>\n        <\/figure>\n    <\/div><div class=\"e-sgp__content\">\n    <div class=\"wp-block-post-date\"> <time>Abr 22, 2026<\/time><\/div><div class=\"e-mtf e-mtf--taxonomy e-mtf--taxonomy-resource-category \"> <span class=\"tag investigacion-y-analisis\">Investigaci\u00f3n y an\u00e1lisis<\/span> <span class=\"tag graficos-compartibles\">Gr\u00e1ficos compartibles<\/span><\/div><div class=\"wp-block-post-title\">El presupuesto del presidente para el a\u00f1o fiscal 2027 desplazar\u00eda a m\u00e1s de 200.000 personas de sus viviendas permanentes<\/div><div class=\"e-mtf e-mtf_learn_more_label \">\n                    <span class=\"btn learn-more-text b3rg-post__learn-more-text\">Read More<\/span><\/div>\n<\/div>\n          <\/div>\n          <\/a>\n      <\/div>\n  <\/div>  <div class=\"wp-block-b3rg-column e-col col-sm-12 col-lg-4\">\n      <div class=\"e-sgp  e-sgp--list-item \">\n          <a class=\"b3rg-post__trigger\" href='https:\/\/endhomelessness.org\/es\/resources\/conjuntos-de-herramientas-y-capacitacion\/preparacion-ante-desastres-durante-todo-el-ano\/' target='_self'>\n          <div class=\"e-sgp__inner\">\n                  <div class=\"e-sgp__media\">\n        <figure class=\"wp-block-post-featured-image\">\n            <img decoding=\"async\" src=\"https:\/\/endhomelessness.org\/wp-content\/uploads\/2026\/04\/pexels-pok-rie-33563-6471927-scaled.jpg\"\n            class=\"attachment-post-thumbnail size-post-thumbnail wp-post-image\" alt=\"\"\/>\n        <\/figure>\n    <\/div><div class=\"e-sgp__content\">\n    <div class=\"wp-block-post-date\"> <time>Abr 3, 2026<\/time><\/div><div class=\"e-mtf e-mtf--taxonomy e-mtf--taxonomy-resource-category \"> <span class=\"tag conjuntos-de-herramientas-y-capacitacion\">Conjuntos de herramientas y capacitaci\u00f3n<\/span><\/div><div class=\"wp-block-post-title\">Preparaci\u00f3n ante desastres durante todo el a\u00f1o<\/div><div class=\"e-mtf e-mtf_learn_more_label \">\n                    <span class=\"btn learn-more-text b3rg-post__learn-more-text\">Read More<\/span><\/div>\n<\/div>\n          <\/div>\n          <\/a>\n      <\/div>\n  <\/div>  <div class=\"wp-block-b3rg-column e-col col-sm-12 col-lg-4\">\n      <div class=\"e-sgp  e-sgp--list-item \">\n          <a class=\"b3rg-post__trigger\" href='https:\/\/endhomelessness.org\/es\/resources\/investigacion-y-analisis\/pulse-check-tomando-el-pulso-al-sector-en-tiempos-inciertos\/' target='_self'>\n          <div class=\"e-sgp__inner\">\n                  <div class=\"e-sgp__media\">\n        <figure class=\"wp-block-post-featured-image\">\n            <img decoding=\"async\" src=\"https:\/\/endhomelessness.org\/wp-content\/uploads\/2014\/01\/Frame-222.png\"\n            class=\"attachment-post-thumbnail size-post-thumbnail wp-post-image\" alt=\"National Alliance to End Homelessness logo\"\/>\n        <\/figure>\n    <\/div><div class=\"e-sgp__content\">\n    <div class=\"wp-block-post-date\"> <time>Mar 31, 2026<\/time><\/div><div class=\"e-mtf e-mtf--taxonomy e-mtf--taxonomy-resource-category \"> <span class=\"tag investigacion-y-analisis\">Investigaci\u00f3n y an\u00e1lisis<\/span> <span class=\"tag graficos-compartibles\">Gr\u00e1ficos compartibles<\/span><\/div><div class=\"wp-block-post-title\">Pulse Check: tomando el pulso al sector en tiempos inciertos<\/div><div class=\"e-mtf e-mtf_learn_more_label \">\n                    <span class=\"btn learn-more-text b3rg-post__learn-more-text\">Read More<\/span><\/div>\n<\/div>\n          <\/div>\n          <\/a>\n      <\/div>\n  <\/div>  <div class=\"wp-block-b3rg-column e-col col-sm-12 col-lg-4\">\n      <div class=\"e-sgp  e-sgp--list-item \">\n          <a class=\"b3rg-post__trigger\" href='https:\/\/endhomelessness.org\/es\/resources\/informacion-sobre-politicas\/legislacion-modelo-para-proteger-a-los-proveedores-de-servicios-que-atienden-a-personas-sin-hogar\/' target='_self'>\n          <div class=\"e-sgp__inner\">\n                  <div class=\"e-sgp__media\">\n        <figure class=\"wp-block-post-featured-image\">\n            <img decoding=\"async\" src=\"https:\/\/endhomelessness.org\/wp-content\/uploads\/2014\/01\/Frame-222.png\"\n            class=\"attachment-post-thumbnail size-post-thumbnail wp-post-image\" alt=\"National Alliance to End Homelessness logo\"\/>\n        <\/figure>\n    <\/div><div class=\"e-sgp__content\">\n    <div class=\"wp-block-post-date\"> <time>Ene 29, 2026<\/time><\/div><div class=\"e-mtf e-mtf--taxonomy e-mtf--taxonomy-resource-category \"> <span class=\"tag informacion-sobre-politicas\">Informaci\u00f3n sobre pol\u00edticas<\/span><\/div><div class=\"wp-block-post-title\">Legislaci\u00f3n modelo para proteger a los proveedores de servicios que atienden a personas sin hogar<\/div><div class=\"e-mtf e-mtf_learn_more_label \">\n                    <span class=\"btn learn-more-text b3rg-post__learn-more-text\">Read More<\/span><\/div>\n<\/div>\n          <\/div>\n          <\/a>\n      <\/div>\n  <\/div>  <div class=\"wp-block-b3rg-column e-col col-sm-12 col-lg-4\">\n      <div class=\"e-sgp  e-sgp--list-item \">\n          <a class=\"b3rg-post__trigger\" href='https:\/\/endhomelessness.org\/es\/resources\/informacion-sobre-politicas\/legislacion-modelo-para-la-divulgacion-y-los-servicios-destinados-a-reducir-la-falta-de-vivienda-en-la-calle\/' target='_self'>\n          <div class=\"e-sgp__inner\">\n                  <div class=\"e-sgp__media\">\n        <figure class=\"wp-block-post-featured-image\">\n            <img decoding=\"async\" src=\"https:\/\/endhomelessness.org\/wp-content\/uploads\/2014\/01\/Frame-222.png\"\n            class=\"attachment-post-thumbnail size-post-thumbnail wp-post-image\" alt=\"National Alliance to End Homelessness logo\"\/>\n        <\/figure>\n    <\/div><div class=\"e-sgp__content\">\n    <div class=\"wp-block-post-date\"> <time>Ene 29, 2026<\/time><\/div><div class=\"e-mtf e-mtf--taxonomy e-mtf--taxonomy-resource-category \"> <span class=\"tag informacion-sobre-politicas\">Informaci\u00f3n sobre pol\u00edticas<\/span><\/div><div class=\"wp-block-post-title\">Legislaci\u00f3n modelo para la divulgaci\u00f3n y los servicios destinados a reducir la falta de vivienda en la calle<\/div><div class=\"e-mtf e-mtf_learn_more_label \">\n                    <span class=\"btn learn-more-text b3rg-post__learn-more-text\">Read More<\/span><\/div>\n<\/div>\n          <\/div>\n          <\/a>\n      <\/div>\n  <\/div>  <div class=\"wp-block-b3rg-column e-col col-sm-12 col-lg-4\">\n      <div class=\"e-sgp  e-sgp--list-item \">\n          <a class=\"b3rg-post__trigger\" href='https:\/\/endhomelessness.org\/es\/resources\/informacion-sobre-politicas\/legislacion-modelo-para-viviendas-asequibles-con-terrenos-excedentes-de-propiedad-estatal\/' target='_self'>\n          <div class=\"e-sgp__inner\">\n                  <div class=\"e-sgp__media\">\n        <figure class=\"wp-block-post-featured-image\">\n            <img decoding=\"async\" src=\"https:\/\/endhomelessness.org\/wp-content\/uploads\/2014\/01\/Frame-222.png\"\n            class=\"attachment-post-thumbnail size-post-thumbnail wp-post-image\" alt=\"National Alliance to End Homelessness logo\"\/>\n        <\/figure>\n    <\/div><div class=\"e-sgp__content\">\n    <div class=\"wp-block-post-date\"> <time>Ene 29, 2026<\/time><\/div><div class=\"e-mtf e-mtf--taxonomy e-mtf--taxonomy-resource-category \"> <span class=\"tag informacion-sobre-politicas\">Informaci\u00f3n sobre pol\u00edticas<\/span><\/div><div class=\"wp-block-post-title\">Legislaci\u00f3n modelo para viviendas asequibles con terrenos excedentes de propiedad estatal<\/div><div class=\"e-mtf e-mtf_learn_more_label \">\n                    <span class=\"btn learn-more-text b3rg-post__learn-more-text\">Read More<\/span><\/div>\n<\/div>\n          <\/div>\n          <\/a>\n      <\/div>\n  <\/div>  <div class=\"wp-block-b3rg-column e-col col-sm-12 col-lg-4\">\n      <div class=\"e-sgp  e-sgp--list-item \">\n          <a class=\"b3rg-post__trigger\" href='https:\/\/endhomelessness.org\/es\/resources\/informacion-sobre-politicas\/legislacion-modelo-para-la-ley-de-reutilizacion-adaptativa-vivienda-table\/' target='_self'>\n          <div class=\"e-sgp__inner\">\n                  <div class=\"e-sgp__media\">\n        <figure class=\"wp-block-post-featured-image\">\n            <img decoding=\"async\" src=\"https:\/\/endhomelessness.org\/wp-content\/uploads\/2014\/01\/Frame-222.png\"\n            class=\"attachment-post-thumbnail size-post-thumbnail wp-post-image\" alt=\"National Alliance to End Homelessness logo\"\/>\n        <\/figure>\n    <\/div><div class=\"e-sgp__content\">\n    <div class=\"wp-block-post-date\"> <time>Ene 29, 2026<\/time><\/div><div class=\"e-mtf e-mtf--taxonomy e-mtf--taxonomy-resource-category \"> <span class=\"tag informacion-sobre-politicas\">Informaci\u00f3n sobre pol\u00edticas<\/span><\/div><div class=\"wp-block-post-title\">Legislaci\u00f3n modelo para la Ley de reutilizaci\u00f3n adaptativa: Vivienda TABLE<\/div><div class=\"e-mtf e-mtf_learn_more_label \">\n                    <span class=\"btn learn-more-text b3rg-post__learn-more-text\">Read More<\/span><\/div>\n<\/div>\n          <\/div>\n          <\/a>\n      <\/div>\n  <\/div>  <div class=\"wp-block-b3rg-column e-col col-sm-12 col-lg-4\">\n      <div class=\"e-sgp  e-sgp--list-item \">\n          <a class=\"b3rg-post__trigger\" href='https:\/\/endhomelessness.org\/es\/resources\/investigacion-y-analisis\/la-iniciativa-federal-para-abordar-la-falta-de-vivienda-protegida-es-prometedora\/' target='_self'>\n          <div class=\"e-sgp__inner\">\n                  <div class=\"e-sgp__media\">\n        <figure class=\"wp-block-post-featured-image\">\n            <img decoding=\"async\" src=\"https:\/\/endhomelessness.org\/wp-content\/uploads\/2014\/01\/Frame-222.png\"\n            class=\"attachment-post-thumbnail size-post-thumbnail wp-post-image\" alt=\"National Alliance to End Homelessness logo\"\/>\n        <\/figure>\n    <\/div><div class=\"e-sgp__content\">\n    <div class=\"wp-block-post-date\"> <time>Ene 27, 2026<\/time><\/div><div class=\"e-mtf e-mtf--taxonomy e-mtf--taxonomy-resource-category \"> <span class=\"tag investigacion-y-analisis\">Investigaci\u00f3n y an\u00e1lisis<\/span><\/div><div class=\"wp-block-post-title\">La iniciativa federal para abordar la falta de vivienda protegida es prometedora<\/div><div class=\"e-mtf e-mtf_learn_more_label \">\n                    <span class=\"btn learn-more-text b3rg-post__learn-more-text\">Read More<\/span><\/div>\n<\/div>\n          <\/div>\n          <\/a>\n      <\/div>\n  <\/div>  <div class=\"wp-block-b3rg-column e-col col-sm-12 col-lg-4\">\n      <div class=\"e-sgp  e-sgp--list-item \">\n          <a class=\"b3rg-post__trigger\" href='https:\/\/endhomelessness.org\/es\/resources\/investigacion-y-analisis\/encuesta-de-la-red-de-investigacion-y-accion-de-experiencia-vivida\/' target='_self'>\n          <div class=\"e-sgp__inner\">\n                  <div class=\"e-sgp__media\">\n        <figure class=\"wp-block-post-featured-image\">\n            <img decoding=\"async\" src=\"https:\/\/endhomelessness.org\/wp-content\/uploads\/2014\/01\/Frame-222.png\"\n            class=\"attachment-post-thumbnail size-post-thumbnail wp-post-image\" alt=\"National Alliance to End Homelessness logo\"\/>\n        <\/figure>\n    <\/div><div class=\"e-sgp__content\">\n    <div class=\"wp-block-post-date\"> <time>Dic 9, 2025<\/time><\/div><div class=\"e-mtf e-mtf--taxonomy e-mtf--taxonomy-resource-category \"> <span class=\"tag investigacion-y-analisis\">Investigaci\u00f3n y an\u00e1lisis<\/span><\/div><div class=\"wp-block-post-title\">Encuesta de la Red de Investigaci\u00f3n y Acci\u00f3n de Experiencia Vivida<\/div><div class=\"e-mtf e-mtf_learn_more_label \">\n                    <span class=\"btn learn-more-text b3rg-post__learn-more-text\">Read More<\/span><\/div>\n<\/div>\n          <\/div>\n          <\/a>\n      <\/div>\n  <\/div><\/div>\n                <\/div><\/div>\n\n\n\n<div class=\"wp-block-b3rg-column e-col e-col-280f177195d15717e748dad40421f401c915b00a e-col--pagination  col-sm-12\"><div class=\"facetwp-facet facetwp-facet-pagination facetwp-type-pager\" data-name=\"pagination\" data-type=\"pager\"><\/div>\n\n\n<div class=\"facetwp-facet facetwp-facet-mobile_pagination facetwp-type-pager\" data-name=\"mobile_pagination\" data-type=\"pager\"><\/div>\n<\/div>\n<\/div>\n<\/div>\n<\/div><\/section>\n\n<section class=\"e-stn e-stn-fecd9f248d71f1b43eea1791ae2aa16e613ea50d e-stn--subscription-form\"><div class=\"container\">\n<div class=\"wp-block-b3rg-row e-row row\">\n<div class=\"wp-block-b3rg-column e-col e-col-5e53f80929c6668a38540fba03c97241dc5f6888 e-col--left  col-sm-12 col-lg-6\">\n<h2 class=\"wp-block-heading has-pure-white-color has-text-color has-link-color wp-elements-cec0e497456012f6e859233bfca8aaa4\"><strong>Mant\u00e9ngase informado: Soluciones, historias y formas de generar impacto<\/strong><\/h2>\n\n\n\n<p>Reg\u00edstrese para recibir actualizaciones sobre el trabajo de la Alianza, incluyendo las \u00faltimas investigaciones, esfuerzos de promoci\u00f3n e historias reales de progreso \u2014 adem\u00e1s de formas en las que puede ayudar a impulsar un cambio duradero.<\/p>\n<\/div>\n\n\n\n<div class=\"wp-block-b3rg-column e-col e-col-117d0cb7e6b4934330c33fb3a4c7ee0ab7e9abd4 e-col--right e-col--email-cta-form-wrpr  col-sm-12 col-lg-6\">\n<div id=\"mc_embed_shell\">\n      <link href=\"\/\/cdn-images.mailchimp.com\/embedcode\/classic-061523.css\" rel=\"stylesheet\" type=\"text\/css\"\/>\n  <style type=\"text\/css\">\n        #mc_embed_signup{background:#fff; false;clear:left; font:14px Helvetica,Arial,sans-serif; width: 600px;}\n        \/* Add your own Mailchimp form style overrides in your site stylesheet or in this style block.\n           We recommend moving this block and the preceding CSS link to the HEAD of your HTML file. *\/\n<\/style>\n<div id=\"mc_embed_signup\">\n    <form action=\"https:\/\/endhomelessness.us9.list-manage.com\/subscribe\/post?u=466b34a51377a9504fb2ebd8f&#038;id=1cf64328bb&#038;f_id=00f7f2e0f0\" method=\"post\" id=\"mc-embedded-subscribe-form\" name=\"mc-embedded-subscribe-form\" class=\"validate\" target=\"_blank\">\n        <div id=\"mc_embed_signup_scroll\">\n            <div class=\"indicates-required\"><span class=\"asterisk\">*<\/span> indica campo obligatorio<\/div>\n            <div class=\"mc-field-group\"><label for=\"mce-EMAIL\">Direcci\u00f3n de correo electr\u00f3nico <span class=\"asterisk\">*<\/span><\/label><input type=\"email\" name=\"EMAIL\" class=\"required email\" id=\"mce-EMAIL\" required=\"\" value=\"\"\/><\/div><div class=\"mc-field-group input-group\"><strong>\u00bfC\u00f3mo deber\u00edamos comunicarnos con usted? <\/strong><ul><li><input type=\"checkbox\" name=\"group[17873][1]\" id=\"mce-group[17873]-17873-0\" value=\"\"\/><label for=\"mce-group[17873]-17873-0\">Deseo recibir semanalmente herramientas, recursos y noticias sobre la falta de vivienda<\/label><\/li><li><input type=\"checkbox\" name=\"group[17873][2]\" id=\"mce-group[17873]-17873-1\" value=\"\"\/><label for=\"mce-group[17873]-17873-1\">Deseo recibir noticias generales y actualizaciones sobre el trabajo de la Alianza<\/label><\/li><\/ul><\/div><div class=\"mc-field-group\"><label for=\"mce-FNAME\">Nombre <\/label><input type=\"text\" name=\"FNAME\" class=\" text\" id=\"mce-FNAME\" value=\"\"\/><\/div><div class=\"mc-field-group\"><label for=\"mce-LNAME\">Apellido <\/label><input type=\"text\" name=\"LNAME\" class=\" text\" id=\"mce-LNAME\" value=\"\"\/><\/div>\n<div hidden=\"\"><input type=\"hidden\" name=\"tags\" value=\"12777910\"\/><\/div>\n        <div id=\"mce-responses\" class=\"clear\">\n            <div class=\"response\" id=\"mce-error-response\" style=\"display: none;\"><\/div>\n            <div class=\"response\" id=\"mce-success-response\" style=\"display: none;\"><\/div>\n        <\/div><div aria-hidden=\"true\" style=\"position: absolute; left: -5000px;\"><input type=\"text\" name=\"b_466b34a51377a9504fb2ebd8f_1cf64328bb\" tabindex=\"-1\" value=\"\"\/><\/div><div class=\"clear\"><input type=\"submit\" name=\"subscribe\" id=\"mc-embedded-subscribe\" class=\"button\" value=\"Suscribirse\"\/><\/div>\n    <\/div>\n<\/form>\n<\/div>\n<script type=\"text\/javascript\" src=\"\/\/s3.amazonaws.com\/downloads.mailchimp.com\/js\/mc-validate.js\"><\/script><script type=\"text\/javascript\">(function($) {window.fnames = new Array(); window.ftypes = new Array();fnames[0]='EMAIL';ftypes[0]='email';fnames[1]='FNAME';ftypes[1]='text';fnames[2]='LNAME';ftypes[2]='text';fnames[12]='MMERGE12';ftypes[12]='zip';fnames[4]='MMERGE4';ftypes[4]='text';fnames[7]='CITY';ftypes[7]='text';fnames[8]='STATE';ftypes[8]='text';fnames[11]='MMERGE11';ftypes[11]='text';fnames[13]='MMERGE13';ftypes[13]='text';fnames[3]='MMERGE3';ftypes[3]='text';fnames[5]='MMERGE5';ftypes[5]='text';}(jQuery));var $mcj = jQuery.noConflict(true);<\/script><\/div>\n<\/div>\n<\/div>\n<\/div><\/section>\n","protected":false},"excerpt":{"rendered":"","protected":false},"author":1,"featured_media":14222,"parent":0,"menu_order":0,"comment_status":"closed","ping_status":"closed","template":"","meta":{"_acf_changed":false,"show_custom_date":false,"custom_date":"","featured":false,"featured_image":0,"learn_more_label":"","image_alt_text":"","learn_more_type":"","show_popup":false,"learn_more_link_file":0,"event_date":false,"event_start_date":"","event_end_date":"","place_holder_image_url":"","post_reading_time":"< 1","notification_enabled":false,"notification_text":"","notification_logo":"","notification_expiration_time":0,"is_enable_transparent_header":false,"hide_from_list_view":false,"selected_taxonomy_terms":{"translation_priority":[66]},"selected_primary_terms":[],"learn_more_link":[],"featured_page_list":[],"notification_enabled_post_list":[],"_relevanssi_hide_post":"","_relevanssi_hide_content":"","_relevanssi_pin_for_all":"","_relevanssi_pin_keywords":"","_relevanssi_unpin_keywords":"","_relevanssi_related_keywords":"","_relevanssi_related_include_ids":"","_relevanssi_related_exclude_ids":"","_relevanssi_related_no_append":"","_relevanssi_related_not_related":"","_relevanssi_related_posts":"","_relevanssi_noindex_reason":"","inline_featured_image":false,"news_publication":"","footnotes":""},"class_list":["post-17975","page","type-page","status-publish","has-post-thumbnail","hentry"],"acf":[],"yoast_head":"<!-- This site is optimized with the Yoast SEO Premium plugin v24.7 (Yoast SEO v27.4) - https:\/\/yoast.com\/product\/yoast-seo-premium-wordpress\/ -->\n<title>Centro de Recursos - Alianza Nacional para Erradicar la Falta de Vivienda<\/title>\n<meta name=\"description\" content=\"The National Alliance to End Homelessness is a nonpartisan, nonprofit organization committed to preventing and ending homelessness in the United States.\" \/>\n<meta name=\"robots\" content=\"index, follow, max-snippet:-1, max-image-preview:large, max-video-preview:-1\" \/>\n<link rel=\"canonical\" href=\"https:\/\/endhomelessness.org\/es\/centro-de-recursos\/\" \/>\n<meta property=\"og:locale\" content=\"es_ES\" \/>\n<meta property=\"og:type\" content=\"article\" \/>\n<meta property=\"og:title\" content=\"Centro de Recursos\" \/>\n<meta property=\"og:description\" content=\"The National Alliance to End Homelessness is a nonpartisan, nonprofit organization committed to preventing and ending homelessness in the United States.\" \/>\n<meta property=\"og:url\" content=\"https:\/\/endhomelessness.org\/es\/centro-de-recursos\/\" \/>\n<meta property=\"og:site_name\" content=\"Alianza Nacional para Erradicar la Falta de Vivienda\" \/>\n<meta property=\"article:publisher\" content=\"https:\/\/www.facebook.com\/naehomelessness\/\" \/>\n<meta property=\"article:modified_time\" content=\"2025-04-04T16:43:15+00:00\" \/>\n<meta property=\"og:image\" content=\"https:\/\/endhomelessness.org\/wp-content\/uploads\/2014\/01\/Frame-222.png\" \/>\n\t<meta property=\"og:image:width\" content=\"1068\" \/>\n\t<meta property=\"og:image:height\" content=\"684\" \/>\n\t<meta property=\"og:image:type\" content=\"image\/png\" \/>\n<meta name=\"twitter:card\" content=\"summary_large_image\" \/>\n<script type=\"application\/ld+json\" class=\"yoast-schema-graph\">{\"@context\":\"https:\\\/\\\/schema.org\",\"@graph\":[{\"@type\":\"WebPage\",\"@id\":\"https:\\\/\\\/endhomelessness.org\\\/es\\\/centro-de-recursos\\\/\",\"url\":\"https:\\\/\\\/endhomelessness.org\\\/es\\\/centro-de-recursos\\\/\",\"name\":\"Centro de Recursos - Alianza Nacional para Erradicar la Falta de Vivienda\",\"isPartOf\":{\"@id\":\"https:\\\/\\\/endhomelessness.org\\\/es\\\/#website\"},\"primaryImageOfPage\":{\"@id\":\"https:\\\/\\\/endhomelessness.org\\\/es\\\/centro-de-recursos\\\/#primaryimage\"},\"image\":{\"@id\":\"https:\\\/\\\/endhomelessness.org\\\/es\\\/centro-de-recursos\\\/#primaryimage\"},\"thumbnailUrl\":\"https:\\\/\\\/endhomelessness.org\\\/wp-content\\\/uploads\\\/2014\\\/01\\\/Frame-222.png\",\"datePublished\":\"2024-08-28T03:20:21+00:00\",\"dateModified\":\"2025-04-04T16:43:15+00:00\",\"description\":\"The National Alliance to End Homelessness is a nonpartisan, nonprofit organization committed to preventing and ending homelessness in the United States.\",\"breadcrumb\":{\"@id\":\"https:\\\/\\\/endhomelessness.org\\\/es\\\/centro-de-recursos\\\/#breadcrumb\"},\"inLanguage\":\"es\",\"potentialAction\":[{\"@type\":\"ReadAction\",\"target\":[\"https:\\\/\\\/endhomelessness.org\\\/es\\\/centro-de-recursos\\\/\"]}]},{\"@type\":\"ImageObject\",\"inLanguage\":\"es\",\"@id\":\"https:\\\/\\\/endhomelessness.org\\\/es\\\/centro-de-recursos\\\/#primaryimage\",\"url\":\"https:\\\/\\\/endhomelessness.org\\\/wp-content\\\/uploads\\\/2014\\\/01\\\/Frame-222.png\",\"contentUrl\":\"https:\\\/\\\/endhomelessness.org\\\/wp-content\\\/uploads\\\/2014\\\/01\\\/Frame-222.png\",\"width\":1068,\"height\":684,\"caption\":\"National Alliance to End Homelessness logo\"},{\"@type\":\"BreadcrumbList\",\"@id\":\"https:\\\/\\\/endhomelessness.org\\\/es\\\/centro-de-recursos\\\/#breadcrumb\",\"itemListElement\":[{\"@type\":\"ListItem\",\"position\":1,\"name\":\"Inicio\",\"item\":\"https:\\\/\\\/endhomelessness.org\\\/es\\\/home-page-2-2-2\\\/\"},{\"@type\":\"ListItem\",\"position\":2,\"name\":\"Centro de Recursos\"}]},{\"@type\":\"WebSite\",\"@id\":\"https:\\\/\\\/endhomelessness.org\\\/es\\\/#website\",\"url\":\"https:\\\/\\\/endhomelessness.org\\\/es\\\/\",\"name\":\"National Alliance to End Homelessness\",\"description\":\"Organizaci\u00f3n no partidista para prevenir y erradicar la falta de vivienda en EE.UU.\",\"publisher\":{\"@id\":\"https:\\\/\\\/endhomelessness.org\\\/es\\\/#organization\"},\"potentialAction\":[{\"@type\":\"SearchAction\",\"target\":{\"@type\":\"EntryPoint\",\"urlTemplate\":\"https:\\\/\\\/endhomelessness.org\\\/es\\\/?s={search_term_string}\"},\"query-input\":{\"@type\":\"PropertyValueSpecification\",\"valueRequired\":true,\"valueName\":\"search_term_string\"}}],\"inLanguage\":\"es\"},{\"@type\":\"Organization\",\"@id\":\"https:\\\/\\\/endhomelessness.org\\\/es\\\/#organization\",\"name\":\"Alianza Nacional para Erradicar la Falta de Vivienda\",\"url\":\"https:\\\/\\\/endhomelessness.org\\\/es\\\/\",\"logo\":{\"@type\":\"ImageObject\",\"inLanguage\":\"es\",\"@id\":\"https:\\\/\\\/endhomelessness.org\\\/es\\\/#\\\/schema\\\/logo\\\/image\\\/\",\"url\":\"https:\\\/\\\/endhomelessness.org\\\/wp-content\\\/uploads\\\/2024\\\/09\\\/logo-2.webp\",\"contentUrl\":\"https:\\\/\\\/endhomelessness.org\\\/wp-content\\\/uploads\\\/2024\\\/09\\\/logo-2.webp\",\"width\":687,\"height\":361,\"caption\":\"Alianza Nacional para Erradicar la Falta de Vivienda\"},\"image\":{\"@id\":\"https:\\\/\\\/endhomelessness.org\\\/es\\\/#\\\/schema\\\/logo\\\/image\\\/\"},\"sameAs\":[\"https:\\\/\\\/www.facebook.com\\\/naehomelessness\\\/\",\"https:\\\/\\\/www.youtube.com\\\/@EndingHomelessness\",\"https:\\\/\\\/www.linkedin.com\\\/company\\\/national-alliance-to-end-homelessness\\\/\",\"https:\\\/\\\/instagram.com\\\/naeh_endhomelessness\"]}]}<\/script>\n<!-- \/ Yoast SEO Premium plugin. -->","yoast_head_json":{"title":"Centro de Recursos - Alianza Nacional para Erradicar la Falta de Vivienda","description":"The National Alliance to End Homelessness is a nonpartisan, nonprofit organization committed to preventing and ending homelessness in the United States.","robots":{"index":"index","follow":"follow","max-snippet":"max-snippet:-1","max-image-preview":"max-image-preview:large","max-video-preview":"max-video-preview:-1"},"canonical":"https:\/\/endhomelessness.org\/es\/centro-de-recursos\/","og_locale":"es_ES","og_type":"article","og_title":"Centro de Recursos","og_description":"The National Alliance to End Homelessness is a nonpartisan, nonprofit organization committed to preventing and ending homelessness in the United States.","og_url":"https:\/\/endhomelessness.org\/es\/centro-de-recursos\/","og_site_name":"Alianza Nacional para Erradicar la Falta de Vivienda","article_publisher":"https:\/\/www.facebook.com\/naehomelessness\/","article_modified_time":"2025-04-04T16:43:15+00:00","og_image":[{"width":1068,"height":684,"url":"https:\/\/endhomelessness.org\/wp-content\/uploads\/2014\/01\/Frame-222.png","type":"image\/png"}],"twitter_card":"summary_large_image","schema":{"@context":"https:\/\/schema.org","@graph":[{"@type":"WebPage","@id":"https:\/\/endhomelessness.org\/es\/centro-de-recursos\/","url":"https:\/\/endhomelessness.org\/es\/centro-de-recursos\/","name":"Centro de Recursos - Alianza Nacional para Erradicar la Falta de Vivienda","isPartOf":{"@id":"https:\/\/endhomelessness.org\/es\/#website"},"primaryImageOfPage":{"@id":"https:\/\/endhomelessness.org\/es\/centro-de-recursos\/#primaryimage"},"image":{"@id":"https:\/\/endhomelessness.org\/es\/centro-de-recursos\/#primaryimage"},"thumbnailUrl":"https:\/\/endhomelessness.org\/wp-content\/uploads\/2014\/01\/Frame-222.png","datePublished":"2024-08-28T03:20:21+00:00","dateModified":"2025-04-04T16:43:15+00:00","description":"The National Alliance to End Homelessness is a nonpartisan, nonprofit organization committed to preventing and ending homelessness in the United States.","breadcrumb":{"@id":"https:\/\/endhomelessness.org\/es\/centro-de-recursos\/#breadcrumb"},"inLanguage":"es","potentialAction":[{"@type":"ReadAction","target":["https:\/\/endhomelessness.org\/es\/centro-de-recursos\/"]}]},{"@type":"ImageObject","inLanguage":"es","@id":"https:\/\/endhomelessness.org\/es\/centro-de-recursos\/#primaryimage","url":"https:\/\/endhomelessness.org\/wp-content\/uploads\/2014\/01\/Frame-222.png","contentUrl":"https:\/\/endhomelessness.org\/wp-content\/uploads\/2014\/01\/Frame-222.png","width":1068,"height":684,"caption":"National Alliance to End Homelessness logo"},{"@type":"BreadcrumbList","@id":"https:\/\/endhomelessness.org\/es\/centro-de-recursos\/#breadcrumb","itemListElement":[{"@type":"ListItem","position":1,"name":"Inicio","item":"https:\/\/endhomelessness.org\/es\/home-page-2-2-2\/"},{"@type":"ListItem","position":2,"name":"Centro de Recursos"}]},{"@type":"WebSite","@id":"https:\/\/endhomelessness.org\/es\/#website","url":"https:\/\/endhomelessness.org\/es\/","name":"National Alliance to End Homelessness","description":"Organizaci\u00f3n no partidista para prevenir y erradicar la falta de vivienda en EE.UU.","publisher":{"@id":"https:\/\/endhomelessness.org\/es\/#organization"},"potentialAction":[{"@type":"SearchAction","target":{"@type":"EntryPoint","urlTemplate":"https:\/\/endhomelessness.org\/es\/?s={search_term_string}"},"query-input":{"@type":"PropertyValueSpecification","valueRequired":true,"valueName":"search_term_string"}}],"inLanguage":"es"},{"@type":"Organization","@id":"https:\/\/endhomelessness.org\/es\/#organization","name":"Alianza Nacional para Erradicar la Falta de Vivienda","url":"https:\/\/endhomelessness.org\/es\/","logo":{"@type":"ImageObject","inLanguage":"es","@id":"https:\/\/endhomelessness.org\/es\/#\/schema\/logo\/image\/","url":"https:\/\/endhomelessness.org\/wp-content\/uploads\/2024\/09\/logo-2.webp","contentUrl":"https:\/\/endhomelessness.org\/wp-content\/uploads\/2024\/09\/logo-2.webp","width":687,"height":361,"caption":"Alianza Nacional para Erradicar la Falta de Vivienda"},"image":{"@id":"https:\/\/endhomelessness.org\/es\/#\/schema\/logo\/image\/"},"sameAs":["https:\/\/www.facebook.com\/naehomelessness\/","https:\/\/www.youtube.com\/@EndingHomelessness","https:\/\/www.linkedin.com\/company\/national-alliance-to-end-homelessness\/","https:\/\/instagram.com\/naeh_endhomelessness"]}]}},"_links":{"self":[{"href":"https:\/\/endhomelessness.org\/es\/wp-json\/wp\/v2\/pages\/17975","targetHints":{"allow":["GET"]}}],"collection":[{"href":"https:\/\/endhomelessness.org\/es\/wp-json\/wp\/v2\/pages"}],"about":[{"href":"https:\/\/endhomelessness.org\/es\/wp-json\/wp\/v2\/types\/page"}],"author":[{"embeddable":true,"href":"https:\/\/endhomelessness.org\/es\/wp-json\/wp\/v2\/users\/1"}],"replies":[{"embeddable":true,"href":"https:\/\/endhomelessness.org\/es\/wp-json\/wp\/v2\/comments?post=17975"}],"version-history":[{"count":0,"href":"https:\/\/endhomelessness.org\/es\/wp-json\/wp\/v2\/pages\/17975\/revisions"}],"wp:featuredmedia":[{"embeddable":true,"href":"https:\/\/endhomelessness.org\/es\/wp-json\/wp\/v2\/media\/14222"}],"wp:attachment":[{"href":"https:\/\/endhomelessness.org\/es\/wp-json\/wp\/v2\/media?parent=17975"}],"curies":[{"name":"wp","href":"https:\/\/api.w.org\/{rel}","templated":true}]}}