{"id":18035,"date":"2024-09-02T04:04:48","date_gmt":"2024-09-02T08:04:48","guid":{"rendered":"https:\/\/endhomelessness.org\/quienes-experimentan-la-falta-de-vivienda-personas-que-no-pueden-permitirse-el-alquiler\/"},"modified":"2025-04-04T12:44:54","modified_gmt":"2025-04-04T16:44:54","slug":"quienes-experimentan-la-falta-de-vivienda-personas-que-no-pueden-permitirse-el-alquiler","status":"publish","type":"page","link":"https:\/\/endhomelessness.org\/es\/quienes-experimentan-la-falta-de-vivienda-personas-que-no-pueden-permitirse-el-alquiler\/","title":{"rendered":"Qui\u00e9nes experimentan la falta de vivienda: Personas que no pueden permitirse el alquiler"},"content":{"rendered":"\n<section class=\"e-stn e-stn-c9b698fcbeb559376d250e32454cb8b66b6dabdb e-stn--banner-with-links\"><div class=\"e-bic\"><picture><img decoding=\"async\" src=\"https:\/\/endhomelessness.org\/wp-content\/uploads\/2025\/03\/People-Rent_Banner-scaled.webp\" alt=\"\"\/><\/picture><\/div><div class=\"container\">\n<div class=\"wp-block-b3rg-row e-row row\">\n<div class=\"wp-block-b3rg-column e-col e-col-3fd29a26ff70780ecd7ff03db8f4638045c8c9d8  col-sm-12\">\n<p class=\"eyebrow-text has-pure-white-color has-text-color has-link-color wp-elements-bd38043cad0fd630fa5f242bcc38e795\" style=\"font-style:normal;font-weight:700\">\u00bfQui\u00e9n experimenta la falta de vivienda?<\/p>\n\n\n\n<h1 class=\"wp-block-heading\" id=\"h-people-who-can-t-afford-rent\">Personas que no pueden permitirse el alquiler<\/h1>\n\n\n\n<p>Millones de estadounidenses est\u00e1n siendo empujados a la falta de vivienda porque no pueden permitirse el aumento de los precios del alquiler. Simplemente no hay suficientes viviendas asequibles para todos. Conozca qui\u00e9nes son los m\u00e1s afectados.  <\/p>\n<\/div>\n<\/div>\n<\/div><\/section>\n\n<section class=\"e-stn e-stn-9680a4790dea81ddcacc97d5bde1b7d4a69abc3c e-stn--banner-nav\"><div class=\"container\">\n<div class=\"wp-block-b3rg-row e-row row e-row--dlt\">\n<div class=\"wp-block-b3rg-column e-col e-col-3fd29a26ff70780ecd7ff03db8f4638045c8c9d8  col-sm-12\">\n<p>\u00bfQui\u00e9n experimenta la falta de vivienda?<\/p>\n\n\n<nav class=\"is-responsive wp-block-navigation is-layout-flex wp-block-navigation-is-layout-flex\" aria-label=\"Inner Menu - Who Experiences Homelessnes\" \n\t\t data-wp-interactive=\"core\/navigation\" data-wp-context='{\"overlayOpenedBy\":{\"click\":false,\"hover\":false,\"focus\":false},\"type\":\"overlay\",\"roleAttribute\":\"\",\"ariaLabel\":\"Men\\u00fa\"}'><button aria-haspopup=\"dialog\" aria-label=\"Abrir el men\u00fa\" class=\"wp-block-navigation__responsive-container-open\" \n\t\t\t\tdata-wp-on--click=\"actions.openMenuOnClick\"\n\t\t\t\tdata-wp-on--keydown=\"actions.handleMenuKeydown\"\n\t\t\t><svg width=\"24\" height=\"24\" xmlns=\"http:\/\/www.w3.org\/2000\/svg\" viewBox=\"0 0 24 24\" aria-hidden=\"true\" focusable=\"false\"><path d=\"M4 7.5h16v1.5H4z\"><\/path><path d=\"M4 15h16v1.5H4z\"><\/path><\/svg><\/button>\n\t\t\t\t<div class=\"wp-block-navigation__responsive-container\"  id=\"modal-2\" \n\t\t\t\tdata-wp-class--has-modal-open=\"state.isMenuOpen\"\n\t\t\t\tdata-wp-class--is-menu-open=\"state.isMenuOpen\"\n\t\t\t\tdata-wp-watch=\"callbacks.initMenu\"\n\t\t\t\tdata-wp-on--keydown=\"actions.handleMenuKeydown\"\n\t\t\t\tdata-wp-on--focusout=\"actions.handleMenuFocusout\"\n\t\t\t\ttabindex=\"-1\"\n\t\t\t>\n\t\t\t\t\t<div class=\"wp-block-navigation__responsive-close\" tabindex=\"-1\">\n\t\t\t\t\t\t<div class=\"wp-block-navigation__responsive-dialog\" \n\t\t\t\tdata-wp-bind--aria-modal=\"state.ariaModal\"\n\t\t\t\tdata-wp-bind--aria-label=\"state.ariaLabel\"\n\t\t\t\tdata-wp-bind--role=\"state.roleAttribute\"\n\t\t\t>\n\t\t\t\t\t\t\t<button aria-label=\"Cerrar el men\u00fa\" class=\"wp-block-navigation__responsive-container-close\" \n\t\t\t\tdata-wp-on--click=\"actions.closeMenuOnClick\"\n\t\t\t><svg xmlns=\"http:\/\/www.w3.org\/2000\/svg\" viewBox=\"0 0 24 24\" width=\"24\" height=\"24\" aria-hidden=\"true\" focusable=\"false\"><path d=\"m13.06 12 6.47-6.47-1.06-1.06L12 10.94 5.53 4.47 4.47 5.53 10.94 12l-6.47 6.47 1.06 1.06L12 13.06l6.47 6.47 1.06-1.06L13.06 12Z\"><\/path><\/svg><\/button>\n\t\t\t\t\t\t\t<div class=\"wp-block-navigation__responsive-container-content\" \n\t\t\t\tdata-wp-watch=\"callbacks.focusFirstElement\"\n\t\t\t id=\"modal-2-content\">\n\t\t\t\t\t\t\t\t<ul class=\"wp-block-navigation__container is-responsive wp-block-navigation\"><li class=\" wp-block-navigation-item wp-block-navigation-link\"><a class=\"wp-block-navigation-item__content\"  href=\"https:\/\/endhomelessness.org\/people-who-cant-afford-rent\/\"><span class=\"wp-block-navigation-item__label\">People Who Can&#8217;t Afford Rent<\/span><\/a><\/li><li class=\" wp-block-navigation-item wp-block-navigation-link\"><a class=\"wp-block-navigation-item__content\"  href=\"https:\/\/endhomelessness.org\/people-who-have-insufficient-income\/\"><span class=\"wp-block-navigation-item__label\">People Who Have Insufficient Income<\/span><\/a><\/li><li class=\" wp-block-navigation-item wp-block-navigation-link\"><a class=\"wp-block-navigation-item__content\"  href=\"https:\/\/endhomelessness.org\/people-with-unaddressed-health-conditions\/\"><span class=\"wp-block-navigation-item__label\">People with Unaddressed Health Conditions<\/span><\/a><\/li><li class=\" wp-block-navigation-item wp-block-navigation-link\"><a class=\"wp-block-navigation-item__content\"  href=\"https:\/\/endhomelessness.org\/marginalized-groups-subject-to-systemic-disinvestment-and-discrimination\/\"><span class=\"wp-block-navigation-item__label\">Systemically Marginalized Groups<\/span><\/a><\/li><\/ul>\n\t\t\t\t\t\t\t<\/div>\n\t\t\t\t\t\t<\/div>\n\t\t\t\t\t<\/div>\n\t\t\t\t<\/div><\/nav><\/div>\n<\/div>\n<\/div><\/section>\n\n<section class=\"e-stn e-stn-4b4eaca5f48ef2063a69e743140d3d6749c59858 e-stn--tabs-with-content-cards e-stn--image-acc e-pt-120  e-pt-sm-60 e-pb-120  e-pb-sm-30\"><div class=\"container\">\n<div class=\"wp-block-b3rg-row e-row row\">\n<div class=\"wp-block-b3rg-column e-col e-col-3fd29a26ff70780ecd7ff03db8f4638045c8c9d8  col-sm-12\">\n<h2 class=\"wp-block-heading has-text-align-center has-rich-black-color has-text-color has-link-color wp-elements-a1d51f832c1adf3a7f66b2d7d60197e1\" id=\"h-cost-burdened-renters\">Inquilinos con carga de costos<\/h2>\n\n\n\n<p class=\"has-text-align-center titl has-silver-color has-text-color has-link-color wp-elements-546809a346f5936f43efcefa1748ebcf\">Se considera que las personas que gastan m\u00e1s de un tercio de sus ingresos en vivienda tienen una carga de costos de vivienda. Sin embargo, muchos hogares gastan la mitad de sus ingresos o m\u00e1s en vivienda, una carga de costos severa que a menudo les obliga a renunciar a necesidades b\u00e1sicas, incluyendo alimentos, medicamentos y atenci\u00f3n m\u00e9dica, entre otras necesidades. Estos hogares com\u00fanmente est\u00e1n empleados pero simplemente no pueden acceder a la vivienda asequible que necesitan, atrap\u00e1ndolos en un ciclo de inestabilidad habitacional y mayor riesgo de falta de vivienda.  <\/p>\n\n\n<div class=\"e-acc e-acc--dlt e-acc--tabs-with-content-cards  has-float-panel auto-slide\" data-settings='{\"forceExpand\":false,\"toggleMode\":true,\"colBreakPoint\":992,\"floatPanel\":true,\"autoSlide\":true,\"autoPlayInterval\":5000,\"pauseOnFocus\":true}' data-accordion='e-acc_69f1ca387b144'><div class=\"e-acc__itms-wrpr\"><div class=\"e-acc__itm-wrpr  active\" data-item-id='e-acc-itm-id-0'><div class=\"e-acc__itm\"><div class=\"e-acc__itm-hdr-wrpr\" data-toggle='collapse' data-target='e-acc-itm-id-0'><div class=\"e-acc__itm-hdr\">\n<h3 class=\"wp-block-heading\" id=\"h-people-living-in-deep-poverty\">Personas que viven en pobreza extrema<\/h3>\n<\/div><\/div><div class=\"e-acc__itm-bdy-wrpr\" id='e-acc-itm-id-0' style='display:block'><div class=\"e-acc__itm-bdy\">\n<p>La Oficina del Censo de los Estados Unidos informa que m\u00e1s de 20 millones de personas viv\u00edan en pobreza extrema en 2021, representando el 6,2 por ciento de la poblaci\u00f3n total y el 48,4 por ciento de aquellos en pobreza. Estos hogares enfrentan presiones econ\u00f3micas cada d\u00eda, siendo los costos de vivienda uno de los m\u00e1s abrumadores. <\/p>\n<\/div><\/div><div class=\"e-acc__flt-itm-wrpr  active\" data-id='e-acc-itm-id-0'\n        id='float_panel_e-acc-itm-id-0'><div class=\"e-acc__flt-itm\">\n<div class=\"e-div e-div-d43793ef863a80b0c3234ac2f45ebcb7ca58415a\"><div class=\"e-img \">\n<figure class=\"wp-block-image size-full\"><img loading=\"lazy\" decoding=\"async\" width=\"1270\" height=\"800\" src=\"https:\/\/endhomelessness.org\/wp-content\/uploads\/2025\/03\/People-Rent-02.webp\" alt=\"\" class=\"wp-image-15735\" srcset=\"https:\/\/endhomelessness.org\/wp-content\/uploads\/2025\/03\/People-Rent-02.webp 1270w, https:\/\/endhomelessness.org\/wp-content\/uploads\/2025\/03\/People-Rent-02-300x189.webp 300w, https:\/\/endhomelessness.org\/wp-content\/uploads\/2025\/03\/People-Rent-02-1024x645.webp 1024w, https:\/\/endhomelessness.org\/wp-content\/uploads\/2025\/03\/People-Rent-02-768x484.webp 768w, https:\/\/endhomelessness.org\/wp-content\/uploads\/2025\/03\/People-Rent-02-575x362.webp 575w\" sizes=\"auto, (max-width: 1270px) 100vw, 1270px\" \/><\/figure>\n<\/div><\/div>\n<\/div><\/div><\/div><\/div><div class=\"e-acc__itm-wrpr\" data-item-id='e-acc-itm-id-1'><div class=\"e-acc__itm\"><div class=\"e-acc__itm-hdr-wrpr\" data-toggle='collapse' data-target='e-acc-itm-id-1'><div class=\"e-acc__itm-hdr\">\n<h3 class=\"wp-block-heading\" id=\"h-low-wage-workers\">Trabajadores con salarios bajos<\/h3>\n<\/div><\/div><div class=\"e-acc__itm-bdy-wrpr\" id='e-acc-itm-id-1' style='display: none'><div class=\"e-acc__itm-bdy\">\n<p>En 2022, 17 millones de trabajadores recib\u00edan un salario inferior a 15 d\u00f3lares por hora, con 1,02 millones de trabajadores por hora ganando el salario m\u00ednimo federal de 7,25 d\u00f3lares o menos. Esos salarios obligan a las personas a trabajar en m\u00faltiples empleos solo para pagar el alquiler y costear las necesidades b\u00e1sicas.  <\/p>\n<\/div><\/div><div class=\"e-acc__flt-itm-wrpr\" data-id='e-acc-itm-id-1'\n        id='float_panel_e-acc-itm-id-1'><div class=\"e-acc__flt-itm\">\n<div class=\"e-div e-div-4c4b3f1a879cfa039ef03cb2e21d9af5651f5d76\"><div class=\"e-img \">\n<figure class=\"wp-block-image size-full\"><img loading=\"lazy\" decoding=\"async\" width=\"1271\" height=\"800\" src=\"https:\/\/endhomelessness.org\/wp-content\/uploads\/2025\/03\/People-Rent-03.webp\" alt=\"\" class=\"wp-image-15737\" srcset=\"https:\/\/endhomelessness.org\/wp-content\/uploads\/2025\/03\/People-Rent-03.webp 1271w, https:\/\/endhomelessness.org\/wp-content\/uploads\/2025\/03\/People-Rent-03-300x189.webp 300w, https:\/\/endhomelessness.org\/wp-content\/uploads\/2025\/03\/People-Rent-03-1024x645.webp 1024w, https:\/\/endhomelessness.org\/wp-content\/uploads\/2025\/03\/People-Rent-03-768x483.webp 768w, https:\/\/endhomelessness.org\/wp-content\/uploads\/2025\/03\/People-Rent-03-575x362.webp 575w\" sizes=\"auto, (max-width: 1271px) 100vw, 1271px\" \/><\/figure>\n<\/div><\/div>\n<\/div><\/div><\/div><\/div><div class=\"e-acc__itm-wrpr\" data-item-id='e-acc-itm-id-2'><div class=\"e-acc__itm\"><div class=\"e-acc__itm-hdr-wrpr\" data-toggle='collapse' data-target='e-acc-itm-id-2'><div class=\"e-acc__itm-hdr\">\n<h3 class=\"wp-block-heading\" id=\"h-marginalized-communities\">Comunidades marginadas<\/h3>\n<\/div><\/div><div class=\"e-acc__itm-bdy-wrpr\" id='e-acc-itm-id-2' style='display: none'><div class=\"e-acc__itm-bdy\">\n<p>Los grupos de personas que han sido sistem\u00e1ticamente marginados, incluyendo personas de color, personas con discapacidades y personas LGBTQ+, enfrentan discriminaci\u00f3n en el empleo, los salarios y las oportunidades de vivienda, lo que a menudo los sit\u00faa en la pobreza extrema e incapaces de hacer frente al abrumador costo del alquiler.<\/p>\n<\/div><\/div><div class=\"e-acc__flt-itm-wrpr\" data-id='e-acc-itm-id-2'\n        id='float_panel_e-acc-itm-id-2'><div class=\"e-acc__flt-itm\">\n<div class=\"e-div e-div-4c4b3f1a879cfa039ef03cb2e21d9af5651f5d76\"><div class=\"e-img \">\n<figure class=\"wp-block-image size-full\"><img loading=\"lazy\" decoding=\"async\" width=\"1270\" height=\"800\" src=\"https:\/\/endhomelessness.org\/wp-content\/uploads\/2025\/03\/People-Rent-04.webp\" alt=\"\" class=\"wp-image-15739\" srcset=\"https:\/\/endhomelessness.org\/wp-content\/uploads\/2025\/03\/People-Rent-04.webp 1270w, https:\/\/endhomelessness.org\/wp-content\/uploads\/2025\/03\/People-Rent-04-300x189.webp 300w, https:\/\/endhomelessness.org\/wp-content\/uploads\/2025\/03\/People-Rent-04-1024x645.webp 1024w, https:\/\/endhomelessness.org\/wp-content\/uploads\/2025\/03\/People-Rent-04-768x484.webp 768w, https:\/\/endhomelessness.org\/wp-content\/uploads\/2025\/03\/People-Rent-04-575x362.webp 575w\" sizes=\"auto, (max-width: 1270px) 100vw, 1270px\" \/><\/figure>\n<\/div><\/div>\n<\/div><\/div><\/div><\/div><div class=\"e-acc__itm-wrpr\" data-item-id='e-acc-itm-id-3'><div class=\"e-acc__itm\"><div class=\"e-acc__itm-hdr-wrpr\" data-toggle='collapse' data-target='e-acc-itm-id-3'><div class=\"e-acc__itm-hdr\">\n<h3 class=\"wp-block-heading\" id=\"h-the-impact-of-rural-poverty\">El impacto de la pobreza rural<\/h3>\n<\/div><\/div><div class=\"e-acc__itm-bdy-wrpr\" id='e-acc-itm-id-3' style='display: none'><div class=\"e-acc__itm-bdy\">\n<p>Aunque para algunas personas la pobreza rural es menos visible, sus impactos son severos. Incluso teniendo en cuenta los costos de vivienda m\u00e1s bajos en las comunidades rurales, la falta de infraestructura de vivienda, infraestructura de servicios sociales y oportunidades econ\u00f3micas contribuyen a los problemas de asequibilidad de la vivienda rural. <\/p>\n<\/div><\/div><div class=\"e-acc__flt-itm-wrpr\" data-id='e-acc-itm-id-3'\n        id='float_panel_e-acc-itm-id-3'><div class=\"e-acc__flt-itm\">\n<div class=\"e-div e-div-4c4b3f1a879cfa039ef03cb2e21d9af5651f5d76\"><div class=\"e-img \">\n<figure class=\"wp-block-image size-full\"><img loading=\"lazy\" decoding=\"async\" width=\"1270\" height=\"800\" src=\"https:\/\/endhomelessness.org\/wp-content\/uploads\/2025\/03\/People-Rent-05.webp\" alt=\"\" class=\"wp-image-15742\" srcset=\"https:\/\/endhomelessness.org\/wp-content\/uploads\/2025\/03\/People-Rent-05.webp 1270w, https:\/\/endhomelessness.org\/wp-content\/uploads\/2025\/03\/People-Rent-05-300x189.webp 300w, https:\/\/endhomelessness.org\/wp-content\/uploads\/2025\/03\/People-Rent-05-1024x645.webp 1024w, https:\/\/endhomelessness.org\/wp-content\/uploads\/2025\/03\/People-Rent-05-768x484.webp 768w, https:\/\/endhomelessness.org\/wp-content\/uploads\/2025\/03\/People-Rent-05-575x362.webp 575w\" sizes=\"auto, (max-width: 1270px) 100vw, 1270px\" \/><\/figure>\n<\/div><\/div>\n<\/div><\/div><\/div><\/div><\/div> <div class=\"e-acc__flt-itms-wrpr\" ><\/div><\/div><\/div>\n<\/div>\n<\/div><\/section>\n\n<section class=\"e-stn e-stn-1fc881285433f90e4e4d4c6185af78aead9d9bff e-stn--left-right-content e-mt-0 e-pt-120  e-pt-sm-60 e-pb-60  e-pb-sm-60\"><div class=\"container\">\n<div class=\"wp-block-b3rg-row e-row row\">\n<div class=\"wp-block-b3rg-column e-col e-col-3fd29a26ff70780ecd7ff03db8f4638045c8c9d8  col-sm-12\">\n<h2 class=\"wp-block-heading has-text-align-center main-title has-rich-black-color has-text-color has-link-color wp-elements-7a715a98c7b2a70eb1ad01d354e79ab1\" id=\"h-people-on-fixed-incomes\">Personas con ingresos fijos<\/h2>\n\n\n\n<p class=\"has-text-align-center descr has-silver-color has-text-color has-link-color wp-elements-d4405ce6361ae223c97f8dc7023cc3ff\">Las personas con ingresos fijos enfrentan una presi\u00f3n econ\u00f3mica extrema, ya que el costo del alquiler y los bienes aumenta, mientras que sus ingresos permanecen iguales.<\/p>\n<\/div>\n<\/div>\n\n\n\n<div class=\"wp-block-b3rg-row e-row row\">\n<div class=\"wp-block-b3rg-column e-col e-col-3fd29a26ff70780ecd7ff03db8f4638045c8c9d8  col-sm-12\">\n<div class=\"e-div e-div-8aa76065308b11abba32f247fddfdabae8a91778 e-div--left-right-block\"><div class=\"e-img \">\n<figure class=\"wp-block-image size-full\"><img loading=\"lazy\" decoding=\"async\" width=\"1270\" height=\"800\" src=\"https:\/\/endhomelessness.org\/wp-content\/uploads\/2025\/03\/People-Rent-06.webp\" alt=\"\" class=\"wp-image-15744\" srcset=\"https:\/\/endhomelessness.org\/wp-content\/uploads\/2025\/03\/People-Rent-06.webp 1270w, https:\/\/endhomelessness.org\/wp-content\/uploads\/2025\/03\/People-Rent-06-300x189.webp 300w, https:\/\/endhomelessness.org\/wp-content\/uploads\/2025\/03\/People-Rent-06-1024x645.webp 1024w, https:\/\/endhomelessness.org\/wp-content\/uploads\/2025\/03\/People-Rent-06-768x484.webp 768w, https:\/\/endhomelessness.org\/wp-content\/uploads\/2025\/03\/People-Rent-06-575x362.webp 575w\" sizes=\"auto, (max-width: 1270px) 100vw, 1270px\" \/><\/figure>\n<\/div>\n\n\n<div class=\"e-div e-div-363376676f88ba6e750078d774a83caa59bcda08 e-div--content-wrapper\">\n<h3 class=\"wp-block-heading has-text-color has-link-color wp-elements-2e4e1b86d07c4a5d75c5dc8b64d008f8\" id=\"h-older-adults\" style=\"color:#010e1e\">Adultos mayores<\/h3>\n\n\n\n<p class=\"has-silver-color has-text-color has-link-color wp-elements-77e3ea79d96af41ca13bae8bd47b2449\">Los adultos mayores de 50 a\u00f1os representan el segmento de m\u00e1s r\u00e1pido crecimiento de personas que experimentan la falta de vivienda. Para muchos, su capacidad de envejecer en el lugar se hace imposible debido al aumento de los costos de vivienda, el crecimiento de las facturas m\u00e9dicas y una red de seguridad social insuficiente. Para los adultos mayores de color, el racismo estructural y las pr\u00e1cticas discriminatorias son los principales impulsores de la falta de vivienda, probablemente incluyendo el acceso a la vivienda, el empleo, los ingresos, la atenci\u00f3n m\u00e9dica y los servicios de salud mental; la calidad general de la atenci\u00f3n; y las experiencias con el sistema de justicia.  <\/p>\n<\/div>\n<\/div>\n<\/div>\n<\/div>\n\n\n\n<div class=\"wp-block-b3rg-row e-row row\">\n<div class=\"wp-block-b3rg-column e-col e-col-3fd29a26ff70780ecd7ff03db8f4638045c8c9d8  col-sm-12\">\n<div class=\"e-div e-div-8aa76065308b11abba32f247fddfdabae8a91778 e-div--left-right-block\"><div class=\"e-img \">\n<figure class=\"wp-block-image size-full\"><img loading=\"lazy\" decoding=\"async\" width=\"1270\" height=\"800\" src=\"https:\/\/endhomelessness.org\/wp-content\/uploads\/2025\/03\/People-Rent-07.webp\" alt=\"\" class=\"wp-image-15746\" srcset=\"https:\/\/endhomelessness.org\/wp-content\/uploads\/2025\/03\/People-Rent-07.webp 1270w, https:\/\/endhomelessness.org\/wp-content\/uploads\/2025\/03\/People-Rent-07-300x189.webp 300w, https:\/\/endhomelessness.org\/wp-content\/uploads\/2025\/03\/People-Rent-07-1024x645.webp 1024w, https:\/\/endhomelessness.org\/wp-content\/uploads\/2025\/03\/People-Rent-07-768x484.webp 768w, https:\/\/endhomelessness.org\/wp-content\/uploads\/2025\/03\/People-Rent-07-575x362.webp 575w\" sizes=\"auto, (max-width: 1270px) 100vw, 1270px\" \/><\/figure>\n<\/div>\n\n\n<div class=\"e-div e-div-363376676f88ba6e750078d774a83caa59bcda08 e-div--content-wrapper\">\n<h3 class=\"wp-block-heading has-text-color has-link-color wp-elements-9d2adad0eae5e0f403d3980f70651020\" id=\"h-people-relying-on-public-assistance\" style=\"color:#010e1e\">Personas que dependen de la asistencia p\u00fablica<\/h3>\n\n\n\n<p class=\"has-silver-color has-text-color has-link-color wp-elements-f1814a34d6597d346931e8122757872c\">Para aquellos que dependen de programas de asistencia p\u00fablica, la vivienda a menudo est\u00e1 fuera de su alcance. Incluso para los trabajadores de toda la vida que dependen del Seguro Social o las personas que requieren el Seguro por Discapacidad del Seguro Social, estos apoyos de ingresos no han mantenido el ritmo con el vertiginoso aumento del costo del alquiler. <\/p>\n<\/div>\n<\/div>\n<\/div>\n<\/div>\n<\/div><\/section>\n\n<section class=\"e-stn e-stn-1fc881285433f90e4e4d4c6185af78aead9d9bff e-stn--left-right-content e-mt-0 e-pt-120  e-pt-sm-60 e-pb-60  e-pb-sm-60\"><div class=\"container\">\n<div class=\"wp-block-b3rg-row e-row row\">\n<div class=\"wp-block-b3rg-column e-col e-col-3fd29a26ff70780ecd7ff03db8f4638045c8c9d8  col-sm-12\">\n<h2 class=\"wp-block-heading has-text-align-center main-title has-rich-black-color has-text-color has-link-color wp-elements-3b68a31017da5c7829da7defe0256efb\" id=\"h-people-exiting-institutional-settings\">Personas que salen de entornos institucionales<\/h2>\n\n\n\n<p class=\"has-text-align-center descr has-silver-color has-text-color has-link-color wp-elements-2b7effeff338e9a9e0fde99a8afc96e3\">Las personas que salen de entornos institucionales a menudo se reintegran a la sociedad con ingresos y oportunidades econ\u00f3micas limitadas. Para estos grupos, la capacidad de pagar la vivienda es el obst\u00e1culo clave para comenzar una nueva vida. <\/p>\n<\/div>\n<\/div>\n\n\n\n<div class=\"wp-block-b3rg-row e-row row\">\n<div class=\"wp-block-b3rg-column e-col e-col-3fd29a26ff70780ecd7ff03db8f4638045c8c9d8  col-sm-12\">\n<div class=\"e-div e-div-8aa76065308b11abba32f247fddfdabae8a91778 e-div--left-right-block\"><div class=\"e-img \">\n<figure class=\"wp-block-image size-full\"><img loading=\"lazy\" decoding=\"async\" width=\"1270\" height=\"800\" src=\"https:\/\/endhomelessness.org\/wp-content\/uploads\/2025\/03\/People-Rent-08.webp\" alt=\"\" class=\"wp-image-15748\" srcset=\"https:\/\/endhomelessness.org\/wp-content\/uploads\/2025\/03\/People-Rent-08.webp 1270w, https:\/\/endhomelessness.org\/wp-content\/uploads\/2025\/03\/People-Rent-08-300x189.webp 300w, https:\/\/endhomelessness.org\/wp-content\/uploads\/2025\/03\/People-Rent-08-1024x645.webp 1024w, https:\/\/endhomelessness.org\/wp-content\/uploads\/2025\/03\/People-Rent-08-768x484.webp 768w, https:\/\/endhomelessness.org\/wp-content\/uploads\/2025\/03\/People-Rent-08-575x362.webp 575w\" sizes=\"auto, (max-width: 1270px) 100vw, 1270px\" \/><\/figure>\n<\/div>\n\n\n<div class=\"e-div e-div-363376676f88ba6e750078d774a83caa59bcda08 e-div--content-wrapper\">\n<h3 class=\"wp-block-heading has-text-color has-link-color wp-elements-4e4664e2d6a0865f7289f0d282816274\" id=\"h-returning-citizens\" style=\"color:#010e1e\">Ciudadanos que regresan<\/h3>\n\n\n\n<p class=\"has-silver-color has-text-color has-link-color wp-elements-930f53a9b257f096f233c9c442120bad\">Despu\u00e9s de pagar su deuda con la sociedad, las personas que salen de prisi\u00f3n enfrentan una profunda discriminaci\u00f3n en la vivienda y el empleo, incapaces de ganar los salarios para costear la vivienda, y con demasiada frecuencia se les niega la oportunidad de asegurar su propia vivienda.<\/p>\n<\/div>\n<\/div>\n<\/div>\n<\/div>\n\n\n\n<div class=\"wp-block-b3rg-row e-row row\">\n<div class=\"wp-block-b3rg-column e-col e-col-3fd29a26ff70780ecd7ff03db8f4638045c8c9d8  col-sm-12\">\n<div class=\"e-div e-div-8aa76065308b11abba32f247fddfdabae8a91778 e-div--left-right-block\"><div class=\"e-img \">\n<figure class=\"wp-block-image size-full\"><img loading=\"lazy\" decoding=\"async\" width=\"1271\" height=\"800\" src=\"https:\/\/endhomelessness.org\/wp-content\/uploads\/2025\/03\/People-Rent-09.webp\" alt=\"\" class=\"wp-image-15750\" srcset=\"https:\/\/endhomelessness.org\/wp-content\/uploads\/2025\/03\/People-Rent-09.webp 1271w, https:\/\/endhomelessness.org\/wp-content\/uploads\/2025\/03\/People-Rent-09-300x189.webp 300w, https:\/\/endhomelessness.org\/wp-content\/uploads\/2025\/03\/People-Rent-09-1024x645.webp 1024w, https:\/\/endhomelessness.org\/wp-content\/uploads\/2025\/03\/People-Rent-09-768x483.webp 768w, https:\/\/endhomelessness.org\/wp-content\/uploads\/2025\/03\/People-Rent-09-575x362.webp 575w\" sizes=\"auto, (max-width: 1271px) 100vw, 1271px\" \/><\/figure>\n<\/div>\n\n\n<div class=\"e-div e-div-363376676f88ba6e750078d774a83caa59bcda08 e-div--content-wrapper\">\n<h3 class=\"wp-block-heading has-text-color has-link-color wp-elements-ed443740e0ab33dea0112242f8947a43\" id=\"h-foster-youth\" style=\"color:#010e1e\">J\u00f3venes en acogida<\/h3>\n\n\n\n<p class=\"has-silver-color has-text-color has-link-color wp-elements-196af2c0787eae6c363e09ccdb0920ad\">Los ni\u00f1os que crecen en hogares de acogida a menudo enfrentan una crisis cuando salen del sistema. Los ex j\u00f3venes en acogida enfrentan una presi\u00f3n inmediata para asegurar y mantener una vivienda, a pesar de tener ingresos y redes de apoyo m\u00e1s limitados que otros adultos j\u00f3venes. Aunque est\u00e1n surgiendo soluciones pol\u00edticas prometedoras, demasiados j\u00f3venes en acogida se encuentran inmediatamente en situaci\u00f3n de inseguridad habitacional al salir del sistema de acogida.  <\/p>\n<\/div>\n<\/div>\n<\/div>\n<\/div>\n<\/div><\/section>\n\n<section class=\"e-stn e-stn-6192f27cc2f4e031560c0e21fbfea3a4bd2f063e e-stn--media-slider\"><style>@media only screen and (max-width: 9999px) {\n\t\t\t\t\t\t\t\t\t.e-stn.e-stn-6192f27cc2f4e031560c0e21fbfea3a4bd2f063e { \n\t\t\t\t\t\t\t\t\t\tbackground-color: #010E1E; \n\t\t\t\t\t\t\t\t\t}\n\t\t\t\t\t\t\t\t}<\/style><div class=\"container\">\n<div class=\"wp-block-b3rg-row e-row row e-row--title-with-description\">\n<div class=\"wp-block-b3rg-column e-col e-col-3fd29a26ff70780ecd7ff03db8f4638045c8c9d8  col-sm-12\">\n<h2 class=\"wp-block-heading\" id=\"h-the-real-stories-behind-housing-instability\">Las historias reales detr\u00e1s de la inestabilidad habitacional<\/h2>\n\n\n\n<p>M\u00e1s all\u00e1 de las estad\u00edsticas, personas reales est\u00e1n luchando con el aumento del alquiler y la vivienda inestable. Sus historias pintan un v\u00edvido retrato de lo que sucede cuando no hay suficientes viviendas asequibles. <\/p>\n<\/div>\n<\/div>\n\n\n\n<div class=\"wp-block-b3rg-row e-row row\">\n<div class=\"wp-block-b3rg-column e-col e-col-3fd29a26ff70780ecd7ff03db8f4638045c8c9d8  col-sm-12\">                <div class=\"e-sld e-sld--dlt\">\n                    <div class=\"swiper swiper-6c6ddecc-6712-49c4-be38-6f032ee76243\" id=\"6c6ddecc-6712-49c4-be38-6f032ee76243\" data-swiper={\"mobile\":{\"direction\":\"horizontal\",\"loop\":false,\"slidesPerView\":1,\"slidesPerGroup\":1,\"spaceBetween\":10,\"pagination\":{\"enabled\":true,\"clickable\":true,\"el\":\".swiper-pagination\",\"type\":\"progressbar\"},\"navigation\":{\"enabled\":false,\"nextEl\":\".swiper-button-next\",\"prevEl\":\".swiper-button-prev\"},\"scrollbar\":{\"enabled\":false,\"el\":\".swiper-scrollbar\",\"hide\":false},\"speed\":600,\"allowTouchMove\":true,\"effect\":\"slide\",\"fadeEffect\":{\"crossFade\":true},\"freeMode\":false,\"autoHeight\":false,\"centeredSlides\":false,\"lazy\":false,\"initialSlide\":0,\"destroy\":false,\"centerInsufficientSlides\":false,\"keyboard\":{\"enabled\":true}},\"tablet-portrait\":{\"direction\":\"horizontal\",\"loop\":false,\"slidesPerView\":2,\"slidesPerGroup\":1,\"spaceBetween\":10,\"pagination\":{\"enabled\":true,\"clickable\":true,\"el\":\".swiper-pagination\",\"type\":\"progressbar\"},\"navigation\":{\"enabled\":false,\"nextEl\":\".swiper-button-next\",\"prevEl\":\".swiper-button-prev\"},\"scrollbar\":{\"enabled\":false,\"el\":\".swiper-scrollbar\",\"hide\":false},\"speed\":600,\"allowTouchMove\":true,\"effect\":\"slide\",\"fadeEffect\":{\"crossFade\":true},\"freeMode\":false,\"autoHeight\":false,\"centeredSlides\":false,\"lazy\":true,\"initialSlide\":0,\"destroy\":false,\"centerInsufficientSlides\":false,\"keyboard\":{\"enabled\":true}},\"tablet-landscape\":{\"direction\":\"horizontal\",\"loop\":false,\"slidesPerView\":3,\"slidesPerGroup\":1,\"spaceBetween\":20,\"pagination\":{\"enabled\":false,\"clickable\":true,\"el\":\".swiper-pagination\"},\"navigation\":{\"enabled\":true,\"nextEl\":\".swiper-button-next\",\"prevEl\":\".swiper-button-prev\"},\"scrollbar\":{\"enabled\":false,\"el\":\".swiper-scrollbar\",\"hide\":false},\"speed\":600,\"allowTouchMove\":true,\"effect\":\"slide\",\"fadeEffect\":{\"crossFade\":true},\"freeMode\":false,\"autoHeight\":false,\"centeredSlides\":false,\"lazy\":false,\"initialSlide\":0,\"destroy\":false,\"centerInsufficientSlides\":false,\"keyboard\":{\"enabled\":true}},\"desktop\":{\"loop\":false,\"slidesPerView\":3,\"slidesPerGroup\":1,\"spaceBetween\":15,\"pagination\":{\"enabled\":false,\"clickable\":true,\"el\":\".swiper-pagination\"},\"navigation\":{\"enabled\":true,\"nextEl\":\".swiper-button-next\",\"prevEl\":\".swiper-button-prev\"},\"scrollbar\":{\"enabled\":false,\"el\":\".swiper-scrollbar\",\"hide\":false},\"speed\":600,\"allowTouchMove\":true,\"effect\":\"slide\",\"fadeEffect\":{\"crossFade\":true},\"freeMode\":false,\"autoHeight\":false,\"centeredSlides\":false,\"lazy\":false,\"initialSlide\":0,\"destroy\":false,\"centerInsufficientSlides\":false,\"keyboard\":{\"enabled\":true}}}>\n                        <div class=\"swiper-wrapper\"><div class=\"swiper-slide\"><div class=\"e-crd e-crd--dlt\"><a href=\"https:\/\/endhomelessness.org\/blog\/rising-rents-and-inflation-are-likely-increasing-low-income-families-risk-of-homelessness\/\" target=\"_self\"><div class=\"e-img \">\n<figure class=\"wp-block-image size-full\"><img loading=\"lazy\" decoding=\"async\" width=\"740\" height=\"464\" src=\"https:\/\/endhomelessness.org\/wp-content\/uploads\/2025\/03\/People-Rent-10.webp\" alt=\"\" class=\"wp-image-15752\" srcset=\"https:\/\/endhomelessness.org\/wp-content\/uploads\/2025\/03\/People-Rent-10.webp 740w, https:\/\/endhomelessness.org\/wp-content\/uploads\/2025\/03\/People-Rent-10-300x188.webp 300w, https:\/\/endhomelessness.org\/wp-content\/uploads\/2025\/03\/People-Rent-10-575x361.webp 575w\" sizes=\"auto, (max-width: 740px) 100vw, 740px\" \/><\/figure>\n<\/div>\n<h2 class=\"wp-block-heading\" id=\"h-families-living-on-the-edge\">Familias viviendo al borde<\/h2>\n\n<p>Para muchas familias, incluso un ligero aumento del alquiler puede significar perder su hogar. El aumento del alquiler est\u00e1 poniendo a m\u00e1s familias en riesgo de quedarse sin hogar que nunca antes. <\/p>\n<div class=\"e-btn e-btn--link\">\n<p class=\"title\">Leer m\u00e1s<\/p>\n<\/div><\/a><\/div><\/div><div class=\"swiper-slide\"><div class=\"e-crd e-crd--dlt\"><a href=\"https:\/\/www.cbpp.org\/blog\/hidden-housing-instability-37-million-people-live-in-doubled-up-households\" target=\"_blank\"><div class=\"e-img \">\n<figure class=\"wp-block-image size-full\"><img loading=\"lazy\" decoding=\"async\" width=\"740\" height=\"464\" src=\"https:\/\/endhomelessness.org\/wp-content\/uploads\/2025\/03\/People-Rent-11.webp\" alt=\"\" class=\"wp-image-15754\" srcset=\"https:\/\/endhomelessness.org\/wp-content\/uploads\/2025\/03\/People-Rent-11.webp 740w, https:\/\/endhomelessness.org\/wp-content\/uploads\/2025\/03\/People-Rent-11-300x188.webp 300w, https:\/\/endhomelessness.org\/wp-content\/uploads\/2025\/03\/People-Rent-11-575x361.webp 575w\" sizes=\"auto, (max-width: 740px) 100vw, 740px\" \/><\/figure>\n<\/div>\n<h2 class=\"wp-block-heading\" id=\"h-the-hidden-homeless-doubled-up-living\">Los sin techo ocultos: Vivienda compartida<\/h2>\n\n<p>La vivienda compartida &#8211; cuando las personas comparten una casa porque no pueden permitirse la suya propia &#8211; es una crisis oculta que puede preceder a la falta de vivienda.<\/p>\n<div class=\"e-btn e-btn--link\">\n<p class=\"title\">Leer m\u00e1s<\/p>\n<\/div><\/a><\/div><\/div><div class=\"swiper-slide\"><div class=\"e-crd e-crd--dlt\"><a href=\"https:\/\/evictionlab.org\/research\/\" target=\"_blank\"><div class=\"e-img \">\n<figure class=\"wp-block-image size-full\"><img loading=\"lazy\" decoding=\"async\" width=\"740\" height=\"464\" src=\"https:\/\/endhomelessness.org\/wp-content\/uploads\/2025\/03\/People-Rent-12.webp\" alt=\"\" class=\"wp-image-15756\" srcset=\"https:\/\/endhomelessness.org\/wp-content\/uploads\/2025\/03\/People-Rent-12.webp 740w, https:\/\/endhomelessness.org\/wp-content\/uploads\/2025\/03\/People-Rent-12-300x188.webp 300w, https:\/\/endhomelessness.org\/wp-content\/uploads\/2025\/03\/People-Rent-12-575x361.webp 575w\" sizes=\"auto, (max-width: 740px) 100vw, 740px\" \/><\/figure>\n<\/div>\n<h2 class=\"wp-block-heading\" id=\"h-the-lasting-damage-of-eviction\">El da\u00f1o duradero del desalojo<\/h2>\n\n<p>Los desahucios no solo dejan a las familias sin hogar. Estos dejan marcas permanentes que dificultan la obtenci\u00f3n de vivienda en el futuro. Para muchos, un desahucio conduce a un ciclo de inestabilidad habitacional y pobreza.  <\/p>\n<div class=\"e-btn e-btn--link\">\n<p class=\"title\">Leer m\u00e1s<\/p>\n<\/div><\/a><\/div><\/div><\/div>\n                        <div class=\"e-sld__controllers\">\n                        <div class=\"e-sld__btn swiper-button-prev\"><\/div>\n                        <div class=\"e-sld__btn swiper-button-next\"><\/div>\n                            <div class=\"e-sld__pagination\">\n                                <div class=\"swiper-pagination\"><\/div>\n                                <div class=\"swiper-fraction\"><\/div>\n                            <\/div>\n                            <div class=\"swiper-scrollbar\"><\/div>\n                        <\/div>\n                    <\/div>\n                <\/div><\/div>\n<\/div>\n<\/div><\/section>\n\n<section class=\"e-stn e-stn-fecd9f248d71f1b43eea1791ae2aa16e613ea50d e-stn--subscription-form\"><div class=\"container\">\n<div class=\"wp-block-b3rg-row e-row row\">\n<div class=\"wp-block-b3rg-column e-col e-col-5e53f80929c6668a38540fba03c97241dc5f6888 e-col--left  col-sm-12 col-lg-6\">\n<h2 class=\"wp-block-heading has-pure-white-color has-text-color has-link-color wp-elements-cec0e497456012f6e859233bfca8aaa4\"><strong>Mant\u00e9ngase informado: Soluciones, historias y formas de generar impacto<\/strong><\/h2>\n\n\n\n<p>Reg\u00edstrese para recibir actualizaciones sobre el trabajo de la Alianza, incluyendo las \u00faltimas investigaciones, esfuerzos de promoci\u00f3n e historias reales de progreso \u2014 adem\u00e1s de formas en las que puede ayudar a impulsar un cambio duradero.<\/p>\n<\/div>\n\n\n\n<div class=\"wp-block-b3rg-column e-col e-col-117d0cb7e6b4934330c33fb3a4c7ee0ab7e9abd4 e-col--right e-col--email-cta-form-wrpr  col-sm-12 col-lg-6\">\n<div id=\"mc_embed_shell\">\n      <link href=\"\/\/cdn-images.mailchimp.com\/embedcode\/classic-061523.css\" rel=\"stylesheet\" type=\"text\/css\"\/>\n  <style type=\"text\/css\">\n        #mc_embed_signup{background:#fff; false;clear:left; font:14px Helvetica,Arial,sans-serif; width: 600px;}\n        \/* Add your own Mailchimp form style overrides in your site stylesheet or in this style block.\n           We recommend moving this block and the preceding CSS link to the HEAD of your HTML file. *\/\n<\/style>\n<div id=\"mc_embed_signup\">\n    <form action=\"https:\/\/endhomelessness.us9.list-manage.com\/subscribe\/post?u=466b34a51377a9504fb2ebd8f&#038;id=1cf64328bb&#038;f_id=00f7f2e0f0\" method=\"post\" id=\"mc-embedded-subscribe-form\" name=\"mc-embedded-subscribe-form\" class=\"validate\" target=\"_blank\">\n        <div id=\"mc_embed_signup_scroll\">\n            <div class=\"indicates-required\"><span class=\"asterisk\">*<\/span> indica campo obligatorio<\/div>\n            <div class=\"mc-field-group\"><label for=\"mce-EMAIL\">Direcci\u00f3n de correo electr\u00f3nico <span class=\"asterisk\">*<\/span><\/label><input type=\"email\" name=\"EMAIL\" class=\"required email\" id=\"mce-EMAIL\" required=\"\" value=\"\"\/><\/div><div class=\"mc-field-group input-group\"><strong>\u00bfC\u00f3mo deber\u00edamos comunicarnos con usted? <\/strong><ul><li><input type=\"checkbox\" name=\"group[17873][1]\" id=\"mce-group[17873]-17873-0\" value=\"\"\/><label for=\"mce-group[17873]-17873-0\">Deseo recibir semanalmente herramientas, recursos y noticias sobre la falta de vivienda<\/label><\/li><li><input type=\"checkbox\" name=\"group[17873][2]\" id=\"mce-group[17873]-17873-1\" value=\"\"\/><label for=\"mce-group[17873]-17873-1\">Deseo recibir noticias generales y actualizaciones sobre el trabajo de la Alianza<\/label><\/li><\/ul><\/div><div class=\"mc-field-group\"><label for=\"mce-FNAME\">Nombre <\/label><input type=\"text\" name=\"FNAME\" class=\" text\" id=\"mce-FNAME\" value=\"\"\/><\/div><div class=\"mc-field-group\"><label for=\"mce-LNAME\">Apellido <\/label><input type=\"text\" name=\"LNAME\" class=\" text\" id=\"mce-LNAME\" value=\"\"\/><\/div>\n<div hidden=\"\"><input type=\"hidden\" name=\"tags\" value=\"12777910\"\/><\/div>\n        <div id=\"mce-responses\" class=\"clear\">\n            <div class=\"response\" id=\"mce-error-response\" style=\"display: none;\"><\/div>\n            <div class=\"response\" id=\"mce-success-response\" style=\"display: none;\"><\/div>\n        <\/div><div aria-hidden=\"true\" style=\"position: absolute; left: -5000px;\"><input type=\"text\" name=\"b_466b34a51377a9504fb2ebd8f_1cf64328bb\" tabindex=\"-1\" value=\"\"\/><\/div><div class=\"clear\"><input type=\"submit\" name=\"subscribe\" id=\"mc-embedded-subscribe\" class=\"button\" value=\"Suscribirse\"\/><\/div>\n    <\/div>\n<\/form>\n<\/div>\n<script type=\"text\/javascript\" src=\"\/\/s3.amazonaws.com\/downloads.mailchimp.com\/js\/mc-validate.js\"><\/script><script type=\"text\/javascript\">(function($) {window.fnames = new Array(); window.ftypes = new Array();fnames[0]='EMAIL';ftypes[0]='email';fnames[1]='FNAME';ftypes[1]='text';fnames[2]='LNAME';ftypes[2]='text';fnames[12]='MMERGE12';ftypes[12]='zip';fnames[4]='MMERGE4';ftypes[4]='text';fnames[7]='CITY';ftypes[7]='text';fnames[8]='STATE';ftypes[8]='text';fnames[11]='MMERGE11';ftypes[11]='text';fnames[13]='MMERGE13';ftypes[13]='text';fnames[3]='MMERGE3';ftypes[3]='text';fnames[5]='MMERGE5';ftypes[5]='text';}(jQuery));var $mcj = jQuery.noConflict(true);<\/script><\/div>\n<\/div>\n<\/div>\n<\/div><\/section>\n","protected":false},"excerpt":{"rendered":"","protected":false},"author":1,"featured_media":14222,"parent":0,"menu_order":0,"comment_status":"closed","ping_status":"closed","template":"","meta":{"_acf_changed":false,"show_custom_date":false,"custom_date":"","featured":false,"featured_image":0,"learn_more_label":"","image_alt_text":"","learn_more_type":"","show_popup":false,"learn_more_link_file":0,"event_date":false,"event_start_date":"","event_end_date":"","place_holder_image_url":"","post_reading_time":"4","notification_enabled":false,"notification_text":"","notification_logo":"","notification_expiration_time":0,"is_enable_transparent_header":false,"hide_from_list_view":false,"selected_taxonomy_terms":{"translation_priority":[66]},"selected_primary_terms":[],"learn_more_link":[],"featured_page_list":[],"notification_enabled_post_list":[],"_relevanssi_hide_post":"","_relevanssi_hide_content":"","_relevanssi_pin_for_all":"","_relevanssi_pin_keywords":"","_relevanssi_unpin_keywords":"","_relevanssi_related_keywords":"","_relevanssi_related_include_ids":"","_relevanssi_related_exclude_ids":"","_relevanssi_related_no_append":"","_relevanssi_related_not_related":"","_relevanssi_related_posts":"","_relevanssi_noindex_reason":"","inline_featured_image":false,"news_publication":"","footnotes":""},"class_list":["post-18035","page","type-page","status-publish","has-post-thumbnail","hentry"],"acf":[],"yoast_head":"<!-- This site is optimized with the Yoast SEO Premium plugin v24.7 (Yoast SEO v27.4) - https:\/\/yoast.com\/product\/yoast-seo-premium-wordpress\/ -->\n<title>Qui\u00e9nes experimentan la falta de vivienda: Personas que no pueden permitirse el alquiler - Alianza Nacional para Erradicar la Falta de Vivienda<\/title>\n<meta name=\"description\" content=\"The National Alliance to End Homelessness is a nonpartisan, nonprofit organization committed to preventing and ending homelessness in the United States.\" \/>\n<meta name=\"robots\" content=\"index, follow, max-snippet:-1, max-image-preview:large, max-video-preview:-1\" \/>\n<link rel=\"canonical\" href=\"https:\/\/endhomelessness.org\/es\/quienes-experimentan-la-falta-de-vivienda-personas-que-no-pueden-permitirse-el-alquiler\/\" \/>\n<meta property=\"og:locale\" content=\"es_ES\" \/>\n<meta property=\"og:type\" content=\"article\" \/>\n<meta property=\"og:title\" content=\"Qui\u00e9nes experimentan la falta de vivienda: Personas que no pueden permitirse el alquiler\" \/>\n<meta property=\"og:description\" content=\"The National Alliance to End Homelessness is a nonpartisan, nonprofit organization committed to preventing and ending homelessness in the United States.\" \/>\n<meta property=\"og:url\" content=\"https:\/\/endhomelessness.org\/es\/quienes-experimentan-la-falta-de-vivienda-personas-que-no-pueden-permitirse-el-alquiler\/\" \/>\n<meta property=\"og:site_name\" content=\"Alianza Nacional para Erradicar la Falta de Vivienda\" \/>\n<meta property=\"article:publisher\" content=\"https:\/\/www.facebook.com\/naehomelessness\/\" \/>\n<meta property=\"article:modified_time\" content=\"2025-04-04T16:44:54+00:00\" \/>\n<meta property=\"og:image\" content=\"https:\/\/endhomelessness.org\/wp-content\/uploads\/2025\/03\/People-Rent_Banner-scaled.webp\" \/>\n<meta name=\"twitter:card\" content=\"summary_large_image\" \/>\n<meta name=\"twitter:label1\" content=\"Tiempo de lectura\" \/>\n\t<meta name=\"twitter:data1\" content=\"5 minutos\" \/>\n<script type=\"application\/ld+json\" class=\"yoast-schema-graph\">{\"@context\":\"https:\\\/\\\/schema.org\",\"@graph\":[{\"@type\":\"WebPage\",\"@id\":\"https:\\\/\\\/endhomelessness.org\\\/es\\\/quienes-experimentan-la-falta-de-vivienda-personas-que-no-pueden-permitirse-el-alquiler\\\/\",\"url\":\"https:\\\/\\\/endhomelessness.org\\\/es\\\/quienes-experimentan-la-falta-de-vivienda-personas-que-no-pueden-permitirse-el-alquiler\\\/\",\"name\":\"Qui\u00e9nes experimentan la falta de vivienda: Personas que no pueden permitirse el alquiler - Alianza Nacional para Erradicar la Falta de Vivienda\",\"isPartOf\":{\"@id\":\"https:\\\/\\\/endhomelessness.org\\\/es\\\/#website\"},\"primaryImageOfPage\":{\"@id\":\"https:\\\/\\\/endhomelessness.org\\\/es\\\/quienes-experimentan-la-falta-de-vivienda-personas-que-no-pueden-permitirse-el-alquiler\\\/#primaryimage\"},\"image\":{\"@id\":\"https:\\\/\\\/endhomelessness.org\\\/es\\\/quienes-experimentan-la-falta-de-vivienda-personas-que-no-pueden-permitirse-el-alquiler\\\/#primaryimage\"},\"thumbnailUrl\":\"https:\\\/\\\/endhomelessness.org\\\/wp-content\\\/uploads\\\/2014\\\/01\\\/Frame-222.png\",\"datePublished\":\"2024-09-02T08:04:48+00:00\",\"dateModified\":\"2025-04-04T16:44:54+00:00\",\"description\":\"The National Alliance to End Homelessness is a nonpartisan, nonprofit organization committed to preventing and ending homelessness in the United States.\",\"breadcrumb\":{\"@id\":\"https:\\\/\\\/endhomelessness.org\\\/es\\\/quienes-experimentan-la-falta-de-vivienda-personas-que-no-pueden-permitirse-el-alquiler\\\/#breadcrumb\"},\"inLanguage\":\"es\",\"potentialAction\":[{\"@type\":\"ReadAction\",\"target\":[\"https:\\\/\\\/endhomelessness.org\\\/es\\\/quienes-experimentan-la-falta-de-vivienda-personas-que-no-pueden-permitirse-el-alquiler\\\/\"]}]},{\"@type\":\"ImageObject\",\"inLanguage\":\"es\",\"@id\":\"https:\\\/\\\/endhomelessness.org\\\/es\\\/quienes-experimentan-la-falta-de-vivienda-personas-que-no-pueden-permitirse-el-alquiler\\\/#primaryimage\",\"url\":\"https:\\\/\\\/endhomelessness.org\\\/wp-content\\\/uploads\\\/2014\\\/01\\\/Frame-222.png\",\"contentUrl\":\"https:\\\/\\\/endhomelessness.org\\\/wp-content\\\/uploads\\\/2014\\\/01\\\/Frame-222.png\",\"width\":1068,\"height\":684,\"caption\":\"National Alliance to End Homelessness logo\"},{\"@type\":\"BreadcrumbList\",\"@id\":\"https:\\\/\\\/endhomelessness.org\\\/es\\\/quienes-experimentan-la-falta-de-vivienda-personas-que-no-pueden-permitirse-el-alquiler\\\/#breadcrumb\",\"itemListElement\":[{\"@type\":\"ListItem\",\"position\":1,\"name\":\"Inicio\",\"item\":\"https:\\\/\\\/endhomelessness.org\\\/es\\\/home-page-2-2-2\\\/\"},{\"@type\":\"ListItem\",\"position\":2,\"name\":\"Qui\u00e9nes experimentan la falta de vivienda: Personas que no pueden permitirse el alquiler\"}]},{\"@type\":\"WebSite\",\"@id\":\"https:\\\/\\\/endhomelessness.org\\\/es\\\/#website\",\"url\":\"https:\\\/\\\/endhomelessness.org\\\/es\\\/\",\"name\":\"National Alliance to End Homelessness\",\"description\":\"Organizaci\u00f3n no partidista para prevenir y erradicar la falta de vivienda en EE.UU.\",\"publisher\":{\"@id\":\"https:\\\/\\\/endhomelessness.org\\\/es\\\/#organization\"},\"potentialAction\":[{\"@type\":\"SearchAction\",\"target\":{\"@type\":\"EntryPoint\",\"urlTemplate\":\"https:\\\/\\\/endhomelessness.org\\\/es\\\/?s={search_term_string}\"},\"query-input\":{\"@type\":\"PropertyValueSpecification\",\"valueRequired\":true,\"valueName\":\"search_term_string\"}}],\"inLanguage\":\"es\"},{\"@type\":\"Organization\",\"@id\":\"https:\\\/\\\/endhomelessness.org\\\/es\\\/#organization\",\"name\":\"Alianza Nacional para Erradicar la Falta de Vivienda\",\"url\":\"https:\\\/\\\/endhomelessness.org\\\/es\\\/\",\"logo\":{\"@type\":\"ImageObject\",\"inLanguage\":\"es\",\"@id\":\"https:\\\/\\\/endhomelessness.org\\\/es\\\/#\\\/schema\\\/logo\\\/image\\\/\",\"url\":\"https:\\\/\\\/endhomelessness.org\\\/wp-content\\\/uploads\\\/2024\\\/09\\\/logo-2.webp\",\"contentUrl\":\"https:\\\/\\\/endhomelessness.org\\\/wp-content\\\/uploads\\\/2024\\\/09\\\/logo-2.webp\",\"width\":687,\"height\":361,\"caption\":\"Alianza Nacional para Erradicar la Falta de Vivienda\"},\"image\":{\"@id\":\"https:\\\/\\\/endhomelessness.org\\\/es\\\/#\\\/schema\\\/logo\\\/image\\\/\"},\"sameAs\":[\"https:\\\/\\\/www.facebook.com\\\/naehomelessness\\\/\",\"https:\\\/\\\/www.youtube.com\\\/@EndingHomelessness\",\"https:\\\/\\\/www.linkedin.com\\\/company\\\/national-alliance-to-end-homelessness\\\/\",\"https:\\\/\\\/instagram.com\\\/naeh_endhomelessness\"]}]}<\/script>\n<!-- \/ Yoast SEO Premium plugin. -->","yoast_head_json":{"title":"Qui\u00e9nes experimentan la falta de vivienda: Personas que no pueden permitirse el alquiler - Alianza Nacional para Erradicar la Falta de Vivienda","description":"The National Alliance to End Homelessness is a nonpartisan, nonprofit organization committed to preventing and ending homelessness in the United States.","robots":{"index":"index","follow":"follow","max-snippet":"max-snippet:-1","max-image-preview":"max-image-preview:large","max-video-preview":"max-video-preview:-1"},"canonical":"https:\/\/endhomelessness.org\/es\/quienes-experimentan-la-falta-de-vivienda-personas-que-no-pueden-permitirse-el-alquiler\/","og_locale":"es_ES","og_type":"article","og_title":"Qui\u00e9nes experimentan la falta de vivienda: Personas que no pueden permitirse el alquiler","og_description":"The National Alliance to End Homelessness is a nonpartisan, nonprofit organization committed to preventing and ending homelessness in the United States.","og_url":"https:\/\/endhomelessness.org\/es\/quienes-experimentan-la-falta-de-vivienda-personas-que-no-pueden-permitirse-el-alquiler\/","og_site_name":"Alianza Nacional para Erradicar la Falta de Vivienda","article_publisher":"https:\/\/www.facebook.com\/naehomelessness\/","article_modified_time":"2025-04-04T16:44:54+00:00","og_image":[{"url":"https:\/\/endhomelessness.org\/wp-content\/uploads\/2025\/03\/People-Rent_Banner-scaled.webp","type":"","width":"","height":""}],"twitter_card":"summary_large_image","twitter_misc":{"Tiempo de lectura":"5 minutos"},"schema":{"@context":"https:\/\/schema.org","@graph":[{"@type":"WebPage","@id":"https:\/\/endhomelessness.org\/es\/quienes-experimentan-la-falta-de-vivienda-personas-que-no-pueden-permitirse-el-alquiler\/","url":"https:\/\/endhomelessness.org\/es\/quienes-experimentan-la-falta-de-vivienda-personas-que-no-pueden-permitirse-el-alquiler\/","name":"Qui\u00e9nes experimentan la falta de vivienda: Personas que no pueden permitirse el alquiler - Alianza Nacional para Erradicar la Falta de Vivienda","isPartOf":{"@id":"https:\/\/endhomelessness.org\/es\/#website"},"primaryImageOfPage":{"@id":"https:\/\/endhomelessness.org\/es\/quienes-experimentan-la-falta-de-vivienda-personas-que-no-pueden-permitirse-el-alquiler\/#primaryimage"},"image":{"@id":"https:\/\/endhomelessness.org\/es\/quienes-experimentan-la-falta-de-vivienda-personas-que-no-pueden-permitirse-el-alquiler\/#primaryimage"},"thumbnailUrl":"https:\/\/endhomelessness.org\/wp-content\/uploads\/2014\/01\/Frame-222.png","datePublished":"2024-09-02T08:04:48+00:00","dateModified":"2025-04-04T16:44:54+00:00","description":"The National Alliance to End Homelessness is a nonpartisan, nonprofit organization committed to preventing and ending homelessness in the United States.","breadcrumb":{"@id":"https:\/\/endhomelessness.org\/es\/quienes-experimentan-la-falta-de-vivienda-personas-que-no-pueden-permitirse-el-alquiler\/#breadcrumb"},"inLanguage":"es","potentialAction":[{"@type":"ReadAction","target":["https:\/\/endhomelessness.org\/es\/quienes-experimentan-la-falta-de-vivienda-personas-que-no-pueden-permitirse-el-alquiler\/"]}]},{"@type":"ImageObject","inLanguage":"es","@id":"https:\/\/endhomelessness.org\/es\/quienes-experimentan-la-falta-de-vivienda-personas-que-no-pueden-permitirse-el-alquiler\/#primaryimage","url":"https:\/\/endhomelessness.org\/wp-content\/uploads\/2014\/01\/Frame-222.png","contentUrl":"https:\/\/endhomelessness.org\/wp-content\/uploads\/2014\/01\/Frame-222.png","width":1068,"height":684,"caption":"National Alliance to End Homelessness logo"},{"@type":"BreadcrumbList","@id":"https:\/\/endhomelessness.org\/es\/quienes-experimentan-la-falta-de-vivienda-personas-que-no-pueden-permitirse-el-alquiler\/#breadcrumb","itemListElement":[{"@type":"ListItem","position":1,"name":"Inicio","item":"https:\/\/endhomelessness.org\/es\/home-page-2-2-2\/"},{"@type":"ListItem","position":2,"name":"Qui\u00e9nes experimentan la falta de vivienda: Personas que no pueden permitirse el alquiler"}]},{"@type":"WebSite","@id":"https:\/\/endhomelessness.org\/es\/#website","url":"https:\/\/endhomelessness.org\/es\/","name":"National Alliance to End Homelessness","description":"Organizaci\u00f3n no partidista para prevenir y erradicar la falta de vivienda en EE.UU.","publisher":{"@id":"https:\/\/endhomelessness.org\/es\/#organization"},"potentialAction":[{"@type":"SearchAction","target":{"@type":"EntryPoint","urlTemplate":"https:\/\/endhomelessness.org\/es\/?s={search_term_string}"},"query-input":{"@type":"PropertyValueSpecification","valueRequired":true,"valueName":"search_term_string"}}],"inLanguage":"es"},{"@type":"Organization","@id":"https:\/\/endhomelessness.org\/es\/#organization","name":"Alianza Nacional para Erradicar la Falta de Vivienda","url":"https:\/\/endhomelessness.org\/es\/","logo":{"@type":"ImageObject","inLanguage":"es","@id":"https:\/\/endhomelessness.org\/es\/#\/schema\/logo\/image\/","url":"https:\/\/endhomelessness.org\/wp-content\/uploads\/2024\/09\/logo-2.webp","contentUrl":"https:\/\/endhomelessness.org\/wp-content\/uploads\/2024\/09\/logo-2.webp","width":687,"height":361,"caption":"Alianza Nacional para Erradicar la Falta de Vivienda"},"image":{"@id":"https:\/\/endhomelessness.org\/es\/#\/schema\/logo\/image\/"},"sameAs":["https:\/\/www.facebook.com\/naehomelessness\/","https:\/\/www.youtube.com\/@EndingHomelessness","https:\/\/www.linkedin.com\/company\/national-alliance-to-end-homelessness\/","https:\/\/instagram.com\/naeh_endhomelessness"]}]}},"_links":{"self":[{"href":"https:\/\/endhomelessness.org\/es\/wp-json\/wp\/v2\/pages\/18035","targetHints":{"allow":["GET"]}}],"collection":[{"href":"https:\/\/endhomelessness.org\/es\/wp-json\/wp\/v2\/pages"}],"about":[{"href":"https:\/\/endhomelessness.org\/es\/wp-json\/wp\/v2\/types\/page"}],"author":[{"embeddable":true,"href":"https:\/\/endhomelessness.org\/es\/wp-json\/wp\/v2\/users\/1"}],"replies":[{"embeddable":true,"href":"https:\/\/endhomelessness.org\/es\/wp-json\/wp\/v2\/comments?post=18035"}],"version-history":[{"count":0,"href":"https:\/\/endhomelessness.org\/es\/wp-json\/wp\/v2\/pages\/18035\/revisions"}],"wp:featuredmedia":[{"embeddable":true,"href":"https:\/\/endhomelessness.org\/es\/wp-json\/wp\/v2\/media\/14222"}],"wp:attachment":[{"href":"https:\/\/endhomelessness.org\/es\/wp-json\/wp\/v2\/media?parent=18035"}],"curies":[{"name":"wp","href":"https:\/\/api.w.org\/{rel}","templated":true}]}}