{"id":17598,"date":"2022-05-13T08:56:00","date_gmt":"2022-05-13T12:56:00","guid":{"rendered":"https:\/\/endhomelessness.org\/resources\/ley-de-coordinacion-de-atencion-a-la-salud-conductual-y-la-falta-de-vivienda-h-r-773\/"},"modified":"2025-04-04T12:37:20","modified_gmt":"2025-04-04T16:37:20","slug":"ley-de-coordinacion-de-atencion-a-la-salud-conductual-y-la-falta-de-vivienda-h-r-773","status":"publish","type":"resource","link":"https:\/\/endhomelessness.org\/es\/resources\/ley-de-coordinacion-de-atencion-a-la-salud-conductual-y-la-falta-de-vivienda-h-r-773\/","title":{"rendered":"Ley de Coordinaci\u00f3n de Atenci\u00f3n a la Salud Conductual y la Falta de Vivienda (H.R. 773)"},"content":{"rendered":"\n<section class=\"e-stn e-stn-642edd2d478cb6d72ad11a3f94eb096b46aa8c61 e-stn--bi-banner e-stn--blog-inner-banner e-mt-0\"><div class=\"container\">\n<div class=\"wp-block-b3rg-row e-row row\">\n<div class=\"wp-block-b3rg-column e-col e-col-72d938c3704cb446c5bbef3d1a5ec25a96c52350 e-col--blog-inner-banner-content-wrpr  col-sm-12 col-lg-8\">\n<div class=\"e-div e-div-368784d6f024bd28fc93462eb0616dec8d069665 e-div--blog-inner-post-type-tag\"><span>INFORMACI\u00f3N SOBRE POL\u00edTICAS<\/span>\n<\/div>\n\n\n<div class=\"e-mtf e-mtf--dlt  e-mtf--post-date\">Abr 29, 2026<\/div>\n\n<h1 class=\"wp-block-post-title\">Ley de Coordinaci\u00f3n de Atenci\u00f3n a la Salud Conductual y la Falta de Vivienda (H.R. 773)<\/h1>\n\n\n<div class=\"e-div e-div-976a3f7724ffcd71e737afe4e1bbffbbf3dd036f e-div--bi-read-time\">\n\n\n<div class=\"e-div e-div-0162dd5adc5b84600d5bea230d8c418559af071d\"><div class=\"e-mtf e-mtf--dlt  e-mtf--post-reading-time\"><div class=\"post-reading-time\"><span class=\"reading-time__time\">5<\/span> <span class=\"post-reading-time__label postfix\">min<\/span><\/div><\/div><\/div>\n<\/div>\n<\/div>\n<\/div>\n<\/div><\/section>\n\n<section class=\"e-stn e-stn-ad75c7bf6c94c4c74b1ce488ab717de8fdff6ca2 e-stn--bi-content-with-media-section e-mt-0 e-pt-120  e-pt-sm-50 e-pb-60\"><div class=\"container\">\n<div class=\"wp-block-b3rg-row e-row row\">\n<div class=\"wp-block-b3rg-column e-col e-col-f1092f68b065a750a7ad99323cbd3499d1ad2b1c e-col--bi-content-with-media-section-content-wrapper e-col--blog-inner-contents  col-sm-12 col-lg-9\">\n<h2 class=\"wp-block-heading has-midnight-express-color has-text-color has-link-color wp-elements-31bf138182bf841f119af829ceb60e73\">Proyecto de ley de la C\u00e1mara de Representantes de EE. UU.: H.R. 773, presentado por la Representante Madeleine Dean (D-PA-4) \u2014 Ley de Coordinaci\u00f3n de Atenci\u00f3n a la Salud Conductual y la Falta de Vivienda<\/h2>\n\n\n\n<p><strong>Comit\u00e9s:<\/strong> Comit\u00e9 de Servicios Financieros de la C\u00e1mara de Representantes<br\/><strong>Estado: <\/strong>No se ha tomado ninguna acci\u00f3n.<\/p>\n\n\n\n<section class=\"e-stn e-stn-9aee961d039401359e35d91416565cdfe232bb34 e-stn--press-kit-accordion e-pt-10 e-pb-10\"><div class=\"container\">\n<div class=\"wp-block-b3rg-row e-row row\">\n<div class=\"wp-block-b3rg-column e-col e-col-3fd29a26ff70780ecd7ff03db8f4638045c8c9d8  col-sm-12\"><div class=\"e-acc e-acc--dlt\" data-settings='{\"forceExpand\":false,\"toggleMode\":true,\"colBreakPoint\":576,\"floatPanel\":false,\"autoSlide\":false,\"autoPlayInterval\":3000,\"pauseOnFocus\":true}' data-accordion='e-acc_69f24586bf212'><div class=\"e-acc__itms-wrpr\"><div class=\"e-acc__itm-wrpr  active\" data-item-id='e-acc-itm-id-0'><div class=\"e-acc__itm\"><div class=\"e-acc__itm-hdr-wrpr\" data-toggle='collapse' data-target='e-acc-itm-id-0'><div class=\"e-acc__itm-hdr\">\n<h2 class=\"wp-block-heading\">Copatrocinadores: 1 (ver todos los copatrocinadores)<\/h2>\n<\/div><\/div><div class=\"e-acc__itm-bdy-wrpr\" id='e-acc-itm-id-0' style='display:block'><div class=\"e-acc__itm-bdy\">\n<figure class=\"wp-block-table\"><table class=\"has-fixed-layout\"><tbody><tr><td><strong>Copatrocinador<\/strong><\/td><td><strong>Fecha de Copatrocinio<\/strong><\/td><\/tr><tr><td><a href=\"https:\/\/www.congress.gov\/member\/sylvia-garcia\/G000587\" target=\"_blank\" rel=\"noreferrer noopener\">Rep. Garcia, Sylvia R. [D-TX-29]*<\/a><\/td><td>02\/02\/2023<\/td><\/tr><\/tbody><\/table><\/figure>\n<\/div><\/div><\/div><\/div><\/div> <\/div><\/div>\n<\/div>\n<\/div><\/section>\n\n\n\n<p><\/p>\n\n\n\n<h3 class=\"wp-block-heading\">Impacto<\/h3>\n\n\n\n<p><strong>Problema: Los servicios de vivienda de apoyo no siempre est\u00e1n disponibles para las personas sin hogar con necesidades agudas causadas por el consumo de sustancias o problemas de salud conductual.<\/strong><\/p>\n\n\n\n<p><strong>\u00bfQu\u00e9 son los servicios de vivienda de apoyo?<\/strong><\/p>\n\n\n\n<p>Algunas personas que experimentan la falta de vivienda necesitan m\u00e1s que asistencia para el alquiler. Requieren ayuda adicional para obtener una vivienda y mantenerla de manera segura debido a necesidades m\u00e1s agudas, quiz\u00e1s resultantes de la falta de vivienda cr\u00f3nica, un t\u00e9rmino utilizado para describir a las personas que han experimentado la falta de vivienda durante al menos un a\u00f1o \u2014 o repetidamente \u2014 mientras luchan con una condici\u00f3n incapacitante como una dolencia f\u00edsica, enfermedad mental o consumo de sustancias. <\/p>\n\n\n\n<p>En resumen, necesitan servicios de vivienda de apoyo, lo que podr\u00eda significar ayuda para encontrar una unidad de alquiler adecuada, trabajar con los propietarios para abordar preocupaciones, gesti\u00f3n de casos u otros servicios. Sin embargo, los servicios de vivienda de apoyo normalmente no est\u00e1n disponibles con los vales de vivienda, incluidos los vales de vivienda de emergencia proporcionados por la Ley del Plan de Rescate Estadounidense. <\/p>\n\n\n\n<p><strong>La Vivienda de Apoyo Permanente se est\u00e1 convirtiendo en una opci\u00f3n menos frecuente.<\/strong><\/p>\n\n\n\n<p>Existe la vivienda de apoyo permanente (PSH), que combina vales con servicios de vivienda de apoyo y se paga en gran parte a trav\u00e9s del proceso de subvenci\u00f3n del programa Continuum of Care (CoC) del Departamento de Vivienda y Desarrollo Urbano (HUD), que a su vez se financia mediante asignaciones anuales. A menudo, los Continuums of Care (CoCs), los organismos regionales que supervisan la financiaci\u00f3n federal para personas sin hogar, solo pueden mantener los acuerdos existentes de PSH, no conseguir que nuevas personas ingresen en unidades de PSH, debido a recursos inadecuados. <\/p>\n\n\n\n<p>De hecho, despu\u00e9s de un largo per\u00edodo de crecimiento, el n\u00famero de unidades de PSH disminuy\u00f3 en 2021, por segundo a\u00f1o consecutivo, a pesar de que el n\u00famero de personas que experimentan falta de vivienda cr\u00f3nica contin\u00faa aumentando. En 2015, el recuento nacional de personas que experimentaban falta de vivienda cr\u00f3nica era de 83.000 en una noche cualquiera; en 2020, el \u00faltimo a\u00f1o para el que se dispone de un recuento completo, el n\u00famero era de 110.000 en una noche cualquiera. <\/p>\n\n\n\n<p><strong>Los propietarios y las PHA quieren servicios de vivienda de apoyo antes de aceptar a personas con necesidades agudas.<\/strong><\/p>\n\n\n\n<p>El Congreso crea vales de vivienda, ya sea en virtud del alivio por COVID o de asignaciones anuales, que no pueden utilizarse f\u00e1cilmente para personas cr\u00f3nicamente sin hogar, posiblemente las personas que m\u00e1s necesitan ayuda, porque no vienen con servicios de vivienda de apoyo. Las Autoridades de Vivienda P\u00fablica (PHA) pueden ser reacias a utilizar vales para personas sin hogar con necesidades agudas en ausencia de servicios de vivienda de apoyo; los propietarios tambi\u00e9n pueden ser reacios a aceptar vales en tales circunstancias. <\/p>\n\n\n\n<p><strong>Medicaid paga por los servicios de vivienda de apoyo pero a menudo es inaccesible para los sistemas locales de atenci\u00f3n a personas sin hogar.<\/strong> Los servicios de vivienda de apoyo a menudo est\u00e1n disponibles a trav\u00e9s de Medicaid, pero por diversas razones, frecuentemente dependientes de las condiciones y capacidades locales, los sistemas de atenci\u00f3n a personas sin hogar y de atenci\u00f3n m\u00e9dica no funcionan bien juntos. La integraci\u00f3n de los servicios de salud y de atenci\u00f3n a personas sin hogar para lograr resultados \u00f3ptimos para las personas con necesidades agudas que experimentan falta de vivienda puede ser un desaf\u00edo para los gobiernos estatales y locales, los CoCs y los proveedores de servicios locales. <\/p>\n\n\n\n<p>Se necesita desarrollo de capacidades para crear v\u00ednculos a nivel de sistemas entre los dos conjuntos de servicios que permitan v\u00edas m\u00e1s fluidas y una navegaci\u00f3n m\u00e1s simple. Los proveedores de servicios para personas sin hogar generalmente tienen estructuras administrativas basadas en financiamiento por subvenciones, no en facturaci\u00f3n a Medicaid. Para aprovechar nuevos recursos, los proveedores deber\u00e1n familiarizarse mejor con los procesos de financiamiento gubernamental; adem\u00e1s, los actores estatales y locales necesitar\u00e1n desarrollar sus capacidades de remisi\u00f3n y colaboraci\u00f3n.  <\/p>\n\n\n\n<p>La H.R. 773 establecer\u00eda en el Departamento de Vivienda y Desarrollo Urbano (HUD) un programa para proporcionar subvenciones a organizaciones que atienden a personas sin hogar que les ayudar\u00eda a desarrollar la capacidad de acceder a servicios de vivienda de apoyo, incluyendo la facturaci\u00f3n a Medicaid o el pago a un tercero para facturar a Medicaid.<\/p>\n\n\n\n<ol class=\"wp-block-list\">\n<li><strong>Colaboraci\u00f3n interinstitucional:<\/strong> HUD presidir\u00eda un grupo de trabajo interinstitucional para proporcionar asesoramiento en la administraci\u00f3n del programa, que incluir\u00eda al Departamento de Salud y Servicios Humanos, el Consejo Interinstitucional sobre Personas sin Hogar, el Departamento de Agricultura y la Oficina de Asuntos Ind\u00edgenas.<\/li>\n\n\n\n<li><strong>Flexibilidad:<\/strong> Dado que la incompatibilidad entre los sectores de atenci\u00f3n m\u00e9dica y de personas sin hogar puede tener diferentes causas y soluciones, el proceso de subvenciones para el desarrollo de capacidades enfatizar\u00eda la flexibilidad.<\/li>\n\n\n\n<li><strong>Cantidades:<\/strong> Las subvenciones otorgadas a una entidad para desarrollar capacidades no exceder\u00edan los cinco a\u00f1os de duraci\u00f3n ni los $500,000 en cantidad.<\/li>\n\n\n\n<li><strong>Beneficiarios:<\/strong> Los beneficiarios elegibles incluyen una entidad gubernamental, una tribu ind\u00edgena, una PHA, o un continuo de atenci\u00f3n o una organizaci\u00f3n sin fines de lucro designada por ese continuo de atenci\u00f3n, que sea responsable de las personas sin hogar, pueda garantizar que los servicios sean culturalmente competentes e informados sobre el trauma, y demuestre c\u00f3mo su capacidad para coordinar la atenci\u00f3n m\u00e9dica y los servicios para personas sin hogar a trav\u00e9s de\n<ol class=\"wp-block-list\">\n<li>la designaci\u00f3n de un funcionario gubernamental como coordinador,<\/li>\n\n\n\n<li>mejoras en la infraestructura a nivel de sistemas,<\/li>\n\n\n\n<li>mejoras en la tecnolog\u00eda para capacidades de monitoreo remoto voluntario<\/li>\n\n\n\n<li>mejoras en las conexiones a los servicios de atenci\u00f3n m\u00e9dica<\/li>\n\n\n\n<li>esfuerzos para aumentar la disponibilidad de Naloxona, y<\/li>\n\n\n\n<li>cualquier actividad adicional identificada por el Secretario.<\/li>\n<\/ol>\n<\/li>\n\n\n\n<li><strong>Costo:<\/strong> La legislaci\u00f3n autorizar\u00eda la asignaci\u00f3n de $20 millones para cada uno de los a\u00f1os fiscales desde 2023 hasta 2028.<\/li>\n<\/ol>\n\n\n\n<h3 class=\"wp-block-heading\">Resumen<\/h3>\n\n\n\n<p>H.R. 773 establecer\u00eda en el Departamento de Vivienda y Desarrollo Urbano (HUD) un programa para proporcionar subvenciones a organizaciones de personas sin hogar que les ayudar\u00eda a desarrollar la capacidad de acceder a servicios de vivienda de apoyo, incluyendo la facturaci\u00f3n a Medicaid o el pago a un tercero para facturar a Medicaid. Una legislaci\u00f3n muy similar fue considerada en una audiencia de 2022 del Comit\u00e9 de Servicios Financieros de la C\u00e1mara de Representantes y aprobada por una votaci\u00f3n de 27-22 <\/p>\n\n\n<div class=\"e-btn e-btn--yellow\"><a class=\"e-btn__link\"href=\"\/endorsed-legislation\" target=\"_self\">\n<p class=\"title\">Ver Toda la Legislaci\u00f3n<\/p>\n<\/a><\/div>\n\n\n<h3 class=\"wp-block-heading\"><\/h3>\n<\/div>\n\n\n\n<div class=\"wp-block-b3rg-column e-col e-col-07ab2b4105c7c9441fb36c05bc0c1bc8023c6e2c e-col--bi-right-side e-col--blog-inner-related-posts  col-sm-12 col-lg-3\">\n<div class=\"e-div e-div-59078f910ce4d15d28fcab7c9003952a96233d13 e-div--js-bi-sticky-left\">\n<div class=\"e-div e-div-6ff6ea2961c0f998010e1194547bb1cb17285b20 e-div--bi-social-icons\">\n<div class=\"e-div e-div-8fd4c05a3f9dd204e3dd79e614332da9f57f6b56 e-div--social-share-tooltip\"><div class=\"heateor_sss_sharing_container heateor_sss_horizontal_sharing\" data-heateor-ss-offset=\"0\" data-heateor-sss-href='https:\/\/endhomelessness.org\/es\/resources\/ley-de-coordinacion-de-atencion-a-la-salud-conductual-y-la-falta-de-vivienda-h-r-773\/'><div class=\"heateor_sss_sharing_ul\"><a aria-label=\"Copy Link\" class=\"heateor_sss_button_copy_link\" title=\"Copy Link\" rel=\"noopener\" href=\"https:\/\/endhomelessness.org\/es\/resources\/ley-de-coordinacion-de-atencion-a-la-salud-conductual-y-la-falta-de-vivienda-h-r-773\/\" onclick=\"event.preventDefault()\" style=\"font-size:32px!important;box-shadow:none;display:inline-block;vertical-align:middle\"><span class=\"heateor_sss_svg heateor_sss_s__default heateor_sss_s_copy_link\" style=\"background-color:#ffc112;width:35px;height:35px;border-radius:999px;display:inline-block;opacity:1;float:left;font-size:32px;box-shadow:none;display:inline-block;font-size:16px;padding:0 4px;vertical-align:middle;background-repeat:repeat;overflow:hidden;padding:0;cursor:pointer;box-sizing:content-box\"><svg style=\"display:block;border-radius:999px;\" focusable=\"false\" aria-hidden=\"true\" xmlns=\"http:\/\/www.w3.org\/2000\/svg\" width=\"100%\" height=\"100%\" viewBox=\"-4 -4 40 40\"><path fill=\"#fff\" d=\"M24.412 21.177c0-.36-.126-.665-.377-.917l-2.804-2.804a1.235 1.235 0 0 0-.913-.378c-.377 0-.7.144-.97.43.026.028.11.11.255.25.144.14.24.236.29.29s.117.14.2.256c.087.117.146.232.177.344.03.112.046.236.046.37 0 .36-.126.666-.377.918a1.25 1.25 0 0 1-.918.377 1.4 1.4 0 0 1-.373-.047 1.062 1.062 0 0 1-.345-.175 2.268 2.268 0 0 1-.256-.2 6.815 6.815 0 0 1-.29-.29c-.14-.142-.223-.23-.25-.254-.297.28-.445.607-.445.984 0 .36.126.664.377.916l2.778 2.79c.243.243.548.364.917.364.36 0 .665-.118.917-.35l1.982-1.97c.252-.25.378-.55.378-.9zm-9.477-9.504c0-.36-.126-.665-.377-.917l-2.777-2.79a1.235 1.235 0 0 0-.913-.378c-.35 0-.656.12-.917.364L7.967 9.92c-.254.252-.38.553-.38.903 0 .36.126.665.38.917l2.802 2.804c.242.243.547.364.916.364.377 0 .7-.14.97-.418-.026-.027-.11-.11-.255-.25s-.24-.235-.29-.29a2.675 2.675 0 0 1-.2-.255 1.052 1.052 0 0 1-.176-.344 1.396 1.396 0 0 1-.047-.37c0-.36.126-.662.377-.914.252-.252.557-.377.917-.377.136 0 .26.015.37.046.114.03.23.09.346.175.117.085.202.153.256.2.054.05.15.148.29.29.14.146.222.23.25.258.294-.278.442-.606.442-.983zM27 21.177c0 1.078-.382 1.99-1.146 2.736l-1.982 1.968c-.745.75-1.658 1.12-2.736 1.12-1.087 0-2.004-.38-2.75-1.143l-2.777-2.79c-.75-.747-1.12-1.66-1.12-2.737 0-1.106.392-2.046 1.183-2.818l-1.186-1.185c-.774.79-1.708 1.186-2.805 1.186-1.078 0-1.995-.376-2.75-1.13l-2.803-2.81C5.377 12.82 5 11.903 5 10.826c0-1.08.382-1.993 1.146-2.738L8.128 6.12C8.873 5.372 9.785 5 10.864 5c1.087 0 2.004.382 2.75 1.146l2.777 2.79c.75.747 1.12 1.66 1.12 2.737 0 1.105-.392 2.045-1.183 2.817l1.186 1.186c.774-.79 1.708-1.186 2.805-1.186 1.078 0 1.995.377 2.75 1.132l2.804 2.804c.754.755 1.13 1.672 1.13 2.75z\"\/><\/svg><\/span><\/a><a aria-label=\"Facebook\" class=\"heateor_sss_facebook\" href=\"https:\/\/www.facebook.com\/sharer\/sharer.php?u=https%3A%2F%2Fendhomelessness.org%2Fes%2Fresources%2Fley-de-coordinacion-de-atencion-a-la-salud-conductual-y-la-falta-de-vivienda-h-r-773%2F\" title=\"Facebook\" rel=\"nofollow noopener\" target=\"_blank\" style=\"font-size:32px!important;box-shadow:none;display:inline-block;vertical-align:middle\"><span class=\"heateor_sss_svg\" style=\"background-color:#0765FE;width:35px;height:35px;border-radius:999px;display:inline-block;opacity:1;float:left;font-size:32px;box-shadow:none;display:inline-block;font-size:16px;padding:0 4px;vertical-align:middle;background-repeat:repeat;overflow:hidden;padding:0;cursor:pointer;box-sizing:content-box\"><svg style=\"display:block;border-radius:999px;\" focusable=\"false\" aria-hidden=\"true\" xmlns=\"http:\/\/www.w3.org\/2000\/svg\" width=\"100%\" height=\"100%\" viewBox=\"0 0 32 32\"><path fill=\"#fff\" d=\"M28 16c0-6.627-5.373-12-12-12S4 9.373 4 16c0 5.628 3.875 10.35 9.101 11.647v-7.98h-2.474V16H13.1v-1.58c0-4.085 1.849-5.978 5.859-5.978.76 0 2.072.15 2.608.298v3.325c-.283-.03-.775-.045-1.386-.045-1.967 0-2.728.745-2.728 2.683V16h3.92l-.673 3.667h-3.247v8.245C23.395 27.195 28 22.135 28 16Z\"><\/path><\/svg><\/span><\/a><a aria-label=\"Linkedin\" class=\"heateor_sss_button_linkedin\" href=\"https:\/\/www.linkedin.com\/sharing\/share-offsite\/?url=https%3A%2F%2Fendhomelessness.org%2Fes%2Fresources%2Fley-de-coordinacion-de-atencion-a-la-salud-conductual-y-la-falta-de-vivienda-h-r-773%2F\" title=\"Linkedin\" rel=\"nofollow noopener\" target=\"_blank\" style=\"font-size:32px!important;box-shadow:none;display:inline-block;vertical-align:middle\"><span class=\"heateor_sss_svg heateor_sss_s__default heateor_sss_s_linkedin\" style=\"background-color:#0077b5;width:35px;height:35px;border-radius:999px;display:inline-block;opacity:1;float:left;font-size:32px;box-shadow:none;display:inline-block;font-size:16px;padding:0 4px;vertical-align:middle;background-repeat:repeat;overflow:hidden;padding:0;cursor:pointer;box-sizing:content-box\"><svg style=\"display:block;border-radius:999px;\" focusable=\"false\" aria-hidden=\"true\" xmlns=\"http:\/\/www.w3.org\/2000\/svg\" width=\"100%\" height=\"100%\" viewBox=\"0 0 32 32\"><path d=\"M6.227 12.61h4.19v13.48h-4.19V12.61zm2.095-6.7a2.43 2.43 0 0 1 0 4.86c-1.344 0-2.428-1.09-2.428-2.43s1.084-2.43 2.428-2.43m4.72 6.7h4.02v1.84h.058c.56-1.058 1.927-2.176 3.965-2.176 4.238 0 5.02 2.792 5.02 6.42v7.395h-4.183v-6.56c0-1.564-.03-3.574-2.178-3.574-2.18 0-2.514 1.7-2.514 3.46v6.668h-4.187V12.61z\" fill=\"#fff\"><\/path><\/svg><\/span><\/a><a aria-label=\"X\" class=\"heateor_sss_button_x\" href=\"https:\/\/twitter.com\/intent\/tweet?text=Ley%20de%20Coordinaci%C3%B3n%20de%20Atenci%C3%B3n%20a%20la%20Salud%20Conductual%20y%20la%20Falta%20de%20Vivienda%20%28H.R.%20773%29&url=https%3A%2F%2Fendhomelessness.org%2Fes%2Fresources%2Fley-de-coordinacion-de-atencion-a-la-salud-conductual-y-la-falta-de-vivienda-h-r-773%2F\" title=\"X\" rel=\"nofollow noopener\" target=\"_blank\" style=\"font-size:32px!important;box-shadow:none;display:inline-block;vertical-align:middle\"><span class=\"heateor_sss_svg heateor_sss_s__default heateor_sss_s_x\" style=\"background-color:#2a2a2a;width:35px;height:35px;border-radius:999px;display:inline-block;opacity:1;float:left;font-size:32px;box-shadow:none;display:inline-block;font-size:16px;padding:0 4px;vertical-align:middle;background-repeat:repeat;overflow:hidden;padding:0;cursor:pointer;box-sizing:content-box\"><svg width=\"100%\" height=\"100%\" style=\"display:block;border-radius:999px;\" focusable=\"false\" aria-hidden=\"true\" xmlns=\"http:\/\/www.w3.org\/2000\/svg\" viewBox=\"0 0 32 32\"><path fill=\"#fff\" d=\"M21.751 7h3.067l-6.7 7.658L26 25.078h-6.172l-4.833-6.32-5.531 6.32h-3.07l7.167-8.19L6 7h6.328l4.37 5.777L21.75 7Zm-1.076 16.242h1.7L11.404 8.74H9.58l11.094 14.503Z\"><\/path><\/svg><\/span><\/a><\/div><div class=\"heateorSssClear\"><\/div><\/div>\n<\/div>\n<\/div>\n\n\n\n<div class=\"e-div e-div-1a5a32aa7dcbe57c6b9a8a8c9a37785edf82434d e-div--bi-topics\">\n<h2 class=\"wp-block-heading has-rich-black-color has-text-color has-link-color wp-elements-be6bdbd00a494032c0ae3c9d7a69a331\">Etiquetas<\/h2>\n\n\n<div class=\"e-mtf e-mtf--dlt e-mtf--taxonomy e-mtf--taxonomy-blog-tags\"><\/div><\/div>\n\n\n\n<div class=\"e-div e-div-275b8ff6f2bffd3e4cc054055156f9110887442d e-div--bi-related-post\"><style><\/style>\n<h2 class=\"wp-block-heading has-rich-black-color has-text-color has-link-color wp-elements-e435b81f6878ebba01997b7c42400d88\">Publicaciones relacionadas<\/h2>\n\n\n\n<div class=\"e-div e-div-0162dd5adc5b84600d5bea230d8c418559af071d\">\n<\/div>\n<\/div>\n<\/div>\n<\/div>\n<\/div>\n<\/div><\/section>\n\n<section class=\"e-stn e-stn-af33064b18769c0dcbd144d5242c41c8ff25e8a2 e-stn--related-post e-mt-60  e-mt-sm-0\"><style>@media only screen and (max-width: 9999px) {\n\t\t\t\t\t\t\t\t\t.e-stn.e-stn-af33064b18769c0dcbd144d5242c41c8ff25e8a2 { \n\t\t\t\t\t\t\t\t\t\tbackground-color: #F3F8FC; \n\t\t\t\t\t\t\t\t\t}\n\t\t\t\t\t\t\t\t}<\/style><div class=\"container\">\n<div class=\"wp-block-b3rg-row e-row row e-row--title-with-description\">\n<div class=\"wp-block-b3rg-column e-col e-col-3fd29a26ff70780ecd7ff03db8f4638045c8c9d8  col-sm-12\">\n<h2 class=\"wp-block-heading has-text-align-center\">Tambi\u00e9n le podr\u00eda interesar<\/h2>\n<\/div>\n<\/div>\n\n\n\n<div class=\"wp-block-b3rg-row e-row row\">\n<div class=\"wp-block-b3rg-column e-col e-col-3fd29a26ff70780ecd7ff03db8f4638045c8c9d8  col-sm-12\"><div class=\"e-rlp e-rlp--dlt\" > <\/div><\/div>\n<\/div>\n<\/div><\/section>\n\n<section class=\"e-stn e-stn-fecd9f248d71f1b43eea1791ae2aa16e613ea50d e-stn--subscription-form\"><div class=\"container\">\n<div class=\"wp-block-b3rg-row e-row row\">\n<div class=\"wp-block-b3rg-column e-col e-col-5e53f80929c6668a38540fba03c97241dc5f6888 e-col--left  col-sm-12 col-lg-6\">\n<h2 class=\"wp-block-heading has-pure-white-color has-text-color has-link-color wp-elements-cec0e497456012f6e859233bfca8aaa4\"><strong>Mant\u00e9ngase informado: Soluciones, historias y formas de generar impacto<\/strong><\/h2>\n\n\n\n<p>Reg\u00edstrese para recibir actualizaciones sobre el trabajo de la Alianza, incluyendo las \u00faltimas investigaciones, esfuerzos de promoci\u00f3n e historias reales de progreso \u2014 adem\u00e1s de formas en las que puede ayudar a impulsar un cambio duradero.<\/p>\n<\/div>\n\n\n\n<div class=\"wp-block-b3rg-column e-col e-col-117d0cb7e6b4934330c33fb3a4c7ee0ab7e9abd4 e-col--right e-col--email-cta-form-wrpr  col-sm-12 col-lg-6\">\n<div id=\"mc_embed_shell\">\n      <link href=\"\/\/cdn-images.mailchimp.com\/embedcode\/classic-061523.css\" rel=\"stylesheet\" type=\"text\/css\"\/>\n  <style type=\"text\/css\">\n        #mc_embed_signup{background:#fff; false;clear:left; font:14px Helvetica,Arial,sans-serif; width: 600px;}\n        \/* Add your own Mailchimp form style overrides in your site stylesheet or in this style block.\n           We recommend moving this block and the preceding CSS link to the HEAD of your HTML file. *\/\n<\/style>\n<div id=\"mc_embed_signup\">\n    <form action=\"https:\/\/endhomelessness.us9.list-manage.com\/subscribe\/post?u=466b34a51377a9504fb2ebd8f&#038;id=1cf64328bb&#038;f_id=00f7f2e0f0\" method=\"post\" id=\"mc-embedded-subscribe-form\" name=\"mc-embedded-subscribe-form\" class=\"validate\" target=\"_blank\">\n        <div id=\"mc_embed_signup_scroll\">\n            <div class=\"indicates-required\"><span class=\"asterisk\">*<\/span> indica campo obligatorio<\/div>\n            <div class=\"mc-field-group\"><label for=\"mce-EMAIL\">Direcci\u00f3n de correo electr\u00f3nico <span class=\"asterisk\">*<\/span><\/label><input type=\"email\" name=\"EMAIL\" class=\"required email\" id=\"mce-EMAIL\" required=\"\" value=\"\"\/><\/div><div class=\"mc-field-group input-group\"><strong>\u00bfC\u00f3mo deber\u00edamos comunicarnos con usted? <\/strong><ul><li><input type=\"checkbox\" name=\"group[17873][1]\" id=\"mce-group[17873]-17873-0\" value=\"\"\/><label for=\"mce-group[17873]-17873-0\">Deseo recibir semanalmente herramientas, recursos y noticias sobre la falta de vivienda<\/label><\/li><li><input type=\"checkbox\" name=\"group[17873][2]\" id=\"mce-group[17873]-17873-1\" value=\"\"\/><label for=\"mce-group[17873]-17873-1\">Deseo recibir noticias generales y actualizaciones sobre el trabajo de la Alianza<\/label><\/li><\/ul><\/div><div class=\"mc-field-group\"><label for=\"mce-FNAME\">Nombre <\/label><input type=\"text\" name=\"FNAME\" class=\" text\" id=\"mce-FNAME\" value=\"\"\/><\/div><div class=\"mc-field-group\"><label for=\"mce-LNAME\">Apellido <\/label><input type=\"text\" name=\"LNAME\" class=\" text\" id=\"mce-LNAME\" value=\"\"\/><\/div>\n<div hidden=\"\"><input type=\"hidden\" name=\"tags\" value=\"12777910\"\/><\/div>\n        <div id=\"mce-responses\" class=\"clear\">\n            <div class=\"response\" id=\"mce-error-response\" style=\"display: none;\"><\/div>\n            <div class=\"response\" id=\"mce-success-response\" style=\"display: none;\"><\/div>\n        <\/div><div aria-hidden=\"true\" style=\"position: absolute; left: -5000px;\"><input type=\"text\" name=\"b_466b34a51377a9504fb2ebd8f_1cf64328bb\" tabindex=\"-1\" value=\"\"\/><\/div><div class=\"clear\"><input type=\"submit\" name=\"subscribe\" id=\"mc-embedded-subscribe\" class=\"button\" value=\"Suscribirse\"\/><\/div>\n    <\/div>\n<\/form>\n<\/div>\n<script type=\"text\/javascript\" src=\"\/\/s3.amazonaws.com\/downloads.mailchimp.com\/js\/mc-validate.js\"><\/script><script type=\"text\/javascript\">(function($) {window.fnames = new Array(); window.ftypes = new Array();fnames[0]='EMAIL';ftypes[0]='email';fnames[1]='FNAME';ftypes[1]='text';fnames[2]='LNAME';ftypes[2]='text';fnames[12]='MMERGE12';ftypes[12]='zip';fnames[4]='MMERGE4';ftypes[4]='text';fnames[7]='CITY';ftypes[7]='text';fnames[8]='STATE';ftypes[8]='text';fnames[11]='MMERGE11';ftypes[11]='text';fnames[13]='MMERGE13';ftypes[13]='text';fnames[3]='MMERGE3';ftypes[3]='text';fnames[5]='MMERGE5';ftypes[5]='text';}(jQuery));var $mcj = jQuery.noConflict(true);<\/script><\/div>\n<\/div>\n<\/div>\n<\/div><\/section>\n","protected":false},"excerpt":{"rendered":"<p>La H.R. 773 establecer\u00eda en el Departamento de Vivienda y Desarrollo Urbano (HUD) un programa para proporcionar subvenciones a organizaciones que atienden a personas sin hogar, lo cual les ayudar\u00eda a desarrollar la capacidad de acceder a servicios de vivienda de apoyo, incluyendo la facturaci\u00f3n a Medicaid o el pago a un tercero para facturar a Medicaid. <\/p>\n","protected":false},"author":1,"featured_media":14222,"template":"","meta":{"_acf_changed":false,"show_custom_date":false,"custom_date":"","featured":false,"featured_image":0,"learn_more_label":"","image_alt_text":"","learn_more_type":"","show_popup":false,"learn_more_link_file":0,"event_date":false,"event_start_date":"","event_end_date":"","place_holder_image_url":"","post_reading_time":"5","notification_enabled":false,"notification_text":"","notification_logo":"","notification_expiration_time":0,"is_enable_transparent_header":false,"hide_from_list_view":false,"selected_taxonomy_terms":{"resource-category":[408],"resource-by-event-type":[],"resource-by-category":[],"resource-audience":[],"resource-best-practice":[411],"resource-key-issue":[],"translation_priority":[66]},"selected_primary_terms":[],"learn_more_link":[],"featured_page_list":[],"notification_enabled_post_list":[],"_relevanssi_hide_post":"","_relevanssi_hide_content":"","_relevanssi_pin_for_all":"","_relevanssi_pin_keywords":"","_relevanssi_unpin_keywords":"","_relevanssi_related_keywords":"","_relevanssi_related_include_ids":"","_relevanssi_related_exclude_ids":"","_relevanssi_related_no_append":"","_relevanssi_related_not_related":"","_relevanssi_related_posts":"18688,18129,22135","_relevanssi_noindex_reason":"","inline_featured_image":false,"news_publication":"","footnotes":""},"resource-category":[408],"resource-by-event-type":[],"resource-by-category":[],"resource-audience":[],"resource-best-practice":[411],"resource-key-issue":[],"class_list":["post-17598","resource","type-resource","status-publish","has-post-thumbnail","hentry","resource-category-informacion-sobre-politicas","resource-best-practice-servicios-de-apoyo"],"acf":[],"yoast_head":"<!-- This site is optimized with the Yoast SEO Premium plugin v24.7 (Yoast SEO v27.4) - https:\/\/yoast.com\/product\/yoast-seo-premium-wordpress\/ -->\n<title>Ley de Coordinaci\u00f3n de Atenci\u00f3n a la Salud Conductual y la Falta de Vivienda (H.R. 773) - Alianza Nacional para Erradicar la Falta de Vivienda<\/title>\n<meta name=\"description\" content=\"The National Alliance to End Homelessness is a nonpartisan, nonprofit organization committed to preventing and ending homelessness in the United States.\" \/>\n<meta name=\"robots\" content=\"index, follow, max-snippet:-1, max-image-preview:large, max-video-preview:-1\" \/>\n<link rel=\"canonical\" href=\"https:\/\/endhomelessness.org\/es\/resources\/ley-de-coordinacion-de-atencion-a-la-salud-conductual-y-la-falta-de-vivienda-h-r-773\/\" \/>\n<meta property=\"og:locale\" content=\"es_ES\" \/>\n<meta property=\"og:type\" content=\"article\" \/>\n<meta property=\"og:title\" content=\"Ley de Coordinaci\u00f3n de Atenci\u00f3n a la Salud Conductual y la Falta de Vivienda (H.R. 773)\" \/>\n<meta property=\"og:description\" content=\"The National Alliance to End Homelessness is a nonpartisan, nonprofit organization committed to preventing and ending homelessness in the United States.\" \/>\n<meta property=\"og:url\" content=\"https:\/\/endhomelessness.org\/es\/resources\/ley-de-coordinacion-de-atencion-a-la-salud-conductual-y-la-falta-de-vivienda-h-r-773\/\" \/>\n<meta property=\"og:site_name\" content=\"Alianza Nacional para Erradicar la Falta de Vivienda\" \/>\n<meta property=\"article:publisher\" content=\"https:\/\/www.facebook.com\/naehomelessness\/\" \/>\n<meta property=\"article:modified_time\" content=\"2025-04-04T16:37:20+00:00\" \/>\n<meta property=\"og:image\" content=\"https:\/\/endhomelessness.org\/wp-content\/uploads\/2014\/01\/Frame-222.png\" \/>\n\t<meta property=\"og:image:width\" content=\"1068\" \/>\n\t<meta property=\"og:image:height\" content=\"684\" \/>\n\t<meta property=\"og:image:type\" content=\"image\/png\" \/>\n<meta name=\"twitter:card\" content=\"summary_large_image\" \/>\n<meta name=\"twitter:label1\" content=\"Tiempo de lectura\" \/>\n\t<meta name=\"twitter:data1\" content=\"6 minutos\" \/>\n<script type=\"application\/ld+json\" class=\"yoast-schema-graph\">{\"@context\":\"https:\\\/\\\/schema.org\",\"@graph\":[{\"@type\":\"WebPage\",\"@id\":\"https:\\\/\\\/endhomelessness.org\\\/es\\\/resources\\\/ley-de-coordinacion-de-atencion-a-la-salud-conductual-y-la-falta-de-vivienda-h-r-773\\\/\",\"url\":\"https:\\\/\\\/endhomelessness.org\\\/es\\\/resources\\\/ley-de-coordinacion-de-atencion-a-la-salud-conductual-y-la-falta-de-vivienda-h-r-773\\\/\",\"name\":\"Ley de Coordinaci\u00f3n de Atenci\u00f3n a la Salud Conductual y la Falta de Vivienda (H.R. 773) - Alianza Nacional para Erradicar la Falta de Vivienda\",\"isPartOf\":{\"@id\":\"https:\\\/\\\/endhomelessness.org\\\/es\\\/#website\"},\"primaryImageOfPage\":{\"@id\":\"https:\\\/\\\/endhomelessness.org\\\/es\\\/resources\\\/ley-de-coordinacion-de-atencion-a-la-salud-conductual-y-la-falta-de-vivienda-h-r-773\\\/#primaryimage\"},\"image\":{\"@id\":\"https:\\\/\\\/endhomelessness.org\\\/es\\\/resources\\\/ley-de-coordinacion-de-atencion-a-la-salud-conductual-y-la-falta-de-vivienda-h-r-773\\\/#primaryimage\"},\"thumbnailUrl\":\"https:\\\/\\\/endhomelessness.org\\\/wp-content\\\/uploads\\\/2014\\\/01\\\/Frame-222.png\",\"datePublished\":\"2022-05-13T12:56:00+00:00\",\"dateModified\":\"2025-04-04T16:37:20+00:00\",\"description\":\"The National Alliance to End Homelessness is a nonpartisan, nonprofit organization committed to preventing and ending homelessness in the United States.\",\"breadcrumb\":{\"@id\":\"https:\\\/\\\/endhomelessness.org\\\/es\\\/resources\\\/ley-de-coordinacion-de-atencion-a-la-salud-conductual-y-la-falta-de-vivienda-h-r-773\\\/#breadcrumb\"},\"inLanguage\":\"es\",\"potentialAction\":[{\"@type\":\"ReadAction\",\"target\":[\"https:\\\/\\\/endhomelessness.org\\\/es\\\/resources\\\/ley-de-coordinacion-de-atencion-a-la-salud-conductual-y-la-falta-de-vivienda-h-r-773\\\/\"]}]},{\"@type\":\"ImageObject\",\"inLanguage\":\"es\",\"@id\":\"https:\\\/\\\/endhomelessness.org\\\/es\\\/resources\\\/ley-de-coordinacion-de-atencion-a-la-salud-conductual-y-la-falta-de-vivienda-h-r-773\\\/#primaryimage\",\"url\":\"https:\\\/\\\/endhomelessness.org\\\/wp-content\\\/uploads\\\/2014\\\/01\\\/Frame-222.png\",\"contentUrl\":\"https:\\\/\\\/endhomelessness.org\\\/wp-content\\\/uploads\\\/2014\\\/01\\\/Frame-222.png\",\"width\":1068,\"height\":684,\"caption\":\"National Alliance to End Homelessness logo\"},{\"@type\":\"BreadcrumbList\",\"@id\":\"https:\\\/\\\/endhomelessness.org\\\/es\\\/resources\\\/ley-de-coordinacion-de-atencion-a-la-salud-conductual-y-la-falta-de-vivienda-h-r-773\\\/#breadcrumb\",\"itemListElement\":[{\"@type\":\"ListItem\",\"position\":1,\"name\":\"Inicio\",\"item\":\"https:\\\/\\\/endhomelessness.org\\\/es\\\/home-page-2-2-2\\\/\"},{\"@type\":\"ListItem\",\"position\":2,\"name\":\"Ley de Coordinaci\u00f3n de Atenci\u00f3n a la Salud Conductual y la Falta de Vivienda (H.R. 773)\"}]},{\"@type\":\"WebSite\",\"@id\":\"https:\\\/\\\/endhomelessness.org\\\/es\\\/#website\",\"url\":\"https:\\\/\\\/endhomelessness.org\\\/es\\\/\",\"name\":\"National Alliance to End Homelessness\",\"description\":\"Organizaci\u00f3n no partidista para prevenir y erradicar la falta de vivienda en EE.UU.\",\"publisher\":{\"@id\":\"https:\\\/\\\/endhomelessness.org\\\/es\\\/#organization\"},\"potentialAction\":[{\"@type\":\"SearchAction\",\"target\":{\"@type\":\"EntryPoint\",\"urlTemplate\":\"https:\\\/\\\/endhomelessness.org\\\/es\\\/?s={search_term_string}\"},\"query-input\":{\"@type\":\"PropertyValueSpecification\",\"valueRequired\":true,\"valueName\":\"search_term_string\"}}],\"inLanguage\":\"es\"},{\"@type\":\"Organization\",\"@id\":\"https:\\\/\\\/endhomelessness.org\\\/es\\\/#organization\",\"name\":\"Alianza Nacional para Erradicar la Falta de Vivienda\",\"url\":\"https:\\\/\\\/endhomelessness.org\\\/es\\\/\",\"logo\":{\"@type\":\"ImageObject\",\"inLanguage\":\"es\",\"@id\":\"https:\\\/\\\/endhomelessness.org\\\/es\\\/#\\\/schema\\\/logo\\\/image\\\/\",\"url\":\"https:\\\/\\\/endhomelessness.org\\\/wp-content\\\/uploads\\\/2024\\\/09\\\/logo-2.webp\",\"contentUrl\":\"https:\\\/\\\/endhomelessness.org\\\/wp-content\\\/uploads\\\/2024\\\/09\\\/logo-2.webp\",\"width\":687,\"height\":361,\"caption\":\"Alianza Nacional para Erradicar la Falta de Vivienda\"},\"image\":{\"@id\":\"https:\\\/\\\/endhomelessness.org\\\/es\\\/#\\\/schema\\\/logo\\\/image\\\/\"},\"sameAs\":[\"https:\\\/\\\/www.facebook.com\\\/naehomelessness\\\/\",\"https:\\\/\\\/www.youtube.com\\\/@EndingHomelessness\",\"https:\\\/\\\/www.linkedin.com\\\/company\\\/national-alliance-to-end-homelessness\\\/\",\"https:\\\/\\\/instagram.com\\\/naeh_endhomelessness\"]}]}<\/script>\n<!-- \/ Yoast SEO Premium plugin. -->","yoast_head_json":{"title":"Ley de Coordinaci\u00f3n de Atenci\u00f3n a la Salud Conductual y la Falta de Vivienda (H.R. 773) - Alianza Nacional para Erradicar la Falta de Vivienda","description":"The National Alliance to End Homelessness is a nonpartisan, nonprofit organization committed to preventing and ending homelessness in the United States.","robots":{"index":"index","follow":"follow","max-snippet":"max-snippet:-1","max-image-preview":"max-image-preview:large","max-video-preview":"max-video-preview:-1"},"canonical":"https:\/\/endhomelessness.org\/es\/resources\/ley-de-coordinacion-de-atencion-a-la-salud-conductual-y-la-falta-de-vivienda-h-r-773\/","og_locale":"es_ES","og_type":"article","og_title":"Ley de Coordinaci\u00f3n de Atenci\u00f3n a la Salud Conductual y la Falta de Vivienda (H.R. 773)","og_description":"The National Alliance to End Homelessness is a nonpartisan, nonprofit organization committed to preventing and ending homelessness in the United States.","og_url":"https:\/\/endhomelessness.org\/es\/resources\/ley-de-coordinacion-de-atencion-a-la-salud-conductual-y-la-falta-de-vivienda-h-r-773\/","og_site_name":"Alianza Nacional para Erradicar la Falta de Vivienda","article_publisher":"https:\/\/www.facebook.com\/naehomelessness\/","article_modified_time":"2025-04-04T16:37:20+00:00","og_image":[{"width":1068,"height":684,"url":"https:\/\/endhomelessness.org\/wp-content\/uploads\/2014\/01\/Frame-222.png","type":"image\/png"}],"twitter_card":"summary_large_image","twitter_misc":{"Tiempo de lectura":"6 minutos"},"schema":{"@context":"https:\/\/schema.org","@graph":[{"@type":"WebPage","@id":"https:\/\/endhomelessness.org\/es\/resources\/ley-de-coordinacion-de-atencion-a-la-salud-conductual-y-la-falta-de-vivienda-h-r-773\/","url":"https:\/\/endhomelessness.org\/es\/resources\/ley-de-coordinacion-de-atencion-a-la-salud-conductual-y-la-falta-de-vivienda-h-r-773\/","name":"Ley de Coordinaci\u00f3n de Atenci\u00f3n a la Salud Conductual y la Falta de Vivienda (H.R. 773) - Alianza Nacional para Erradicar la Falta de Vivienda","isPartOf":{"@id":"https:\/\/endhomelessness.org\/es\/#website"},"primaryImageOfPage":{"@id":"https:\/\/endhomelessness.org\/es\/resources\/ley-de-coordinacion-de-atencion-a-la-salud-conductual-y-la-falta-de-vivienda-h-r-773\/#primaryimage"},"image":{"@id":"https:\/\/endhomelessness.org\/es\/resources\/ley-de-coordinacion-de-atencion-a-la-salud-conductual-y-la-falta-de-vivienda-h-r-773\/#primaryimage"},"thumbnailUrl":"https:\/\/endhomelessness.org\/wp-content\/uploads\/2014\/01\/Frame-222.png","datePublished":"2022-05-13T12:56:00+00:00","dateModified":"2025-04-04T16:37:20+00:00","description":"The National Alliance to End Homelessness is a nonpartisan, nonprofit organization committed to preventing and ending homelessness in the United States.","breadcrumb":{"@id":"https:\/\/endhomelessness.org\/es\/resources\/ley-de-coordinacion-de-atencion-a-la-salud-conductual-y-la-falta-de-vivienda-h-r-773\/#breadcrumb"},"inLanguage":"es","potentialAction":[{"@type":"ReadAction","target":["https:\/\/endhomelessness.org\/es\/resources\/ley-de-coordinacion-de-atencion-a-la-salud-conductual-y-la-falta-de-vivienda-h-r-773\/"]}]},{"@type":"ImageObject","inLanguage":"es","@id":"https:\/\/endhomelessness.org\/es\/resources\/ley-de-coordinacion-de-atencion-a-la-salud-conductual-y-la-falta-de-vivienda-h-r-773\/#primaryimage","url":"https:\/\/endhomelessness.org\/wp-content\/uploads\/2014\/01\/Frame-222.png","contentUrl":"https:\/\/endhomelessness.org\/wp-content\/uploads\/2014\/01\/Frame-222.png","width":1068,"height":684,"caption":"National Alliance to End Homelessness logo"},{"@type":"BreadcrumbList","@id":"https:\/\/endhomelessness.org\/es\/resources\/ley-de-coordinacion-de-atencion-a-la-salud-conductual-y-la-falta-de-vivienda-h-r-773\/#breadcrumb","itemListElement":[{"@type":"ListItem","position":1,"name":"Inicio","item":"https:\/\/endhomelessness.org\/es\/home-page-2-2-2\/"},{"@type":"ListItem","position":2,"name":"Ley de Coordinaci\u00f3n de Atenci\u00f3n a la Salud Conductual y la Falta de Vivienda (H.R. 773)"}]},{"@type":"WebSite","@id":"https:\/\/endhomelessness.org\/es\/#website","url":"https:\/\/endhomelessness.org\/es\/","name":"National Alliance to End Homelessness","description":"Organizaci\u00f3n no partidista para prevenir y erradicar la falta de vivienda en EE.UU.","publisher":{"@id":"https:\/\/endhomelessness.org\/es\/#organization"},"potentialAction":[{"@type":"SearchAction","target":{"@type":"EntryPoint","urlTemplate":"https:\/\/endhomelessness.org\/es\/?s={search_term_string}"},"query-input":{"@type":"PropertyValueSpecification","valueRequired":true,"valueName":"search_term_string"}}],"inLanguage":"es"},{"@type":"Organization","@id":"https:\/\/endhomelessness.org\/es\/#organization","name":"Alianza Nacional para Erradicar la Falta de Vivienda","url":"https:\/\/endhomelessness.org\/es\/","logo":{"@type":"ImageObject","inLanguage":"es","@id":"https:\/\/endhomelessness.org\/es\/#\/schema\/logo\/image\/","url":"https:\/\/endhomelessness.org\/wp-content\/uploads\/2024\/09\/logo-2.webp","contentUrl":"https:\/\/endhomelessness.org\/wp-content\/uploads\/2024\/09\/logo-2.webp","width":687,"height":361,"caption":"Alianza Nacional para Erradicar la Falta de Vivienda"},"image":{"@id":"https:\/\/endhomelessness.org\/es\/#\/schema\/logo\/image\/"},"sameAs":["https:\/\/www.facebook.com\/naehomelessness\/","https:\/\/www.youtube.com\/@EndingHomelessness","https:\/\/www.linkedin.com\/company\/national-alliance-to-end-homelessness\/","https:\/\/instagram.com\/naeh_endhomelessness"]}]}},"_links":{"self":[{"href":"https:\/\/endhomelessness.org\/es\/wp-json\/wp\/v2\/resource\/17598","targetHints":{"allow":["GET"]}}],"collection":[{"href":"https:\/\/endhomelessness.org\/es\/wp-json\/wp\/v2\/resource"}],"about":[{"href":"https:\/\/endhomelessness.org\/es\/wp-json\/wp\/v2\/types\/resource"}],"author":[{"embeddable":true,"href":"https:\/\/endhomelessness.org\/es\/wp-json\/wp\/v2\/users\/1"}],"version-history":[{"count":0,"href":"https:\/\/endhomelessness.org\/es\/wp-json\/wp\/v2\/resource\/17598\/revisions"}],"wp:featuredmedia":[{"embeddable":true,"href":"https:\/\/endhomelessness.org\/es\/wp-json\/wp\/v2\/media\/14222"}],"wp:attachment":[{"href":"https:\/\/endhomelessness.org\/es\/wp-json\/wp\/v2\/media?parent=17598"}],"wp:term":[{"taxonomy":"resource-category","embeddable":true,"href":"https:\/\/endhomelessness.org\/es\/wp-json\/wp\/v2\/resource-category?post=17598"},{"taxonomy":"resource-by-event-type","embeddable":true,"href":"https:\/\/endhomelessness.org\/es\/wp-json\/wp\/v2\/resource-by-event-type?post=17598"},{"taxonomy":"resource-by-category","embeddable":true,"href":"https:\/\/endhomelessness.org\/es\/wp-json\/wp\/v2\/resource-by-category?post=17598"},{"taxonomy":"resource-audience","embeddable":true,"href":"https:\/\/endhomelessness.org\/es\/wp-json\/wp\/v2\/resource-audience?post=17598"},{"taxonomy":"resource-best-practice","embeddable":true,"href":"https:\/\/endhomelessness.org\/es\/wp-json\/wp\/v2\/resource-best-practice?post=17598"},{"taxonomy":"resource-key-issue","embeddable":true,"href":"https:\/\/endhomelessness.org\/es\/wp-json\/wp\/v2\/resource-key-issue?post=17598"}],"curies":[{"name":"wp","href":"https:\/\/api.w.org\/{rel}","templated":true}]}}