{"id":17653,"date":"2024-07-30T08:58:17","date_gmt":"2024-07-30T12:58:17","guid":{"rendered":"https:\/\/endhomelessness.org\/resources\/seminario-web-sobre-el-estado-de-la-falta-de-vivienda-un-camino-hacia-adelante\/"},"modified":"2025-09-04T13:51:04","modified_gmt":"2025-09-04T17:51:04","slug":"seminario-web-sobre-el-estado-de-la-falta-de-vivienda-un-camino-hacia-adelante","status":"publish","type":"resource","link":"https:\/\/endhomelessness.org\/es\/resources\/webinars\/seminario-web-sobre-el-estado-de-la-falta-de-vivienda-un-camino-hacia-adelante\/","title":{"rendered":"Seminario web sobre el Estado de la Falta de Vivienda: Un Camino Hacia Adelante"},"content":{"rendered":"\n<section class=\"e-stn e-stn-c61846f609468885805c624a82673c70d00a6ce3 e-stn--conference-page-banner\">@media only screen and (max-width: 9999px) {\n\t\t\t\t\t\t\t\t\t.e-stn.e-stn-c61846f609468885805c624a82673c70d00a6ce3 { \n\t\t\t\t\t\t\t\t\t\tbackground-color: #010E1E; \n\t\t\t\t\t\t\t\t\t}\n\t\t\t\t\t\t\t\t}<div class=\"container\">\n<div class=\"wp-block-b3rg-row e-row row\">\n<div class=\"wp-block-b3rg-column e-col e-col-95737520fd0d636ff7364b5eb18aebdd37dc52b5 e-col--dlt e-col--left  col-xs-12 col-sm-12 col-md-7 col-lg-10\">\n<div class=\"e-div e-div-1225cb0b1814a5d12a2933030341b98174b2707e e-div--date-time-wrap\"><div class=\"e-mtf e-mtf--dlt  e-mtf--event-start-end\"><\/div>\n\n<\/div>\n\n\n<h1 class=\"wp-block-post-title\">Seminario web sobre el Estado de la Falta de Vivienda: Un Camino Hacia Adelante<\/h1>\n\n\n<p><\/p>\n<\/div>\n\n\n\n<div class=\"wp-block-b3rg-column e-col e-col-7aa0e090d2a4a687d542ad86feaa3ad7ac30dc00 e-col--right  col-xs-12 col-sm-12 col-md-5 col-lg-2\">\n<div class=\"e-div e-div-721d0ef0db7e23b9d92848a74bab53b5d34c792d e-div--media\"><figure class=\"wp-block-post-featured-image\"><img loading=\"lazy\" decoding=\"async\" width=\"1068\" height=\"684\" src=\"https:\/\/endhomelessness.org\/wp-content\/uploads\/2014\/01\/Frame-222.png\" class=\"attachment-post-thumbnail size-post-thumbnail wp-post-image default-featured-img\" alt=\"National Alliance to End Homelessness logo\" style=\"object-fit:cover;\" srcset=\"https:\/\/endhomelessness.org\/wp-content\/uploads\/2014\/01\/Frame-222.png 1068w, https:\/\/endhomelessness.org\/wp-content\/uploads\/2014\/01\/Frame-222-300x192.png 300w, https:\/\/endhomelessness.org\/wp-content\/uploads\/2014\/01\/Frame-222-1024x656.png 1024w, https:\/\/endhomelessness.org\/wp-content\/uploads\/2014\/01\/Frame-222-768x492.png 768w, https:\/\/endhomelessness.org\/wp-content\/uploads\/2014\/01\/Frame-222-575x368.png 575w\" sizes=\"auto, (max-width: 1068px) 100vw, 1068px\" \/><\/figure><\/div>\n<\/div>\n<\/div>\n<\/div><\/section>\n\n<section class=\"e-stn e-stn-ce6b07254ce471d4c137dc7d8842deea97af1a7f e-stn--text-content-type-2 e-pb-40\"><div class=\"container\">\n<div class=\"wp-block-b3rg-row e-row row\">\n<div class=\"wp-block-b3rg-column e-col e-col-3fd29a26ff70780ecd7ff03db8f4638045c8c9d8  col-sm-12\">\n<div class=\"e-div e-div-e5334e9998c4f20ab89d448d47494c2e9eccbf08 e-div--content\">\n<p>La Alianza Nacional para Erradicar la Falta de Vivienda ha publicado su <a href=\"https:\/\/endhomelessness.org\/es\/estado-de-la-falta-de-vivienda-edicion-2024\/\">Informe sobre el Estado de la Falta de Vivienda: Edici\u00f3n 2024<\/a>. Tras la publicaci\u00f3n, el Instituto de Investigaci\u00f3n sobre la Falta de Vivienda de la Alianza presentar\u00e1 los hallazgos clave del informe y dirigir\u00e1 un debate con varios l\u00edderes sobre soluciones para reducir la falta de vivienda no albergada en sus comunidades. Una breve sesi\u00f3n de preguntas y respuestas sigui\u00f3 a la conversaci\u00f3n.  <\/p>\n<\/div>\n<\/div>\n<\/div>\n<\/div><\/section>\n\n<section class=\"e-stn e-stn-5a7a90e11630b0c360c4323700efb021b9d69d8a e-stn--video e-mt-0 e-pb-80\"><div class=\"container\">\n<div class=\"wp-block-b3rg-row e-row row\">\n<div class=\"wp-block-b3rg-column e-col e-col-3fd29a26ff70780ecd7ff03db8f4638045c8c9d8  col-sm-12\"><div class=\"e-vid  e-vid--iframe e-vid--video ar-21by9\">\n            <iframe title='iframe' src='https:\/\/www.youtube.com\/embed\/oiJ5gGrTFnA'\n    class='w-100'><\/iframe>        <button class='btn-playback btn-playback--pause hide'\n    style='width:100px; height:100px;\n    background-image: url(https:\/\/endhomelessness.org\/wp-content\/uploads\/2024\/09\/Group-290163-5.png); background-size: 100px    100px'>\n<\/button>\n    <\/div>\n\n\n\n<p><\/p>\n\n\n\n<div class=\"e-div e-div-c668ba8093fc56a96b34dbfb1aa5b2a276bb674a e-div--button-wrapper\"><div class=\"e-btn e-btn--yellow\"><a class=\"e-btn__link\"href=\"\/state-of-homelessness\/\" target=\"_self\">\n<p class=\"title\">Leer el Informe sobre el Estado de la Falta de Vivienda<\/p>\n<\/a><\/div><\/div>\n\n\n\n<div style=\"height:15px\" aria-hidden=\"true\" class=\"wp-block-spacer\"><\/div>\n\n\n\n<div class=\"e-div e-div-c668ba8093fc56a96b34dbfb1aa5b2a276bb674a e-div--button-wrapper\"><div class=\"e-btn e-btn--yellow\"><a class=\"e-btn__link\"href=\"https:\/\/endhomelessness.org\/wp-content\/uploads\/2024\/10\/8.6.24-State-of-Homelessness-Webinar-Slides.pdf\" target=\"_blank\">\n<p class=\"title\">Descargar las diapositivas del seminario web<\/p>\n<\/a><\/div><\/div>\n\n\n\n<div style=\"height:15px\" aria-hidden=\"true\" class=\"wp-block-spacer\"><\/div>\n\n\n\n<p><strong>Ponentes:<\/strong><\/p>\n\n\n\n<ul class=\"wp-block-list\">\n<li><strong>Mackenzie Kelly, MPA, <\/strong>Directora Ejecutiva de la Coalici\u00f3n Regional para Personas sin Hogar de Chattanooga (CRHC)<\/li>\n\n\n\n<li><strong>Sarah Kahn, <\/strong>Presidenta y Directora Ejecutiva, Housing Forward<\/li>\n\n\n\n<li><strong>Robert Ratner, <\/strong>Director, Condado de Santa Cruz, Departamento de Servicios Humanos, Divisi\u00f3n de Vivienda para la Salud<\/li>\n\n\n\n<li><strong>Daniel Soucy, <\/strong>Analista de Investigaci\u00f3n en la Alianza Nacional para Erradicar la Falta de Vivienda<\/li>\n\n\n\n<li><strong>Andrew Hall, <\/strong>Analista de Investigaci\u00f3n en la Alianza Nacional para Erradicar la Falta de Vivienda<\/li>\n<\/ul>\n<\/div>\n<\/div>\n<\/div><\/section>\n\n<section class=\"e-stn e-stn-fecd9f248d71f1b43eea1791ae2aa16e613ea50d e-stn--subscription-form\"><div class=\"container\">\n<div class=\"wp-block-b3rg-row e-row row\">\n<div class=\"wp-block-b3rg-column e-col e-col-5e53f80929c6668a38540fba03c97241dc5f6888 e-col--left  col-sm-12 col-lg-6\">\n<h2 class=\"wp-block-heading has-pure-white-color has-text-color has-link-color wp-elements-cec0e497456012f6e859233bfca8aaa4\"><strong>Mant\u00e9ngase informado: Soluciones, historias y formas de generar impacto<\/strong><\/h2>\n\n\n\n<p>Reg\u00edstrese para recibir actualizaciones sobre el trabajo de la Alianza, incluyendo las \u00faltimas investigaciones, esfuerzos de promoci\u00f3n e historias reales de progreso \u2014 adem\u00e1s de formas en las que puede ayudar a impulsar un cambio duradero.<\/p>\n<\/div>\n\n\n\n<div class=\"wp-block-b3rg-column e-col e-col-117d0cb7e6b4934330c33fb3a4c7ee0ab7e9abd4 e-col--right e-col--email-cta-form-wrpr  col-sm-12 col-lg-6\">\n<div id=\"mc_embed_shell\">\n      <link href=\"\/\/cdn-images.mailchimp.com\/embedcode\/classic-061523.css\" rel=\"stylesheet\" type=\"text\/css\"\/>\n  <style type=\"text\/css\">\n        #mc_embed_signup{background:#fff; false;clear:left; font:14px Helvetica,Arial,sans-serif; width: 600px;}\n        \/* Add your own Mailchimp form style overrides in your site stylesheet or in this style block.\n           We recommend moving this block and the preceding CSS link to the HEAD of your HTML file. *\/\n<\/style>\n<div id=\"mc_embed_signup\">\n    <form action=\"https:\/\/endhomelessness.us9.list-manage.com\/subscribe\/post?u=466b34a51377a9504fb2ebd8f&#038;id=1cf64328bb&#038;f_id=00f7f2e0f0\" method=\"post\" id=\"mc-embedded-subscribe-form\" name=\"mc-embedded-subscribe-form\" class=\"validate\" target=\"_blank\">\n        <div id=\"mc_embed_signup_scroll\">\n            <div class=\"indicates-required\"><span class=\"asterisk\">*<\/span> indica campo obligatorio<\/div>\n            <div class=\"mc-field-group\"><label for=\"mce-EMAIL\">Direcci\u00f3n de correo electr\u00f3nico <span class=\"asterisk\">*<\/span><\/label><input type=\"email\" name=\"EMAIL\" class=\"required email\" id=\"mce-EMAIL\" required=\"\" value=\"\"\/><\/div><div class=\"mc-field-group input-group\"><strong>\u00bfC\u00f3mo deber\u00edamos comunicarnos con usted? <\/strong><ul><li><input type=\"checkbox\" name=\"group[17873][1]\" id=\"mce-group[17873]-17873-0\" value=\"\"\/><label for=\"mce-group[17873]-17873-0\">Deseo recibir semanalmente herramientas, recursos y noticias sobre la falta de vivienda<\/label><\/li><li><input type=\"checkbox\" name=\"group[17873][2]\" id=\"mce-group[17873]-17873-1\" value=\"\"\/><label for=\"mce-group[17873]-17873-1\">Deseo recibir noticias generales y actualizaciones sobre el trabajo de la Alianza<\/label><\/li><\/ul><\/div><div class=\"mc-field-group\"><label for=\"mce-FNAME\">Nombre <\/label><input type=\"text\" name=\"FNAME\" class=\" text\" id=\"mce-FNAME\" value=\"\"\/><\/div><div class=\"mc-field-group\"><label for=\"mce-LNAME\">Apellido <\/label><input type=\"text\" name=\"LNAME\" class=\" text\" id=\"mce-LNAME\" value=\"\"\/><\/div>\n<div hidden=\"\"><input type=\"hidden\" name=\"tags\" value=\"12777910\"\/><\/div>\n        <div id=\"mce-responses\" class=\"clear\">\n            <div class=\"response\" id=\"mce-error-response\" style=\"display: none;\"><\/div>\n            <div class=\"response\" id=\"mce-success-response\" style=\"display: none;\"><\/div>\n        <\/div><div aria-hidden=\"true\" style=\"position: absolute; left: -5000px;\"><input type=\"text\" name=\"b_466b34a51377a9504fb2ebd8f_1cf64328bb\" tabindex=\"-1\" value=\"\"\/><\/div><div class=\"clear\"><input type=\"submit\" name=\"subscribe\" id=\"mc-embedded-subscribe\" class=\"button\" value=\"Suscribirse\"\/><\/div>\n    <\/div>\n<\/form>\n<\/div>\n<script type=\"text\/javascript\" src=\"\/\/s3.amazonaws.com\/downloads.mailchimp.com\/js\/mc-validate.js\"><\/script><script type=\"text\/javascript\">(function($) {window.fnames = new Array(); window.ftypes = new Array();fnames[0]='EMAIL';ftypes[0]='email';fnames[1]='FNAME';ftypes[1]='text';fnames[2]='LNAME';ftypes[2]='text';fnames[12]='MMERGE12';ftypes[12]='zip';fnames[4]='MMERGE4';ftypes[4]='text';fnames[7]='CITY';ftypes[7]='text';fnames[8]='STATE';ftypes[8]='text';fnames[11]='MMERGE11';ftypes[11]='text';fnames[13]='MMERGE13';ftypes[13]='text';fnames[3]='MMERGE3';ftypes[3]='text';fnames[5]='MMERGE5';ftypes[5]='text';}(jQuery));var $mcj = jQuery.noConflict(true);<\/script><\/div>\n<\/div>\n<\/div>\n<\/div><\/section>\n","protected":false},"excerpt":{"rendered":"<p>La Alianza Nacional para Erradicar la Falta de Vivienda ha publicado su Informe sobre el Estado de la Falta de Vivienda: Edici\u00f3n 2024. Tras la publicaci\u00f3n, el Instituto de Investigaci\u00f3n sobre la Falta de Vivienda de la Alianza presentar\u00e1 los hallazgos clave del informe y dirigir\u00e1 un debate con varios l\u00edderes sobre soluciones para reducir la falta de vivienda no albergada en sus comunidades. Una breve sesi\u00f3n de preguntas y respuestas sigui\u00f3 a la conversaci\u00f3n.  <\/p>\n","protected":false},"author":1,"featured_media":14222,"template":"","meta":{"_acf_changed":false,"show_custom_date":false,"custom_date":"","featured":false,"featured_image":0,"learn_more_label":"","image_alt_text":"","learn_more_type":"","show_popup":false,"learn_more_link_file":0,"event_date":false,"event_start_date":"","event_end_date":"","place_holder_image_url":"","post_reading_time":"< 1","notification_enabled":false,"notification_text":"","notification_logo":"","notification_expiration_time":0,"is_enable_transparent_header":false,"hide_from_list_view":false,"selected_taxonomy_terms":{"resource-category":[442],"resource-by-event-type":[444],"resource-by-category":[],"resource-audience":[425,426],"resource-best-practice":[],"resource-key-issue":[],"translation_priority":[66]},"selected_primary_terms":[],"learn_more_link":[],"featured_page_list":[],"notification_enabled_post_list":[],"_relevanssi_hide_post":"","_relevanssi_hide_content":"","_relevanssi_pin_for_all":"","_relevanssi_pin_keywords":"","_relevanssi_unpin_keywords":"","_relevanssi_related_keywords":"","_relevanssi_related_include_ids":"","_relevanssi_related_exclude_ids":"","_relevanssi_related_no_append":"","_relevanssi_related_not_related":"","_relevanssi_related_posts":"","_relevanssi_noindex_reason":"","inline_featured_image":false,"news_publication":"","footnotes":""},"resource-category":[442],"resource-by-event-type":[444],"resource-by-category":[],"resource-audience":[425,426],"resource-best-practice":[],"resource-key-issue":[],"class_list":["post-17653","resource","type-resource","status-publish","has-post-thumbnail","hentry","resource-category-seminarios-web","resource-by-event-type-sesion-informativa","resource-audience-academicos-e-investigadores","resource-audience-legisladores-y-defensores"],"acf":[],"yoast_head":"<!-- This site is optimized with the Yoast SEO Premium plugin v24.7 (Yoast SEO v27.4) - https:\/\/yoast.com\/product\/yoast-seo-premium-wordpress\/ -->\n<title>Seminario web sobre el Estado de la Falta de Vivienda: Un Camino Hacia Adelante - Alianza Nacional para Erradicar la Falta de Vivienda<\/title>\n<meta name=\"description\" content=\"The National Alliance to End Homelessness is a nonpartisan, nonprofit organization committed to preventing and ending homelessness in the United States.\" \/>\n<meta name=\"robots\" content=\"index, follow, max-snippet:-1, max-image-preview:large, max-video-preview:-1\" \/>\n<link rel=\"canonical\" href=\"https:\/\/endhomelessness.org\/es\/resources\/webinars\/seminario-web-sobre-el-estado-de-la-falta-de-vivienda-un-camino-hacia-adelante\/\" \/>\n<meta property=\"og:locale\" content=\"es_ES\" \/>\n<meta property=\"og:type\" content=\"article\" \/>\n<meta property=\"og:title\" content=\"Seminario web sobre el Estado de la Falta de Vivienda: Un Camino Hacia Adelante\" \/>\n<meta property=\"og:description\" content=\"The National Alliance to End Homelessness is a nonpartisan, nonprofit organization committed to preventing and ending homelessness in the United States.\" \/>\n<meta property=\"og:url\" content=\"https:\/\/endhomelessness.org\/es\/resources\/webinars\/seminario-web-sobre-el-estado-de-la-falta-de-vivienda-un-camino-hacia-adelante\/\" \/>\n<meta property=\"og:site_name\" content=\"Alianza Nacional para Erradicar la Falta de Vivienda\" \/>\n<meta property=\"article:publisher\" content=\"https:\/\/www.facebook.com\/naehomelessness\/\" \/>\n<meta property=\"article:modified_time\" content=\"2025-09-04T17:51:04+00:00\" \/>\n<meta property=\"og:image\" content=\"https:\/\/endhomelessness.org\/wp-content\/uploads\/2014\/01\/Frame-222.png\" \/>\n\t<meta property=\"og:image:width\" content=\"1068\" \/>\n\t<meta property=\"og:image:height\" content=\"684\" \/>\n\t<meta property=\"og:image:type\" content=\"image\/png\" \/>\n<meta name=\"twitter:card\" content=\"summary_large_image\" \/>\n<meta name=\"twitter:label1\" content=\"Tiempo de lectura\" \/>\n\t<meta name=\"twitter:data1\" content=\"1 minuto\" \/>\n<script type=\"application\/ld+json\" class=\"yoast-schema-graph\">{\"@context\":\"https:\\\/\\\/schema.org\",\"@graph\":[{\"@type\":\"WebPage\",\"@id\":\"https:\\\/\\\/endhomelessness.org\\\/es\\\/resources\\\/webinars\\\/seminario-web-sobre-el-estado-de-la-falta-de-vivienda-un-camino-hacia-adelante\\\/\",\"url\":\"https:\\\/\\\/endhomelessness.org\\\/es\\\/resources\\\/webinars\\\/seminario-web-sobre-el-estado-de-la-falta-de-vivienda-un-camino-hacia-adelante\\\/\",\"name\":\"Seminario web sobre el Estado de la Falta de Vivienda: Un Camino Hacia Adelante - Alianza Nacional para Erradicar la Falta de Vivienda\",\"isPartOf\":{\"@id\":\"https:\\\/\\\/endhomelessness.org\\\/es\\\/#website\"},\"primaryImageOfPage\":{\"@id\":\"https:\\\/\\\/endhomelessness.org\\\/es\\\/resources\\\/webinars\\\/seminario-web-sobre-el-estado-de-la-falta-de-vivienda-un-camino-hacia-adelante\\\/#primaryimage\"},\"image\":{\"@id\":\"https:\\\/\\\/endhomelessness.org\\\/es\\\/resources\\\/webinars\\\/seminario-web-sobre-el-estado-de-la-falta-de-vivienda-un-camino-hacia-adelante\\\/#primaryimage\"},\"thumbnailUrl\":\"https:\\\/\\\/endhomelessness.org\\\/wp-content\\\/uploads\\\/2014\\\/01\\\/Frame-222.png\",\"datePublished\":\"2024-07-30T12:58:17+00:00\",\"dateModified\":\"2025-09-04T17:51:04+00:00\",\"description\":\"The National Alliance to End Homelessness is a nonpartisan, nonprofit organization committed to preventing and ending homelessness in the United States.\",\"breadcrumb\":{\"@id\":\"https:\\\/\\\/endhomelessness.org\\\/es\\\/resources\\\/webinars\\\/seminario-web-sobre-el-estado-de-la-falta-de-vivienda-un-camino-hacia-adelante\\\/#breadcrumb\"},\"inLanguage\":\"es\",\"potentialAction\":[{\"@type\":\"ReadAction\",\"target\":[\"https:\\\/\\\/endhomelessness.org\\\/es\\\/resources\\\/webinars\\\/seminario-web-sobre-el-estado-de-la-falta-de-vivienda-un-camino-hacia-adelante\\\/\"]}]},{\"@type\":\"ImageObject\",\"inLanguage\":\"es\",\"@id\":\"https:\\\/\\\/endhomelessness.org\\\/es\\\/resources\\\/webinars\\\/seminario-web-sobre-el-estado-de-la-falta-de-vivienda-un-camino-hacia-adelante\\\/#primaryimage\",\"url\":\"https:\\\/\\\/endhomelessness.org\\\/wp-content\\\/uploads\\\/2014\\\/01\\\/Frame-222.png\",\"contentUrl\":\"https:\\\/\\\/endhomelessness.org\\\/wp-content\\\/uploads\\\/2014\\\/01\\\/Frame-222.png\",\"width\":1068,\"height\":684,\"caption\":\"National Alliance to End Homelessness logo\"},{\"@type\":\"BreadcrumbList\",\"@id\":\"https:\\\/\\\/endhomelessness.org\\\/es\\\/resources\\\/webinars\\\/seminario-web-sobre-el-estado-de-la-falta-de-vivienda-un-camino-hacia-adelante\\\/#breadcrumb\",\"itemListElement\":[{\"@type\":\"ListItem\",\"position\":1,\"name\":\"Inicio\",\"item\":\"https:\\\/\\\/endhomelessness.org\\\/es\\\/home-page-2-2-2\\\/\"},{\"@type\":\"ListItem\",\"position\":2,\"name\":\"Seminario web sobre el Estado de la Falta de Vivienda: Un Camino Hacia Adelante\"}]},{\"@type\":\"WebSite\",\"@id\":\"https:\\\/\\\/endhomelessness.org\\\/es\\\/#website\",\"url\":\"https:\\\/\\\/endhomelessness.org\\\/es\\\/\",\"name\":\"National Alliance to End Homelessness\",\"description\":\"Organizaci\u00f3n no partidista para prevenir y erradicar la falta de vivienda en EE.UU.\",\"publisher\":{\"@id\":\"https:\\\/\\\/endhomelessness.org\\\/es\\\/#organization\"},\"potentialAction\":[{\"@type\":\"SearchAction\",\"target\":{\"@type\":\"EntryPoint\",\"urlTemplate\":\"https:\\\/\\\/endhomelessness.org\\\/es\\\/?s={search_term_string}\"},\"query-input\":{\"@type\":\"PropertyValueSpecification\",\"valueRequired\":true,\"valueName\":\"search_term_string\"}}],\"inLanguage\":\"es\"},{\"@type\":\"Organization\",\"@id\":\"https:\\\/\\\/endhomelessness.org\\\/es\\\/#organization\",\"name\":\"Alianza Nacional para Erradicar la Falta de Vivienda\",\"url\":\"https:\\\/\\\/endhomelessness.org\\\/es\\\/\",\"logo\":{\"@type\":\"ImageObject\",\"inLanguage\":\"es\",\"@id\":\"https:\\\/\\\/endhomelessness.org\\\/es\\\/#\\\/schema\\\/logo\\\/image\\\/\",\"url\":\"https:\\\/\\\/endhomelessness.org\\\/wp-content\\\/uploads\\\/2024\\\/09\\\/logo-2.webp\",\"contentUrl\":\"https:\\\/\\\/endhomelessness.org\\\/wp-content\\\/uploads\\\/2024\\\/09\\\/logo-2.webp\",\"width\":687,\"height\":361,\"caption\":\"Alianza Nacional para Erradicar la Falta de Vivienda\"},\"image\":{\"@id\":\"https:\\\/\\\/endhomelessness.org\\\/es\\\/#\\\/schema\\\/logo\\\/image\\\/\"},\"sameAs\":[\"https:\\\/\\\/www.facebook.com\\\/naehomelessness\\\/\",\"https:\\\/\\\/www.youtube.com\\\/@EndingHomelessness\",\"https:\\\/\\\/www.linkedin.com\\\/company\\\/national-alliance-to-end-homelessness\\\/\",\"https:\\\/\\\/instagram.com\\\/naeh_endhomelessness\"]}]}<\/script>\n<!-- \/ Yoast SEO Premium plugin. -->","yoast_head_json":{"title":"Seminario web sobre el Estado de la Falta de Vivienda: Un Camino Hacia Adelante - Alianza Nacional para Erradicar la Falta de Vivienda","description":"The National Alliance to End Homelessness is a nonpartisan, nonprofit organization committed to preventing and ending homelessness in the United States.","robots":{"index":"index","follow":"follow","max-snippet":"max-snippet:-1","max-image-preview":"max-image-preview:large","max-video-preview":"max-video-preview:-1"},"canonical":"https:\/\/endhomelessness.org\/es\/resources\/webinars\/seminario-web-sobre-el-estado-de-la-falta-de-vivienda-un-camino-hacia-adelante\/","og_locale":"es_ES","og_type":"article","og_title":"Seminario web sobre el Estado de la Falta de Vivienda: Un Camino Hacia Adelante","og_description":"The National Alliance to End Homelessness is a nonpartisan, nonprofit organization committed to preventing and ending homelessness in the United States.","og_url":"https:\/\/endhomelessness.org\/es\/resources\/webinars\/seminario-web-sobre-el-estado-de-la-falta-de-vivienda-un-camino-hacia-adelante\/","og_site_name":"Alianza Nacional para Erradicar la Falta de Vivienda","article_publisher":"https:\/\/www.facebook.com\/naehomelessness\/","article_modified_time":"2025-09-04T17:51:04+00:00","og_image":[{"width":1068,"height":684,"url":"https:\/\/endhomelessness.org\/wp-content\/uploads\/2014\/01\/Frame-222.png","type":"image\/png"}],"twitter_card":"summary_large_image","twitter_misc":{"Tiempo de lectura":"1 minuto"},"schema":{"@context":"https:\/\/schema.org","@graph":[{"@type":"WebPage","@id":"https:\/\/endhomelessness.org\/es\/resources\/webinars\/seminario-web-sobre-el-estado-de-la-falta-de-vivienda-un-camino-hacia-adelante\/","url":"https:\/\/endhomelessness.org\/es\/resources\/webinars\/seminario-web-sobre-el-estado-de-la-falta-de-vivienda-un-camino-hacia-adelante\/","name":"Seminario web sobre el Estado de la Falta de Vivienda: Un Camino Hacia Adelante - Alianza Nacional para Erradicar la Falta de Vivienda","isPartOf":{"@id":"https:\/\/endhomelessness.org\/es\/#website"},"primaryImageOfPage":{"@id":"https:\/\/endhomelessness.org\/es\/resources\/webinars\/seminario-web-sobre-el-estado-de-la-falta-de-vivienda-un-camino-hacia-adelante\/#primaryimage"},"image":{"@id":"https:\/\/endhomelessness.org\/es\/resources\/webinars\/seminario-web-sobre-el-estado-de-la-falta-de-vivienda-un-camino-hacia-adelante\/#primaryimage"},"thumbnailUrl":"https:\/\/endhomelessness.org\/wp-content\/uploads\/2014\/01\/Frame-222.png","datePublished":"2024-07-30T12:58:17+00:00","dateModified":"2025-09-04T17:51:04+00:00","description":"The National Alliance to End Homelessness is a nonpartisan, nonprofit organization committed to preventing and ending homelessness in the United States.","breadcrumb":{"@id":"https:\/\/endhomelessness.org\/es\/resources\/webinars\/seminario-web-sobre-el-estado-de-la-falta-de-vivienda-un-camino-hacia-adelante\/#breadcrumb"},"inLanguage":"es","potentialAction":[{"@type":"ReadAction","target":["https:\/\/endhomelessness.org\/es\/resources\/webinars\/seminario-web-sobre-el-estado-de-la-falta-de-vivienda-un-camino-hacia-adelante\/"]}]},{"@type":"ImageObject","inLanguage":"es","@id":"https:\/\/endhomelessness.org\/es\/resources\/webinars\/seminario-web-sobre-el-estado-de-la-falta-de-vivienda-un-camino-hacia-adelante\/#primaryimage","url":"https:\/\/endhomelessness.org\/wp-content\/uploads\/2014\/01\/Frame-222.png","contentUrl":"https:\/\/endhomelessness.org\/wp-content\/uploads\/2014\/01\/Frame-222.png","width":1068,"height":684,"caption":"National Alliance to End Homelessness logo"},{"@type":"BreadcrumbList","@id":"https:\/\/endhomelessness.org\/es\/resources\/webinars\/seminario-web-sobre-el-estado-de-la-falta-de-vivienda-un-camino-hacia-adelante\/#breadcrumb","itemListElement":[{"@type":"ListItem","position":1,"name":"Inicio","item":"https:\/\/endhomelessness.org\/es\/home-page-2-2-2\/"},{"@type":"ListItem","position":2,"name":"Seminario web sobre el Estado de la Falta de Vivienda: Un Camino Hacia Adelante"}]},{"@type":"WebSite","@id":"https:\/\/endhomelessness.org\/es\/#website","url":"https:\/\/endhomelessness.org\/es\/","name":"National Alliance to End Homelessness","description":"Organizaci\u00f3n no partidista para prevenir y erradicar la falta de vivienda en EE.UU.","publisher":{"@id":"https:\/\/endhomelessness.org\/es\/#organization"},"potentialAction":[{"@type":"SearchAction","target":{"@type":"EntryPoint","urlTemplate":"https:\/\/endhomelessness.org\/es\/?s={search_term_string}"},"query-input":{"@type":"PropertyValueSpecification","valueRequired":true,"valueName":"search_term_string"}}],"inLanguage":"es"},{"@type":"Organization","@id":"https:\/\/endhomelessness.org\/es\/#organization","name":"Alianza Nacional para Erradicar la Falta de Vivienda","url":"https:\/\/endhomelessness.org\/es\/","logo":{"@type":"ImageObject","inLanguage":"es","@id":"https:\/\/endhomelessness.org\/es\/#\/schema\/logo\/image\/","url":"https:\/\/endhomelessness.org\/wp-content\/uploads\/2024\/09\/logo-2.webp","contentUrl":"https:\/\/endhomelessness.org\/wp-content\/uploads\/2024\/09\/logo-2.webp","width":687,"height":361,"caption":"Alianza Nacional para Erradicar la Falta de Vivienda"},"image":{"@id":"https:\/\/endhomelessness.org\/es\/#\/schema\/logo\/image\/"},"sameAs":["https:\/\/www.facebook.com\/naehomelessness\/","https:\/\/www.youtube.com\/@EndingHomelessness","https:\/\/www.linkedin.com\/company\/national-alliance-to-end-homelessness\/","https:\/\/instagram.com\/naeh_endhomelessness"]}]}},"_links":{"self":[{"href":"https:\/\/endhomelessness.org\/es\/wp-json\/wp\/v2\/resource\/17653","targetHints":{"allow":["GET"]}}],"collection":[{"href":"https:\/\/endhomelessness.org\/es\/wp-json\/wp\/v2\/resource"}],"about":[{"href":"https:\/\/endhomelessness.org\/es\/wp-json\/wp\/v2\/types\/resource"}],"author":[{"embeddable":true,"href":"https:\/\/endhomelessness.org\/es\/wp-json\/wp\/v2\/users\/1"}],"version-history":[{"count":0,"href":"https:\/\/endhomelessness.org\/es\/wp-json\/wp\/v2\/resource\/17653\/revisions"}],"wp:featuredmedia":[{"embeddable":true,"href":"https:\/\/endhomelessness.org\/es\/wp-json\/wp\/v2\/media\/14222"}],"wp:attachment":[{"href":"https:\/\/endhomelessness.org\/es\/wp-json\/wp\/v2\/media?parent=17653"}],"wp:term":[{"taxonomy":"resource-category","embeddable":true,"href":"https:\/\/endhomelessness.org\/es\/wp-json\/wp\/v2\/resource-category?post=17653"},{"taxonomy":"resource-by-event-type","embeddable":true,"href":"https:\/\/endhomelessness.org\/es\/wp-json\/wp\/v2\/resource-by-event-type?post=17653"},{"taxonomy":"resource-by-category","embeddable":true,"href":"https:\/\/endhomelessness.org\/es\/wp-json\/wp\/v2\/resource-by-category?post=17653"},{"taxonomy":"resource-audience","embeddable":true,"href":"https:\/\/endhomelessness.org\/es\/wp-json\/wp\/v2\/resource-audience?post=17653"},{"taxonomy":"resource-best-practice","embeddable":true,"href":"https:\/\/endhomelessness.org\/es\/wp-json\/wp\/v2\/resource-best-practice?post=17653"},{"taxonomy":"resource-key-issue","embeddable":true,"href":"https:\/\/endhomelessness.org\/es\/wp-json\/wp\/v2\/resource-key-issue?post=17653"}],"curies":[{"name":"wp","href":"https:\/\/api.w.org\/{rel}","templated":true}]}}