{"id":18192,"date":"2024-04-23T08:58:00","date_gmt":"2024-04-23T12:58:00","guid":{"rendered":"https:\/\/endhomelessness.org\/resources\/la-falta-de-vivienda-llega-a-la-corte-suprema-mientras-evalua-un-enfoque-uno-mejor-aguarda-entre-bastidores\/"},"modified":"2026-03-26T06:14:30","modified_gmt":"2026-03-26T10:14:30","slug":"la-falta-de-vivienda-llega-a-la-corte-suprema-mientras-evalua-un-enfoque-uno-mejor-aguarda-entre-bastidores","status":"publish","type":"resource","link":"https:\/\/endhomelessness.org\/es\/resources\/investigacion-y-analisis\/la-falta-de-vivienda-llega-a-la-corte-suprema-mientras-evalua-un-enfoque-uno-mejor-aguarda-entre-bastidores\/","title":{"rendered":"La falta de vivienda llega a la Corte Suprema: mientras eval\u00faa un enfoque, uno mejor aguarda entre bastidores"},"content":{"rendered":"\n<section class=\"e-stn e-stn-a3bc432b2c8239bffd3c2b46d0a40ccd7c3c6035 e-stn--bi-banner e-stn--blog-inner-banner e-mt-0\"><div class=\"container\">\n<div class=\"wp-block-b3rg-row e-row row\">\n<div class=\"wp-block-b3rg-column e-col e-col-f292e03f78260462168deab8171f2e6f4e7abf39 e-col--blog-inner-banner-content-wrpr  col-sm-12 col-lg-6\">\n<div class=\"e-div e-div-f62979f2fbf95e5a09f7db7a683d3f89b49164ab e-div--blog-inner-post-type-tag\"><span>INVESTIGACI\u00f3N Y AN\u00e1LISIS<\/span>\n<\/div>\n\n\n<div class=\"e-mtf e-mtf--dlt  e-mtf--post-date\">Abr 30, 2026<\/div>\n\n<h1 class=\"wp-block-post-title\">La falta de vivienda llega a la Corte Suprema: mientras eval\u00faa un enfoque, uno mejor aguarda entre bastidores<\/h1>\n\n\n<div class=\"e-div e-div-f8146ab98ed8e5f99acf8302a89c66b165f74b39 e-div--button-wrapper\"><div class=\"e-btn e-btn--yellow\"><a class=\"e-btn__link\"href=\"https:\/\/endhomelessness.org\/wp-content\/uploads\/2024\/04\/HomelessServicesInvestments-4-23-24_FINAL.pdf\" target=\"_self\">\n<p class=\"title\">Descargar el informe<\/p>\n<\/a><\/div><\/div>\n\n\n\n<div style=\"height:25px\" aria-hidden=\"true\" class=\"wp-block-spacer\"><\/div>\n\n\n\n<div class=\"e-div e-div-ede73609778db33acaa6271b4c919b23f7f93a97 e-div--bi-read-time\"><div class=\"e-mtf e-mtf--dlt  e-mtf--author-with-link\"><a href=\"https:\/\/endhomelessness.org\/es\/author\/joy-moses\/\" class=\"post-author-url\">\n    <div class=\"post-author\">            <div class=\"post-author__content\">\n                <p class=\"post-author__name\">Joy Moses<\/p>\n            <\/div>\n        <\/div>\n    <\/a><\/div>\n\n\n<div class=\"e-div e-div-599a0d156d57a1ed7b9153d257ec7d0afab3a5a0\"><div class=\"e-mtf e-mtf--dlt  e-mtf--post-reading-time\"><div class=\"post-reading-time\"><span class=\"reading-time__time\">6<\/span> <span class=\"post-reading-time__label postfix\">min<\/span><\/div><\/div><\/div>\n<\/div>\n<\/div>\n\n\n\n<div class=\"wp-block-b3rg-column e-col e-col-83fac2c7c6c2b0d9e3fc879765b40d0c15a7c374 e-col--blog-inner-banner-media-wrpr  col-sm-12 col-lg-6\"><figure class=\"wp-block-post-featured-image\"><img decoding=\"async\" src=\"https:\/\/endhomelessness.org\/wp-content\/uploads\/2024\/04\/As-It-Weighs-One-Approach-A-Better-One-Waits-in-the-Wings.webp\" class=\"attachment-post-thumbnail size-post-thumbnail wp-post-image\" alt=\"\" style=\"object-fit:cover;\" srcset=\"https:\/\/endhomelessness.org\/wp-content\/uploads\/2024\/04\/As-It-Weighs-One-Approach-A-Better-One-Waits-in-the-Wings.webp 690w, https:\/\/endhomelessness.org\/wp-content\/uploads\/2024\/04\/As-It-Weighs-One-Approach-A-Better-One-Waits-in-the-Wings-300x193.webp 300w, https:\/\/endhomelessness.org\/wp-content\/uploads\/2024\/04\/As-It-Weighs-One-Approach-A-Better-One-Waits-in-the-Wings-575x371.webp 575w\" sizes=\"(max-width: 690px) 100vw, 690px\" \/><\/figure><\/div>\n<\/div>\n<\/div><\/section>\n\n<section class=\"e-stn e-stn-b164b875b896654c73690beb556fbe1d0468a233 e-stn--s-o-h-content-section\"><div class=\"container\">\n<div class=\"wp-block-b3rg-row e-row row\">\n<div class=\"wp-block-b3rg-column e-col e-col-80a1d0475e1de60a1337c0fc6957298f2663daa7  col-lg-5 col-xl-3\">\n<div class=\"e-div e-div-205305fb3085d3fa6be0c61f2a34fcc4ca8d2deb e-div--s-o-h-left-nav\">\n<div class=\"e-div e-div-4839ed3b852bca8773462819cc597e9327e0e334 e-div--s-o-h-left-nav-nav-wrap\"><div id=\"ez-toc-container\" class=\"ez-toc-v2_0_82_2 ez-toc-wrap-left counter-hierarchy ez-toc-counter ez-toc-grey ez-toc-container-direction\">\n<div class=\"ez-toc-title-container\">\n<p class=\"ez-toc-title\" style=\"cursor:inherit\">\u00cdndice<\/p>\n<span class=\"ez-toc-title-toggle\"><\/span><\/div>\n<nav><ul class='ez-toc-list ez-toc-list-level-1 ' ><li class='ez-toc-page-1 ez-toc-heading-level-2'><a class=\"ez-toc-link ez-toc-heading-1\" href=\"https:\/\/endhomelessness.org\/es\/resources\/investigacion-y-analisis\/la-falta-de-vivienda-llega-a-la-corte-suprema-mientras-evalua-un-enfoque-uno-mejor-aguarda-entre-bastidores\/#pregunta_1_%c2%bfque_tipo_de_mision_deberia_impulsar_los_esfuerzos_para_reducir_el_numero_de_personas_que_viven_visiblemente_en_la_calle\" >Pregunta 1: \u00bfQu\u00e9 tipo de misi\u00f3n deber\u00eda impulsar los esfuerzos para reducir el n\u00famero de personas que viven visiblemente en la calle?<\/a><\/li><li class='ez-toc-page-1 ez-toc-heading-level-2'><a class=\"ez-toc-link ez-toc-heading-2\" href=\"https:\/\/endhomelessness.org\/es\/resources\/investigacion-y-analisis\/la-falta-de-vivienda-llega-a-la-corte-suprema-mientras-evalua-un-enfoque-uno-mejor-aguarda-entre-bastidores\/#pregunta_2_%c2%bfquien_deberia_ser_responsable_de_tomar_decisiones_y_realizar_el_trabajo_de_abordar_este_desafio\" >Pregunta 2: \u00bfQui\u00e9n deber\u00eda ser responsable de tomar decisiones y realizar el trabajo de abordar este desaf\u00edo?<\/a><\/li><li class='ez-toc-page-1 ez-toc-heading-level-2'><a class=\"ez-toc-link ez-toc-heading-3\" href=\"https:\/\/endhomelessness.org\/es\/resources\/investigacion-y-analisis\/la-falta-de-vivienda-llega-a-la-corte-suprema-mientras-evalua-un-enfoque-uno-mejor-aguarda-entre-bastidores\/#pregunta_3_%c2%bfque_proceso_deberian_utilizar_las_comunidades_para_decidir_como_responder_a_la_falta_de_vivienda\" >Pregunta 3: \u00bfQu\u00e9 proceso deber\u00edan utilizar las comunidades para decidir c\u00f3mo responder a la falta de vivienda?<\/a><\/li><li class='ez-toc-page-1 ez-toc-heading-level-2'><a class=\"ez-toc-link ez-toc-heading-4\" href=\"https:\/\/endhomelessness.org\/es\/resources\/investigacion-y-analisis\/la-falta-de-vivienda-llega-a-la-corte-suprema-mientras-evalua-un-enfoque-uno-mejor-aguarda-entre-bastidores\/#pregunta_4_%c2%bfcomo_influye_la_investigacion_existente_en_los_tipos_de_respuesta_a_la_falta_de_vivienda\" >Pregunta 4: \u00bfC\u00f3mo influye la investigaci\u00f3n existente en los tipos de respuesta a la falta de vivienda?<\/a><\/li><li class='ez-toc-page-1 ez-toc-heading-level-2'><a class=\"ez-toc-link ez-toc-heading-5\" href=\"https:\/\/endhomelessness.org\/es\/resources\/investigacion-y-analisis\/la-falta-de-vivienda-llega-a-la-corte-suprema-mientras-evalua-un-enfoque-uno-mejor-aguarda-entre-bastidores\/#pregunta_5_%c2%bfcomo_pueden_las_comunidades_determinar_en_quien_enfocar_sus_recursos_y_atencion\" >Pregunta 5: \u00bfC\u00f3mo pueden las comunidades determinar en qui\u00e9n enfocar sus recursos y atenci\u00f3n?<\/a><\/li><li class='ez-toc-page-1 ez-toc-heading-level-2'><a class=\"ez-toc-link ez-toc-heading-6\" href=\"https:\/\/endhomelessness.org\/es\/resources\/investigacion-y-analisis\/la-falta-de-vivienda-llega-a-la-corte-suprema-mientras-evalua-un-enfoque-uno-mejor-aguarda-entre-bastidores\/#mantengase_informado_soluciones_historias_y_formas_de_generar_impacto\" >Mant\u00e9ngase informado: Soluciones, historias y formas de generar impacto<\/a><\/li><\/ul><\/nav><\/div>\n\n<\/div>\n\n\n\n<div class=\"e-div e-div-a4c07ff8a788c197db015ba8036e2dc7d5cf38ed e-div--s-o-h-left-nav-dl-wrap\"><\/div>\n<\/div>\n<\/div>\n\n\n\n<div class=\"wp-block-b3rg-column e-col e-col-f56784ec38c3d621e2f7831b769ff698509b9faa  col-lg-7 col-xl-9\">\n<div class=\"wp-block-b3rg-column e-col e-col-f56784ec38c3d621e2f7831b769ff698509b9faa  col-lg-7 col-xl-9\">\n<p>Al evaluar el caso de City of Grants Pass, Oregon v. Johnson, el Tribunal Supremo de EE. UU. considerar\u00e1 los <a href=\"https:\/\/www.scotusblog.com\/case-files\/cases\/city-of-grants-pass-oregon-v-johnson\/\" target=\"_blank\" rel=\"noreferrer noopener\">escritos de amicus curiae<\/a> presentados por un conjunto de jurisdicciones que expresan distintos niveles de apoyo a <a href=\"https:\/\/endhomelessness.org\/wp-content\/uploads\/2024\/12\/06-08_Criminalization-of-Homelessness.pdf\" target=\"_blank\" rel=\"noreferrer noopener\">la criminalizaci\u00f3n<\/a> (p. ej., desalojos de campamentos, multas, arrestos o amenazas de tales acciones) como un remedio necesario o \u00fatil para la falta de vivienda sin refugio. Sin embargo, un informe reciente de la Alianza<em> (La nueva financiaci\u00f3n federal impulsa la respuesta a la falta de vivienda sin refugio)<\/em> se\u00f1ala una alternativa significativa que Estados Unidos nunca ha probado: financiar completamente el trabajo de los sistemas de servicios para personas sin hogar.<\/p>\n\n\n\n<p>Las cifras de personas sin hogar sin refugio han estado aumentando desde 2016. Recientemente, la respuesta del Departamento de Vivienda y Desarrollo Urbano (HUD) de los Estados Unidos a la crisis incluy\u00f3 la redirecci\u00f3n de 420 millones de d\u00f3lares en fondos previamente asignados hacia subvenciones de tres a\u00f1os para un subconjunto de comunidades afectadas por la falta de vivienda sin refugio. <\/p>\n\n\n\n<p>La Alianza est\u00e1 trabajando con las comunidades para comprender su labor y sus impactos, y los hallazgos iniciales indican lo que sucede cuando la naci\u00f3n invierte en sistemas de servicios para personas sin hogar para resolver este problema cr\u00edtico.<\/p>\n\n\n\n<p>El informe actual plantea algunas preguntas importantes que las comunidades deber\u00edan considerar al decidir c\u00f3mo abordar la falta de vivienda sin refugio. Compara el enfoque de <a href=\"https:\/\/endhomelessness.org\/resources\/research-and-analysis\/new-federal-funding-boosts-unsheltered-homelessness-response\/\" data-type=\"resource\" data-id=\"8456\">aumentar las inversiones<\/a> en los sistemas de servicios para personas sin hogar con el enfoque de criminalizaci\u00f3n que actualmente est\u00e1 ante el Tribunal Supremo. <strong>El primer enfoque es una forma prometedora de satisfacer las necesidades tanto de los miembros de la comunidad con vivienda como de aquellos sin hogar. El otro no lo es. <\/strong><\/p>\n<\/div>\n\n\n\n<div class=\"e-div e-div-859421b664f69e26727173d26c1ea1c40254a346 e-div--s-o-h-accordion\">\n<h2 class=\"wp-block-heading\" id=\"h-question-1-what-type-of-mission-should-drive-efforts-to-reduce-the-number-of-people-visibly-living-outside\"><span class=\"ez-toc-section\" id=\"pregunta_1_%c2%bfque_tipo_de_mision_deberia_impulsar_los_esfuerzos_para_reducir_el_numero_de_personas_que_viven_visiblemente_en_la_calle\"><\/span>Pregunta 1: \u00bfQu\u00e9 tipo de misi\u00f3n deber\u00eda impulsar los esfuerzos para reducir el n\u00famero de personas que viven visiblemente en la calle?<span class=\"ez-toc-section-end\"><\/span><\/h2>\n\n\n<div class=\"e-acc e-acc--dlt\" data-settings='{\"forceExpand\":false,\"toggleMode\":true,\"colBreakPoint\":576,\"floatPanel\":false,\"autoSlide\":false,\"autoPlayInterval\":3000,\"pauseOnFocus\":true}' data-accordion='e-acc_69f3fca5a8662'><div class=\"e-acc__itms-wrpr\"><div class=\"e-acc__itm-wrpr\" data-item-id='e-acc-itm-id-0'><div class=\"e-acc__itm\"><div class=\"e-acc__itm-hdr-wrpr\" data-toggle='collapse' data-target='e-acc-itm-id-0'><div class=\"e-acc__itm-hdr\">\n<h3 class=\"wp-block-heading\" id=\"h-investing-in-homeless-services\">Invertir en Servicios para Personas en Situaci\u00f3n de Calle<\/h3>\n<\/div><\/div><div class=\"e-acc__itm-bdy-wrpr\" id='e-acc-itm-id-0' style='display: none'><div class=\"e-acc__itm-bdy\">\n<p><strong>Misi\u00f3n<\/strong>: Reducir el n\u00famero de personas que viven visiblemente en la calle proporcionando vivienda a las personas que no la tienen.<br\/><strong>Acci\u00f3n<\/strong>: Cuando las comunidades recibieron nuevos recursos, optaron por dirigir el 69 por ciento de los fondos hacia vivienda y servicios que ayudan a las personas a mantener la vivienda (por ejemplo, gesti\u00f3n de casos). La mayor\u00eda de los d\u00f3lares restantes se destinaron al alcance en las calles y otros apoyos que ayudan a las personas mientras a\u00fan est\u00e1n sin hogar. <\/p>\n\n<p><strong>Este enfoque resulta en que las personas ya no se encuentren sin techo<\/strong> en p\u00fablico.<\/p>\n<\/div><\/div><\/div><\/div><div class=\"e-acc__itm-wrpr\" data-item-id='e-acc-itm-id-1'><div class=\"e-acc__itm\"><div class=\"e-acc__itm-hdr-wrpr\" data-toggle='collapse' data-target='e-acc-itm-id-1'><div class=\"e-acc__itm-hdr\">\n<h3 class=\"wp-block-heading\" id=\"h-criminalization\">Criminalizaci\u00f3n<\/h3>\n<\/div><\/div><div class=\"e-acc__itm-bdy-wrpr\" id='e-acc-itm-id-1' style='display: none'><div class=\"e-acc__itm-bdy\">\n<p><strong>Misi\u00f3n<\/strong>: Reducir el n\u00famero de personas que viven visiblemente en la calle forz\u00e1ndolas a ubicaciones menos visibles.<br\/><strong>Acci\u00f3n<\/strong>: En ciudades como <a href=\"https:\/\/endhomelessness.org\/wp-content\/uploads\/2024\/12\/20240403141339847_23-175-Brief-of-NAEH-FTEH-and-Enterprise-as-Amici-Curiae-ISO-Respondents.pdf\" target=\"_blank\" rel=\"noreferrer noopener\">Los \u00c1ngeles<\/a> y <a href=\"https:\/\/endhomelessness.org\/wp-content\/uploads\/2024\/12\/20240403145657027_23-175-Amicus-Brief.pdf\">San Francisco<\/a>, los desalojos de campamentos obligaron a las personas a abandonar ubicaciones espec\u00edficas&#8230; pero la mayor\u00eda permanece sin refugio y los campamentos a menudo regresan (porque las personas no tienen ad\u00f3nde ir). Se dijo que la respuesta a los campamentos de Los \u00c1ngeles fue un \u00abfracaso completo y total\u00bb. Otras ciudades han tenido <a href=\"https:\/\/endhomelessness.org\/wp-content\/uploads\/2024\/12\/Tent_City_USA_2017.pdf\" target=\"_blank\" rel=\"noreferrer noopener\">resultados similares<\/a>.  <\/p>\n\n<p><strong>Este enfoque resulta en que las personas contin\u00faen sin techo<\/strong> en espacios p\u00fablicos.<\/p>\n<\/div><\/div><\/div><\/div><div class=\"e-acc__top-content\"><div>\n<h2 class=\"wp-block-heading\" id=\"h-question-2-who-should-be-responsible-for-making-decisions-and-doing-the-work-of-addressing-this-challenge\"><span class=\"ez-toc-section\" id=\"pregunta_2_%c2%bfquien_deberia_ser_responsable_de_tomar_decisiones_y_realizar_el_trabajo_de_abordar_este_desafio\"><\/span>Pregunta 2: \u00bfQui\u00e9n deber\u00eda ser responsable de tomar decisiones y realizar el trabajo de abordar este desaf\u00edo?<span class=\"ez-toc-section-end\"><\/span><\/h2>\n<\/div><\/div><div class=\"e-acc__itm-wrpr\" data-item-id='e-acc-itm-id-2'><div class=\"e-acc__itm\"><div class=\"e-acc__itm-hdr-wrpr\" data-toggle='collapse' data-target='e-acc-itm-id-2'><div class=\"e-acc__itm-hdr\">\n<h3 class=\"wp-block-heading\" id=\"h-investing-in-homeless-services-0\">Invertir en Servicios para Personas en Situaci\u00f3n de Calle<\/h3>\n<\/div><\/div><div class=\"e-acc__itm-bdy-wrpr\" id='e-acc-itm-id-2' style='display: none'><div class=\"e-acc__itm-bdy\">\n<p>Las comunidades que recibieron fondos suplementarios para la situaci\u00f3n de calle no albergada recurrieron a personas con experiencia relevante para dar forma e implementar planes, incluyendo:<\/p>\n\n<ul class=\"wp-block-list\">\n<li>Proveedores de servicios para personas en situaci\u00f3n de calle<\/li>\n\n\n\n<li>Proveedores de atenci\u00f3n m\u00e9dica mental y f\u00edsica<\/li>\n\n\n\n<li>Expertos en b\u00fasqueda de vivienda y beneficios p\u00fablicos<\/li>\n\n\n\n<li>Personas que experimentaron situaci\u00f3n de calle e identificaron formas de salir de esas circunstancias.<\/li>\n<\/ul>\n\n<p>Las personas que est\u00e1n mejor equipadas y tienen m\u00e1s experiencia en este trabajo son las que deber\u00edan liderarlo.<\/p>\n<\/div><\/div><\/div><\/div><div class=\"e-acc__itm-wrpr\" data-item-id='e-acc-itm-id-3'><div class=\"e-acc__itm\"><div class=\"e-acc__itm-hdr-wrpr\" data-toggle='collapse' data-target='e-acc-itm-id-3'><div class=\"e-acc__itm-hdr\">\n<h3 class=\"wp-block-heading\" id=\"h-criminalization-0\">Criminalizaci\u00f3n<\/h3>\n<\/div><\/div><div class=\"e-acc__itm-bdy-wrpr\" id='e-acc-itm-id-3' style='display: none'><div class=\"e-acc__itm-bdy\">\n<p>La criminalizaci\u00f3n involucra a oficiales de polic\u00eda y otros en la aplicaci\u00f3n de la ley. Los <a href=\"https:\/\/bjs.ojp.gov\/topics\/law-enforcement\" target=\"_blank\" rel=\"noreferrer noopener\">deberes principales<\/a> de estos profesionales incluyen \u00abla investigaci\u00f3n, aprehensi\u00f3n y detenci\u00f3n de individuos sospechosos de delitos penales\u00bb. Tales delitos a menudo incluyen amenazas significativas a la seguridad p\u00fablica (por ejemplo, asesinato, robo y agresiones f\u00edsicas y sexuales). <a href=\"https:\/\/johnsonvgrantspass.com\/amici\" target=\"_blank\" rel=\"noreferrer noopener\">En la Corte Suprema, numerosas organizaciones y funcionarios p\u00fablicos<\/a> est\u00e1n apoyando la noci\u00f3n de que vivir sin refugio no es un delito.<br\/>Como primeros respondientes, los oficiales de la ley a menudo se encuentran con muchos otros problemas. Sin embargo, <a href=\"https:\/\/www.glassdoor.com\/Career\/police-officer-career_KO0,14.htm\" target=\"_blank\" rel=\"noreferrer noopener\">t\u00edpicamente no se requiere<\/a> que sean expertos en falta de vivienda, pobreza, salud mental u otros problemas vinculados a vivir sin refugio. <a href=\"https:\/\/endhomelessness.org\/wp-content\/uploads\/2024\/12\/20240403125957900_23-175-Amicus-Brief.pdf\" target=\"_blank\" rel=\"noreferrer noopener\">Voces significativas<\/a> en la comunidad de aplicaci\u00f3n de la ley dicen que no est\u00e1n equipados para este trabajo, y su participaci\u00f3n aumenta el potencial de encuentros violentos mientras los distrae de amenazas significativas a la seguridad p\u00fablica o \u00abactividades que importan m\u00e1s\u00bb.   <\/p>\n\n<p><\/p>\n<\/div><\/div><\/div><\/div><div class=\"e-acc__top-content\"><div>\n<h2 class=\"wp-block-heading\" id=\"h-question-3-what-process-should-communities-use-for-deciding-how-to-respond-to-homelessness\"><span class=\"ez-toc-section\" id=\"pregunta_3_%c2%bfque_proceso_deberian_utilizar_las_comunidades_para_decidir_como_responder_a_la_falta_de_vivienda\"><\/span>Pregunta 3: \u00bfQu\u00e9 proceso deber\u00edan utilizar las comunidades para decidir c\u00f3mo responder a la falta de vivienda?<span class=\"ez-toc-section-end\"><\/span><\/h2>\n<\/div><\/div><div class=\"e-acc__itm-wrpr\" data-item-id='e-acc-itm-id-4'><div class=\"e-acc__itm\"><div class=\"e-acc__itm-hdr-wrpr\" data-toggle='collapse' data-target='e-acc-itm-id-4'><div class=\"e-acc__itm-hdr\">\n<h3 class=\"wp-block-heading\" id=\"h-investing-in-homeless-services-1\">Invertir en Servicios para Personas en Situaci\u00f3n de Calle<\/h3>\n<\/div><\/div><div class=\"e-acc__itm-bdy-wrpr\" id='e-acc-itm-id-4' style='display: none'><div class=\"e-acc__itm-bdy\">\n<p>Para recibir una subvenci\u00f3n espec\u00edfica sobre la falta de vivienda sin refugio del HUD, los expertos locales en falta de vivienda tuvieron que demostrar un proceso de toma de decisiones reflexivo y detallado detr\u00e1s de sus enfoques. En sus solicitudes, tuvieron que demostrar que: <\/p>\n\n<ul class=\"wp-block-list\">\n<li>Analizaron datos locales sobre la falta de vivienda.<\/li>\n\n\n\n<li>Involucraron a miembros de la comunidad.<\/li>\n\n\n\n<li>Crearon una estrategia integral para personas sin refugio.<\/li>\n\n\n\n<li>Se comprometieron con asociaciones con proveedores de vivienda y atenci\u00f3n m\u00e9dica.<\/li>\n<\/ul>\n\n<p>Despu\u00e9s de participar en este proceso, los expertos locales en falta de vivienda demostraron una base clara y basada en datos para avanzar con sus enfoques hacia la falta de vivienda sin refugio.<\/p>\n\n<p><\/p>\n<\/div><\/div><\/div><\/div><div class=\"e-acc__itm-wrpr\" data-item-id='e-acc-itm-id-5'><div class=\"e-acc__itm\"><div class=\"e-acc__itm-hdr-wrpr\" data-toggle='collapse' data-target='e-acc-itm-id-5'><div class=\"e-acc__itm-hdr\">\n<h3 class=\"wp-block-heading\" id=\"h-criminalization-1\">Criminalizaci\u00f3n<\/h3>\n<\/div><\/div><div class=\"e-acc__itm-bdy-wrpr\" id='e-acc-itm-id-5' style='display: none'><div class=\"e-acc__itm-bdy\">\n<p>Los medios de comunicaci\u00f3n locales a menudo <a href=\"https:\/\/endhomelessness.org\/wp-content\/uploads\/2024\/12\/Tent_City_USA_2017.pdf\" target=\"_blank\" rel=\"noreferrer noopener\">generan noticias<\/a> sobre personas que viven sin refugio. Las empresas y los ciudadanos se quejan ante diversos tipos de l\u00edderes municipales.<br\/>En respuesta a estas presiones, los l\u00edderes locales toman medidas. Con frecuencia priorizan la acci\u00f3n sobre la consulta de estrategias que mejorar\u00e1n la situaci\u00f3n de las personas sin hogar a largo plazo. Los l\u00edderes locales decidir\u00e1n trasladar a las personas de un \u00e1rea espec\u00edfica porque un periodista opt\u00f3 por hablar de ello, o porque los residentes de ese vecindario son particularmente ruidosos o social o econ\u00f3micamente poderosos.   <\/p>\n\n<p><\/p>\n<\/div><\/div><\/div><\/div><div class=\"e-acc__top-content\"><div>\n<h2 class=\"wp-block-heading\" id=\"h-question-4-how-does-existing-research-inform-types-of-homelessness-response\"><span class=\"ez-toc-section\" id=\"pregunta_4_%c2%bfcomo_influye_la_investigacion_existente_en_los_tipos_de_respuesta_a_la_falta_de_vivienda\"><\/span>Pregunta 4: \u00bfC\u00f3mo influye la investigaci\u00f3n existente en los tipos de respuesta a la falta de vivienda?<span class=\"ez-toc-section-end\"><\/span><\/h2>\n<\/div><\/div><div class=\"e-acc__itm-wrpr\" data-item-id='e-acc-itm-id-6'><div class=\"e-acc__itm\"><div class=\"e-acc__itm-hdr-wrpr\" data-toggle='collapse' data-target='e-acc-itm-id-6'><div class=\"e-acc__itm-hdr\">\n<h3 class=\"wp-block-heading\" id=\"h-investing-in-homeless-services-2\">Invertir en Servicios para Personas en Situaci\u00f3n de Calle<\/h3>\n<\/div><\/div><div class=\"e-acc__itm-bdy-wrpr\" id='e-acc-itm-id-6' style='display: none'><div class=\"e-acc__itm-bdy\">\n<p>Las comunidades que recibieron una afluencia de fondos para abordar la falta de vivienda de personas sin refugio tuvieron que demostrar que est\u00e1n utilizando m\u00e9todos eficaces. Su enfoque en vivienda y servicios refleja la estrategia de Vivienda Primero, que combina el acceso r\u00e1pido a viviendas permanentes con servicios de apoyo voluntarios (como gesti\u00f3n de casos y tratamiento). Esta estrategia ha sido repetidamente evaluada y <a href=\"https:\/\/www.huduser.gov\/portal\/periodicals\/em\/spring-summer-23\/highlight2.html\" target=\"_blank\" rel=\"noreferrer noopener\">ha demostrado ser eficaz<\/a> (incluso para personas que manejan <a href=\"https:\/\/endhomelessness.org\/wp-content\/uploads\/2024\/12\/Housing-First-Evidence.pdf\">problemas graves de salud mental y consumo de sustancias<\/a>).<br\/>Adem\u00e1s, las comunidades informaron que est\u00e1n invirtiendo en planes para ampliar estrategias previamente probadas y poner a prueba nuevos enfoques innovadores.  <\/p>\n<\/div><\/div><\/div><\/div><div class=\"e-acc__itm-wrpr\" data-item-id='e-acc-itm-id-7'><div class=\"e-acc__itm\"><div class=\"e-acc__itm-hdr-wrpr\" data-toggle='collapse' data-target='e-acc-itm-id-7'><div class=\"e-acc__itm-hdr\">\n<h3 class=\"wp-block-heading\" id=\"h-criminalization-2\">Criminalizaci\u00f3n<\/h3>\n<\/div><\/div><div class=\"e-acc__itm-bdy-wrpr\" id='e-acc-itm-id-7' style='display: none'><div class=\"e-acc__itm-bdy\">\n<p><a href=\"https:\/\/endhomelessness.org\/wp-content\/uploads\/2024\/12\/20240403145657027_23-175-Amicus-Brief.pdf\" target=\"_blank\" rel=\"noreferrer noopener\">Cincuenta y siete investigadores especializados en la falta de vivienda concuerdan<\/a> \u2014 no hay evidencia de que la criminalizaci\u00f3n reduzca la falta de vivienda o la presencia de personas durmiendo visiblemente en espacios p\u00fablicos.<br\/>Adem\u00e1s, no hay evidencia de que la criminalizaci\u00f3n reduzca las llamadas de queja de los ciudadanos, o que la seguridad p\u00fablica aumente como resultado.<\/p>\n<\/div><\/div><\/div><\/div><div class=\"e-acc__top-content\"><div>\n<h2 class=\"wp-block-heading\" id=\"h-question-5-how-can-communities-determine-who-they-target-their-focus-and-resources-on\"><span class=\"ez-toc-section\" id=\"pregunta_5_%c2%bfcomo_pueden_las_comunidades_determinar_en_quien_enfocar_sus_recursos_y_atencion\"><\/span>Pregunta 5: \u00bfC\u00f3mo pueden las comunidades determinar en qui\u00e9n enfocar sus recursos y atenci\u00f3n?<span class=\"ez-toc-section-end\"><\/span><\/h2>\n<\/div><\/div><div class=\"e-acc__itm-wrpr\" data-item-id='e-acc-itm-id-8'><div class=\"e-acc__itm\"><div class=\"e-acc__itm-hdr-wrpr\" data-toggle='collapse' data-target='e-acc-itm-id-8'><div class=\"e-acc__itm-hdr\">\n<h3 class=\"wp-block-heading\" id=\"h-investing-in-homeless-services-3\">Invertir en Servicios para Personas en Situaci\u00f3n de Calle<\/h3>\n<\/div><\/div><div class=\"e-acc__itm-bdy-wrpr\" id='e-acc-itm-id-8' style='display: none'><div class=\"e-acc__itm-bdy\">\n<p>Antes de recibir subvenciones para abordar la crisis de personas sin refugio, los equipos de alcance comunitario a menudo utilizaban sus recursos limitados para enfocarse en poblaciones espec\u00edficas (por ejemplo, veteranos o j\u00f3venes) y vecindarios espec\u00edficos. Los nuevos recursos han permitido a los beneficiarios de las subvenciones ampliar su alcance a nuevos tipos de personas y nuevas ubicaciones.<br\/>Con suficientes fondos, las comunidades pueden sostener y expandir este trabajo para llegar a todas las personas sin refugio en todos los vecindarios. <\/p>\n\n<p>El trabajo de alcance callejero bien financiado ofrece ayuda \u2014 conectando a las personas con elementos como alimentos, servicios de salud, asistencia en la b\u00fasqueda de vivienda o refugio.<\/p>\n<\/div><\/div><\/div><\/div><div class=\"e-acc__itm-wrpr\" data-item-id='e-acc-itm-id-9'><div class=\"e-acc__itm\"><div class=\"e-acc__itm-hdr-wrpr\" data-toggle='collapse' data-target='e-acc-itm-id-9'><div class=\"e-acc__itm-hdr\">\n<h3 class=\"wp-block-heading\" id=\"h-criminalization-3\">Criminalizaci\u00f3n<\/h3>\n<\/div><\/div><div class=\"e-acc__itm-bdy-wrpr\" id='e-acc-itm-id-9' style='display: none'><div class=\"e-acc__itm-bdy\">\n<p>La criminalizaci\u00f3n afecta indiscriminadamente a todas las personas que casualmente se encuentran en un \u00e1rea designada para desalojos de campamentos o esfuerzos de aplicaci\u00f3n de ordenanzas. Aquellos sin refugio en otras \u00e1reas contin\u00faan visiblemente sin hogar dondequiera que est\u00e9n.<br\/>La criminalizaci\u00f3n impone medidas como el desplazamiento, la incautaci\u00f3n de propiedades, multas y encarcelamiento a las personas que experimentan la falta de vivienda. <\/p>\n\n<p><a href=\"https:\/\/endhomelessness.org\/wp-content\/uploads\/2024\/12\/20240403145657027_23-175-Amicus-Brief.pdf\" target=\"_blank\" rel=\"noreferrer noopener\">Los cient\u00edficos sociales se\u00f1alan investigaciones<\/a> que indican que estas medidas empeoran la salud de una persona, perpet\u00faan la pobreza y causan una lista de otros da\u00f1os.<\/p>\n<\/div><\/div><\/div><\/div><\/div> <\/div><\/div>\n\n\n\n<div class=\"e-div e-div-1c79d75068c8463dca94cf30a549e41c6cc1e2f5 e-div--s-o-h-title-block\">\n<p><strong>Cuando se comparan lado a lado, invertir en servicios para personas sin hogar es un enfoque muy superior en comparaci\u00f3n con la criminalizaci\u00f3n. <\/strong>Es mejor para las personas que experimentan la falta de vivienda. Es mejor para las comunidades que buscan abordar las preocupaciones y quejas sobre la falta de vivienda visible en espacios p\u00fablicos. A pesar de las realidades, las ciudades <a href=\"https:\/\/www.urban.org\/features\/five-charts-explain-homelessness-jail-cycle-and-how-break-it\" target=\"_blank\" rel=\"noreferrer noopener\">agotan sus presupuestos<\/a> <a href=\"https:\/\/www.huduser.gov\/portal\/publications\/Exploring-Homelessness-Among-People.html\" target=\"_blank\" rel=\"noreferrer noopener\">gastando millones<\/a> en desalojos de campamentos y otros esfuerzos de criminalizaci\u00f3n que han demostrado ser soluciones ineficaces a los problemas. Es m\u00e1s <a href=\"https:\/\/endhomelessness.org\/wp-content\/uploads\/2024\/12\/Housing-First-Evidence.pdf\" target=\"_blank\" rel=\"noreferrer noopener\">rentable<\/a> simplemente conectar a las personas sin hogar con una vivienda.   <\/p>\n\n\n\n<p>Mientras tanto, Estados Unidos nunca ha financiado completamente sus sistemas de servicios para personas sin hogar. Aunque pudieron expandir su trabajo, ninguna de las 24 comunidades entrevistadas por la Alianza cre\u00eda que su subvenci\u00f3n fuera suficiente para acabar con la falta de vivienda sin refugio. Una indic\u00f3 que recibieron $5 millones para un problema que se estima que cuesta m\u00e1s de $1 mil millones resolver. La Corte Suprema sopesar\u00e1 argumentos este verano, pero otras batallas significativas deben librarse en el Congreso, los capitolios estatales y los ayuntamientos para pagar el resto de la cuenta por los servicios para personas sin hogar y lograr que las personas accedan a una vivienda.   <\/p>\n<\/div>\n<\/div>\n<\/div>\n<\/div><\/section>\n\n<section class=\"e-stn e-stn-fecd9f248d71f1b43eea1791ae2aa16e613ea50d e-stn--subscription-form\"><div class=\"container\">\n<div class=\"wp-block-b3rg-row e-row row\">\n<div class=\"wp-block-b3rg-column e-col e-col-5e53f80929c6668a38540fba03c97241dc5f6888 e-col--left  col-sm-12 col-lg-6\">\n<h2 class=\"wp-block-heading has-pure-white-color has-text-color has-link-color wp-elements-cec0e497456012f6e859233bfca8aaa4\"><span class=\"ez-toc-section\" id=\"mantengase_informado_soluciones_historias_y_formas_de_generar_impacto\"><\/span><strong>Mant\u00e9ngase informado: Soluciones, historias y formas de generar impacto<\/strong><span class=\"ez-toc-section-end\"><\/span><\/h2>\n\n\n\n<p>Reg\u00edstrese para recibir actualizaciones sobre el trabajo de la Alianza, incluyendo las \u00faltimas investigaciones, esfuerzos de promoci\u00f3n e historias reales de progreso \u2014 adem\u00e1s de formas en las que puede ayudar a impulsar un cambio duradero.<\/p>\n<\/div>\n\n\n\n<div class=\"wp-block-b3rg-column e-col e-col-117d0cb7e6b4934330c33fb3a4c7ee0ab7e9abd4 e-col--right e-col--email-cta-form-wrpr  col-sm-12 col-lg-6\">\n<div id=\"mc_embed_shell\">\n      <link href=\"\/\/cdn-images.mailchimp.com\/embedcode\/classic-061523.css\" rel=\"stylesheet\" type=\"text\/css\"\/>\n  <style type=\"text\/css\">\n        #mc_embed_signup{background:#fff; false;clear:left; font:14px Helvetica,Arial,sans-serif; width: 600px;}\n        \/* Add your own Mailchimp form style overrides in your site stylesheet or in this style block.\n           We recommend moving this block and the preceding CSS link to the HEAD of your HTML file. *\/\n<\/style>\n<div id=\"mc_embed_signup\">\n    <form action=\"https:\/\/endhomelessness.us9.list-manage.com\/subscribe\/post?u=466b34a51377a9504fb2ebd8f&#038;id=1cf64328bb&#038;f_id=00f7f2e0f0\" method=\"post\" id=\"mc-embedded-subscribe-form\" name=\"mc-embedded-subscribe-form\" class=\"validate\" target=\"_blank\">\n        <div id=\"mc_embed_signup_scroll\">\n            <div class=\"indicates-required\"><span class=\"asterisk\">*<\/span> indica campo obligatorio<\/div>\n            <div class=\"mc-field-group\"><label for=\"mce-EMAIL\">Direcci\u00f3n de correo electr\u00f3nico <span class=\"asterisk\">*<\/span><\/label><input type=\"email\" name=\"EMAIL\" class=\"required email\" id=\"mce-EMAIL\" required=\"\" value=\"\"\/><\/div><div class=\"mc-field-group input-group\"><strong>\u00bfC\u00f3mo deber\u00edamos comunicarnos con usted? <\/strong><ul><li><input type=\"checkbox\" name=\"group[17873][1]\" id=\"mce-group[17873]-17873-0\" value=\"\"\/><label for=\"mce-group[17873]-17873-0\">Deseo recibir semanalmente herramientas, recursos y noticias sobre la falta de vivienda<\/label><\/li><li><input type=\"checkbox\" name=\"group[17873][2]\" id=\"mce-group[17873]-17873-1\" value=\"\"\/><label for=\"mce-group[17873]-17873-1\">Deseo recibir noticias generales y actualizaciones sobre el trabajo de la Alianza<\/label><\/li><\/ul><\/div><div class=\"mc-field-group\"><label for=\"mce-FNAME\">Nombre <\/label><input type=\"text\" name=\"FNAME\" class=\" text\" id=\"mce-FNAME\" value=\"\"\/><\/div><div class=\"mc-field-group\"><label for=\"mce-LNAME\">Apellido <\/label><input type=\"text\" name=\"LNAME\" class=\" text\" id=\"mce-LNAME\" value=\"\"\/><\/div>\n<div hidden=\"\"><input type=\"hidden\" name=\"tags\" value=\"12777910\"\/><\/div>\n        <div id=\"mce-responses\" class=\"clear\">\n            <div class=\"response\" id=\"mce-error-response\" style=\"display: none;\"><\/div>\n            <div class=\"response\" id=\"mce-success-response\" style=\"display: none;\"><\/div>\n        <\/div><div aria-hidden=\"true\" style=\"position: absolute; left: -5000px;\"><input type=\"text\" name=\"b_466b34a51377a9504fb2ebd8f_1cf64328bb\" tabindex=\"-1\" value=\"\"\/><\/div><div class=\"clear\"><input type=\"submit\" name=\"subscribe\" id=\"mc-embedded-subscribe\" class=\"button\" value=\"Suscribirse\"\/><\/div>\n    <\/div>\n<\/form>\n<\/div>\n<script type=\"text\/javascript\" src=\"\/\/s3.amazonaws.com\/downloads.mailchimp.com\/js\/mc-validate.js\"><\/script><script type=\"text\/javascript\">(function($) {window.fnames = new Array(); window.ftypes = new Array();fnames[0]='EMAIL';ftypes[0]='email';fnames[1]='FNAME';ftypes[1]='text';fnames[2]='LNAME';ftypes[2]='text';fnames[12]='MMERGE12';ftypes[12]='zip';fnames[4]='MMERGE4';ftypes[4]='text';fnames[7]='CITY';ftypes[7]='text';fnames[8]='STATE';ftypes[8]='text';fnames[11]='MMERGE11';ftypes[11]='text';fnames[13]='MMERGE13';ftypes[13]='text';fnames[3]='MMERGE3';ftypes[3]='text';fnames[5]='MMERGE5';ftypes[5]='text';}(jQuery));var $mcj = jQuery.noConflict(true);<\/script><\/div>\n<\/div>\n<\/div>\n<\/div><\/section>\n","protected":false},"excerpt":{"rendered":"<p>Al evaluar el caso de Ciudad de Grants Pass, Oreg\u00f3n v. Johnson, la Corte Suprema de los Estados Unidos considerar\u00e1 los escritos amicus curiae presentados por un conjunto de jurisdicciones que expresan diversos niveles de apoyo a la criminalizaci\u00f3n (por ejemplo, desalojos de campamentos, multas, arrestos o amenazas de tales acciones) como un remedio necesario o \u00fatil para la falta de vivienda sin refugio.<\/p>\n","protected":false},"author":53,"featured_media":25365,"template":"","meta":{"_acf_changed":false,"show_custom_date":false,"custom_date":"","featured":false,"featured_image":0,"learn_more_label":"","image_alt_text":"","learn_more_type":"","show_popup":false,"learn_more_link_file":0,"event_date":false,"event_start_date":"","event_end_date":"","place_holder_image_url":"","post_reading_time":"6","notification_enabled":false,"notification_text":"","notification_logo":"","notification_expiration_time":0,"is_enable_transparent_header":false,"hide_from_list_view":false,"selected_taxonomy_terms":{"resource-category":[416],"resource-by-event-type":[],"resource-by-category":[422],"resource-audience":[419,426],"resource-best-practice":[407],"resource-key-issue":[450],"translation_priority":[66]},"selected_primary_terms":[],"learn_more_link":[],"featured_page_list":[],"notification_enabled_post_list":[],"_relevanssi_hide_post":"","_relevanssi_hide_content":"","_relevanssi_pin_for_all":"","_relevanssi_pin_keywords":"","_relevanssi_unpin_keywords":"","_relevanssi_related_keywords":"","_relevanssi_related_include_ids":"","_relevanssi_related_exclude_ids":"","_relevanssi_related_no_append":"","_relevanssi_related_not_related":"","_relevanssi_related_posts":"","_relevanssi_noindex_reason":"","inline_featured_image":false,"news_publication":"","footnotes":""},"resource-category":[416],"resource-by-event-type":[],"resource-by-category":[422],"resource-audience":[419,426],"resource-best-practice":[407],"resource-key-issue":[450],"class_list":["post-18192","resource","type-resource","status-publish","has-post-thumbnail","hentry","resource-category-investigacion-y-analisis","resource-by-category-falta-de-vivienda-en-situacion-de-calle","resource-audience-gobierno-estatal-y-local","resource-audience-legisladores-y-defensores","resource-best-practice-vivienda-primero","resource-key-issue-criminalizacion"],"acf":[],"yoast_head":"<!-- This site is optimized with the Yoast SEO Premium plugin v24.7 (Yoast SEO v27.4) - https:\/\/yoast.com\/product\/yoast-seo-premium-wordpress\/ -->\n<title>La falta de vivienda llega a la Corte Suprema: mientras eval\u00faa un enfoque, uno mejor aguarda entre bastidores - Alianza Nacional para Erradicar la Falta de Vivienda<\/title>\n<meta name=\"description\" content=\"The National Alliance to End Homelessness is a nonpartisan, nonprofit organization committed to preventing and ending homelessness in the United States.\" \/>\n<meta name=\"robots\" content=\"index, follow, max-snippet:-1, max-image-preview:large, max-video-preview:-1\" \/>\n<link rel=\"canonical\" href=\"https:\/\/endhomelessness.org\/es\/resources\/investigacion-y-analisis\/la-falta-de-vivienda-llega-a-la-corte-suprema-mientras-evalua-un-enfoque-uno-mejor-aguarda-entre-bastidores\/\" \/>\n<meta property=\"og:locale\" content=\"es_ES\" \/>\n<meta property=\"og:type\" content=\"article\" \/>\n<meta property=\"og:title\" content=\"La falta de vivienda llega a la Corte Suprema: mientras eval\u00faa un enfoque, uno mejor aguarda entre bastidores\" \/>\n<meta property=\"og:description\" content=\"The National Alliance to End Homelessness is a nonpartisan, nonprofit organization committed to preventing and ending homelessness in the United States.\" \/>\n<meta property=\"og:url\" content=\"https:\/\/endhomelessness.org\/es\/resources\/investigacion-y-analisis\/la-falta-de-vivienda-llega-a-la-corte-suprema-mientras-evalua-un-enfoque-uno-mejor-aguarda-entre-bastidores\/\" \/>\n<meta property=\"og:site_name\" content=\"Alianza Nacional para Erradicar la Falta de Vivienda\" \/>\n<meta property=\"article:publisher\" content=\"https:\/\/www.facebook.com\/naehomelessness\/\" \/>\n<meta property=\"article:modified_time\" content=\"2026-03-26T10:14:30+00:00\" \/>\n<meta property=\"og:image\" content=\"https:\/\/endhomelessness.org\/wp-content\/uploads\/2024\/04\/As-It-Weighs-One-Approach-A-Better-One-Waits-in-the-Wings.webp\" \/>\n\t<meta property=\"og:image:width\" content=\"690\" \/>\n\t<meta property=\"og:image:height\" content=\"445\" \/>\n\t<meta property=\"og:image:type\" content=\"image\/webp\" \/>\n<meta name=\"twitter:card\" content=\"summary_large_image\" \/>\n<meta name=\"twitter:label1\" content=\"Tiempo de lectura\" \/>\n\t<meta name=\"twitter:data1\" content=\"9 minutos\" \/>\n<script type=\"application\/ld+json\" class=\"yoast-schema-graph\">{\"@context\":\"https:\\\/\\\/schema.org\",\"@graph\":[{\"@type\":\"WebPage\",\"@id\":\"https:\\\/\\\/endhomelessness.org\\\/es\\\/resources\\\/investigacion-y-analisis\\\/la-falta-de-vivienda-llega-a-la-corte-suprema-mientras-evalua-un-enfoque-uno-mejor-aguarda-entre-bastidores\\\/\",\"url\":\"https:\\\/\\\/endhomelessness.org\\\/es\\\/resources\\\/investigacion-y-analisis\\\/la-falta-de-vivienda-llega-a-la-corte-suprema-mientras-evalua-un-enfoque-uno-mejor-aguarda-entre-bastidores\\\/\",\"name\":\"La falta de vivienda llega a la Corte Suprema: mientras eval\u00faa un enfoque, uno mejor aguarda entre bastidores - Alianza Nacional para Erradicar la Falta de Vivienda\",\"isPartOf\":{\"@id\":\"https:\\\/\\\/endhomelessness.org\\\/es\\\/#website\"},\"primaryImageOfPage\":{\"@id\":\"https:\\\/\\\/endhomelessness.org\\\/es\\\/resources\\\/investigacion-y-analisis\\\/la-falta-de-vivienda-llega-a-la-corte-suprema-mientras-evalua-un-enfoque-uno-mejor-aguarda-entre-bastidores\\\/#primaryimage\"},\"image\":{\"@id\":\"https:\\\/\\\/endhomelessness.org\\\/es\\\/resources\\\/investigacion-y-analisis\\\/la-falta-de-vivienda-llega-a-la-corte-suprema-mientras-evalua-un-enfoque-uno-mejor-aguarda-entre-bastidores\\\/#primaryimage\"},\"thumbnailUrl\":\"https:\\\/\\\/endhomelessness.org\\\/wp-content\\\/uploads\\\/2024\\\/04\\\/As-It-Weighs-One-Approach-A-Better-One-Waits-in-the-Wings.webp\",\"datePublished\":\"2024-04-23T12:58:00+00:00\",\"dateModified\":\"2026-03-26T10:14:30+00:00\",\"description\":\"The National Alliance to End Homelessness is a nonpartisan, nonprofit organization committed to preventing and ending homelessness in the United States.\",\"breadcrumb\":{\"@id\":\"https:\\\/\\\/endhomelessness.org\\\/es\\\/resources\\\/investigacion-y-analisis\\\/la-falta-de-vivienda-llega-a-la-corte-suprema-mientras-evalua-un-enfoque-uno-mejor-aguarda-entre-bastidores\\\/#breadcrumb\"},\"inLanguage\":\"es\",\"potentialAction\":[{\"@type\":\"ReadAction\",\"target\":[\"https:\\\/\\\/endhomelessness.org\\\/es\\\/resources\\\/investigacion-y-analisis\\\/la-falta-de-vivienda-llega-a-la-corte-suprema-mientras-evalua-un-enfoque-uno-mejor-aguarda-entre-bastidores\\\/\"]}]},{\"@type\":\"ImageObject\",\"inLanguage\":\"es\",\"@id\":\"https:\\\/\\\/endhomelessness.org\\\/es\\\/resources\\\/investigacion-y-analisis\\\/la-falta-de-vivienda-llega-a-la-corte-suprema-mientras-evalua-un-enfoque-uno-mejor-aguarda-entre-bastidores\\\/#primaryimage\",\"url\":\"https:\\\/\\\/endhomelessness.org\\\/wp-content\\\/uploads\\\/2024\\\/04\\\/As-It-Weighs-One-Approach-A-Better-One-Waits-in-the-Wings.webp\",\"contentUrl\":\"https:\\\/\\\/endhomelessness.org\\\/wp-content\\\/uploads\\\/2024\\\/04\\\/As-It-Weighs-One-Approach-A-Better-One-Waits-in-the-Wings.webp\",\"width\":690,\"height\":445},{\"@type\":\"BreadcrumbList\",\"@id\":\"https:\\\/\\\/endhomelessness.org\\\/es\\\/resources\\\/investigacion-y-analisis\\\/la-falta-de-vivienda-llega-a-la-corte-suprema-mientras-evalua-un-enfoque-uno-mejor-aguarda-entre-bastidores\\\/#breadcrumb\",\"itemListElement\":[{\"@type\":\"ListItem\",\"position\":1,\"name\":\"Inicio\",\"item\":\"https:\\\/\\\/endhomelessness.org\\\/es\\\/home-page-2-2-2\\\/\"},{\"@type\":\"ListItem\",\"position\":2,\"name\":\"La falta de vivienda llega a la Corte Suprema: mientras eval\u00faa un enfoque, uno mejor aguarda entre bastidores\"}]},{\"@type\":\"WebSite\",\"@id\":\"https:\\\/\\\/endhomelessness.org\\\/es\\\/#website\",\"url\":\"https:\\\/\\\/endhomelessness.org\\\/es\\\/\",\"name\":\"National Alliance to End Homelessness\",\"description\":\"Organizaci\u00f3n no partidista para prevenir y erradicar la falta de vivienda en EE.UU.\",\"publisher\":{\"@id\":\"https:\\\/\\\/endhomelessness.org\\\/es\\\/#organization\"},\"potentialAction\":[{\"@type\":\"SearchAction\",\"target\":{\"@type\":\"EntryPoint\",\"urlTemplate\":\"https:\\\/\\\/endhomelessness.org\\\/es\\\/?s={search_term_string}\"},\"query-input\":{\"@type\":\"PropertyValueSpecification\",\"valueRequired\":true,\"valueName\":\"search_term_string\"}}],\"inLanguage\":\"es\"},{\"@type\":\"Organization\",\"@id\":\"https:\\\/\\\/endhomelessness.org\\\/es\\\/#organization\",\"name\":\"Alianza Nacional para Erradicar la Falta de Vivienda\",\"url\":\"https:\\\/\\\/endhomelessness.org\\\/es\\\/\",\"logo\":{\"@type\":\"ImageObject\",\"inLanguage\":\"es\",\"@id\":\"https:\\\/\\\/endhomelessness.org\\\/es\\\/#\\\/schema\\\/logo\\\/image\\\/\",\"url\":\"https:\\\/\\\/endhomelessness.org\\\/wp-content\\\/uploads\\\/2024\\\/09\\\/logo-2.webp\",\"contentUrl\":\"https:\\\/\\\/endhomelessness.org\\\/wp-content\\\/uploads\\\/2024\\\/09\\\/logo-2.webp\",\"width\":687,\"height\":361,\"caption\":\"Alianza Nacional para Erradicar la Falta de Vivienda\"},\"image\":{\"@id\":\"https:\\\/\\\/endhomelessness.org\\\/es\\\/#\\\/schema\\\/logo\\\/image\\\/\"},\"sameAs\":[\"https:\\\/\\\/www.facebook.com\\\/naehomelessness\\\/\",\"https:\\\/\\\/www.youtube.com\\\/@EndingHomelessness\",\"https:\\\/\\\/www.linkedin.com\\\/company\\\/national-alliance-to-end-homelessness\\\/\",\"https:\\\/\\\/instagram.com\\\/naeh_endhomelessness\"]}]}<\/script>\n<!-- \/ Yoast SEO Premium plugin. -->","yoast_head_json":{"title":"La falta de vivienda llega a la Corte Suprema: mientras eval\u00faa un enfoque, uno mejor aguarda entre bastidores - Alianza Nacional para Erradicar la Falta de Vivienda","description":"The National Alliance to End Homelessness is a nonpartisan, nonprofit organization committed to preventing and ending homelessness in the United States.","robots":{"index":"index","follow":"follow","max-snippet":"max-snippet:-1","max-image-preview":"max-image-preview:large","max-video-preview":"max-video-preview:-1"},"canonical":"https:\/\/endhomelessness.org\/es\/resources\/investigacion-y-analisis\/la-falta-de-vivienda-llega-a-la-corte-suprema-mientras-evalua-un-enfoque-uno-mejor-aguarda-entre-bastidores\/","og_locale":"es_ES","og_type":"article","og_title":"La falta de vivienda llega a la Corte Suprema: mientras eval\u00faa un enfoque, uno mejor aguarda entre bastidores","og_description":"The National Alliance to End Homelessness is a nonpartisan, nonprofit organization committed to preventing and ending homelessness in the United States.","og_url":"https:\/\/endhomelessness.org\/es\/resources\/investigacion-y-analisis\/la-falta-de-vivienda-llega-a-la-corte-suprema-mientras-evalua-un-enfoque-uno-mejor-aguarda-entre-bastidores\/","og_site_name":"Alianza Nacional para Erradicar la Falta de Vivienda","article_publisher":"https:\/\/www.facebook.com\/naehomelessness\/","article_modified_time":"2026-03-26T10:14:30+00:00","og_image":[{"width":690,"height":445,"url":"https:\/\/endhomelessness.org\/wp-content\/uploads\/2024\/04\/As-It-Weighs-One-Approach-A-Better-One-Waits-in-the-Wings.webp","type":"image\/webp"}],"twitter_card":"summary_large_image","twitter_misc":{"Tiempo de lectura":"9 minutos"},"schema":{"@context":"https:\/\/schema.org","@graph":[{"@type":"WebPage","@id":"https:\/\/endhomelessness.org\/es\/resources\/investigacion-y-analisis\/la-falta-de-vivienda-llega-a-la-corte-suprema-mientras-evalua-un-enfoque-uno-mejor-aguarda-entre-bastidores\/","url":"https:\/\/endhomelessness.org\/es\/resources\/investigacion-y-analisis\/la-falta-de-vivienda-llega-a-la-corte-suprema-mientras-evalua-un-enfoque-uno-mejor-aguarda-entre-bastidores\/","name":"La falta de vivienda llega a la Corte Suprema: mientras eval\u00faa un enfoque, uno mejor aguarda entre bastidores - Alianza Nacional para Erradicar la Falta de Vivienda","isPartOf":{"@id":"https:\/\/endhomelessness.org\/es\/#website"},"primaryImageOfPage":{"@id":"https:\/\/endhomelessness.org\/es\/resources\/investigacion-y-analisis\/la-falta-de-vivienda-llega-a-la-corte-suprema-mientras-evalua-un-enfoque-uno-mejor-aguarda-entre-bastidores\/#primaryimage"},"image":{"@id":"https:\/\/endhomelessness.org\/es\/resources\/investigacion-y-analisis\/la-falta-de-vivienda-llega-a-la-corte-suprema-mientras-evalua-un-enfoque-uno-mejor-aguarda-entre-bastidores\/#primaryimage"},"thumbnailUrl":"https:\/\/endhomelessness.org\/wp-content\/uploads\/2024\/04\/As-It-Weighs-One-Approach-A-Better-One-Waits-in-the-Wings.webp","datePublished":"2024-04-23T12:58:00+00:00","dateModified":"2026-03-26T10:14:30+00:00","description":"The National Alliance to End Homelessness is a nonpartisan, nonprofit organization committed to preventing and ending homelessness in the United States.","breadcrumb":{"@id":"https:\/\/endhomelessness.org\/es\/resources\/investigacion-y-analisis\/la-falta-de-vivienda-llega-a-la-corte-suprema-mientras-evalua-un-enfoque-uno-mejor-aguarda-entre-bastidores\/#breadcrumb"},"inLanguage":"es","potentialAction":[{"@type":"ReadAction","target":["https:\/\/endhomelessness.org\/es\/resources\/investigacion-y-analisis\/la-falta-de-vivienda-llega-a-la-corte-suprema-mientras-evalua-un-enfoque-uno-mejor-aguarda-entre-bastidores\/"]}]},{"@type":"ImageObject","inLanguage":"es","@id":"https:\/\/endhomelessness.org\/es\/resources\/investigacion-y-analisis\/la-falta-de-vivienda-llega-a-la-corte-suprema-mientras-evalua-un-enfoque-uno-mejor-aguarda-entre-bastidores\/#primaryimage","url":"https:\/\/endhomelessness.org\/wp-content\/uploads\/2024\/04\/As-It-Weighs-One-Approach-A-Better-One-Waits-in-the-Wings.webp","contentUrl":"https:\/\/endhomelessness.org\/wp-content\/uploads\/2024\/04\/As-It-Weighs-One-Approach-A-Better-One-Waits-in-the-Wings.webp","width":690,"height":445},{"@type":"BreadcrumbList","@id":"https:\/\/endhomelessness.org\/es\/resources\/investigacion-y-analisis\/la-falta-de-vivienda-llega-a-la-corte-suprema-mientras-evalua-un-enfoque-uno-mejor-aguarda-entre-bastidores\/#breadcrumb","itemListElement":[{"@type":"ListItem","position":1,"name":"Inicio","item":"https:\/\/endhomelessness.org\/es\/home-page-2-2-2\/"},{"@type":"ListItem","position":2,"name":"La falta de vivienda llega a la Corte Suprema: mientras eval\u00faa un enfoque, uno mejor aguarda entre bastidores"}]},{"@type":"WebSite","@id":"https:\/\/endhomelessness.org\/es\/#website","url":"https:\/\/endhomelessness.org\/es\/","name":"National Alliance to End Homelessness","description":"Organizaci\u00f3n no partidista para prevenir y erradicar la falta de vivienda en EE.UU.","publisher":{"@id":"https:\/\/endhomelessness.org\/es\/#organization"},"potentialAction":[{"@type":"SearchAction","target":{"@type":"EntryPoint","urlTemplate":"https:\/\/endhomelessness.org\/es\/?s={search_term_string}"},"query-input":{"@type":"PropertyValueSpecification","valueRequired":true,"valueName":"search_term_string"}}],"inLanguage":"es"},{"@type":"Organization","@id":"https:\/\/endhomelessness.org\/es\/#organization","name":"Alianza Nacional para Erradicar la Falta de Vivienda","url":"https:\/\/endhomelessness.org\/es\/","logo":{"@type":"ImageObject","inLanguage":"es","@id":"https:\/\/endhomelessness.org\/es\/#\/schema\/logo\/image\/","url":"https:\/\/endhomelessness.org\/wp-content\/uploads\/2024\/09\/logo-2.webp","contentUrl":"https:\/\/endhomelessness.org\/wp-content\/uploads\/2024\/09\/logo-2.webp","width":687,"height":361,"caption":"Alianza Nacional para Erradicar la Falta de Vivienda"},"image":{"@id":"https:\/\/endhomelessness.org\/es\/#\/schema\/logo\/image\/"},"sameAs":["https:\/\/www.facebook.com\/naehomelessness\/","https:\/\/www.youtube.com\/@EndingHomelessness","https:\/\/www.linkedin.com\/company\/national-alliance-to-end-homelessness\/","https:\/\/instagram.com\/naeh_endhomelessness"]}]}},"_links":{"self":[{"href":"https:\/\/endhomelessness.org\/es\/wp-json\/wp\/v2\/resource\/18192","targetHints":{"allow":["GET"]}}],"collection":[{"href":"https:\/\/endhomelessness.org\/es\/wp-json\/wp\/v2\/resource"}],"about":[{"href":"https:\/\/endhomelessness.org\/es\/wp-json\/wp\/v2\/types\/resource"}],"author":[{"embeddable":true,"href":"https:\/\/endhomelessness.org\/es\/wp-json\/wp\/v2\/users\/53"}],"version-history":[{"count":3,"href":"https:\/\/endhomelessness.org\/es\/wp-json\/wp\/v2\/resource\/18192\/revisions"}],"predecessor-version":[{"id":25369,"href":"https:\/\/endhomelessness.org\/es\/wp-json\/wp\/v2\/resource\/18192\/revisions\/25369"}],"wp:featuredmedia":[{"embeddable":true,"href":"https:\/\/endhomelessness.org\/es\/wp-json\/wp\/v2\/media\/25365"}],"wp:attachment":[{"href":"https:\/\/endhomelessness.org\/es\/wp-json\/wp\/v2\/media?parent=18192"}],"wp:term":[{"taxonomy":"resource-category","embeddable":true,"href":"https:\/\/endhomelessness.org\/es\/wp-json\/wp\/v2\/resource-category?post=18192"},{"taxonomy":"resource-by-event-type","embeddable":true,"href":"https:\/\/endhomelessness.org\/es\/wp-json\/wp\/v2\/resource-by-event-type?post=18192"},{"taxonomy":"resource-by-category","embeddable":true,"href":"https:\/\/endhomelessness.org\/es\/wp-json\/wp\/v2\/resource-by-category?post=18192"},{"taxonomy":"resource-audience","embeddable":true,"href":"https:\/\/endhomelessness.org\/es\/wp-json\/wp\/v2\/resource-audience?post=18192"},{"taxonomy":"resource-best-practice","embeddable":true,"href":"https:\/\/endhomelessness.org\/es\/wp-json\/wp\/v2\/resource-best-practice?post=18192"},{"taxonomy":"resource-key-issue","embeddable":true,"href":"https:\/\/endhomelessness.org\/es\/wp-json\/wp\/v2\/resource-key-issue?post=18192"}],"curies":[{"name":"wp","href":"https:\/\/api.w.org\/{rel}","templated":true}]}}